{"id":3345,"date":"2017-01-23T21:19:31","date_gmt":"2017-01-23T20:19:31","guid":{"rendered":"https:\/\/stineoester.dk\/hemmablock\/"},"modified":"2025-02-11T09:48:27","modified_gmt":"2025-02-11T08:48:27","slug":"hemmablock","status":"publish","type":"page","link":"https:\/\/stineoester.dk\/sv\/hemmablock\/","title":{"rendered":"Hemmablock"},"content":{"rendered":"\t\t<div data-elementor-type=\"wp-page\" data-elementor-id=\"3345\" class=\"elementor elementor-3345 elementor-315\">\n\t\t\t\t\t\t<section class=\"has-el-gap el-gap-default elementor-section elementor-top-section elementor-element elementor-element-56d067eb elementor-section-boxed elementor-section-height-default elementor-section-height-default\" data-id=\"56d067eb\" data-element_type=\"section\">\n\t\t\t\t\t\t<div class=\"elementor-container elementor-column-gap-no\">\n\t\t\t\t\t<div class=\"elementor-column elementor-col-100 elementor-top-column elementor-element elementor-element-1f2130c3\" data-id=\"1f2130c3\" data-element_type=\"column\">\n\t\t\t<div class=\"elementor-widget-wrap elementor-element-populated\">\n\t\t\t\t\t\t<div class=\"elementor-element elementor-element-59800d19 elementor-widget elementor-widget-smartmag-newsfocus\" data-id=\"59800d19\" data-element_type=\"widget\" data-widget_type=\"smartmag-newsfocus.default\">\n\t\t\t\t<div class=\"elementor-widget-container\">\n\t\t\t\t\t\t\t<section class=\"block-wrap block-news-focus block-sc\" data-id=\"1\" data-block=\"{&quot;id&quot;:&quot;news-focus&quot;,&quot;props&quot;:{&quot;cat_labels&quot;:&quot;0&quot;,&quot;cat_labels_pos&quot;:&quot;top-left&quot;,&quot;reviews&quot;:&quot;bars&quot;,&quot;post_formats_pos&quot;:&quot;center&quot;,&quot;load_more_style&quot;:&quot;a&quot;,&quot;meta_cat_style&quot;:&quot;text&quot;,&quot;media_style_shadow&quot;:0,&quot;meta_sponsor&quot;:1,&quot;meta_sponsor_logo&quot;:0,&quot;meta_sponsor_label&quot;:&quot;Sponsor: {sponsor}&quot;,&quot;meta_above&quot;:[],&quot;meta_below&quot;:[&quot;author&quot;,&quot;date&quot;],&quot;meta_sponsor_above&quot;:[],&quot;meta_sponsor_below&quot;:[&quot;sponsor&quot;,&quot;date&quot;],&quot;sort_order&quot;:&quot;desc&quot;,&quot;cat&quot;:5,&quot;heading&quot;:&quot;News Focus&quot;,&quot;heading_type&quot;:&quot;d&quot;,&quot;offset&quot;:&quot;0&quot;,&quot;heading_colors&quot;:&quot;force&quot;,&quot;container_width&quot;:66,&quot;separators&quot;:1,&quot;excerpt_length&quot;:20,&quot;filters&quot;:&quot;category&quot;,&quot;pagination_type&quot;:null,&quot;pagination_links&quot;:null,&quot;meta_sponsor_items_default&quot;:true,&quot;query_type&quot;:&quot;custom&quot;,&quot;sort_days&quot;:null,&quot;is_sc_call&quot;:true,&quot;meta_items_default&quot;:true}}\" data-is-mixed=\"1\">\n\n\t\t\t\t\t\t\t\t\n\t\t\t\t\t\t\t\n\t\t\t\t<div class=\"block-head block-head-d is-left term-color-5\">\n\n\t\t\t\t\t<h4 class=\"heading\"><a href=\"https:\/\/stineoester.dk\/category\/boerne-strik\/\">News Focus<\/a><\/h4>\t\t\t\t\t\n\t\t\t\t\t\t\t\t\t<\/div>\n\t\t\t\t\n\t\t\t\n\t\t\t\n\t\t\t<div class=\"block-content\">\n\t\t\t\t\t\n\t<div class=\"grid cols-not-eq loops-mixed grid-2 md:grid-2 sm:grid-1\">\n\n\t\t\t\n\t<div class=\"loop loop-grid loop-grid-base grid grid-1 md:grid-1 xs:grid-1\">\n\n\t\t\t\t\t\n<article class=\"l-post grid-post grid-base-post\">\n\n\t\n\t\t\t<div class=\"media\">\n\n\t\t\n\t\t\t<a href=\"https:\/\/stineoester.dk\/sv\/putte-poncho-deluxe-vacker-tweedponcho-foer-barn\/\" class=\"image-link media-ratio ratio-is-custom\" title=\"Putte Poncho Deluxe &#8211; Vacker tweedponcho f\u00f6r barn\"><img fetchpriority=\"high\" decoding=\"async\" width=\"339\" height=\"202\" src=\"https:\/\/stineoester.dk\/wp-content\/uploads\/2017\/12\/puttedeluxe9-e1513072934891.jpg\" class=\"attachment-large size-large wp-post-image\" alt=\"\" sizes=\"(max-width: 339px) 100vw, 339px\" title=\"Putte Poncho Deluxe &#8211; Vacker tweedponcho f\u00f6r barn\" srcset=\"https:\/\/stineoester.dk\/wp-content\/uploads\/2017\/12\/puttedeluxe9-e1513072934891.jpg 795w, https:\/\/stineoester.dk\/wp-content\/uploads\/2017\/12\/puttedeluxe9-e1513072934891-300x292.jpg 300w, https:\/\/stineoester.dk\/wp-content\/uploads\/2017\/12\/puttedeluxe9-e1513072934891-768x748.jpg 768w\" \/><\/a>\t\t\t\n\t\t\t\n\t\t\t\n\t\t\t\n\t\t\n\t\t<\/div>\n\t\n\n\t\n\t\t<div class=\"content\">\n\n\t\t\t<div class=\"post-meta post-meta-a has-below\"><h2 class=\"is-title post-title\"><a href=\"https:\/\/stineoester.dk\/sv\/putte-poncho-deluxe-vacker-tweedponcho-foer-barn\/\">Putte Poncho Deluxe &#8211; Vacker tweedponcho f\u00f6r barn<\/a><\/h2><div class=\"post-meta-items meta-below\"><span class=\"meta-item post-author\"><span class=\"by\">By<\/span> <a href=\"https:\/\/stineoester.dk\/sv\/author\/stine\/\" title=\"Inl\u00e4gg av Strikkeekspert Stine \u00d8ster\" rel=\"author\">Strikkeekspert Stine \u00d8ster<\/a><\/span><span class=\"meta-item date\"><span class=\"date-link\"><time class=\"post-date\" datetime=\"2017-10-12T09:46:34+02:00\">12. oktober 2017<\/time><\/span><\/span><\/div><\/div>\t\t\t\n\t\t\t\t\t\t\n\t\t\t\t<div class=\"excerpt\">\n\t\t\t\t\t<p>K\u00f6p recept nu Visa din varukorg Putte Poncho Deluxe \u00e4r efterf\u00f6ljaren till den ursprungliga Putte Poncho. Jag har valt ett&hellip;<\/p>\n\t\t\t\t<\/div>\n\t\t\t\n\t\t\t\n\t\t\t\n\t\t<\/div>\n\n\t\n<\/article>\t\t\n\t<\/div>\n\n\t\t\n\n\t\t\n\t<div class=\"loop loop-small loop-small-a loop-sep loop-small-sep grid grid-1 md:grid-1 sm:grid-1 xs:grid-1\">\n\n\t\t\t\t\t\n<article class=\"l-post small-post small-a-post m-pos-left\">\n\n\t\n\t\t\t<div class=\"media\">\n\n\t\t\n\t\t\t<a href=\"https:\/\/stineoester.dk\/sv\/den-mysiga-blusen-foer-barn-2-10-aar-en-riktigt-skoen-mjuk-blus\/\" class=\"image-link media-ratio ratio-3-2\" title=\"Den mysiga blusen f\u00f6r barn 2-10 \u00e5r &#8211; En riktigt sk\u00f6n mjuk blus\"><img decoding=\"async\" width=\"99\" height=\"66\" src=\"https:\/\/stineoester.dk\/wp-content\/uploads\/2017\/12\/IMG_3356-e1512635201129-225x300.jpg\" class=\"attachment-medium size-medium wp-post-image\" alt=\"\" sizes=\"(max-width: 99px) 100vw, 99px\" title=\"Den mysiga blusen f\u00f6r barn 2-10 \u00e5r &#8211; En riktigt sk\u00f6n mjuk blus\" srcset=\"https:\/\/stineoester.dk\/wp-content\/uploads\/2017\/12\/IMG_3356-e1512635201129-225x300.jpg 225w, https:\/\/stineoester.dk\/wp-content\/uploads\/2017\/12\/IMG_3356-e1512635201129.jpg 480w\" \/><\/a>\t\t\t\n\t\t\t\n\t\t\t\n\t\t\t\n\t\t\n\t\t<\/div>\n\t\n\n\t\n\t\t<div class=\"content\">\n\n\t\t\t<div class=\"post-meta post-meta-a post-meta-left has-below\"><h4 class=\"is-title post-title\"><a href=\"https:\/\/stineoester.dk\/sv\/den-mysiga-blusen-foer-barn-2-10-aar-en-riktigt-skoen-mjuk-blus\/\">Den mysiga blusen f\u00f6r barn 2-10 \u00e5r &#8211; En riktigt sk\u00f6n mjuk blus<\/a><\/h4><div class=\"post-meta-items meta-below\"><span class=\"meta-item date\"><span class=\"date-link\"><time class=\"post-date\" datetime=\"2017-08-15T09:25:16+02:00\">15. augusti 2017<\/time><\/span><\/span><\/div><\/div>\t\t\t\n\t\t\t\n\t\t\t\n\t\t<\/div>\n\n\t\n<\/article>\t\n\t\t\t\t\t\n<article class=\"l-post small-post small-a-post m-pos-left\">\n\n\t\n\t\t\t<div class=\"media\">\n\n\t\t\n\t\t\t<a href=\"https:\/\/stineoester.dk\/sv\/vaarponcho-foer-barn-en-mysig-och-laett-poncho-foer-flickor\/\" class=\"image-link media-ratio ratio-3-2\" title=\"V\u00e5rponcho f\u00f6r barn &#8211; En mysig och l\u00e4tt poncho f\u00f6r flickor\"><img decoding=\"async\" width=\"99\" height=\"66\" src=\"https:\/\/stineoester.dk\/wp-content\/uploads\/2017\/12\/foraarsponcho-225x300.jpg\" class=\"attachment-medium size-medium wp-post-image\" alt=\"\" sizes=\"(max-width: 99px) 100vw, 99px\" title=\"V\u00e5rponcho f\u00f6r barn &#8211; En mysig och l\u00e4tt poncho f\u00f6r flickor\" srcset=\"https:\/\/stineoester.dk\/wp-content\/uploads\/2017\/12\/foraarsponcho-225x300.jpg 225w, https:\/\/stineoester.dk\/wp-content\/uploads\/2017\/12\/foraarsponcho-768x1024.jpg 768w, https:\/\/stineoester.dk\/wp-content\/uploads\/2017\/12\/foraarsponcho.jpg 1200w\" \/><\/a>\t\t\t\n\t\t\t\n\t\t\t\n\t\t\t\n\t\t\n\t\t<\/div>\n\t\n\n\t\n\t\t<div class=\"content\">\n\n\t\t\t<div class=\"post-meta post-meta-a post-meta-left has-below\"><h4 class=\"is-title post-title\"><a href=\"https:\/\/stineoester.dk\/sv\/vaarponcho-foer-barn-en-mysig-och-laett-poncho-foer-flickor\/\">V\u00e5rponcho f\u00f6r barn &#8211; En mysig och l\u00e4tt poncho f\u00f6r flickor<\/a><\/h4><div class=\"post-meta-items meta-below\"><span class=\"meta-item date\"><span class=\"date-link\"><time class=\"post-date\" datetime=\"2017-03-07T09:24:13+01:00\">7. mars 2017<\/time><\/span><\/span><\/div><\/div>\t\t\t\n\t\t\t\n\t\t\t\n\t\t<\/div>\n\n\t\n<\/article>\t\n\t\t\t\t\t\n<article class=\"l-post small-post small-a-post m-pos-left\">\n\n\t\n\t\t\t<div class=\"media\">\n\n\t\t\n\t\t\t<a href=\"https:\/\/stineoester.dk\/sv\/putte-poncho-den-populaera-barnponchon-med-knappar\/\" class=\"image-link media-ratio ratio-3-2\" title=\"Putte Poncho &#8211; Den popul\u00e4ra barnponchon med knappar\"><img loading=\"lazy\" decoding=\"async\" width=\"99\" height=\"66\" src=\"https:\/\/stineoester.dk\/wp-content\/uploads\/2017\/12\/putteponcho-1-close-252x300.jpg\" class=\"attachment-medium size-medium wp-post-image\" alt=\"\" sizes=\"(max-width: 99px) 100vw, 99px\" title=\"Putte Poncho &#8211; Den popul\u00e4ra barnponchon med knappar\" srcset=\"https:\/\/stineoester.dk\/wp-content\/uploads\/2017\/12\/putteponcho-1-close-252x300.jpg 252w, https:\/\/stineoester.dk\/wp-content\/uploads\/2017\/12\/putteponcho-1-close.jpg 540w\" \/><\/a>\t\t\t\n\t\t\t\n\t\t\t\n\t\t\t\n\t\t\n\t\t<\/div>\n\t\n\n\t\n\t\t<div class=\"content\">\n\n\t\t\t<div class=\"post-meta post-meta-a post-meta-left has-below\"><h4 class=\"is-title post-title\"><a href=\"https:\/\/stineoester.dk\/sv\/putte-poncho-den-populaera-barnponchon-med-knappar\/\">Putte Poncho &#8211; Den popul\u00e4ra barnponchon med knappar<\/a><\/h4><div class=\"post-meta-items meta-below\"><span class=\"meta-item date\"><span class=\"date-link\"><time class=\"post-date\" datetime=\"2016-06-07T09:57:05+02:00\">7. juni 2016<\/time><\/span><\/span><\/div><\/div>\t\t\t\n\t\t\t\n\t\t\t\n\t\t<\/div>\n\n\t\n<\/article>\t\n\t\t\t\t\t\n<article class=\"l-post small-post small-a-post m-pos-left\">\n\n\t\n\t\t\t<div class=\"media\">\n\n\t\t\n\t\t\t<a href=\"https:\/\/stineoester.dk\/sv\/maja-jacket-en-haerligt-mjuk-oevergaangsjumper-kofta-foer-barn\/\" class=\"image-link media-ratio ratio-3-2\" title=\"Maja Jacket &#8211; En h\u00e4rligt mjuk \u00f6verg\u00e5ngsjumper\/kofta f\u00f6r barn\"><img loading=\"lazy\" decoding=\"async\" width=\"99\" height=\"66\" src=\"https:\/\/stineoester.dk\/wp-content\/uploads\/2017\/12\/maja-jakken-by-filato-300x226.jpg\" class=\"attachment-medium size-medium wp-post-image\" alt=\"\" sizes=\"(max-width: 99px) 100vw, 99px\" title=\"Maja Jacket &#8211; En h\u00e4rligt mjuk \u00f6verg\u00e5ngsjumper\/kofta f\u00f6r barn\" srcset=\"https:\/\/stineoester.dk\/wp-content\/uploads\/2017\/12\/maja-jakken-by-filato-300x226.jpg 300w, https:\/\/stineoester.dk\/wp-content\/uploads\/2017\/12\/maja-jakken-by-filato-768x580.jpg 768w, https:\/\/stineoester.dk\/wp-content\/uploads\/2017\/12\/maja-jakken-by-filato.jpg 1024w\" \/><\/a>\t\t\t\n\t\t\t\n\t\t\t\n\t\t\t\n\t\t\n\t\t<\/div>\n\t\n\n\t\n\t\t<div class=\"content\">\n\n\t\t\t<div class=\"post-meta post-meta-a post-meta-left has-below\"><h4 class=\"is-title post-title\"><a href=\"https:\/\/stineoester.dk\/sv\/maja-jacket-en-haerligt-mjuk-oevergaangsjumper-kofta-foer-barn\/\">Maja Jacket &#8211; En h\u00e4rligt mjuk \u00f6verg\u00e5ngsjumper\/kofta f\u00f6r barn<\/a><\/h4><div class=\"post-meta-items meta-below\"><span class=\"meta-item date\"><span class=\"date-link\"><time class=\"post-date\" datetime=\"2016-03-07T09:30:52+01:00\">7. mars 2016<\/time><\/span><\/span><\/div><\/div>\t\t\t\n\t\t\t\n\t\t\t\n\t\t<\/div>\n\n\t\n<\/article>\t\n\t\t\n\t<\/div>\n\n\t\t\t<\/div>\n\t\n\t\t\t\t<\/div>\n\n\t\t<\/section>\n\t\t\t\t\t\t<\/div>\n\t\t\t\t<\/div>\n\t\t\t\t<div class=\"elementor-element elementor-element-246dee25 elementor-widget elementor-widget-smartmag-highlights\" data-id=\"246dee25\" data-element_type=\"widget\" data-widget_type=\"smartmag-highlights.default\">\n\t\t\t\t<div class=\"elementor-widget-container\">\n\t\t\t\t\t\t\t<section class=\"block-wrap block-highlights block-sc\" data-id=\"4\" data-is-mixed=\"1\">\n\n\t\t\t\t\t\t\t\t\n\t\t\t\t\t\t\t\n\t\t\t\t<div class=\"block-head block-head-d is-left\">\n\n\t\t\t\t\t<h4 class=\"heading\">Highlights - B<\/h4>\t\t\t\t\t\n\t\t\t\t\t\t\t\t\t<\/div>\n\t\t\t\t\n\t\t\t\n\t\t\t\n\t\t\t<div class=\"block-content\">\n\t\t\t\t\t\n\t<div class=\"loops-mixed\">\n\t\t\t\n\t<div class=\"loop loop-grid loop-grid-base grid grid-2 md:grid-2 xs:grid-1\">\n\n\t\t\t\t\t\n<article class=\"l-post grid-post grid-base-post\">\n\n\t\n\t\t\t<div class=\"media\">\n\n\t\t\n\t\t\t<a href=\"https:\/\/stineoester.dk\/sv\/babyfilt-vacker-babyfilt-med-bra-maatt-och-matchande-sparkdraekt\/\" class=\"image-link media-ratio ratio-is-custom\" title=\"Babyfilt &#8211; Vacker babyfilt med bra m\u00e5tt och matchande sparkdr\u00e4kt\"><img loading=\"lazy\" decoding=\"async\" width=\"339\" height=\"202\" src=\"https:\/\/stineoester.dk\/wp-content\/uploads\/2018\/04\/Rompere-og-t\u00e6ppe.jpg\" class=\"attachment-large size-large wp-post-image\" alt=\"\" sizes=\"(max-width: 339px) 100vw, 339px\" title=\"Babyfilt &#8211; Vacker babyfilt med bra m\u00e5tt och matchande sparkdr\u00e4kt\" srcset=\"https:\/\/stineoester.dk\/wp-content\/uploads\/2018\/04\/Rompere-og-t\u00e6ppe.jpg 739w, https:\/\/stineoester.dk\/wp-content\/uploads\/2018\/04\/Rompere-og-t\u00e6ppe-300x195.jpg 300w, https:\/\/stineoester.dk\/wp-content\/uploads\/2018\/04\/Rompere-og-t\u00e6ppe-214x140.jpg 214w\" \/><\/a>\t\t\t\n\t\t\t\n\t\t\t\n\t\t\t\n\t\t\n\t\t<\/div>\n\t\n\n\t\n\t\t<div class=\"content\">\n\n\t\t\t<div class=\"post-meta post-meta-a has-below\"><h2 class=\"is-title post-title\"><a href=\"https:\/\/stineoester.dk\/sv\/babyfilt-vacker-babyfilt-med-bra-maatt-och-matchande-sparkdraekt\/\">Babyfilt &#8211; Vacker babyfilt med bra m\u00e5tt och matchande sparkdr\u00e4kt<\/a><\/h2><div class=\"post-meta-items meta-below\"><span class=\"meta-item post-author\"><span class=\"by\">By<\/span> <a href=\"https:\/\/stineoester.dk\/sv\/author\/stine\/\" title=\"Inl\u00e4gg av Strikkeekspert Stine \u00d8ster\" rel=\"author\">Strikkeekspert Stine \u00d8ster<\/a><\/span><span class=\"meta-item date\"><span class=\"date-link\"><time class=\"post-date\" datetime=\"2018-04-13T13:22:02+02:00\">13. april 2018<\/time><\/span><\/span><\/div><\/div>\t\t\t\n\t\t\t\t\t\t\n\t\t\t\t<div class=\"excerpt\">\n\t\t\t\t\t<p>Jag har designat denna underbara babyfilt i samma stil\/design som mina nya sparkdr\u00e4kter som du&hellip;<\/p>\n\t\t\t\t<\/div>\n\t\t\t\n\t\t\t\n\t\t\t\n\t\t<\/div>\n\n\t\n<\/article>\t\t\t\t\t\n<article class=\"l-post grid-post grid-base-post\">\n\n\t\n\t\t\t<div class=\"media\">\n\n\t\t\n\t\t\t<a href=\"https:\/\/stineoester.dk\/sv\/babybyxor-de-soetaste-babybyxorna-fraan-0-till-18-maanader\/\" class=\"image-link media-ratio ratio-is-custom\" title=\"Babybyxor &#8211; De s\u00f6taste babybyxorna fr\u00e5n 0 till 18 m\u00e5nader\"><img loading=\"lazy\" decoding=\"async\" width=\"339\" height=\"202\" src=\"https:\/\/stineoester.dk\/wp-content\/uploads\/2018\/04\/Rompere-og-t\u00e6ppe.jpg\" class=\"attachment-large size-large wp-post-image\" alt=\"\" sizes=\"(max-width: 339px) 100vw, 339px\" title=\"Babybyxor &#8211; De s\u00f6taste babybyxorna fr\u00e5n 0 till 18 m\u00e5nader\" srcset=\"https:\/\/stineoester.dk\/wp-content\/uploads\/2018\/04\/Rompere-og-t\u00e6ppe.jpg 739w, https:\/\/stineoester.dk\/wp-content\/uploads\/2018\/04\/Rompere-og-t\u00e6ppe-300x195.jpg 300w, https:\/\/stineoester.dk\/wp-content\/uploads\/2018\/04\/Rompere-og-t\u00e6ppe-214x140.jpg 214w\" \/><\/a>\t\t\t\n\t\t\t\n\t\t\t\n\t\t\t\n\t\t\n\t\t<\/div>\n\t\n\n\t\n\t\t<div class=\"content\">\n\n\t\t\t<div class=\"post-meta post-meta-a has-below\"><h2 class=\"is-title post-title\"><a href=\"https:\/\/stineoester.dk\/sv\/babybyxor-de-soetaste-babybyxorna-fraan-0-till-18-maanader\/\">Babybyxor &#8211; De s\u00f6taste babybyxorna fr\u00e5n 0 till 18 m\u00e5nader<\/a><\/h2><div class=\"post-meta-items meta-below\"><span class=\"meta-item post-author\"><span class=\"by\">By<\/span> <a href=\"https:\/\/stineoester.dk\/sv\/author\/stine\/\" title=\"Inl\u00e4gg av Strikkeekspert Stine \u00d8ster\" rel=\"author\">Strikkeekspert Stine \u00d8ster<\/a><\/span><span class=\"meta-item date\"><span class=\"date-link\"><time class=\"post-date\" datetime=\"2018-04-13T13:21:32+02:00\">13. april 2018<\/time><\/span><\/span><\/div><\/div>\t\t\t\n\t\t\t\t\t\t\n\t\t\t\t<div class=\"excerpt\">\n\t\t\t\t\t<p>Det finns inget h\u00e4rligare \u00e4n en liten bebis i en s\u00f6t liten sparkdr\u00e4kt. Jag har&hellip;<\/p>\n\t\t\t\t<\/div>\n\t\t\t\n\t\t\t\n\t\t\t\n\t\t<\/div>\n\n\t\n<\/article>\t\t\n\t<\/div>\n\n\t\t\n\n\t<div class=\"loop loop-small loop-small-a grid grid-2 md:grid-1 sm:grid-1 xs:grid-1\">\n\n\t\t\t\t\t\n<article class=\"l-post small-post small-a-post m-pos-left\">\n\n\t\n\t\t\t<div class=\"media\">\n\n\t\t\n\t\t\t<a href=\"https:\/\/stineoester.dk\/sv\/putte-poncho-deluxe-vacker-tweedponcho-foer-barn\/\" class=\"image-link media-ratio ratio-3-2\" title=\"Putte Poncho Deluxe &#8211; Vacker tweedponcho f\u00f6r barn\"><img loading=\"lazy\" decoding=\"async\" width=\"99\" height=\"66\" src=\"https:\/\/stineoester.dk\/wp-content\/uploads\/2017\/12\/puttedeluxe9-e1513072934891-300x292.jpg\" class=\"attachment-medium size-medium wp-post-image\" alt=\"\" sizes=\"(max-width: 99px) 100vw, 99px\" title=\"Putte Poncho Deluxe &#8211; Vacker tweedponcho f\u00f6r barn\" srcset=\"https:\/\/stineoester.dk\/wp-content\/uploads\/2017\/12\/puttedeluxe9-e1513072934891-300x292.jpg 300w, https:\/\/stineoester.dk\/wp-content\/uploads\/2017\/12\/puttedeluxe9-e1513072934891-768x748.jpg 768w, https:\/\/stineoester.dk\/wp-content\/uploads\/2017\/12\/puttedeluxe9-e1513072934891.jpg 795w\" \/><\/a>\t\t\t\n\t\t\t\n\t\t\t\n\t\t\t\n\t\t\n\t\t<\/div>\n\t\n\n\t\n\t\t<div class=\"content\">\n\n\t\t\t<div class=\"post-meta post-meta-a post-meta-left has-below\"><h4 class=\"is-title post-title\"><a href=\"https:\/\/stineoester.dk\/sv\/putte-poncho-deluxe-vacker-tweedponcho-foer-barn\/\">Putte Poncho Deluxe &#8211; Vacker tweedponcho f\u00f6r barn<\/a><\/h4><div class=\"post-meta-items meta-below\"><span class=\"meta-item date\"><span class=\"date-link\"><time class=\"post-date\" datetime=\"2017-10-12T09:46:34+02:00\">12. oktober 2017<\/time><\/span><\/span><\/div><\/div>\t\t\t\n\t\t\t\n\t\t\t\n\t\t<\/div>\n\n\t\n<\/article>\t\n\t\t\t\t\t\n<article class=\"l-post small-post small-a-post m-pos-left\">\n\n\t\n\t\t\t<div class=\"media\">\n\n\t\t\n\t\t\t<a href=\"https:\/\/stineoester.dk\/sv\/charlottes-poncho-en-vacker-varm-och-funktionell-poncho\/\" class=\"image-link media-ratio ratio-3-2\" title=\"Charlotte&#8217;s Poncho &#8211; En vacker, varm och funktionell poncho\"><img loading=\"lazy\" decoding=\"async\" width=\"99\" height=\"66\" src=\"https:\/\/stineoester.dk\/wp-content\/uploads\/2017\/12\/Charlotte3-200x300.jpg\" class=\"attachment-medium size-medium wp-post-image\" alt=\"\" sizes=\"(max-width: 99px) 100vw, 99px\" title=\"Charlotte&#8217;s Poncho &#8211; En vacker, varm och funktionell poncho\" srcset=\"https:\/\/stineoester.dk\/wp-content\/uploads\/2017\/12\/Charlotte3-200x300.jpg 200w, https:\/\/stineoester.dk\/wp-content\/uploads\/2017\/12\/Charlotte3.jpg 637w\" \/><\/a>\t\t\t\n\t\t\t\n\t\t\t\n\t\t\t\n\t\t\n\t\t<\/div>\n\t\n\n\t\n\t\t<div class=\"content\">\n\n\t\t\t<div class=\"post-meta post-meta-a post-meta-left has-below\"><h4 class=\"is-title post-title\"><a href=\"https:\/\/stineoester.dk\/sv\/charlottes-poncho-en-vacker-varm-och-funktionell-poncho\/\">Charlotte&#8217;s Poncho &#8211; En vacker, varm och funktionell poncho<\/a><\/h4><div class=\"post-meta-items meta-below\"><span class=\"meta-item date\"><span class=\"date-link\"><time class=\"post-date\" datetime=\"2017-10-01T09:16:10+02:00\">1. oktober 2017<\/time><\/span><\/span><\/div><\/div>\t\t\t\n\t\t\t\n\t\t\t\n\t\t<\/div>\n\n\t\n<\/article>\t\n\t\t\t\t\t\n<article class=\"l-post small-post small-a-post m-pos-left\">\n\n\t\n\t\t\t<div class=\"media\">\n\n\t\t\n\t\t\t<a href=\"https:\/\/stineoester.dk\/sv\/athen-cardigan-en-vacker-elegant-och-enkel-kofta\/\" class=\"image-link media-ratio ratio-3-2\" title=\"Athen Cardigan &#8211; En vacker, elegant och enkel kofta\"><img loading=\"lazy\" decoding=\"async\" width=\"99\" height=\"66\" src=\"https:\/\/stineoester.dk\/wp-content\/uploads\/2017\/12\/Athen-closeup2-200x300.jpg\" class=\"attachment-medium size-medium wp-post-image\" alt=\"\" sizes=\"(max-width: 99px) 100vw, 99px\" title=\"Athen Cardigan &#8211; En vacker, elegant och enkel kofta\" srcset=\"https:\/\/stineoester.dk\/wp-content\/uploads\/2017\/12\/Athen-closeup2-200x300.jpg 200w, https:\/\/stineoester.dk\/wp-content\/uploads\/2017\/12\/Athen-closeup2-768x1152.jpg 768w, https:\/\/stineoester.dk\/wp-content\/uploads\/2017\/12\/Athen-closeup2-683x1024.jpg 683w, https:\/\/stineoester.dk\/wp-content\/uploads\/2017\/12\/Athen-closeup2.jpg 800w\" \/><\/a>\t\t\t\n\t\t\t\n\t\t\t\n\t\t\t\n\t\t\n\t\t<\/div>\n\t\n\n\t\n\t\t<div class=\"content\">\n\n\t\t\t<div class=\"post-meta post-meta-a post-meta-left has-below\"><h4 class=\"is-title post-title\"><a href=\"https:\/\/stineoester.dk\/sv\/athen-cardigan-en-vacker-elegant-och-enkel-kofta\/\">Athen Cardigan &#8211; En vacker, elegant och enkel kofta<\/a><\/h4><div class=\"post-meta-items meta-below\"><span class=\"meta-item date\"><span class=\"date-link\"><time class=\"post-date\" datetime=\"2017-09-21T09:01:50+02:00\">21. september 2017<\/time><\/span><\/span><\/div><\/div>\t\t\t\n\t\t\t\n\t\t\t\n\t\t<\/div>\n\n\t\n<\/article>\t\n\t\t\t\t\t\n<article class=\"l-post small-post small-a-post m-pos-left\">\n\n\t\n\t\t\t<div class=\"media\">\n\n\t\t\n\t\t\t<a href=\"https:\/\/stineoester.dk\/sv\/lala-scarf-stickad-i-lala-berlin-garn\/\" class=\"image-link media-ratio ratio-3-2\" title=\"Lala Scarf &#8211; Stickad i Lala Berlin-garn\"><img loading=\"lazy\" decoding=\"async\" width=\"99\" height=\"66\" src=\"https:\/\/stineoester.dk\/wp-content\/uploads\/2017\/12\/lalaberlin-lala-195x300.jpg\" class=\"attachment-medium size-medium wp-post-image\" alt=\"\" sizes=\"(max-width: 99px) 100vw, 99px\" title=\"Lala Scarf &#8211; Stickad i Lala Berlin-garn\" srcset=\"https:\/\/stineoester.dk\/wp-content\/uploads\/2017\/12\/lalaberlin-lala-195x300.jpg 195w, https:\/\/stineoester.dk\/wp-content\/uploads\/2017\/12\/lalaberlin-lala-768x1182.jpg 768w, https:\/\/stineoester.dk\/wp-content\/uploads\/2017\/12\/lalaberlin-lala-665x1024.jpg 665w, https:\/\/stineoester.dk\/wp-content\/uploads\/2017\/12\/lalaberlin-lala.jpg 800w\" \/><\/a>\t\t\t\n\t\t\t\n\t\t\t\n\t\t\t\n\t\t\n\t\t<\/div>\n\t\n\n\t\n\t\t<div class=\"content\">\n\n\t\t\t<div class=\"post-meta post-meta-a post-meta-left has-below\"><h4 class=\"is-title post-title\"><a href=\"https:\/\/stineoester.dk\/sv\/lala-scarf-stickad-i-lala-berlin-garn\/\">Lala Scarf &#8211; Stickad i Lala Berlin-garn<\/a><\/h4><div class=\"post-meta-items meta-below\"><span class=\"meta-item date\"><span class=\"date-link\"><time class=\"post-date\" datetime=\"2017-09-18T09:28:42+02:00\">18. september 2017<\/time><\/span><\/span><\/div><\/div>\t\t\t\n\t\t\t\n\t\t\t\n\t\t<\/div>\n\n\t\n<\/article>\t\n\t\t\t\t\t\n<article class=\"l-post small-post small-a-post m-pos-left\">\n\n\t\n\t\t\t<div class=\"media\">\n\n\t\t\n\t\t\t<a href=\"https:\/\/stineoester.dk\/sv\/montreal-lyxig-moessa-med-stor-pompom\/\" class=\"image-link media-ratio ratio-3-2\" title=\"Montreal &#8211; Lyxig m\u00f6ssa med stor pompom\"><img loading=\"lazy\" decoding=\"async\" width=\"99\" height=\"66\" src=\"https:\/\/stineoester.dk\/wp-content\/uploads\/2017\/12\/Montreal-300x250.jpg\" class=\"attachment-medium size-medium wp-post-image\" alt=\"\" sizes=\"(max-width: 99px) 100vw, 99px\" title=\"Montreal &#8211; Lyxig m\u00f6ssa med stor pompom\" srcset=\"https:\/\/stineoester.dk\/wp-content\/uploads\/2017\/12\/Montreal-300x250.jpg 300w, https:\/\/stineoester.dk\/wp-content\/uploads\/2017\/12\/Montreal-768x639.jpg 768w, https:\/\/stineoester.dk\/wp-content\/uploads\/2017\/12\/Montreal.jpg 1000w\" \/><\/a>\t\t\t\n\t\t\t\n\t\t\t\n\t\t\t\n\t\t\n\t\t<\/div>\n\t\n\n\t\n\t\t<div class=\"content\">\n\n\t\t\t<div class=\"post-meta post-meta-a post-meta-left has-below\"><h4 class=\"is-title post-title\"><a href=\"https:\/\/stineoester.dk\/sv\/montreal-lyxig-moessa-med-stor-pompom\/\">Montreal &#8211; Lyxig m\u00f6ssa med stor pompom<\/a><\/h4><div class=\"post-meta-items meta-below\"><span class=\"meta-item date\"><span class=\"date-link\"><time class=\"post-date\" datetime=\"2017-09-01T09:34:22+02:00\">1. september 2017<\/time><\/span><\/span><\/div><\/div>\t\t\t\n\t\t\t\n\t\t\t\n\t\t<\/div>\n\n\t\n<\/article>\t\n\t\t\t\t\t\n<article class=\"l-post small-post small-a-post m-pos-left\">\n\n\t\n\t\t\t<div class=\"media\">\n\n\t\t\n\t\t\t<a href=\"https:\/\/stineoester.dk\/sv\/copenhagen-fashionabel-baeltad-poncho-i-lyxig-kashmir\/\" class=\"image-link media-ratio ratio-3-2\" title=\"Copenhagen &#8211; Fashionabel b\u00e4ltad poncho i lyxig kashmir\"><img loading=\"lazy\" decoding=\"async\" width=\"99\" height=\"66\" src=\"https:\/\/stineoester.dk\/wp-content\/uploads\/2017\/12\/Copenhagen-216x300.jpg\" class=\"attachment-medium size-medium wp-post-image\" alt=\"\" sizes=\"(max-width: 99px) 100vw, 99px\" title=\"Copenhagen &#8211; Fashionabel b\u00e4ltad poncho i lyxig kashmir\" srcset=\"https:\/\/stineoester.dk\/wp-content\/uploads\/2017\/12\/Copenhagen-216x300.jpg 216w, https:\/\/stineoester.dk\/wp-content\/uploads\/2017\/12\/Copenhagen-768x1068.jpg 768w, https:\/\/stineoester.dk\/wp-content\/uploads\/2017\/12\/Copenhagen-736x1024.jpg 736w, https:\/\/stineoester.dk\/wp-content\/uploads\/2017\/12\/Copenhagen.jpg 1000w\" \/><\/a>\t\t\t\n\t\t\t\n\t\t\t\n\t\t\t\n\t\t\n\t\t<\/div>\n\t\n\n\t\n\t\t<div class=\"content\">\n\n\t\t\t<div class=\"post-meta post-meta-a post-meta-left has-below\"><h4 class=\"is-title post-title\"><a href=\"https:\/\/stineoester.dk\/sv\/copenhagen-fashionabel-baeltad-poncho-i-lyxig-kashmir\/\">Copenhagen &#8211; Fashionabel b\u00e4ltad poncho i lyxig kashmir<\/a><\/h4><div class=\"post-meta-items meta-below\"><span class=\"meta-item date\"><span class=\"date-link\"><time class=\"post-date\" datetime=\"2017-09-01T09:18:22+02:00\">1. september 2017<\/time><\/span><\/span><\/div><\/div>\t\t\t\n\t\t\t\n\t\t\t\n\t\t<\/div>\n\n\t\n<\/article>\t\n\t\t\n\t<\/div>\n\n\t\t\t<\/div>\n\n\n\t\t\t\t<\/div>\n\n\t\t<\/section>\n\t\t\t\t\t\t<\/div>\n\t\t\t\t<\/div>\n\t\t\t\t<div class=\"elementor-element elementor-element-1470e260 elementor-widget-divider--view-line elementor-widget elementor-widget-divider\" data-id=\"1470e260\" data-element_type=\"widget\" data-widget_type=\"divider.default\">\n\t\t\t\t<div class=\"elementor-widget-container\">\n\t\t\t\t\t\t\t<div class=\"elementor-divider\">\n\t\t\t<span class=\"elementor-divider-separator\">\n\t\t\t\t\t\t<\/span>\n\t\t<\/div>\n\t\t\t\t\t\t<\/div>\n\t\t\t\t<\/div>\n\t\t\t\t<section class=\"has-el-gap el-gap-default elementor-section elementor-inner-section elementor-element elementor-element-2a127de7 elementor-section-boxed elementor-section-height-default elementor-section-height-default\" data-id=\"2a127de7\" data-element_type=\"section\">\n\t\t\t\t\t\t<div class=\"elementor-container elementor-column-gap-no\">\n\t\t\t\t\t<div class=\"elementor-column elementor-col-50 elementor-inner-column elementor-element elementor-element-6fbb6d6\" data-id=\"6fbb6d6\" data-element_type=\"column\">\n\t\t\t<div class=\"elementor-widget-wrap elementor-element-populated\">\n\t\t\t\t\t\t<div class=\"elementor-element elementor-element-58bb7415 elementor-widget elementor-widget-smartmag-highlights\" data-id=\"58bb7415\" data-element_type=\"widget\" data-widget_type=\"smartmag-highlights.default\">\n\t\t\t\t<div class=\"elementor-widget-container\">\n\t\t\t\t\t\t\t<section class=\"block-wrap block-highlights block-sc\" data-id=\"7\" data-is-mixed=\"1\">\n\n\t\t\t\t\n\t\t\t<div class=\"block-content\">\n\t\t\t\t\t\n\t<div class=\"loops-mixed\">\n\t\t\t\n\t<div class=\"loop loop-grid loop-grid-base grid grid-1 md:grid-1 xs:grid-1\">\n\n\t\t\t\t\t\n<article class=\"l-post grid-post grid-base-post\">\n\n\t\n\t\t\t<div class=\"media\">\n\n\t\t\n\t\t\t<a href=\"https:\/\/stineoester.dk\/sv\/ekologiska-disktrasor-stickade-disktrasor-med-moenster\/\" class=\"image-link media-ratio ratio-is-custom\" title=\"Ekologiska disktrasor &#8211; Stickade disktrasor med m\u00f6nster\"><img loading=\"lazy\" decoding=\"async\" width=\"722\" height=\"430\" src=\"https:\/\/stineoester.dk\/wp-content\/uploads\/2017\/12\/moensterklude.jpg\" class=\"attachment-large size-large wp-post-image\" alt=\"\" sizes=\"(max-width: 722px) 100vw, 722px\" title=\"Ekologiska disktrasor &#8211; Stickade disktrasor med m\u00f6nster\" srcset=\"https:\/\/stineoester.dk\/wp-content\/uploads\/2017\/12\/moensterklude.jpg 850w, https:\/\/stineoester.dk\/wp-content\/uploads\/2017\/12\/moensterklude-768x512.jpg 768w\" \/><\/a>\t\t\t\n\t\t\t\n\t\t\t\n\t\t\t\t\t\t\t\n\t\t\t\t<span class=\"cat-labels cat-labels-overlay c-overlay p-top-left\">\n\t\t\t\t<a href=\"https:\/\/stineoester.dk\/sv\/category\/gratis-stickmoenster\/\" class=\"category term-color-191\" rel=\"category\" tabindex=\"-1\">Gratis stickm\u00f6nster<\/a>\n\t\t\t<\/span>\n\t\t\t\t\t\t\n\t\t\t\n\t\t\n\t\t<\/div>\n\t\n\n\t\n\t\t<div class=\"content\">\n\n\t\t\t<div class=\"post-meta post-meta-a has-below\"><h2 class=\"is-title post-title\"><a href=\"https:\/\/stineoester.dk\/sv\/ekologiska-disktrasor-stickade-disktrasor-med-moenster\/\">Ekologiska disktrasor &#8211; Stickade disktrasor med m\u00f6nster<\/a><\/h2><div class=\"post-meta-items meta-below\"><span class=\"meta-item post-author\"><span class=\"by\">By<\/span> <a href=\"https:\/\/stineoester.dk\/sv\/author\/stine\/\" title=\"Inl\u00e4gg av Strikkeekspert Stine \u00d8ster\" rel=\"author\">Strikkeekspert Stine \u00d8ster<\/a><\/span><span class=\"meta-item date\"><span class=\"date-link\"><time class=\"post-date\" datetime=\"2016-04-12T10:48:43+02:00\">12. april 2016<\/time><\/span><\/span><\/div><\/div>\t\t\t\n\t\t\t\t\t\t\n\t\t\t\t<div class=\"excerpt\">\n\t\t\t\t\t<p>100% ekologiska disktrasor med vackert n\u00e4tm\u00f6nster. Sedan allt prat om mikroplaster kom ut 2015 har&hellip;<\/p>\n\t\t\t\t<\/div>\n\t\t\t\n\t\t\t\n\t\t\t\n\t\t<\/div>\n\n\t\n<\/article>\t\t\n\t<\/div>\n\n\t\t\n\n\t<div class=\"loop loop-small loop-small-a loop-sep loop-small-sep grid grid-1 md:grid-1 sm:grid-1 xs:grid-1\">\n\n\t\t\t\t\t\n<article class=\"l-post small-post small-a-post m-pos-left\">\n\n\t\n\t\t\t<div class=\"media\">\n\n\t\t\n\t\t\t<a href=\"https:\/\/stineoester.dk\/sv\/ekologiska-vaardiskdukar-stickade-diskdukar\/\" class=\"image-link media-ratio ratio-3-2\" title=\"Ekologiska v\u00e5rdiskdukar &#8211; Stickade diskdukar\"><img loading=\"lazy\" decoding=\"async\" width=\"99\" height=\"66\" src=\"https:\/\/stineoester.dk\/wp-content\/uploads\/2017\/12\/foraarsklude-300x200.jpg\" class=\"attachment-medium size-medium wp-post-image\" alt=\"\" sizes=\"(max-width: 99px) 100vw, 99px\" title=\"Ekologiska v\u00e5rdiskdukar &#8211; Stickade diskdukar\" srcset=\"https:\/\/stineoester.dk\/wp-content\/uploads\/2017\/12\/foraarsklude-300x200.jpg 300w, https:\/\/stineoester.dk\/wp-content\/uploads\/2017\/12\/foraarsklude-768x512.jpg 768w, https:\/\/stineoester.dk\/wp-content\/uploads\/2017\/12\/foraarsklude-104x69.jpg 104w, https:\/\/stineoester.dk\/wp-content\/uploads\/2017\/12\/foraarsklude.jpg 850w\" \/><\/a>\t\t\t\n\t\t\t\n\t\t\t\n\t\t\t\n\t\t\n\t\t<\/div>\n\t\n\n\t\n\t\t<div class=\"content\">\n\n\t\t\t<div class=\"post-meta post-meta-a post-meta-left has-below\"><h4 class=\"is-title post-title\"><a href=\"https:\/\/stineoester.dk\/sv\/ekologiska-vaardiskdukar-stickade-diskdukar\/\">Ekologiska v\u00e5rdiskdukar &#8211; Stickade diskdukar<\/a><\/h4><div class=\"post-meta-items meta-below\"><span class=\"meta-item date\"><span class=\"date-link\"><time class=\"post-date\" datetime=\"2016-03-30T10:50:00+02:00\">30. mars 2016<\/time><\/span><\/span><\/div><\/div>\t\t\t\n\t\t\t\n\t\t\t\n\t\t<\/div>\n\n\t\n<\/article>\t\n\t\t\t\t\t\n<article class=\"l-post small-post small-a-post m-pos-left\">\n\n\t\n\t\t\t<div class=\"media\">\n\n\t\t\n\t\t\t<a href=\"https:\/\/stineoester.dk\/sv\/stines-netmoenster-rags-stickade-disktrasor-foer-koeket\/\" class=\"image-link media-ratio ratio-3-2\" title=\"Stines Netm\u00f8nster rags &#8211; Stickade disktrasor f\u00f6r k\u00f6ket\"><img loading=\"lazy\" decoding=\"async\" width=\"99\" height=\"66\" src=\"https:\/\/stineoester.dk\/wp-content\/uploads\/2017\/12\/stine-net-moenster-3-300x225.jpg\" class=\"attachment-medium size-medium wp-post-image\" alt=\"\" sizes=\"(max-width: 99px) 100vw, 99px\" title=\"Stines Netm\u00f8nster rags &#8211; Stickade disktrasor f\u00f6r k\u00f6ket\" srcset=\"https:\/\/stineoester.dk\/wp-content\/uploads\/2017\/12\/stine-net-moenster-3-300x225.jpg 300w, https:\/\/stineoester.dk\/wp-content\/uploads\/2017\/12\/stine-net-moenster-3-768x576.jpg 768w, https:\/\/stineoester.dk\/wp-content\/uploads\/2017\/12\/stine-net-moenster-3-1024x768.jpg 1024w, https:\/\/stineoester.dk\/wp-content\/uploads\/2017\/12\/stine-net-moenster-3.jpg 1200w\" \/><\/a>\t\t\t\n\t\t\t\n\t\t\t\n\t\t\t\n\t\t\n\t\t<\/div>\n\t\n\n\t\n\t\t<div class=\"content\">\n\n\t\t\t<div class=\"post-meta post-meta-a post-meta-left has-below\"><h4 class=\"is-title post-title\"><a href=\"https:\/\/stineoester.dk\/sv\/stines-netmoenster-rags-stickade-disktrasor-foer-koeket\/\">Stines Netm\u00f8nster rags &#8211; Stickade disktrasor f\u00f6r k\u00f6ket<\/a><\/h4><div class=\"post-meta-items meta-below\"><span class=\"meta-item date\"><span class=\"date-link\"><time class=\"post-date\" datetime=\"2016-02-17T10:45:23+01:00\">17. februari 2016<\/time><\/span><\/span><\/div><\/div>\t\t\t\n\t\t\t\n\t\t\t\n\t\t<\/div>\n\n\t\n<\/article>\t\n\t\t\n\t<\/div>\n\n\t\t\t<\/div>\n\n\n\t\t\t\t<\/div>\n\n\t\t<\/section>\n\t\t\t\t\t\t<\/div>\n\t\t\t\t<\/div>\n\t\t\t\t\t<\/div>\n\t\t<\/div>\n\t\t\t\t<div class=\"elementor-column elementor-col-50 elementor-inner-column elementor-element elementor-element-370da062\" data-id=\"370da062\" data-element_type=\"column\">\n\t\t\t<div class=\"elementor-widget-wrap elementor-element-populated\">\n\t\t\t\t\t\t<div class=\"elementor-element elementor-element-a0d8f6b elementor-widget elementor-widget-smartmag-highlights\" data-id=\"a0d8f6b\" data-element_type=\"widget\" data-widget_type=\"smartmag-highlights.default\">\n\t\t\t\t<div class=\"elementor-widget-container\">\n\t\t\t\t\t\t\t<section class=\"block-wrap block-highlights block-sc\" data-id=\"10\" data-is-mixed=\"1\">\n\n\t\t\t\t\n\t\t\t<div class=\"block-content\">\n\t\t\t\t\t\n\t<div class=\"loops-mixed\">\n\t\t\t\n\t<div class=\"loop loop-grid loop-grid-base grid grid-1 md:grid-1 xs:grid-1\">\n\n\t\t\t\t\t\n<article class=\"l-post grid-post grid-base-post\">\n\n\t\n\t\t\t<div class=\"media\">\n\n\t\t\n\t\t\t<a href=\"https:\/\/stineoester.dk\/sv\/babyfilt-vacker-babyfilt-med-bra-maatt-och-matchande-sparkdraekt\/\" class=\"image-link media-ratio ratio-is-custom\" title=\"Babyfilt &#8211; Vacker babyfilt med bra m\u00e5tt och matchande sparkdr\u00e4kt\"><img loading=\"lazy\" decoding=\"async\" width=\"722\" height=\"430\" src=\"https:\/\/stineoester.dk\/wp-content\/uploads\/2018\/04\/Rompere-og-t\u00e6ppe.jpg\" class=\"attachment-large size-large wp-post-image\" alt=\"\" sizes=\"(max-width: 722px) 100vw, 722px\" title=\"Babyfilt &#8211; Vacker babyfilt med bra m\u00e5tt och matchande sparkdr\u00e4kt\" srcset=\"https:\/\/stineoester.dk\/wp-content\/uploads\/2018\/04\/Rompere-og-t\u00e6ppe.jpg 739w, https:\/\/stineoester.dk\/wp-content\/uploads\/2018\/04\/Rompere-og-t\u00e6ppe-300x195.jpg 300w, https:\/\/stineoester.dk\/wp-content\/uploads\/2018\/04\/Rompere-og-t\u00e6ppe-214x140.jpg 214w\" \/><\/a>\t\t\t\n\t\t\t\n\t\t\t\n\t\t\t\t\t\t\t\n\t\t\t\t<span class=\"cat-labels cat-labels-overlay c-overlay p-top-left\">\n\t\t\t\t<a href=\"https:\/\/stineoester.dk\/sv\/category\/gratis-stickmoenster\/\" class=\"category term-color-191\" rel=\"category\" tabindex=\"-1\">Gratis stickm\u00f6nster<\/a>\n\t\t\t<\/span>\n\t\t\t\t\t\t\n\t\t\t\n\t\t\n\t\t<\/div>\n\t\n\n\t\n\t\t<div class=\"content\">\n\n\t\t\t<div class=\"post-meta post-meta-a has-below\"><h2 class=\"is-title post-title\"><a href=\"https:\/\/stineoester.dk\/sv\/babyfilt-vacker-babyfilt-med-bra-maatt-och-matchande-sparkdraekt\/\">Babyfilt &#8211; Vacker babyfilt med bra m\u00e5tt och matchande sparkdr\u00e4kt<\/a><\/h2><div class=\"post-meta-items meta-below\"><span class=\"meta-item post-author\"><span class=\"by\">By<\/span> <a href=\"https:\/\/stineoester.dk\/sv\/author\/stine\/\" title=\"Inl\u00e4gg av Strikkeekspert Stine \u00d8ster\" rel=\"author\">Strikkeekspert Stine \u00d8ster<\/a><\/span><span class=\"meta-item date\"><span class=\"date-link\"><time class=\"post-date\" datetime=\"2018-04-13T13:22:02+02:00\">13. april 2018<\/time><\/span><\/span><\/div><\/div>\t\t\t\n\t\t\t\t\t\t\n\t\t\t\t<div class=\"excerpt\">\n\t\t\t\t\t<p>Jag har designat denna underbara babyfilt i samma stil\/design som mina nya sparkdr\u00e4kter som du&hellip;<\/p>\n\t\t\t\t<\/div>\n\t\t\t\n\t\t\t\n\t\t\t\n\t\t<\/div>\n\n\t\n<\/article>\t\t\n\t<\/div>\n\n\t\t\n\n\t<div class=\"loop loop-small loop-small-a loop-sep loop-small-sep grid grid-1 md:grid-1 sm:grid-1 xs:grid-1\">\n\n\t\t\t\t\t\n<article class=\"l-post small-post small-a-post m-pos-left\">\n\n\t\n\t\t\t<div class=\"media\">\n\n\t\t\n\t\t\t<a href=\"https:\/\/stineoester.dk\/sv\/babybyxor-de-soetaste-babybyxorna-fraan-0-till-18-maanader\/\" class=\"image-link media-ratio ratio-3-2\" title=\"Babybyxor &#8211; De s\u00f6taste babybyxorna fr\u00e5n 0 till 18 m\u00e5nader\"><img loading=\"lazy\" decoding=\"async\" width=\"99\" height=\"66\" src=\"https:\/\/stineoester.dk\/wp-content\/uploads\/2018\/04\/Rompere-og-t\u00e6ppe-300x195.jpg\" class=\"attachment-medium size-medium wp-post-image\" alt=\"\" sizes=\"(max-width: 99px) 100vw, 99px\" title=\"Babybyxor &#8211; De s\u00f6taste babybyxorna fr\u00e5n 0 till 18 m\u00e5nader\" srcset=\"https:\/\/stineoester.dk\/wp-content\/uploads\/2018\/04\/Rompere-og-t\u00e6ppe-300x195.jpg 300w, https:\/\/stineoester.dk\/wp-content\/uploads\/2018\/04\/Rompere-og-t\u00e6ppe-104x69.jpg 104w, https:\/\/stineoester.dk\/wp-content\/uploads\/2018\/04\/Rompere-og-t\u00e6ppe-702x459.jpg 702w, https:\/\/stineoester.dk\/wp-content\/uploads\/2018\/04\/Rompere-og-t\u00e6ppe-214x140.jpg 214w, https:\/\/stineoester.dk\/wp-content\/uploads\/2018\/04\/Rompere-og-t\u00e6ppe.jpg 739w\" \/><\/a>\t\t\t\n\t\t\t\n\t\t\t\n\t\t\t\n\t\t\n\t\t<\/div>\n\t\n\n\t\n\t\t<div class=\"content\">\n\n\t\t\t<div class=\"post-meta post-meta-a post-meta-left has-below\"><h4 class=\"is-title post-title\"><a href=\"https:\/\/stineoester.dk\/sv\/babybyxor-de-soetaste-babybyxorna-fraan-0-till-18-maanader\/\">Babybyxor &#8211; De s\u00f6taste babybyxorna fr\u00e5n 0 till 18 m\u00e5nader<\/a><\/h4><div class=\"post-meta-items meta-below\"><span class=\"meta-item date\"><span class=\"date-link\"><time class=\"post-date\" datetime=\"2018-04-13T13:21:32+02:00\">13. april 2018<\/time><\/span><\/span><\/div><\/div>\t\t\t\n\t\t\t\n\t\t\t\n\t\t<\/div>\n\n\t\n<\/article>\t\n\t\t\t\t\t\n<article class=\"l-post small-post small-a-post m-pos-left\">\n\n\t\n\t\t\t<div class=\"media\">\n\n\t\t\n\t\t\t<a href=\"https:\/\/stineoester.dk\/sv\/den-mysiga-blusen-foer-barn-2-10-aar-en-riktigt-skoen-mjuk-blus\/\" class=\"image-link media-ratio ratio-3-2\" title=\"Den mysiga blusen f\u00f6r barn 2-10 \u00e5r &#8211; En riktigt sk\u00f6n mjuk blus\"><img decoding=\"async\" width=\"99\" height=\"66\" src=\"https:\/\/stineoester.dk\/wp-content\/uploads\/2017\/12\/IMG_3356-e1512635201129-225x300.jpg\" class=\"attachment-medium size-medium wp-post-image\" alt=\"\" sizes=\"(max-width: 99px) 100vw, 99px\" title=\"Den mysiga blusen f\u00f6r barn 2-10 \u00e5r &#8211; En riktigt sk\u00f6n mjuk blus\" srcset=\"https:\/\/stineoester.dk\/wp-content\/uploads\/2017\/12\/IMG_3356-e1512635201129-225x300.jpg 225w, https:\/\/stineoester.dk\/wp-content\/uploads\/2017\/12\/IMG_3356-e1512635201129.jpg 480w\" \/><\/a>\t\t\t\n\t\t\t\n\t\t\t\n\t\t\t\n\t\t\n\t\t<\/div>\n\t\n\n\t\n\t\t<div class=\"content\">\n\n\t\t\t<div class=\"post-meta post-meta-a post-meta-left has-below\"><h4 class=\"is-title post-title\"><a href=\"https:\/\/stineoester.dk\/sv\/den-mysiga-blusen-foer-barn-2-10-aar-en-riktigt-skoen-mjuk-blus\/\">Den mysiga blusen f\u00f6r barn 2-10 \u00e5r &#8211; En riktigt sk\u00f6n mjuk blus<\/a><\/h4><div class=\"post-meta-items meta-below\"><span class=\"meta-item date\"><span class=\"date-link\"><time class=\"post-date\" datetime=\"2017-08-15T09:25:16+02:00\">15. augusti 2017<\/time><\/span><\/span><\/div><\/div>\t\t\t\n\t\t\t\n\t\t\t\n\t\t<\/div>\n\n\t\n<\/article>\t\n\t\t\n\t<\/div>\n\n\t\t\t<\/div>\n\n\n\t\t\t\t<\/div>\n\n\t\t<\/section>\n\t\t\t\t\t\t<\/div>\n\t\t\t\t<\/div>\n\t\t\t\t\t<\/div>\n\t\t<\/div>\n\t\t\t\t\t<\/div>\n\t\t<\/section>\n\t\t\t\t<div class=\"elementor-element elementor-element-743cec3b elementor-widget elementor-widget-smartmag-focusgrid\" data-id=\"743cec3b\" data-element_type=\"widget\" data-widget_type=\"smartmag-focusgrid.default\">\n\t\t\t\t<div class=\"elementor-widget-container\">\n\t\t\t\t\t\t\t<section class=\"block-wrap block-focus-grid block-sc cols-gap-sm\" data-id=\"13\" data-block=\"{&quot;id&quot;:&quot;focus-grid&quot;,&quot;props&quot;:{&quot;cat_labels&quot;:&quot;0&quot;,&quot;cat_labels_pos&quot;:&quot;top-left&quot;,&quot;reviews&quot;:&quot;bars&quot;,&quot;post_formats_pos&quot;:&quot;center&quot;,&quot;load_more_style&quot;:&quot;a&quot;,&quot;meta_cat_style&quot;:&quot;text&quot;,&quot;media_style_shadow&quot;:0,&quot;meta_sponsor&quot;:1,&quot;meta_sponsor_logo&quot;:0,&quot;meta_sponsor_label&quot;:&quot;Sponsor: {sponsor}&quot;,&quot;meta_above&quot;:[],&quot;meta_below&quot;:[&quot;author&quot;,&quot;date&quot;],&quot;meta_sponsor_above&quot;:[],&quot;meta_sponsor_below&quot;:[&quot;sponsor&quot;,&quot;date&quot;],&quot;sort_order&quot;:&quot;desc&quot;,&quot;heading&quot;:&quot;Focus Grid&quot;,&quot;heading_type&quot;:&quot;d&quot;,&quot;cat&quot;:10,&quot;offset&quot;:&quot;0&quot;,&quot;heading_colors&quot;:&quot;force&quot;,&quot;container_width&quot;:66,&quot;excerpt_length&quot;:30,&quot;media_ratio&quot;:&quot;custom&quot;,&quot;media_ratio_custom&quot;:&quot;1.59&quot;,&quot;filters&quot;:&quot;category&quot;,&quot;pagination_type&quot;:null,&quot;pagination_links&quot;:null,&quot;meta_sponsor_items_default&quot;:true,&quot;query_type&quot;:&quot;custom&quot;,&quot;sort_days&quot;:null,&quot;is_sc_call&quot;:true,&quot;meta_items_default&quot;:true}}\" data-is-mixed=\"1\">\n\n\t\t\t\t\t\t\t\t\n\t\t\t\t\t\t\t\n\t\t\t\t<div class=\"block-head block-head-d is-left\">\n\n\t\t\t\t\t<h4 class=\"heading\">Focus Grid<\/h4>\t\t\t\t\t\n\t\t\t\t\t\t\t\t\t<\/div>\n\t\t\t\t\n\t\t\t\n\t\t\t\n\t\t\t<div class=\"block-content\">\n\t\t\t\t\t\n\t<div class=\"grid grid-2 sm:grid-1 cols-not-eq loops-mixed\">\n\n\t\t\t\n\t<div class=\"loop loop-grid loop-grid-base grid grid-1 md:grid-1 xs:grid-1\">\n\n\t\t\t\t\t\n<article class=\"l-post grid-post grid-base-post\">\n\n\t\n\t\t\t<div class=\"media\">\n\n\t\t\n\t\t\t<a href=\"https:\/\/stineoester.dk\/sv\/babyfilt-vacker-babyfilt-med-bra-maatt-och-matchande-sparkdraekt\/\" class=\"image-link media-ratio ratio-is-custom\" title=\"Babyfilt &#8211; Vacker babyfilt med bra m\u00e5tt och matchande sparkdr\u00e4kt\"><img loading=\"lazy\" decoding=\"async\" width=\"722\" height=\"454\" src=\"https:\/\/stineoester.dk\/wp-content\/uploads\/2018\/04\/Rompere-og-t\u00e6ppe.jpg\" class=\"attachment-large size-large wp-post-image\" alt=\"\" sizes=\"(max-width: 722px) 100vw, 722px\" title=\"Babyfilt &#8211; Vacker babyfilt med bra m\u00e5tt och matchande sparkdr\u00e4kt\" srcset=\"https:\/\/stineoester.dk\/wp-content\/uploads\/2018\/04\/Rompere-og-t\u00e6ppe.jpg 739w, https:\/\/stineoester.dk\/wp-content\/uploads\/2018\/04\/Rompere-og-t\u00e6ppe-300x195.jpg 300w, https:\/\/stineoester.dk\/wp-content\/uploads\/2018\/04\/Rompere-og-t\u00e6ppe-104x69.jpg 104w, https:\/\/stineoester.dk\/wp-content\/uploads\/2018\/04\/Rompere-og-t\u00e6ppe-214x140.jpg 214w\" \/><\/a>\t\t\t\n\t\t\t\n\t\t\t\n\t\t\t\n\t\t\n\t\t<\/div>\n\t\n\n\t\n\t\t<div class=\"content\">\n\n\t\t\t<div class=\"post-meta post-meta-a has-below\"><h2 class=\"is-title post-title\"><a href=\"https:\/\/stineoester.dk\/sv\/babyfilt-vacker-babyfilt-med-bra-maatt-och-matchande-sparkdraekt\/\">Babyfilt &#8211; Vacker babyfilt med bra m\u00e5tt och matchande sparkdr\u00e4kt<\/a><\/h2><div class=\"post-meta-items meta-below\"><span class=\"meta-item post-author\"><span class=\"by\">By<\/span> <a href=\"https:\/\/stineoester.dk\/sv\/author\/stine\/\" title=\"Inl\u00e4gg av Strikkeekspert Stine \u00d8ster\" rel=\"author\">Strikkeekspert Stine \u00d8ster<\/a><\/span><span class=\"meta-item date\"><span class=\"date-link\"><time class=\"post-date\" datetime=\"2018-04-13T13:22:02+02:00\">13. april 2018<\/time><\/span><\/span><\/div><\/div>\t\t\t\n\t\t\t\t\t\t\n\t\t\t\t<div class=\"excerpt\">\n\t\t\t\t\t<p>Jag har designat denna underbara babyfilt i samma stil\/design som mina nya sparkdr\u00e4kter som du hittar h\u00e4r. Receptet \u00e4r superenkelt, men resultatet \u00e4r uts\u00f6kt. Det finns m\u00e5nga babyfiltar, men inte&hellip;<\/p>\n\t\t\t\t<\/div>\n\t\t\t\n\t\t\t\n\t\t\t\n\t\t<\/div>\n\n\t\n<\/article>\t\t\n\t<\/div>\n\n\t\t\n\t\n\t<div class=\"loop loop-grid loop-grid-sm grid grid-2 md:grid-2 sm:grid-2\">\n\n\t\t\t\t\t\n<article class=\"l-post grid-post grid-sm-post\">\n\n\t\n\t\t\t<div class=\"media\">\n\n\t\t\n\t\t\t<a href=\"https:\/\/stineoester.dk\/sv\/babybyxor-de-soetaste-babybyxorna-fraan-0-till-18-maanader\/\" class=\"image-link media-ratio ratio-is-custom\" title=\"Babybyxor &#8211; De s\u00f6taste babybyxorna fr\u00e5n 0 till 18 m\u00e5nader\"><img loading=\"lazy\" decoding=\"async\" width=\"339\" height=\"202\" src=\"https:\/\/stineoester.dk\/wp-content\/uploads\/2018\/04\/Rompere-og-t\u00e6ppe.jpg\" class=\"attachment-large size-large wp-post-image\" alt=\"\" sizes=\"(max-width: 339px) 100vw, 339px\" title=\"Babybyxor &#8211; De s\u00f6taste babybyxorna fr\u00e5n 0 till 18 m\u00e5nader\" srcset=\"https:\/\/stineoester.dk\/wp-content\/uploads\/2018\/04\/Rompere-og-t\u00e6ppe.jpg 739w, https:\/\/stineoester.dk\/wp-content\/uploads\/2018\/04\/Rompere-og-t\u00e6ppe-300x195.jpg 300w, https:\/\/stineoester.dk\/wp-content\/uploads\/2018\/04\/Rompere-og-t\u00e6ppe-214x140.jpg 214w\" \/><\/a>\t\t\t\n\t\t\t\n\t\t\t\n\t\t\t\n\t\t\n\t\t<\/div>\n\t\n\n\t\n\t\t<div class=\"content\">\n\n\t\t\t<div class=\"post-meta post-meta-a has-below\"><h2 class=\"is-title post-title\"><a href=\"https:\/\/stineoester.dk\/sv\/babybyxor-de-soetaste-babybyxorna-fraan-0-till-18-maanader\/\">Babybyxor &#8211; De s\u00f6taste babybyxorna fr\u00e5n 0 till 18 m\u00e5nader<\/a><\/h2><div class=\"post-meta-items meta-below\"><span class=\"meta-item date\"><span class=\"date-link\"><time class=\"post-date\" datetime=\"2018-04-13T13:21:32+02:00\">13. april 2018<\/time><\/span><\/span><\/div><\/div>\t\t\t\n\t\t\t\n\t\t\t\n\t\t<\/div>\n\n\t\n<\/article>\t\t\t\t\t\n<article class=\"l-post grid-post grid-sm-post\">\n\n\t\n\t\t\t<div class=\"media\">\n\n\t\t\n\t\t\t<a href=\"https:\/\/stineoester.dk\/sv\/putte-poncho-deluxe-vacker-tweedponcho-foer-barn\/\" class=\"image-link media-ratio ratio-is-custom\" title=\"Putte Poncho Deluxe &#8211; Vacker tweedponcho f\u00f6r barn\"><img fetchpriority=\"high\" decoding=\"async\" width=\"339\" height=\"202\" src=\"https:\/\/stineoester.dk\/wp-content\/uploads\/2017\/12\/puttedeluxe9-e1513072934891.jpg\" class=\"attachment-large size-large wp-post-image\" alt=\"\" sizes=\"(max-width: 339px) 100vw, 339px\" title=\"Putte Poncho Deluxe &#8211; Vacker tweedponcho f\u00f6r barn\" srcset=\"https:\/\/stineoester.dk\/wp-content\/uploads\/2017\/12\/puttedeluxe9-e1513072934891.jpg 795w, https:\/\/stineoester.dk\/wp-content\/uploads\/2017\/12\/puttedeluxe9-e1513072934891-300x292.jpg 300w, https:\/\/stineoester.dk\/wp-content\/uploads\/2017\/12\/puttedeluxe9-e1513072934891-768x748.jpg 768w\" \/><\/a>\t\t\t\n\t\t\t\n\t\t\t\n\t\t\t\n\t\t\n\t\t<\/div>\n\t\n\n\t\n\t\t<div class=\"content\">\n\n\t\t\t<div class=\"post-meta post-meta-a has-below\"><h2 class=\"is-title post-title\"><a href=\"https:\/\/stineoester.dk\/sv\/putte-poncho-deluxe-vacker-tweedponcho-foer-barn\/\">Putte Poncho Deluxe &#8211; Vacker tweedponcho f\u00f6r barn<\/a><\/h2><div class=\"post-meta-items meta-below\"><span class=\"meta-item date\"><span class=\"date-link\"><time class=\"post-date\" datetime=\"2017-10-12T09:46:34+02:00\">12. oktober 2017<\/time><\/span><\/span><\/div><\/div>\t\t\t\n\t\t\t\n\t\t\t\n\t\t<\/div>\n\n\t\n<\/article>\t\t\t\t\t\n<article class=\"l-post grid-post grid-sm-post\">\n\n\t\n\t\t\t<div class=\"media\">\n\n\t\t\n\t\t\t<a href=\"https:\/\/stineoester.dk\/sv\/charlottes-poncho-en-vacker-varm-och-funktionell-poncho\/\" class=\"image-link media-ratio ratio-is-custom\" title=\"Charlotte&#8217;s Poncho &#8211; En vacker, varm och funktionell poncho\"><img loading=\"lazy\" decoding=\"async\" width=\"339\" height=\"202\" src=\"https:\/\/stineoester.dk\/wp-content\/uploads\/2017\/12\/Charlotte3.jpg\" class=\"attachment-large size-large wp-post-image\" alt=\"\" sizes=\"(max-width: 339px) 100vw, 339px\" title=\"Charlotte&#8217;s Poncho &#8211; En vacker, varm och funktionell poncho\" srcset=\"https:\/\/stineoester.dk\/wp-content\/uploads\/2017\/12\/Charlotte3.jpg 637w, https:\/\/stineoester.dk\/wp-content\/uploads\/2017\/12\/Charlotte3-200x300.jpg 200w\" \/><\/a>\t\t\t\n\t\t\t\n\t\t\t\n\t\t\t\n\t\t\n\t\t<\/div>\n\t\n\n\t\n\t\t<div class=\"content\">\n\n\t\t\t<div class=\"post-meta post-meta-a has-below\"><h2 class=\"is-title post-title\"><a href=\"https:\/\/stineoester.dk\/sv\/charlottes-poncho-en-vacker-varm-och-funktionell-poncho\/\">Charlotte&#8217;s Poncho &#8211; En vacker, varm och funktionell poncho<\/a><\/h2><div class=\"post-meta-items meta-below\"><span class=\"meta-item date\"><span class=\"date-link\"><time class=\"post-date\" datetime=\"2017-10-01T09:16:10+02:00\">1. oktober 2017<\/time><\/span><\/span><\/div><\/div>\t\t\t\n\t\t\t\n\t\t\t\n\t\t<\/div>\n\n\t\n<\/article>\t\t\t\t\t\n<article class=\"l-post grid-post grid-sm-post\">\n\n\t\n\t\t\t<div class=\"media\">\n\n\t\t\n\t\t\t<a href=\"https:\/\/stineoester.dk\/sv\/athen-cardigan-en-vacker-elegant-och-enkel-kofta\/\" class=\"image-link media-ratio ratio-is-custom\" title=\"Athen Cardigan &#8211; En vacker, elegant och enkel kofta\"><img loading=\"lazy\" decoding=\"async\" width=\"339\" height=\"202\" src=\"https:\/\/stineoester.dk\/wp-content\/uploads\/2017\/12\/Athen-closeup2-683x1024.jpg\" class=\"attachment-large size-large wp-post-image\" alt=\"\" sizes=\"(max-width: 339px) 100vw, 339px\" title=\"Athen Cardigan &#8211; En vacker, elegant och enkel kofta\" srcset=\"https:\/\/stineoester.dk\/wp-content\/uploads\/2017\/12\/Athen-closeup2-683x1024.jpg 683w, https:\/\/stineoester.dk\/wp-content\/uploads\/2017\/12\/Athen-closeup2-200x300.jpg 200w, https:\/\/stineoester.dk\/wp-content\/uploads\/2017\/12\/Athen-closeup2-768x1152.jpg 768w, https:\/\/stineoester.dk\/wp-content\/uploads\/2017\/12\/Athen-closeup2.jpg 800w\" \/><\/a>\t\t\t\n\t\t\t\n\t\t\t\n\t\t\t\n\t\t\n\t\t<\/div>\n\t\n\n\t\n\t\t<div class=\"content\">\n\n\t\t\t<div class=\"post-meta post-meta-a has-below\"><h2 class=\"is-title post-title\"><a href=\"https:\/\/stineoester.dk\/sv\/athen-cardigan-en-vacker-elegant-och-enkel-kofta\/\">Athen Cardigan &#8211; En vacker, elegant och enkel kofta<\/a><\/h2><div class=\"post-meta-items meta-below\"><span class=\"meta-item date\"><span class=\"date-link\"><time class=\"post-date\" datetime=\"2017-09-21T09:01:50+02:00\">21. september 2017<\/time><\/span><\/span><\/div><\/div>\t\t\t\n\t\t\t\n\t\t\t\n\t\t<\/div>\n\n\t\n<\/article>\t\t\n\t<\/div>\n\n\t\t\n\t<\/div>\n\n\t\t\t\t<\/div>\n\n\t\t<\/section>\n\t\t\t\t\t\t<\/div>\n\t\t\t\t<\/div>\n\t\t\t\t<div class=\"elementor-element elementor-element-1d8864e8 elementor-widget elementor-widget-smartmag-grid\" data-id=\"1d8864e8\" data-element_type=\"widget\" data-widget_type=\"smartmag-grid.default\">\n\t\t\t\t<div class=\"elementor-widget-container\">\n\t\t\t\t\t\t\t<section class=\"block-wrap block-grid block-sc\" data-id=\"16\">\n\n\t\t\t\t\t\t\t\t\n\t\t\t\t\t\t\t\n\t\t\t\t<div class=\"block-head block-head-d is-left term-color-4\">\n\n\t\t\t\t\t<h4 class=\"heading\"><a href=\"https:\/\/stineoester.dk\/category\/baby-strik\/\">Listing: Modern<\/a><\/h4>\t\t\t\t\t\n\t\t\t\t\t\t\t\t\t<\/div>\n\t\t\t\t\n\t\t\t\n\t\t\t\n\t\t\t<div class=\"block-content\">\n\t\t\t\t\t\n\t<div class=\"loop loop-grid loop-grid-base grid grid-2 md:grid-2 xs:grid-1\">\n\n\t\t\t\t\t\n<article class=\"l-post grid-post grid-base-post\">\n\n\t\n\t\t\t<div class=\"media\">\n\n\t\t\n\t\t\t<a href=\"https:\/\/stineoester.dk\/sv\/babyfilt-vacker-babyfilt-med-bra-maatt-och-matchande-sparkdraekt\/\" class=\"image-link media-ratio ratio-is-custom\" title=\"Babyfilt &#8211; Vacker babyfilt med bra m\u00e5tt och matchande sparkdr\u00e4kt\"><img loading=\"lazy\" decoding=\"async\" width=\"339\" height=\"202\" src=\"https:\/\/stineoester.dk\/wp-content\/uploads\/2018\/04\/Rompere-og-t\u00e6ppe.jpg\" class=\"attachment-large size-large wp-post-image\" alt=\"\" sizes=\"(max-width: 339px) 100vw, 339px\" title=\"Babyfilt &#8211; Vacker babyfilt med bra m\u00e5tt och matchande sparkdr\u00e4kt\" srcset=\"https:\/\/stineoester.dk\/wp-content\/uploads\/2018\/04\/Rompere-og-t\u00e6ppe.jpg 739w, https:\/\/stineoester.dk\/wp-content\/uploads\/2018\/04\/Rompere-og-t\u00e6ppe-300x195.jpg 300w, https:\/\/stineoester.dk\/wp-content\/uploads\/2018\/04\/Rompere-og-t\u00e6ppe-214x140.jpg 214w\" \/><\/a>\t\t\t\n\t\t\t\n\t\t\t\n\t\t\t\n\t\t\n\t\t<\/div>\n\t\n\n\t\n\t\t<div class=\"content\">\n\n\t\t\t<div class=\"post-meta post-meta-a has-below\"><h2 class=\"is-title post-title\"><a href=\"https:\/\/stineoester.dk\/sv\/babyfilt-vacker-babyfilt-med-bra-maatt-och-matchande-sparkdraekt\/\">Babyfilt &#8211; Vacker babyfilt med bra m\u00e5tt och matchande sparkdr\u00e4kt<\/a><\/h2><div class=\"post-meta-items meta-below\"><span class=\"meta-item post-author\"><span class=\"by\">By<\/span> <a href=\"https:\/\/stineoester.dk\/sv\/author\/stine\/\" title=\"Inl\u00e4gg av Strikkeekspert Stine \u00d8ster\" rel=\"author\">Strikkeekspert Stine \u00d8ster<\/a><\/span><span class=\"meta-item date\"><span class=\"date-link\"><time class=\"post-date\" datetime=\"2018-04-13T13:22:02+02:00\">13. april 2018<\/time><\/span><\/span><\/div><\/div>\t\t\t\n\t\t\t\t\t\t\n\t\t\t\t<div class=\"excerpt\">\n\t\t\t\t\t<p>Jag har designat denna underbara babyfilt i samma stil\/design som mina nya sparkdr\u00e4kter som du&hellip;<\/p>\n\t\t\t\t<\/div>\n\t\t\t\n\t\t\t\n\t\t\t\n\t\t<\/div>\n\n\t\n<\/article>\t\t\t\t\t\n<article class=\"l-post grid-post grid-base-post\">\n\n\t\n\t\t\t<div class=\"media\">\n\n\t\t\n\t\t\t<a href=\"https:\/\/stineoester.dk\/sv\/babybyxor-de-soetaste-babybyxorna-fraan-0-till-18-maanader\/\" class=\"image-link media-ratio ratio-is-custom\" title=\"Babybyxor &#8211; De s\u00f6taste babybyxorna fr\u00e5n 0 till 18 m\u00e5nader\"><img loading=\"lazy\" decoding=\"async\" width=\"339\" height=\"202\" src=\"https:\/\/stineoester.dk\/wp-content\/uploads\/2018\/04\/Rompere-og-t\u00e6ppe.jpg\" class=\"attachment-large size-large wp-post-image\" alt=\"\" sizes=\"(max-width: 339px) 100vw, 339px\" title=\"Babybyxor &#8211; De s\u00f6taste babybyxorna fr\u00e5n 0 till 18 m\u00e5nader\" srcset=\"https:\/\/stineoester.dk\/wp-content\/uploads\/2018\/04\/Rompere-og-t\u00e6ppe.jpg 739w, https:\/\/stineoester.dk\/wp-content\/uploads\/2018\/04\/Rompere-og-t\u00e6ppe-300x195.jpg 300w, https:\/\/stineoester.dk\/wp-content\/uploads\/2018\/04\/Rompere-og-t\u00e6ppe-214x140.jpg 214w\" \/><\/a>\t\t\t\n\t\t\t\n\t\t\t\n\t\t\t\n\t\t\n\t\t<\/div>\n\t\n\n\t\n\t\t<div class=\"content\">\n\n\t\t\t<div class=\"post-meta post-meta-a has-below\"><h2 class=\"is-title post-title\"><a href=\"https:\/\/stineoester.dk\/sv\/babybyxor-de-soetaste-babybyxorna-fraan-0-till-18-maanader\/\">Babybyxor &#8211; De s\u00f6taste babybyxorna fr\u00e5n 0 till 18 m\u00e5nader<\/a><\/h2><div class=\"post-meta-items meta-below\"><span class=\"meta-item post-author\"><span class=\"by\">By<\/span> <a href=\"https:\/\/stineoester.dk\/sv\/author\/stine\/\" title=\"Inl\u00e4gg av Strikkeekspert Stine \u00d8ster\" rel=\"author\">Strikkeekspert Stine \u00d8ster<\/a><\/span><span class=\"meta-item date\"><span class=\"date-link\"><time class=\"post-date\" datetime=\"2018-04-13T13:21:32+02:00\">13. april 2018<\/time><\/span><\/span><\/div><\/div>\t\t\t\n\t\t\t\t\t\t\n\t\t\t\t<div class=\"excerpt\">\n\t\t\t\t\t<p>Det finns inget h\u00e4rligare \u00e4n en liten bebis i en s\u00f6t liten sparkdr\u00e4kt. Jag har&hellip;<\/p>\n\t\t\t\t<\/div>\n\t\t\t\n\t\t\t\n\t\t\t\n\t\t<\/div>\n\n\t\n<\/article>\t\t\n\t<\/div>\n\n\t\t\n\t\t\t<\/div>\n\n\t\t<\/section>\n\t\t\t\t\t\t<\/div>\n\t\t\t\t<\/div>\n\t\t\t\t<div class=\"elementor-element elementor-element-7765d2c0 elementor-widget elementor-widget-smartmag-overlay\" data-id=\"7765d2c0\" data-element_type=\"widget\" data-widget_type=\"smartmag-overlay.default\">\n\t\t\t\t<div class=\"elementor-widget-container\">\n\t\t\t\t\t\t\t<section class=\"block-wrap block-overlay block-sc cols-gap-sm\" data-id=\"17\">\n\n\t\t\t\t\t\t\t\t\n\t\t\t\t\t\t\t\n\t\t\t\t<div class=\"block-head block-head-d is-left\">\n\n\t\t\t\t\t<h4 class=\"heading\">Listing: Grid Overlay<\/h4>\t\t\t\t\t\n\t\t\t\t\t\t\t\t\t<\/div>\n\t\t\t\t\n\t\t\t\n\t\t\t\n\t\t\t<div class=\"block-content\">\n\t\t\t\t\t\n\t<div class=\"loop loop-overlay grid grid-2 md:grid-2 xs:grid-1\">\n\n\t\t\t\n\t\t\t\n<article class=\"l-post grid-overlay overlay-post grid-overlay-a overlay-base-post\">\n\n\t\n\t\t\t<div class=\"media\">\n\n\t\t\n\t\t\t<a href=\"https:\/\/stineoester.dk\/sv\/babyfilt-vacker-babyfilt-med-bra-maatt-och-matchande-sparkdraekt\/\" class=\"image-link media-ratio ratio-4-3\" title=\"Babyfilt &#8211; Vacker babyfilt med bra m\u00e5tt och matchande sparkdr\u00e4kt\"><img loading=\"lazy\" decoding=\"async\" width=\"339\" height=\"254\" src=\"https:\/\/stineoester.dk\/wp-content\/uploads\/2018\/04\/Rompere-og-t\u00e6ppe.jpg\" class=\"attachment-large size-large wp-post-image\" alt=\"\" sizes=\"(max-width: 339px) 100vw, 339px\" title=\"Babyfilt &#8211; Vacker babyfilt med bra m\u00e5tt och matchande sparkdr\u00e4kt\" \/><\/a>\t\t\t\n\t\t\t\n\t\t\t\n\t\t\t\n\t\t\n\t\t<\/div>\n\t\n\n\t\t\t<div class=\"content-wrap\">\n\t\n\t\t<div class=\"content\">\n\n\t\t\t<div class=\"post-meta post-meta-a meta-contrast has-below\"><h2 class=\"is-title post-title\"><a href=\"https:\/\/stineoester.dk\/sv\/babyfilt-vacker-babyfilt-med-bra-maatt-och-matchande-sparkdraekt\/\">Babyfilt &#8211; Vacker babyfilt med bra m\u00e5tt och matchande sparkdr\u00e4kt<\/a><\/h2><div class=\"post-meta-items meta-below\"><span class=\"meta-item post-author\"><span class=\"by\">By<\/span> <a href=\"https:\/\/stineoester.dk\/sv\/author\/stine\/\" title=\"Inl\u00e4gg av Strikkeekspert Stine \u00d8ster\" rel=\"author\">Strikkeekspert Stine \u00d8ster<\/a><\/span><span class=\"meta-item date\"><span class=\"date-link\"><time class=\"post-date\" datetime=\"2018-04-13T13:22:02+02:00\">13. april 2018<\/time><\/span><\/span><\/div><\/div>\t\t\t\n\t\t\t\n\t\t\t\n\t\t<\/div>\n\n\t\t\t<\/div>\n\t\n<\/article>\n\t\t\t\n\t\t\t\n<article class=\"l-post grid-overlay overlay-post grid-overlay-a overlay-base-post\">\n\n\t\n\t\t\t<div class=\"media\">\n\n\t\t\n\t\t\t<a href=\"https:\/\/stineoester.dk\/sv\/babybyxor-de-soetaste-babybyxorna-fraan-0-till-18-maanader\/\" class=\"image-link media-ratio ratio-4-3\" title=\"Babybyxor &#8211; De s\u00f6taste babybyxorna fr\u00e5n 0 till 18 m\u00e5nader\"><img loading=\"lazy\" decoding=\"async\" width=\"339\" height=\"254\" src=\"https:\/\/stineoester.dk\/wp-content\/uploads\/2018\/04\/Rompere-og-t\u00e6ppe.jpg\" class=\"attachment-large size-large wp-post-image\" alt=\"\" sizes=\"(max-width: 339px) 100vw, 339px\" title=\"Babybyxor &#8211; De s\u00f6taste babybyxorna fr\u00e5n 0 till 18 m\u00e5nader\" \/><\/a>\t\t\t\n\t\t\t\n\t\t\t\n\t\t\t\n\t\t\n\t\t<\/div>\n\t\n\n\t\t\t<div class=\"content-wrap\">\n\t\n\t\t<div class=\"content\">\n\n\t\t\t<div class=\"post-meta post-meta-a meta-contrast has-below\"><h2 class=\"is-title post-title\"><a href=\"https:\/\/stineoester.dk\/sv\/babybyxor-de-soetaste-babybyxorna-fraan-0-till-18-maanader\/\">Babybyxor &#8211; De s\u00f6taste babybyxorna fr\u00e5n 0 till 18 m\u00e5nader<\/a><\/h2><div class=\"post-meta-items meta-below\"><span class=\"meta-item post-author\"><span class=\"by\">By<\/span> <a href=\"https:\/\/stineoester.dk\/sv\/author\/stine\/\" title=\"Inl\u00e4gg av Strikkeekspert Stine \u00d8ster\" rel=\"author\">Strikkeekspert Stine \u00d8ster<\/a><\/span><span class=\"meta-item date\"><span class=\"date-link\"><time class=\"post-date\" datetime=\"2018-04-13T13:21:32+02:00\">13. april 2018<\/time><\/span><\/span><\/div><\/div>\t\t\t\n\t\t\t\n\t\t\t\n\t\t<\/div>\n\n\t\t\t<\/div>\n\t\n<\/article>\n\t\t\n\t<\/div>\n\n\t\t\n\t\t\t<\/div>\n\n\t\t<\/section>\n\t\t\t\t\t\t<\/div>\n\t\t\t\t<\/div>\n\t\t\t\t<div class=\"elementor-element elementor-element-282a16b5 elementor-widget elementor-widget-smartmag-overlay\" data-id=\"282a16b5\" data-element_type=\"widget\" data-widget_type=\"smartmag-overlay.default\">\n\t\t\t\t<div class=\"elementor-widget-container\">\n\t\t\t\t\t\t\t<section class=\"block-wrap block-overlay block-sc cols-gap-sm\" data-id=\"18\">\n\n\t\t\t\t\t\t\t\t\n\t\t\t\t\t\t\t\n\t\t\t\t<div class=\"block-head block-head-d is-left term-color-2\">\n\n\t\t\t\t\t<h4 class=\"heading\"><a href=\"https:\/\/stineoester.dk\/category\/dame-strik\/\">Listing: Tall Overlay<\/a><\/h4>\t\t\t\t\t\n\t\t\t\t\t\t\t\t\t<\/div>\n\t\t\t\t\n\t\t\t\n\t\t\t\n\t\t\t<div class=\"block-content\">\n\t\t\t\t\t\n\t<div class=\"loop loop-overlay grid grid-3 md:grid-2 xs:grid-1\">\n\n\t\t\t\n\t\t\t\n<article class=\"l-post grid-overlay overlay-post grid-overlay-a overlay-base-post\">\n\n\t\n\t\t\t<div class=\"media\">\n\n\t\t\n\t\t\t<a href=\"https:\/\/stineoester.dk\/sv\/charlottes-poncho-en-vacker-varm-och-funktionell-poncho\/\" class=\"image-link media-ratio ratio-3-4\" title=\"Charlotte&#8217;s Poncho &#8211; En vacker, varm och funktionell poncho\"><img loading=\"lazy\" decoding=\"async\" width=\"339\" height=\"452\" src=\"https:\/\/stineoester.dk\/wp-content\/uploads\/2017\/12\/Charlotte3.jpg\" class=\"attachment-large size-large wp-post-image\" alt=\"\" sizes=\"(max-width: 339px) 100vw, 339px\" title=\"Charlotte&#8217;s Poncho &#8211; En vacker, varm och funktionell poncho\" \/><\/a>\t\t\t\n\t\t\t\n\t\t\t\n\t\t\t\n\t\t\n\t\t<\/div>\n\t\n\n\t\t\t<div class=\"content-wrap\">\n\t\n\t\t<div class=\"content\">\n\n\t\t\t<div class=\"post-meta post-meta-a meta-contrast has-below\"><h2 class=\"is-title post-title\"><a href=\"https:\/\/stineoester.dk\/sv\/charlottes-poncho-en-vacker-varm-och-funktionell-poncho\/\">Charlotte&#8217;s Poncho &#8211; En vacker, varm och funktionell poncho<\/a><\/h2><div class=\"post-meta-items meta-below\"><span class=\"meta-item date\"><span class=\"date-link\"><time class=\"post-date\" datetime=\"2017-10-01T09:16:10+02:00\">1. oktober 2017<\/time><\/span><\/span><\/div><\/div>\t\t\t\n\t\t\t\n\t\t\t\n\t\t<\/div>\n\n\t\t\t<\/div>\n\t\n<\/article>\n\t\t\t\n\t\t\t\n<article class=\"l-post grid-overlay overlay-post grid-overlay-a overlay-base-post\">\n\n\t\n\t\t\t<div class=\"media\">\n\n\t\t\n\t\t\t<a href=\"https:\/\/stineoester.dk\/sv\/athen-cardigan-en-vacker-elegant-och-enkel-kofta\/\" class=\"image-link media-ratio ratio-3-4\" title=\"Athen Cardigan &#8211; En vacker, elegant och enkel kofta\"><img loading=\"lazy\" decoding=\"async\" width=\"339\" height=\"452\" src=\"https:\/\/stineoester.dk\/wp-content\/uploads\/2017\/12\/Athen-closeup2-683x1024.jpg\" class=\"attachment-large size-large wp-post-image\" alt=\"\" sizes=\"(max-width: 339px) 100vw, 339px\" title=\"Athen Cardigan &#8211; En vacker, elegant och enkel kofta\" srcset=\"https:\/\/stineoester.dk\/wp-content\/uploads\/2017\/12\/Athen-closeup2-683x1024.jpg 683w, https:\/\/stineoester.dk\/wp-content\/uploads\/2017\/12\/Athen-closeup2-768x1152.jpg 768w, https:\/\/stineoester.dk\/wp-content\/uploads\/2017\/12\/Athen-closeup2.jpg 800w\" \/><\/a>\t\t\t\n\t\t\t\n\t\t\t\n\t\t\t\n\t\t\n\t\t<\/div>\n\t\n\n\t\t\t<div class=\"content-wrap\">\n\t\n\t\t<div class=\"content\">\n\n\t\t\t<div class=\"post-meta post-meta-a meta-contrast has-below\"><h2 class=\"is-title post-title\"><a href=\"https:\/\/stineoester.dk\/sv\/athen-cardigan-en-vacker-elegant-och-enkel-kofta\/\">Athen Cardigan &#8211; En vacker, elegant och enkel kofta<\/a><\/h2><div class=\"post-meta-items meta-below\"><span class=\"meta-item date\"><span class=\"date-link\"><time class=\"post-date\" datetime=\"2017-09-21T09:01:50+02:00\">21. september 2017<\/time><\/span><\/span><\/div><\/div>\t\t\t\n\t\t\t\n\t\t\t\n\t\t<\/div>\n\n\t\t\t<\/div>\n\t\n<\/article>\n\t\t\t\n\t\t\t\n<article class=\"l-post grid-overlay overlay-post grid-overlay-a overlay-base-post\">\n\n\t\n\t\t\t<div class=\"media\">\n\n\t\t\n\t\t\t<a href=\"https:\/\/stineoester.dk\/sv\/lala-scarf-stickad-i-lala-berlin-garn\/\" class=\"image-link media-ratio ratio-3-4\" title=\"Lala Scarf &#8211; Stickad i Lala Berlin-garn\"><img loading=\"lazy\" decoding=\"async\" width=\"339\" height=\"452\" src=\"https:\/\/stineoester.dk\/wp-content\/uploads\/2017\/12\/lalaberlin-lala-665x1024.jpg\" class=\"attachment-large size-large wp-post-image\" alt=\"\" sizes=\"(max-width: 339px) 100vw, 339px\" title=\"Lala Scarf &#8211; Stickad i Lala Berlin-garn\" srcset=\"https:\/\/stineoester.dk\/wp-content\/uploads\/2017\/12\/lalaberlin-lala-665x1024.jpg 665w, https:\/\/stineoester.dk\/wp-content\/uploads\/2017\/12\/lalaberlin-lala-768x1182.jpg 768w, https:\/\/stineoester.dk\/wp-content\/uploads\/2017\/12\/lalaberlin-lala.jpg 800w\" \/><\/a>\t\t\t\n\t\t\t\n\t\t\t\n\t\t\t\n\t\t\n\t\t<\/div>\n\t\n\n\t\t\t<div class=\"content-wrap\">\n\t\n\t\t<div class=\"content\">\n\n\t\t\t<div class=\"post-meta post-meta-a meta-contrast has-below\"><h2 class=\"is-title post-title\"><a href=\"https:\/\/stineoester.dk\/sv\/lala-scarf-stickad-i-lala-berlin-garn\/\">Lala Scarf &#8211; Stickad i Lala Berlin-garn<\/a><\/h2><div class=\"post-meta-items meta-below\"><span class=\"meta-item date\"><span class=\"date-link\"><time class=\"post-date\" datetime=\"2017-09-18T09:28:42+02:00\">18. september 2017<\/time><\/span><\/span><\/div><\/div>\t\t\t\n\t\t\t\n\t\t\t\n\t\t<\/div>\n\n\t\t\t<\/div>\n\t\n<\/article>\n\t\t\n\t<\/div>\n\n\t\t\n\t\t\t<\/div>\n\n\t\t<\/section>\n\t\t\t\t\t\t<\/div>\n\t\t\t\t<\/div>\n\t\t\t\t<div class=\"elementor-element elementor-element-b7ffea0 elementor-widget elementor-widget-smartmag-postslist\" data-id=\"b7ffea0\" data-element_type=\"widget\" data-widget_type=\"smartmag-postslist.default\">\n\t\t\t\t<div class=\"elementor-widget-container\">\n\t\t\t\t\t\t\t<section class=\"block-wrap block-posts-list block-sc\" data-id=\"19\">\n\n\t\t\t\t\t\t\t\t\n\t\t\t\t\t\t\t\n\t\t\t\t<div class=\"block-head block-head-d is-left\">\n\n\t\t\t\t\t<h4 class=\"heading\">Listing: Blog<\/h4>\t\t\t\t\t\n\t\t\t\t\t\t\t\t\t<\/div>\n\t\t\t\t\n\t\t\t\n\t\t\t\n\t\t\t<div class=\"block-content\">\n\t\t\t\t\t\n\t<div class=\"loop loop-list loop-sep loop-list-sep grid grid-1 md:grid-1 sm:grid-1\">\n\n\t\t\t\t\n\t\t\t\n<article class=\"l-post list-post list-post-on-sm m-pos-left\">\n\n\t\n\t\t\t<div class=\"media\">\n\n\t\t\n\t\t\t<a href=\"https:\/\/stineoester.dk\/sv\/babyfilt-vacker-babyfilt-med-bra-maatt-och-matchande-sparkdraekt\/\" class=\"image-link media-ratio ratio-is-custom\" title=\"Babyfilt &#8211; Vacker babyfilt med bra m\u00e5tt och matchande sparkdr\u00e4kt\"><img loading=\"lazy\" decoding=\"async\" width=\"313\" height=\"199\" src=\"https:\/\/stineoester.dk\/wp-content\/uploads\/2018\/04\/Rompere-og-t\u00e6ppe.jpg\" class=\"attachment-large size-large wp-post-image\" alt=\"\" sizes=\"(max-width: 313px) 100vw, 313px\" title=\"Babyfilt &#8211; Vacker babyfilt med bra m\u00e5tt och matchande sparkdr\u00e4kt\" srcset=\"https:\/\/stineoester.dk\/wp-content\/uploads\/2018\/04\/Rompere-og-t\u00e6ppe.jpg 739w, https:\/\/stineoester.dk\/wp-content\/uploads\/2018\/04\/Rompere-og-t\u00e6ppe-300x195.jpg 300w, https:\/\/stineoester.dk\/wp-content\/uploads\/2018\/04\/Rompere-og-t\u00e6ppe-104x69.jpg 104w, https:\/\/stineoester.dk\/wp-content\/uploads\/2018\/04\/Rompere-og-t\u00e6ppe-214x140.jpg 214w\" \/><\/a>\t\t\t\n\t\t\t\n\t\t\t\n\t\t\t\n\t\t\n\t\t<\/div>\n\t\n\n\t\n\t\t<div class=\"content\">\n\n\t\t\t<div class=\"post-meta post-meta-a has-below\"><h2 class=\"is-title post-title\"><a href=\"https:\/\/stineoester.dk\/sv\/babyfilt-vacker-babyfilt-med-bra-maatt-och-matchande-sparkdraekt\/\">Babyfilt &#8211; Vacker babyfilt med bra m\u00e5tt och matchande sparkdr\u00e4kt<\/a><\/h2><div class=\"post-meta-items meta-below\"><span class=\"meta-item post-author\"><span class=\"by\">By<\/span> <a href=\"https:\/\/stineoester.dk\/sv\/author\/stine\/\" title=\"Inl\u00e4gg av Strikkeekspert Stine \u00d8ster\" rel=\"author\">Strikkeekspert Stine \u00d8ster<\/a><\/span><span class=\"meta-item date\"><span class=\"date-link\"><time class=\"post-date\" datetime=\"2018-04-13T13:22:02+02:00\">13. april 2018<\/time><\/span><\/span><\/div><\/div>\t\t\t\n\t\t\t\t\t\t\n\t\t\t\t<div class=\"excerpt\">\n\t\t\t\t\t<p>Jag har designat denna underbara babyfilt i samma stil\/design som mina nya sparkdr\u00e4kter som du hittar h\u00e4r. Receptet \u00e4r superenkelt, men resultatet \u00e4r uts\u00f6kt. Det finns&hellip;<\/p>\n\t\t\t\t<\/div>\n\t\t\t\n\t\t\t\n\t\t\t\n\t\t<\/div>\n\n\t\n<\/article>\n\t\t\t\t\n\t\t\t\n<article class=\"l-post list-post list-post-on-sm m-pos-left\">\n\n\t\n\t\t\t<div class=\"media\">\n\n\t\t\n\t\t\t<a href=\"https:\/\/stineoester.dk\/sv\/babybyxor-de-soetaste-babybyxorna-fraan-0-till-18-maanader\/\" class=\"image-link media-ratio ratio-is-custom\" title=\"Babybyxor &#8211; De s\u00f6taste babybyxorna fr\u00e5n 0 till 18 m\u00e5nader\"><img loading=\"lazy\" decoding=\"async\" width=\"313\" height=\"199\" src=\"https:\/\/stineoester.dk\/wp-content\/uploads\/2018\/04\/Rompere-og-t\u00e6ppe.jpg\" class=\"attachment-large size-large wp-post-image\" alt=\"\" sizes=\"(max-width: 313px) 100vw, 313px\" title=\"Babybyxor &#8211; De s\u00f6taste babybyxorna fr\u00e5n 0 till 18 m\u00e5nader\" srcset=\"https:\/\/stineoester.dk\/wp-content\/uploads\/2018\/04\/Rompere-og-t\u00e6ppe.jpg 739w, https:\/\/stineoester.dk\/wp-content\/uploads\/2018\/04\/Rompere-og-t\u00e6ppe-300x195.jpg 300w, https:\/\/stineoester.dk\/wp-content\/uploads\/2018\/04\/Rompere-og-t\u00e6ppe-104x69.jpg 104w, https:\/\/stineoester.dk\/wp-content\/uploads\/2018\/04\/Rompere-og-t\u00e6ppe-214x140.jpg 214w\" \/><\/a>\t\t\t\n\t\t\t\n\t\t\t\n\t\t\t\n\t\t\n\t\t<\/div>\n\t\n\n\t\n\t\t<div class=\"content\">\n\n\t\t\t<div class=\"post-meta post-meta-a has-below\"><h2 class=\"is-title post-title\"><a href=\"https:\/\/stineoester.dk\/sv\/babybyxor-de-soetaste-babybyxorna-fraan-0-till-18-maanader\/\">Babybyxor &#8211; De s\u00f6taste babybyxorna fr\u00e5n 0 till 18 m\u00e5nader<\/a><\/h2><div class=\"post-meta-items meta-below\"><span class=\"meta-item post-author\"><span class=\"by\">By<\/span> <a href=\"https:\/\/stineoester.dk\/sv\/author\/stine\/\" title=\"Inl\u00e4gg av Strikkeekspert Stine \u00d8ster\" rel=\"author\">Strikkeekspert Stine \u00d8ster<\/a><\/span><span class=\"meta-item date\"><span class=\"date-link\"><time class=\"post-date\" datetime=\"2018-04-13T13:21:32+02:00\">13. april 2018<\/time><\/span><\/span><\/div><\/div>\t\t\t\n\t\t\t\t\t\t\n\t\t\t\t<div class=\"excerpt\">\n\t\t\t\t\t<p>Det finns inget h\u00e4rligare \u00e4n en liten bebis i en s\u00f6t liten sparkdr\u00e4kt. Jag har l\u00e4nge velat sticka n\u00e5gra egna, och nu har de \u00e4ntligen kommit&hellip;<\/p>\n\t\t\t\t<\/div>\n\t\t\t\n\t\t\t\n\t\t\t\n\t\t<\/div>\n\n\t\n<\/article>\n\t\t\t\t\n\t\t\t\n<article class=\"l-post list-post list-post-on-sm m-pos-left\">\n\n\t\n\t\t\t<div class=\"media\">\n\n\t\t\n\t\t\t<a href=\"https:\/\/stineoester.dk\/sv\/putte-poncho-deluxe-vacker-tweedponcho-foer-barn\/\" class=\"image-link media-ratio ratio-is-custom\" title=\"Putte Poncho Deluxe &#8211; Vacker tweedponcho f\u00f6r barn\"><img loading=\"lazy\" decoding=\"async\" width=\"313\" height=\"199\" src=\"https:\/\/stineoester.dk\/wp-content\/uploads\/2017\/12\/puttedeluxe9-e1513072934891.jpg\" class=\"attachment-large size-large wp-post-image\" alt=\"\" sizes=\"(max-width: 313px) 100vw, 313px\" title=\"Putte Poncho Deluxe &#8211; Vacker tweedponcho f\u00f6r barn\" srcset=\"https:\/\/stineoester.dk\/wp-content\/uploads\/2017\/12\/puttedeluxe9-e1513072934891.jpg 795w, https:\/\/stineoester.dk\/wp-content\/uploads\/2017\/12\/puttedeluxe9-e1513072934891-300x292.jpg 300w, https:\/\/stineoester.dk\/wp-content\/uploads\/2017\/12\/puttedeluxe9-e1513072934891-768x748.jpg 768w\" \/><\/a>\t\t\t\n\t\t\t\n\t\t\t\n\t\t\t\n\t\t\n\t\t<\/div>\n\t\n\n\t\n\t\t<div class=\"content\">\n\n\t\t\t<div class=\"post-meta post-meta-a has-below\"><h2 class=\"is-title post-title\"><a href=\"https:\/\/stineoester.dk\/sv\/putte-poncho-deluxe-vacker-tweedponcho-foer-barn\/\">Putte Poncho Deluxe &#8211; Vacker tweedponcho f\u00f6r barn<\/a><\/h2><div class=\"post-meta-items meta-below\"><span class=\"meta-item post-author\"><span class=\"by\">By<\/span> <a href=\"https:\/\/stineoester.dk\/sv\/author\/stine\/\" title=\"Inl\u00e4gg av Strikkeekspert Stine \u00d8ster\" rel=\"author\">Strikkeekspert Stine \u00d8ster<\/a><\/span><span class=\"meta-item date\"><span class=\"date-link\"><time class=\"post-date\" datetime=\"2017-10-12T09:46:34+02:00\">12. oktober 2017<\/time><\/span><\/span><\/div><\/div>\t\t\t\n\t\t\t\t\t\t\n\t\t\t\t<div class=\"excerpt\">\n\t\t\t\t\t<p>K\u00f6p recept nu Visa din varukorg Putte Poncho Deluxe \u00e4r efterf\u00f6ljaren till den ursprungliga Putte Poncho. Jag har valt ett helt annat garn till detta m\u00f6nster&hellip;<\/p>\n\t\t\t\t<\/div>\n\t\t\t\n\t\t\t\n\t\t\t\n\t\t<\/div>\n\n\t\n<\/article>\n\t\t\n\t<\/div>\n\n\t\t\t\t\t<\/div>\n\n\t\t<\/section>\n\t\t\t\t\t\t<\/div>\n\t\t\t\t<\/div>\n\t\t\t\t<div class=\"elementor-element elementor-element-1179af02 elementor-widget elementor-widget-smartmag-postssmall\" data-id=\"1179af02\" data-element_type=\"widget\" data-widget_type=\"smartmag-postssmall.default\">\n\t\t\t\t<div class=\"elementor-widget-container\">\n\t\t\t\t\t\t\t<section class=\"block-wrap block-posts-small block-sc\" data-id=\"20\">\n\n\t\t\t\t\t\t\t\t\n\t\t\t\t\t\t\t\n\t\t\t\t<div class=\"block-head block-head-d is-left\">\n\n\t\t\t\t\t<h4 class=\"heading\">Listing: Timeline<\/h4>\t\t\t\t\t\n\t\t\t\t\t\t\t\t\t<\/div>\n\t\t\t\t\n\t\t\t\n\t\t\t\n\t\t\t<div class=\"block-content\">\n\t\t\t\t\n\t<div class=\"loop loop-small loop-small-b loop-sep loop-small-sep grid grid-1 md:grid-1 sm:grid-1 xs:grid-1\">\n\n\t\t\t\t\t\n<article class=\"l-post small-post small-b-post m-pos-left\">\n\n\t\n\t\n\n\t\n\t\t<div class=\"content\">\n\n\t\t\t<div class=\"post-meta post-meta-a post-meta-left has-below\"><h4 class=\"is-title post-title\"><a href=\"https:\/\/stineoester.dk\/sv\/babyfilt-vacker-babyfilt-med-bra-maatt-och-matchande-sparkdraekt\/\">Babyfilt &#8211; Vacker babyfilt med bra m\u00e5tt och matchande sparkdr\u00e4kt<\/a><\/h4><div class=\"post-meta-items meta-below\"><span class=\"meta-item date\"><span class=\"date-link\"><time class=\"post-date\" datetime=\"2018-04-13T13:22:02+02:00\">13. april 2018<\/time><\/span><\/span><\/div><\/div>\t\t\t\n\t\t\t\n\t\t\t\n\t\t<\/div>\n\n\t\n<\/article>\t\n\t\t\t\t\t\n<article class=\"l-post small-post small-b-post m-pos-left\">\n\n\t\n\t\n\n\t\n\t\t<div class=\"content\">\n\n\t\t\t<div class=\"post-meta post-meta-a post-meta-left has-below\"><h4 class=\"is-title post-title\"><a href=\"https:\/\/stineoester.dk\/sv\/babybyxor-de-soetaste-babybyxorna-fraan-0-till-18-maanader\/\">Babybyxor &#8211; De s\u00f6taste babybyxorna fr\u00e5n 0 till 18 m\u00e5nader<\/a><\/h4><div class=\"post-meta-items meta-below\"><span class=\"meta-item date\"><span class=\"date-link\"><time class=\"post-date\" datetime=\"2018-04-13T13:21:32+02:00\">13. april 2018<\/time><\/span><\/span><\/div><\/div>\t\t\t\n\t\t\t\n\t\t\t\n\t\t<\/div>\n\n\t\n<\/article>\t\n\t\t\t\t\t\n<article class=\"l-post small-post small-b-post m-pos-left\">\n\n\t\n\t\n\n\t\n\t\t<div class=\"content\">\n\n\t\t\t<div class=\"post-meta post-meta-a post-meta-left has-below\"><h4 class=\"is-title post-title\"><a href=\"https:\/\/stineoester.dk\/sv\/putte-poncho-deluxe-vacker-tweedponcho-foer-barn\/\">Putte Poncho Deluxe &#8211; Vacker tweedponcho f\u00f6r barn<\/a><\/h4><div class=\"post-meta-items meta-below\"><span class=\"meta-item date\"><span class=\"date-link\"><time class=\"post-date\" datetime=\"2017-10-12T09:46:34+02:00\">12. oktober 2017<\/time><\/span><\/span><\/div><\/div>\t\t\t\n\t\t\t\n\t\t\t\n\t\t<\/div>\n\n\t\n<\/article>\t\n\t\t\t\t\t\n<article class=\"l-post small-post small-b-post m-pos-left\">\n\n\t\n\t\n\n\t\n\t\t<div class=\"content\">\n\n\t\t\t<div class=\"post-meta post-meta-a post-meta-left has-below\"><h4 class=\"is-title post-title\"><a href=\"https:\/\/stineoester.dk\/sv\/charlottes-poncho-en-vacker-varm-och-funktionell-poncho\/\">Charlotte&#8217;s Poncho &#8211; En vacker, varm och funktionell poncho<\/a><\/h4><div class=\"post-meta-items meta-below\"><span class=\"meta-item date\"><span class=\"date-link\"><time class=\"post-date\" datetime=\"2017-10-01T09:16:10+02:00\">1. oktober 2017<\/time><\/span><\/span><\/div><\/div>\t\t\t\n\t\t\t\n\t\t\t\n\t\t<\/div>\n\n\t\n<\/article>\t\n\t\t\t\t\t\n<article class=\"l-post small-post small-b-post m-pos-left\">\n\n\t\n\t\n\n\t\n\t\t<div class=\"content\">\n\n\t\t\t<div class=\"post-meta post-meta-a post-meta-left has-below\"><h4 class=\"is-title post-title\"><a href=\"https:\/\/stineoester.dk\/sv\/athen-cardigan-en-vacker-elegant-och-enkel-kofta\/\">Athen Cardigan &#8211; En vacker, elegant och enkel kofta<\/a><\/h4><div class=\"post-meta-items meta-below\"><span class=\"meta-item date\"><span class=\"date-link\"><time class=\"post-date\" datetime=\"2017-09-21T09:01:50+02:00\">21. september 2017<\/time><\/span><\/span><\/div><\/div>\t\t\t\n\t\t\t\n\t\t\t\n\t\t<\/div>\n\n\t\n<\/article>\t\n\t\t\n\t<\/div>\n\n\t\t\t\t\t<\/div>\n\n\t\t<\/section>\n\t\t\t\t\t\t<\/div>\n\t\t\t\t<\/div>\n\t\t\t\t<div class=\"elementor-element elementor-element-6b1f55ae elementor-widget elementor-widget-smartmag-large\" data-id=\"6b1f55ae\" data-element_type=\"widget\" data-widget_type=\"smartmag-large.default\">\n\t\t\t\t<div class=\"elementor-widget-container\">\n\t\t\t\t\t\t\t<section class=\"block-wrap block-large block-sc\" data-id=\"21\">\n\n\t\t\t\t\t\t\t\t\n\t\t\t\t\t\t\t\n\t\t\t\t<div class=\"block-head block-head-d is-left\">\n\n\t\t\t\t\t<h4 class=\"heading\">Listing: Classic<\/h4>\t\t\t\t\t\n\t\t\t\t\t\t\t\t\t<\/div>\n\t\t\t\t\n\t\t\t\n\t\t\t\n\t\t\t<div class=\"block-content\">\n\t\t\t\t\t\n\t<div class=\"loop loop-grid loop-grid-lg grid grid-1 md:grid-1 xs:grid-1\">\n\n\t\t\t\t\t\n<article id=\"post-4250\" class=\"post-4250 post type-post status-publish format-standard has-post-thumbnail category-gratis-stickmoenster category-stickade-babyklaeder\">\n\t\n\t<header class=\"the-post-header post-header cf\">\n\t\n\t\t\n\t\t\t\n\t<div class=\"featured\">\n\t\t\t\t\n\t\t\t<a href=\"https:\/\/stineoester.dk\/sv\/babyfilt-vacker-babyfilt-med-bra-maatt-och-matchande-sparkdraekt\/\" class=\"image-link media-ratio ratio-is-custom\" title=\"Babyfilt &#8211; Vacker babyfilt med bra m\u00e5tt och matchande sparkdr\u00e4kt\"><img loading=\"lazy\" decoding=\"async\" width=\"708\" height=\"354\" src=\"https:\/\/stineoester.dk\/wp-content\/uploads\/2018\/04\/Rompere-og-t\u00e6ppe.jpg\" class=\"attachment-large size-large wp-post-image\" alt=\"\" sizes=\"(max-width: 708px) 100vw, 708px\" title=\"Babyfilt &#8211; Vacker babyfilt med bra m\u00e5tt och matchande sparkdr\u00e4kt\" \/><\/a>\t\t\n\t\t\t\t\t\t\n\t\t\t<\/div>\n\n\t\t\t\n\t\t\t\t\n\t\t\t\t\t<div class=\"heading cf\">\n\t\t\t\t\n\t\t\t<h2 class=\"post-title\">\n\t\t\t\t\t\t\n\t\t\t\t<a href=\"https:\/\/stineoester.dk\/sv\/babyfilt-vacker-babyfilt-med-bra-maatt-och-matchande-sparkdraekt\/\" title=\"Babyfilt &#8211; Vacker babyfilt med bra m\u00e5tt och matchande sparkdr\u00e4kt\" rel=\"bookmark\">\n\t\t\t\t\tBabyfilt &#8211; Vacker babyfilt med bra m\u00e5tt och matchande sparkdr\u00e4kt<\/a>\n\t\t\t\t\t\n\t\t\t\t\t\t<\/h2>\n\t\t\t\n\t\t\t<a href=\"https:\/\/stineoester.dk\/sv\/babyfilt-vacker-babyfilt-med-bra-maatt-och-matchande-sparkdraekt\/#respond\" class=\"comments\"><i class=\"tsi tsi-comments-o\"><\/i> 0<\/a>\n\t\t\n\t\t<\/div>\n\n\t\t<div class=\"the-post-meta cf\">\n\t\t\t<span class=\"posted-by\">By \n\t\t\t\t<span class=\"reviewer\"><a href=\"https:\/\/stineoester.dk\/sv\/author\/stine\/\" title=\"Inl\u00e4gg av Strikkeekspert Stine \u00d8ster\" rel=\"author\">Strikkeekspert Stine \u00d8ster<\/a><\/span>\n\t\t\t<\/span>\n\t\t\t \n\t\t\t<span class=\"posted-on\">on\t\t\t\t<span class=\"dtreviewed\">\n\t\t\t\t\t<time class=\"value-title\" datetime=\"2018-04-13T13:22:02+02:00\" title=\"2018-04-13\">13. april 2018<\/time>\n\t\t\t\t<\/span>\n\t\t\t<\/span>\n\t\t\t\n\t\t\t<span class=\"cats\"><a href=\"https:\/\/stineoester.dk\/sv\/category\/gratis-stickmoenster\/\" rel=\"category tag\">Gratis stickm\u00f6nster<\/a>, <a href=\"https:\/\/stineoester.dk\/sv\/category\/stickade-babyklaeder\/\" rel=\"category tag\">Stickade babykl\u00e4der<\/a><\/span>\n\t\t\t\t\n\t\t<\/div>\t\t\t\n\t\t\t\t\n\t<\/header>\n\n\t\n<div class=\"post-content-wrap\">\n\t\n\t<div class=\"post-content cf entry-content content-normal\">\n\n\t\t\n\t\t\t\t\n\t\t<p>Jag har designat denna underbara babyfilt i samma stil\/design som mina nya sparkdr\u00e4kter som du hittar h\u00e4r. Receptet \u00e4r superenkelt, men resultatet \u00e4r uts\u00f6kt. Det finns m\u00e5nga babyfiltar, men inte s\u00e5 m\u00e5nga som ocks\u00e5 levereras med en matchande upps\u00e4ttning babybyxor. Stickfasthet: 23 maskor i m\u00f6nstret p\u00e5 stickor nr 4, arbetet skall str\u00e4ckas i m\u00f6nstret. Recept Stickfasthet: 21 maskor per 10 cm. str\u00e4ckt i m\u00f6nster p\u00e5 stickor nr 4 L\u00e4gg upp 135 maskor p\u00e5 stickor nr 4 och sticka 11 varv sl\u00e4tstickning (1 r\u00e4tmaska, 1 avigmaska) Den f\u00f6rsta och sista maskan \u00e4r kantmaskor och stickas r\u00e4t p\u00e5 alla varv. Forts\u00e4tt enligt&hellip;<\/p>\n<div><a href=\"https:\/\/stineoester.dk\/sv\/babyfilt-vacker-babyfilt-med-bra-maatt-och-matchande-sparkdraekt\/\" class=\"ts-button read-more-btn\">Read More<\/a><\/div>\n\n\t\t\t\t\n\t\t\n\t\t\n\t\t\n\t<\/div>\n<\/div>\n\t\n\t\t\n<\/article>\n\n\n\n\n\n\t<\/div>\n\n\t\t\n\t\t\t<\/div>\n\n\t\t<\/section>\n\t\t\t\t\t\t<\/div>\n\t\t\t\t<\/div>\n\t\t\t\t\t<\/div>\n\t\t<\/div>\n\t\t\t\t\t<\/div>\n\t\t<\/section>\n\t\t\t\t<\/div>\n\t\t","protected":false},"excerpt":{"rendered":"","protected":false},"author":1,"featured_media":0,"parent":0,"menu_order":0,"comment_status":"closed","ping_status":"closed","template":"page-templates\/blocks.php","meta":{"footnotes":""},"class_list":["post-3345","page","type-page","status-publish"],"yoast_head":"<!-- This site is optimized with the Yoast SEO plugin v26.2 - https:\/\/yoast.com\/wordpress\/plugins\/seo\/ -->\n<title>Hemmablock - Stine \u00d8ster<\/title>\n<meta name=\"robots\" content=\"index, follow, max-snippet:-1, max-image-preview:large, max-video-preview:-1\" \/>\n<link rel=\"canonical\" href=\"https:\/\/stineoester.dk\/sv\/?page_id=3345\" \/>\n<meta property=\"og:locale\" content=\"sv_SE\" \/>\n<meta property=\"og:type\" content=\"article\" \/>\n<meta property=\"og:title\" content=\"Hemmablock - Stine \u00d8ster\" \/>\n<meta property=\"og:url\" content=\"https:\/\/stineoester.dk\/sv\/?page_id=3345\" \/>\n<meta property=\"og:site_name\" content=\"Stine \u00d8ster\" \/>\n<meta property=\"article:modified_time\" content=\"2025-02-11T08:48:27+00:00\" \/>\n<meta name=\"twitter:card\" content=\"summary_large_image\" \/>\n<!-- \/ Yoast SEO plugin. -->","yoast_head_json":{"title":"Hemmablock - Stine \u00d8ster","robots":{"index":"index","follow":"follow","max-snippet":"max-snippet:-1","max-image-preview":"max-image-preview:large","max-video-preview":"max-video-preview:-1"},"canonical":"https:\/\/stineoester.dk\/sv\/?page_id=3345","og_locale":"sv_SE","og_type":"article","og_title":"Hemmablock - Stine \u00d8ster","og_url":"https:\/\/stineoester.dk\/sv\/?page_id=3345","og_site_name":"Stine \u00d8ster","article_modified_time":"2025-02-11T08:48:27+00:00","twitter_card":"summary_large_image","schema":{"@context":"https:\/\/schema.org","@graph":[{"@type":"WebPage","@id":"https:\/\/stineoester.dk\/sv\/?page_id=3345","url":"https:\/\/stineoester.dk\/sv\/?page_id=3345","name":"Hemmablock - Stine \u00d8ster","isPartOf":{"@id":"https:\/\/stineoester.dk\/#website"},"datePublished":"2017-01-23T20:19:31+00:00","dateModified":"2025-02-11T08:48:27+00:00","breadcrumb":{"@id":"https:\/\/stineoester.dk\/sv\/?page_id=3345#breadcrumb"},"inLanguage":"sv-SE","potentialAction":[{"@type":"ReadAction","target":["https:\/\/stineoester.dk\/sv\/?page_id=3345"]}]},{"@type":"BreadcrumbList","@id":"https:\/\/stineoester.dk\/sv\/?page_id=3345#breadcrumb","itemListElement":[{"@type":"ListItem","position":1,"name":"Hjem","item":"https:\/\/stineoester.dk\/"},{"@type":"ListItem","position":2,"name":"Hemmablock"}]},{"@type":"WebSite","@id":"https:\/\/stineoester.dk\/#website","url":"https:\/\/stineoester.dk\/","name":"Stine \u00d8ster","description":"Strikkeopskrifter - Stines blog om strik","publisher":{"@id":"https:\/\/stineoester.dk\/#\/schema\/person\/9ce68975ea36c5ac4ffb7f635e8218b4"},"potentialAction":[{"@type":"SearchAction","target":{"@type":"EntryPoint","urlTemplate":"https:\/\/stineoester.dk\/?s={search_term_string}"},"query-input":{"@type":"PropertyValueSpecification","valueRequired":true,"valueName":"search_term_string"}}],"inLanguage":"sv-SE"},{"@type":["Person","Organization"],"@id":"https:\/\/stineoester.dk\/#\/schema\/person\/9ce68975ea36c5ac4ffb7f635e8218b4","name":"Strikkeekspert Stine \u00d8ster","image":{"@type":"ImageObject","inLanguage":"sv-SE","@id":"https:\/\/stineoester.dk\/#\/schema\/person\/image\/","url":"https:\/\/secure.gravatar.com\/avatar\/718dbfa699c0532ae1388c47d14d3e88aa2538bdeda14da97fc5e129d552931d?s=96&d=mm&r=g","contentUrl":"https:\/\/secure.gravatar.com\/avatar\/718dbfa699c0532ae1388c47d14d3e88aa2538bdeda14da97fc5e129d552931d?s=96&d=mm&r=g","caption":"Strikkeekspert Stine \u00d8ster"},"logo":{"@id":"https:\/\/stineoester.dk\/#\/schema\/person\/image\/"},"description":"Stine har strikket siden hun var blot 4 \u00e5r gammel. Hun l\u00e6rte det af sin mormor og har siden ikke kunne slippe strikket\u00f8jet. De f\u00f8rste mange \u00e5r var det blot en hobby at strikke, selvom det er blevet til mange hundrede opskrifter var det f\u00f8rst i 2010 at hun for alvor begyndte at designe professionelt. Siden er det blevet til mange dusin opskrifter i alle former og farver. Stine har designet alt fra karklude til nogle af de mest strikkede modeller i Danmark. Rome Ponchoen er Stines mest strikkede opskrift. Igennem \u00e5rene er der solgt mere end 1000 opskrifter af denne model. I det hele taget er en Poncho noget af det som Stine ynder at strikke. Det er blevet til flere meget strikkede emodeller. Herunder Putte Poncho og den s\u00e5kaldte Charlotte Poncho, som hun strikkede til hende da Charlotte Roest blev valgt ind i byr\u00e5det. R\u00e5dgivning Stine har igennem webshoppen filato.dk, der nu fungerer alene som strikkeblog samt i hendes fysiske forretning i Pr\u00e6st\u00f8, brugt sine evner til at r\u00e5dgive kunder hver eneste dag. Den professionelle tilgang til garn og opskrifter har hjulpet mange mennesker fra hele Danmark I 2018 valgte Stine at lukke sin fysiske forretning og g\u00e5 100% ind p\u00e5 strikke designs F\u00e5 ekspert hj\u00e6lp N\u00e5r man designer s\u00e5 meget som Stine har gjort, s\u00e5 kan det naturligvis v\u00e6re en udfordring at kunne hj\u00e6lpe alle. Hun g\u00f8r sit ypperste og s\u00e6rligt i Facebook gruppen kan du f\u00e5 hj\u00e6lp. Skulle du st\u00f8de ind i problemer kan Stine ogs\u00e5 hj\u00e6lpe dig ved at du skriver her. Enten som kommentar til opskriften eller ved at kontakte hende direkte. Vil du have Stines opskrifter? Du kan enten k\u00f8be dem p\u00e5 ravelry.com eller her p\u00e5 siden under K\u00f8be opskrifter Du kan f\u00f8lge Stine p\u00e5 de sociale medier her - LinkedIn - Facebook - Instagram"}]}},"_links":{"self":[{"href":"https:\/\/stineoester.dk\/sv\/wp-json\/wp\/v2\/pages\/3345","targetHints":{"allow":["GET"]}}],"collection":[{"href":"https:\/\/stineoester.dk\/sv\/wp-json\/wp\/v2\/pages"}],"about":[{"href":"https:\/\/stineoester.dk\/sv\/wp-json\/wp\/v2\/types\/page"}],"author":[{"embeddable":true,"href":"https:\/\/stineoester.dk\/sv\/wp-json\/wp\/v2\/users\/1"}],"replies":[{"embeddable":true,"href":"https:\/\/stineoester.dk\/sv\/wp-json\/wp\/v2\/comments?post=3345"}],"version-history":[{"count":1,"href":"https:\/\/stineoester.dk\/sv\/wp-json\/wp\/v2\/pages\/3345\/revisions"}],"predecessor-version":[{"id":3346,"href":"https:\/\/stineoester.dk\/sv\/wp-json\/wp\/v2\/pages\/3345\/revisions\/3346"}],"wp:attachment":[{"href":"https:\/\/stineoester.dk\/sv\/wp-json\/wp\/v2\/media?parent=3345"}],"curies":[{"name":"wp","href":"https:\/\/api.w.org\/{rel}","templated":true}]}}