{"id":2865,"date":"2017-01-07T18:56:23","date_gmt":"2017-01-07T17:56:23","guid":{"rendered":"https:\/\/stineoester.dk\/homepage\/"},"modified":"2025-02-11T09:48:27","modified_gmt":"2025-02-11T08:48:27","slug":"homepage-4","status":"publish","type":"page","link":"https:\/\/stineoester.dk\/nl\/homepage-4\/","title":{"rendered":"Homepage"},"content":{"rendered":"\t\t<div data-elementor-type=\"wp-page\" data-elementor-id=\"2865\" class=\"elementor elementor-2865 elementor-11\">\n\t\t\t\t\t\t<section class=\"has-el-gap el-gap-default elementor-section elementor-top-section elementor-element elementor-element-282e29b elementor-section-boxed elementor-section-height-default elementor-section-height-default\" data-id=\"282e29b\" data-element_type=\"section\">\n\t\t\t\t\t\t<div class=\"elementor-container elementor-column-gap-no\">\n\t\t\t\t\t<div class=\"elementor-column elementor-col-100 elementor-top-column elementor-element elementor-element-857d5b\" data-id=\"857d5b\" data-element_type=\"column\">\n\t\t\t<div class=\"elementor-widget-wrap elementor-element-populated\">\n\t\t\t\t\t\t<div class=\"elementor-element elementor-element-28fd3e51 elementor-widget elementor-widget-smartmag-highlights\" data-id=\"28fd3e51\" data-element_type=\"widget\" data-widget_type=\"smartmag-highlights.default\">\n\t\t\t\t<div class=\"elementor-widget-container\">\n\t\t\t\t\t\t\t<section class=\"block-wrap block-highlights block-sc\" data-id=\"1\" data-block=\"{&quot;id&quot;:&quot;highlights&quot;,&quot;props&quot;:{&quot;cat_labels&quot;:&quot;0&quot;,&quot;cat_labels_pos&quot;:&quot;top-left&quot;,&quot;reviews&quot;:&quot;bars&quot;,&quot;post_formats_pos&quot;:&quot;center&quot;,&quot;load_more_style&quot;:&quot;a&quot;,&quot;meta_cat_style&quot;:&quot;text&quot;,&quot;media_style_shadow&quot;:0,&quot;meta_sponsor&quot;:1,&quot;meta_sponsor_logo&quot;:0,&quot;meta_sponsor_label&quot;:&quot;Sponsor: {sponsor}&quot;,&quot;meta_above&quot;:[],&quot;meta_below&quot;:[&quot;author&quot;,&quot;date&quot;],&quot;meta_sponsor_above&quot;:[],&quot;meta_sponsor_below&quot;:[&quot;sponsor&quot;,&quot;date&quot;],&quot;posts&quot;:&quot;8&quot;,&quot;sort_order&quot;:&quot;desc&quot;,&quot;cat&quot;:&quot;27&quot;,&quot;heading&quot;:&quot;*Seneste* Indl\\u00e6g&quot;,&quot;heading_type&quot;:&quot;a&quot;,&quot;terms&quot;:[&quot;27&quot;],&quot;filters&quot;:&quot;category&quot;,&quot;offset&quot;:&quot;0&quot;,&quot;heading_colors&quot;:&quot;force&quot;,&quot;container_width&quot;:66,&quot;columns&quot;:2,&quot;excerpt_length&quot;:&quot;15&quot;,&quot;pagination_type&quot;:null,&quot;pagination_links&quot;:null,&quot;meta_sponsor_items_default&quot;:true,&quot;query_type&quot;:&quot;custom&quot;,&quot;sort_days&quot;:null,&quot;is_sc_call&quot;:true,&quot;meta_items_default&quot;:true}}\" data-is-mixed=\"1\">\n\n\t\t\t\t\t\t\t\t\n\t\t\t\t\t\t\t\n\t\t\t\t<div class=\"block-head block-head-a block-head-a1 is-left term-color-27\">\n\n\t\t\t\t\t<h4 class=\"heading\"><a href=\"https:\/\/stineoester.dk\/category\/koebe-strikkeopskrifter\/\"><span class=\"color\">Seneste<\/span> Indl\u00e6g<\/a><\/h4>\t\t\t\t\t\n\t\t\t\t\t\t\t\t\t<\/div>\n\t\t\t\t\n\t\t\t\n\t\t\t\n\t\t\t<div class=\"block-content\">\n\t\t\t\t\t\n\t<div class=\"loops-mixed\">\n\t\t\t\n\t<div class=\"loop loop-grid loop-grid-base grid grid-2 md:grid-2 xs:grid-1\">\n\n\t\t\t\t\t\n<article class=\"l-post grid-post grid-base-post\">\n\n\t\n\t\t\t<div class=\"media\">\n\n\t\t\n\t\t\t<a href=\"https:\/\/stineoester.dk\/nl\/putte-poncho-deluxe-mooie-tweed-poncho-voor-kinderen\/\" class=\"image-link media-ratio ratio-is-custom\" title=\"Putte Poncho Deluxe &#8211; Mooie tweed poncho voor kinderen\"><img fetchpriority=\"high\" decoding=\"async\" width=\"339\" height=\"202\" src=\"https:\/\/stineoester.dk\/wp-content\/uploads\/2017\/12\/puttedeluxe9-e1513072934891.jpg\" class=\"attachment-large size-large wp-post-image\" alt=\"\" sizes=\"(max-width: 339px) 100vw, 339px\" title=\"Putte Poncho Deluxe &#8211; Mooie tweed poncho voor kinderen\" srcset=\"https:\/\/stineoester.dk\/wp-content\/uploads\/2017\/12\/puttedeluxe9-e1513072934891.jpg 795w, https:\/\/stineoester.dk\/wp-content\/uploads\/2017\/12\/puttedeluxe9-e1513072934891-300x292.jpg 300w, https:\/\/stineoester.dk\/wp-content\/uploads\/2017\/12\/puttedeluxe9-e1513072934891-768x748.jpg 768w\" \/><\/a>\t\t\t\n\t\t\t\n\t\t\t\n\t\t\t\n\t\t\n\t\t<\/div>\n\t\n\n\t\n\t\t<div class=\"content\">\n\n\t\t\t<div class=\"post-meta post-meta-a has-below\"><h2 class=\"is-title post-title\"><a href=\"https:\/\/stineoester.dk\/nl\/putte-poncho-deluxe-mooie-tweed-poncho-voor-kinderen\/\">Putte Poncho Deluxe &#8211; Mooie tweed poncho voor kinderen<\/a><\/h2><div class=\"post-meta-items meta-below\"><span class=\"meta-item post-author\"><span class=\"by\">By<\/span> <a href=\"https:\/\/stineoester.dk\/nl\/author\/stine\/\" title=\"Berichten van Strikkeekspert Stine \u00d8ster\" rel=\"author\">Strikkeekspert Stine \u00d8ster<\/a><\/span><span class=\"meta-item date\"><span class=\"date-link\"><time class=\"post-date\" datetime=\"2017-10-12T09:46:34+02:00\">12. oktober 2017<\/time><\/span><\/span><\/div><\/div>\t\t\t\n\t\t\t\t\t\t\n\t\t\t\t<div class=\"excerpt\">\n\t\t\t\t\t<p>Recept nu kopen Je winkelmandje bekijken De Putte Poncho Deluxe is de opvolger van de&hellip;<\/p>\n\t\t\t\t<\/div>\n\t\t\t\n\t\t\t\n\t\t\t\n\t\t<\/div>\n\n\t\n<\/article>\t\t\t\t\t\n<article class=\"l-post grid-post grid-base-post\">\n\n\t\n\t\t\t<div class=\"media\">\n\n\t\t\n\t\t\t<a href=\"https:\/\/stineoester.dk\/nl\/charlottes-poncho-een-mooie-warme-en-functionele-poncho\/\" class=\"image-link media-ratio ratio-is-custom\" title=\"Charlotte&#8217;s Poncho &#8211; Een mooie, warme en functionele poncho\"><img decoding=\"async\" width=\"339\" height=\"202\" src=\"https:\/\/stineoester.dk\/wp-content\/uploads\/2017\/12\/Charlotte3.jpg\" class=\"attachment-large size-large wp-post-image\" alt=\"\" sizes=\"(max-width: 339px) 100vw, 339px\" title=\"Charlotte&#8217;s Poncho &#8211; Een mooie, warme en functionele poncho\" srcset=\"https:\/\/stineoester.dk\/wp-content\/uploads\/2017\/12\/Charlotte3.jpg 637w, https:\/\/stineoester.dk\/wp-content\/uploads\/2017\/12\/Charlotte3-200x300.jpg 200w\" \/><\/a>\t\t\t\n\t\t\t\n\t\t\t\n\t\t\t\n\t\t\n\t\t<\/div>\n\t\n\n\t\n\t\t<div class=\"content\">\n\n\t\t\t<div class=\"post-meta post-meta-a has-below\"><h2 class=\"is-title post-title\"><a href=\"https:\/\/stineoester.dk\/nl\/charlottes-poncho-een-mooie-warme-en-functionele-poncho\/\">Charlotte&#8217;s Poncho &#8211; Een mooie, warme en functionele poncho<\/a><\/h2><div class=\"post-meta-items meta-below\"><span class=\"meta-item post-author\"><span class=\"by\">By<\/span> <a href=\"https:\/\/stineoester.dk\/nl\/author\/stine\/\" title=\"Berichten van Strikkeekspert Stine \u00d8ster\" rel=\"author\">Strikkeekspert Stine \u00d8ster<\/a><\/span><span class=\"meta-item date\"><span class=\"date-link\"><time class=\"post-date\" datetime=\"2017-10-01T09:16:10+02:00\">1. oktober 2017<\/time><\/span><\/span><\/div><\/div>\t\t\t\n\t\t\t\t\t\t\n\t\t\t\t<div class=\"excerpt\">\n\t\t\t\t\t<p>Recept nu kopen Je winkelmandje bekijken Charlottes Poncho is een van mijn favoriete projecten. Het&hellip;<\/p>\n\t\t\t\t<\/div>\n\t\t\t\n\t\t\t\n\t\t\t\n\t\t<\/div>\n\n\t\n<\/article>\t\t\n\t<\/div>\n\n\t\t\n\n\t<div class=\"loop loop-small loop-small-a grid grid-2 md:grid-1 sm:grid-1 xs:grid-1\">\n\n\t\t\t\t\t\n<article class=\"l-post small-post small-a-post m-pos-left\">\n\n\t\n\t\t\t<div class=\"media\">\n\n\t\t\n\t\t\t<a href=\"https:\/\/stineoester.dk\/nl\/athen-vest-een-mooi-elegant-en-eenvoudig-vest\/\" class=\"image-link media-ratio ratio-3-2\" title=\"Athen vest &#8211; Een mooi, elegant en eenvoudig vest\"><img decoding=\"async\" width=\"99\" height=\"66\" src=\"https:\/\/stineoester.dk\/wp-content\/uploads\/2017\/12\/Athen-closeup2-200x300.jpg\" class=\"attachment-medium size-medium wp-post-image\" alt=\"\" sizes=\"(max-width: 99px) 100vw, 99px\" title=\"Athen vest &#8211; Een mooi, elegant en eenvoudig vest\" srcset=\"https:\/\/stineoester.dk\/wp-content\/uploads\/2017\/12\/Athen-closeup2-200x300.jpg 200w, https:\/\/stineoester.dk\/wp-content\/uploads\/2017\/12\/Athen-closeup2-768x1152.jpg 768w, https:\/\/stineoester.dk\/wp-content\/uploads\/2017\/12\/Athen-closeup2-683x1024.jpg 683w, https:\/\/stineoester.dk\/wp-content\/uploads\/2017\/12\/Athen-closeup2.jpg 800w\" \/><\/a>\t\t\t\n\t\t\t\n\t\t\t\n\t\t\t\n\t\t\n\t\t<\/div>\n\t\n\n\t\n\t\t<div class=\"content\">\n\n\t\t\t<div class=\"post-meta post-meta-a post-meta-left has-below\"><h4 class=\"is-title post-title\"><a href=\"https:\/\/stineoester.dk\/nl\/athen-vest-een-mooi-elegant-en-eenvoudig-vest\/\">Athen vest &#8211; Een mooi, elegant en eenvoudig vest<\/a><\/h4><div class=\"post-meta-items meta-below\"><span class=\"meta-item date\"><span class=\"date-link\"><time class=\"post-date\" datetime=\"2017-09-21T09:01:50+02:00\">21. september 2017<\/time><\/span><\/span><\/div><\/div>\t\t\t\n\t\t\t\n\t\t\t\n\t\t<\/div>\n\n\t\n<\/article>\t\n\t\t\t\t\t\n<article class=\"l-post small-post small-a-post m-pos-left\">\n\n\t\n\t\t\t<div class=\"media\">\n\n\t\t\n\t\t\t<a href=\"https:\/\/stineoester.dk\/nl\/lala-sjaal-gebreid-in-lala-berlin-garen\/\" class=\"image-link media-ratio ratio-3-2\" title=\"Lala sjaal &#8211; Gebreid in Lala Berlin garen\"><img loading=\"lazy\" decoding=\"async\" width=\"99\" height=\"66\" src=\"https:\/\/stineoester.dk\/wp-content\/uploads\/2017\/12\/lalaberlin-lala-195x300.jpg\" class=\"attachment-medium size-medium wp-post-image\" alt=\"\" sizes=\"(max-width: 99px) 100vw, 99px\" title=\"Lala sjaal &#8211; Gebreid in Lala Berlin garen\" srcset=\"https:\/\/stineoester.dk\/wp-content\/uploads\/2017\/12\/lalaberlin-lala-195x300.jpg 195w, https:\/\/stineoester.dk\/wp-content\/uploads\/2017\/12\/lalaberlin-lala-768x1182.jpg 768w, https:\/\/stineoester.dk\/wp-content\/uploads\/2017\/12\/lalaberlin-lala-665x1024.jpg 665w, https:\/\/stineoester.dk\/wp-content\/uploads\/2017\/12\/lalaberlin-lala.jpg 800w\" \/><\/a>\t\t\t\n\t\t\t\n\t\t\t\n\t\t\t\n\t\t\n\t\t<\/div>\n\t\n\n\t\n\t\t<div class=\"content\">\n\n\t\t\t<div class=\"post-meta post-meta-a post-meta-left has-below\"><h4 class=\"is-title post-title\"><a href=\"https:\/\/stineoester.dk\/nl\/lala-sjaal-gebreid-in-lala-berlin-garen\/\">Lala sjaal &#8211; Gebreid in Lala Berlin garen<\/a><\/h4><div class=\"post-meta-items meta-below\"><span class=\"meta-item date\"><span class=\"date-link\"><time class=\"post-date\" datetime=\"2017-09-18T09:28:42+02:00\">18. september 2017<\/time><\/span><\/span><\/div><\/div>\t\t\t\n\t\t\t\n\t\t\t\n\t\t<\/div>\n\n\t\n<\/article>\t\n\t\t\t\t\t\n<article class=\"l-post small-post small-a-post m-pos-left\">\n\n\t\n\t\t\t<div class=\"media\">\n\n\t\t\n\t\t\t<a href=\"https:\/\/stineoester.dk\/nl\/montreal-luxe-muts-met-grote-pompon\/\" class=\"image-link media-ratio ratio-3-2\" title=\"Montreal &#8211; Luxe muts met grote pompon\"><img loading=\"lazy\" decoding=\"async\" width=\"99\" height=\"66\" src=\"https:\/\/stineoester.dk\/wp-content\/uploads\/2017\/12\/Montreal-300x250.jpg\" class=\"attachment-medium size-medium wp-post-image\" alt=\"\" sizes=\"(max-width: 99px) 100vw, 99px\" title=\"Montreal &#8211; Luxe muts met grote pompon\" srcset=\"https:\/\/stineoester.dk\/wp-content\/uploads\/2017\/12\/Montreal-300x250.jpg 300w, https:\/\/stineoester.dk\/wp-content\/uploads\/2017\/12\/Montreal-768x639.jpg 768w, https:\/\/stineoester.dk\/wp-content\/uploads\/2017\/12\/Montreal.jpg 1000w\" \/><\/a>\t\t\t\n\t\t\t\n\t\t\t\n\t\t\t\n\t\t\n\t\t<\/div>\n\t\n\n\t\n\t\t<div class=\"content\">\n\n\t\t\t<div class=\"post-meta post-meta-a post-meta-left has-below\"><h4 class=\"is-title post-title\"><a href=\"https:\/\/stineoester.dk\/nl\/montreal-luxe-muts-met-grote-pompon\/\">Montreal &#8211; Luxe muts met grote pompon<\/a><\/h4><div class=\"post-meta-items meta-below\"><span class=\"meta-item date\"><span class=\"date-link\"><time class=\"post-date\" datetime=\"2017-09-01T09:34:22+02:00\">1. september 2017<\/time><\/span><\/span><\/div><\/div>\t\t\t\n\t\t\t\n\t\t\t\n\t\t<\/div>\n\n\t\n<\/article>\t\n\t\t\t\t\t\n<article class=\"l-post small-post small-a-post m-pos-left\">\n\n\t\n\t\t\t<div class=\"media\">\n\n\t\t\n\t\t\t<a href=\"https:\/\/stineoester.dk\/nl\/kopenhagen-modieuze-poncho-met-riem-in-kasjmier-luxe\/\" class=\"image-link media-ratio ratio-3-2\" title=\"Kopenhagen &#8211; Modieuze Poncho met riem in kasjmier luxe\"><img loading=\"lazy\" decoding=\"async\" width=\"99\" height=\"66\" src=\"https:\/\/stineoester.dk\/wp-content\/uploads\/2017\/12\/Copenhagen-216x300.jpg\" class=\"attachment-medium size-medium wp-post-image\" alt=\"\" sizes=\"(max-width: 99px) 100vw, 99px\" title=\"Kopenhagen &#8211; Modieuze Poncho met riem in kasjmier luxe\" srcset=\"https:\/\/stineoester.dk\/wp-content\/uploads\/2017\/12\/Copenhagen-216x300.jpg 216w, https:\/\/stineoester.dk\/wp-content\/uploads\/2017\/12\/Copenhagen-768x1068.jpg 768w, https:\/\/stineoester.dk\/wp-content\/uploads\/2017\/12\/Copenhagen-736x1024.jpg 736w, https:\/\/stineoester.dk\/wp-content\/uploads\/2017\/12\/Copenhagen.jpg 1000w\" \/><\/a>\t\t\t\n\t\t\t\n\t\t\t\n\t\t\t\n\t\t\n\t\t<\/div>\n\t\n\n\t\n\t\t<div class=\"content\">\n\n\t\t\t<div class=\"post-meta post-meta-a post-meta-left has-below\"><h4 class=\"is-title post-title\"><a href=\"https:\/\/stineoester.dk\/nl\/kopenhagen-modieuze-poncho-met-riem-in-kasjmier-luxe\/\">Kopenhagen &#8211; Modieuze Poncho met riem in kasjmier luxe<\/a><\/h4><div class=\"post-meta-items meta-below\"><span class=\"meta-item date\"><span class=\"date-link\"><time class=\"post-date\" datetime=\"2017-09-01T09:18:22+02:00\">1. september 2017<\/time><\/span><\/span><\/div><\/div>\t\t\t\n\t\t\t\n\t\t\t\n\t\t<\/div>\n\n\t\n<\/article>\t\n\t\t\t\t\t\n<article class=\"l-post small-post small-a-post m-pos-left\">\n\n\t\n\t\t\t<div class=\"media\">\n\n\t\t\n\t\t\t<a href=\"https:\/\/stineoester.dk\/nl\/de-knusse-blouse-voor-kinderen-van-2-10-jaar-een-heerlijk-zachte-blouse\/\" class=\"image-link media-ratio ratio-3-2\" title=\"De knusse blouse voor kinderen van 2-10 jaar &#8211; Een heerlijk zachte blouse\"><img loading=\"lazy\" decoding=\"async\" width=\"99\" height=\"66\" src=\"https:\/\/stineoester.dk\/wp-content\/uploads\/2017\/12\/IMG_3356-e1512635201129-225x300.jpg\" class=\"attachment-medium size-medium wp-post-image\" alt=\"\" sizes=\"(max-width: 99px) 100vw, 99px\" title=\"De knusse blouse voor kinderen van 2-10 jaar &#8211; Een heerlijk zachte blouse\" srcset=\"https:\/\/stineoester.dk\/wp-content\/uploads\/2017\/12\/IMG_3356-e1512635201129-225x300.jpg 225w, https:\/\/stineoester.dk\/wp-content\/uploads\/2017\/12\/IMG_3356-e1512635201129.jpg 480w\" \/><\/a>\t\t\t\n\t\t\t\n\t\t\t\n\t\t\t\n\t\t\n\t\t<\/div>\n\t\n\n\t\n\t\t<div class=\"content\">\n\n\t\t\t<div class=\"post-meta post-meta-a post-meta-left has-below\"><h4 class=\"is-title post-title\"><a href=\"https:\/\/stineoester.dk\/nl\/de-knusse-blouse-voor-kinderen-van-2-10-jaar-een-heerlijk-zachte-blouse\/\">De knusse blouse voor kinderen van 2-10 jaar &#8211; Een heerlijk zachte blouse<\/a><\/h4><div class=\"post-meta-items meta-below\"><span class=\"meta-item date\"><span class=\"date-link\"><time class=\"post-date\" datetime=\"2017-08-15T09:25:16+02:00\">15. augustus 2017<\/time><\/span><\/span><\/div><\/div>\t\t\t\n\t\t\t\n\t\t\t\n\t\t<\/div>\n\n\t\n<\/article>\t\n\t\t\t\t\t\n<article class=\"l-post small-post small-a-post m-pos-left\">\n\n\t\n\t\t\t<div class=\"media\">\n\n\t\t\n\t\t\t<a href=\"https:\/\/stineoester.dk\/nl\/amalfi-een-heerlijk-warme-poncho\/\" class=\"image-link media-ratio ratio-3-2\" title=\"Amalfi &#8211; Een heerlijk warme poncho\"><img loading=\"lazy\" decoding=\"async\" width=\"99\" height=\"66\" src=\"https:\/\/stineoester.dk\/wp-content\/uploads\/2017\/12\/Amalfi-Poncho-Forfra-Landscape-202x300.jpg\" class=\"attachment-medium size-medium wp-post-image\" alt=\"\" sizes=\"(max-width: 99px) 100vw, 99px\" title=\"Amalfi &#8211; Een heerlijk warme poncho\" srcset=\"https:\/\/stineoester.dk\/wp-content\/uploads\/2017\/12\/Amalfi-Poncho-Forfra-Landscape-202x300.jpg 202w, https:\/\/stineoester.dk\/wp-content\/uploads\/2017\/12\/Amalfi-Poncho-Forfra-Landscape-768x1143.jpg 768w, https:\/\/stineoester.dk\/wp-content\/uploads\/2017\/12\/Amalfi-Poncho-Forfra-Landscape-688x1024.jpg 688w\" \/><\/a>\t\t\t\n\t\t\t\n\t\t\t\n\t\t\t\n\t\t\n\t\t<\/div>\n\t\n\n\t\n\t\t<div class=\"content\">\n\n\t\t\t<div class=\"post-meta post-meta-a post-meta-left has-below\"><h4 class=\"is-title post-title\"><a href=\"https:\/\/stineoester.dk\/nl\/amalfi-een-heerlijk-warme-poncho\/\">Amalfi &#8211; Een heerlijk warme poncho<\/a><\/h4><div class=\"post-meta-items meta-below\"><span class=\"meta-item date\"><span class=\"date-link\"><time class=\"post-date\" datetime=\"2017-08-07T08:59:35+02:00\">7. augustus 2017<\/time><\/span><\/span><\/div><\/div>\t\t\t\n\t\t\t\n\t\t\t\n\t\t<\/div>\n\n\t\n<\/article>\t\n\t\t\n\t<\/div>\n\n\t\t\t<\/div>\n\n\n\t\t\t\t<\/div>\n\n\t\t<\/section>\n\t\t\t\t\t\t<\/div>\n\t\t\t\t<\/div>\n\t\t\t\t<div class=\"elementor-element elementor-element-25e2f009 elementor-widget elementor-widget-smartmag-focusgrid\" data-id=\"25e2f009\" data-element_type=\"widget\" data-widget_type=\"smartmag-focusgrid.default\">\n\t\t\t\t<div class=\"elementor-widget-container\">\n\t\t\t\t\t\t\t<section class=\"block-wrap block-focus-grid block-sc cols-gap-sm\" data-id=\"4\" data-block=\"{&quot;id&quot;:&quot;focus-grid&quot;,&quot;props&quot;:{&quot;cat_labels&quot;:&quot;0&quot;,&quot;cat_labels_pos&quot;:&quot;top-left&quot;,&quot;reviews&quot;:&quot;bars&quot;,&quot;post_formats_pos&quot;:&quot;center&quot;,&quot;load_more_style&quot;:&quot;a&quot;,&quot;meta_cat_style&quot;:&quot;text&quot;,&quot;media_style_shadow&quot;:0,&quot;meta_sponsor&quot;:1,&quot;meta_sponsor_logo&quot;:0,&quot;meta_sponsor_label&quot;:&quot;Sponsor: {sponsor}&quot;,&quot;meta_above&quot;:[],&quot;meta_below&quot;:[&quot;author&quot;,&quot;date&quot;],&quot;meta_sponsor_above&quot;:[],&quot;meta_sponsor_below&quot;:[&quot;sponsor&quot;,&quot;date&quot;],&quot;posts&quot;:&quot;8&quot;,&quot;sort_order&quot;:&quot;desc&quot;,&quot;heading&quot;:&quot;*Seneste* Damestrik&quot;,&quot;heading_type&quot;:&quot;a&quot;,&quot;highlights&quot;:&quot;2&quot;,&quot;cat&quot;:&quot;2&quot;,&quot;offset&quot;:&quot;0&quot;,&quot;filters&quot;:&quot;category&quot;,&quot;filters_terms&quot;:[&quot;2&quot;,&quot;27&quot;],&quot;heading_colors&quot;:&quot;force&quot;,&quot;container_width&quot;:66,&quot;excerpt_length&quot;:30,&quot;media_ratio&quot;:&quot;custom&quot;,&quot;media_ratio_custom&quot;:&quot;1.59&quot;,&quot;pagination_type&quot;:null,&quot;pagination_links&quot;:null,&quot;meta_sponsor_items_default&quot;:true,&quot;query_type&quot;:&quot;custom&quot;,&quot;sort_days&quot;:null,&quot;is_sc_call&quot;:true,&quot;meta_items_default&quot;:true}}\" data-is-mixed=\"1\">\n\n\t\t\t\t\t\t\t\t\n\t\t\t\t\t\t\t\n\t\t\t\t<div class=\"block-head block-head-a block-head-a1 is-left term-color-2\">\n\n\t\t\t\t\t<h4 class=\"heading\"><a href=\"https:\/\/stineoester.dk\/category\/dame-strik\/\"><span class=\"color\">Seneste<\/span> Damestrik<\/a><\/h4>\t\t\t\t\t\t\t\t\n\t\t\t<ul class=\"subcats filters\">\n\t\t\t\t<li><a href=\"#\" data-id=\"0\" class=\"active\">All<\/a><\/li>\n\t\t\t\t<li><a href=\"https:\/\/stineoester.dk\/category\/dame-strik\/\" data-id=\"2\">Dame Strik<\/a><\/li>\n<li><a href=\"https:\/\/stineoester.dk\/category\/koebe-strikkeopskrifter\/\" data-id=\"27\">K\u00f8be Strikkeopskrifter<\/a><\/li>\t\t\t<\/ul>\n\t\t\t\n\t\t\t\n\t\t\t\t\t\t\t\t\t<\/div>\n\t\t\t\t\n\t\t\t\n\t\t\t\n\t\t\t<div class=\"block-content\">\n\t\t\t\t\t\n\t<div class=\"grid grid-2 sm:grid-1 cols-not-eq loops-mixed\">\n\n\t\t\t\n\t<div class=\"loop loop-grid loop-grid-base grid grid-1 md:grid-1 xs:grid-1\">\n\n\t\t\t\t\t\n<article class=\"l-post grid-post grid-base-post\">\n\n\t\n\t\t\t<div class=\"media\">\n\n\t\t\n\t\t\t<a href=\"https:\/\/stineoester.dk\/nl\/charlottes-poncho-een-mooie-warme-en-functionele-poncho\/\" class=\"image-link media-ratio ratio-is-custom\" title=\"Charlotte&#8217;s Poncho &#8211; Een mooie, warme en functionele poncho\"><img loading=\"lazy\" decoding=\"async\" width=\"722\" height=\"454\" src=\"https:\/\/stineoester.dk\/wp-content\/uploads\/2017\/12\/Charlotte3.jpg\" class=\"attachment-large size-large wp-post-image\" alt=\"\" sizes=\"(max-width: 722px) 100vw, 722px\" title=\"Charlotte&#8217;s Poncho &#8211; Een mooie, warme en functionele poncho\" \/><\/a>\t\t\t\n\t\t\t\n\t\t\t\n\t\t\t\n\t\t\n\t\t<\/div>\n\t\n\n\t\n\t\t<div class=\"content\">\n\n\t\t\t<div class=\"post-meta post-meta-a has-below\"><h2 class=\"is-title post-title\"><a href=\"https:\/\/stineoester.dk\/nl\/charlottes-poncho-een-mooie-warme-en-functionele-poncho\/\">Charlotte&#8217;s Poncho &#8211; Een mooie, warme en functionele poncho<\/a><\/h2><div class=\"post-meta-items meta-below\"><span class=\"meta-item post-author\"><span class=\"by\">By<\/span> <a href=\"https:\/\/stineoester.dk\/nl\/author\/stine\/\" title=\"Berichten van Strikkeekspert Stine \u00d8ster\" rel=\"author\">Strikkeekspert Stine \u00d8ster<\/a><\/span><span class=\"meta-item date\"><span class=\"date-link\"><time class=\"post-date\" datetime=\"2017-10-01T09:16:10+02:00\">1. oktober 2017<\/time><\/span><\/span><\/div><\/div>\t\t\t\n\t\t\t\t\t\t\n\t\t\t\t<div class=\"excerpt\">\n\t\t\t\t\t<p>Recept nu kopen Je winkelmandje bekijken Charlottes Poncho is een van mijn favoriete projecten. Het was eigenlijk niet mijn bedoeling om deze poncho te ontwerpen. Toen Charlotte, die ik als&hellip;<\/p>\n\t\t\t\t<\/div>\n\t\t\t\n\t\t\t\n\t\t\t\n\t\t<\/div>\n\n\t\n<\/article>\t\t\n\t<\/div>\n\n\t\t\n\t\n\t<div class=\"loop loop-grid loop-grid-sm grid grid-2 md:grid-2 sm:grid-2\">\n\n\t\t\t\t\t\n<article class=\"l-post grid-post grid-sm-post\">\n\n\t\n\t\t\t<div class=\"media\">\n\n\t\t\n\t\t\t<a href=\"https:\/\/stineoester.dk\/nl\/athen-vest-een-mooi-elegant-en-eenvoudig-vest\/\" class=\"image-link media-ratio ratio-is-custom\" title=\"Athen vest &#8211; Een mooi, elegant en eenvoudig vest\"><img loading=\"lazy\" decoding=\"async\" width=\"339\" height=\"202\" src=\"https:\/\/stineoester.dk\/wp-content\/uploads\/2017\/12\/Athen-closeup2-683x1024.jpg\" class=\"attachment-large size-large wp-post-image\" alt=\"\" sizes=\"(max-width: 339px) 100vw, 339px\" title=\"Athen vest &#8211; Een mooi, elegant en eenvoudig vest\" srcset=\"https:\/\/stineoester.dk\/wp-content\/uploads\/2017\/12\/Athen-closeup2-683x1024.jpg 683w, https:\/\/stineoester.dk\/wp-content\/uploads\/2017\/12\/Athen-closeup2-200x300.jpg 200w, https:\/\/stineoester.dk\/wp-content\/uploads\/2017\/12\/Athen-closeup2-768x1152.jpg 768w, https:\/\/stineoester.dk\/wp-content\/uploads\/2017\/12\/Athen-closeup2.jpg 800w\" \/><\/a>\t\t\t\n\t\t\t\n\t\t\t\n\t\t\t\n\t\t\n\t\t<\/div>\n\t\n\n\t\n\t\t<div class=\"content\">\n\n\t\t\t<div class=\"post-meta post-meta-a has-below\"><h2 class=\"is-title post-title\"><a href=\"https:\/\/stineoester.dk\/nl\/athen-vest-een-mooi-elegant-en-eenvoudig-vest\/\">Athen vest &#8211; Een mooi, elegant en eenvoudig vest<\/a><\/h2><div class=\"post-meta-items meta-below\"><span class=\"meta-item date\"><span class=\"date-link\"><time class=\"post-date\" datetime=\"2017-09-21T09:01:50+02:00\">21. september 2017<\/time><\/span><\/span><\/div><\/div>\t\t\t\n\t\t\t\n\t\t\t\n\t\t<\/div>\n\n\t\n<\/article>\t\t\t\t\t\n<article class=\"l-post grid-post grid-sm-post\">\n\n\t\n\t\t\t<div class=\"media\">\n\n\t\t\n\t\t\t<a href=\"https:\/\/stineoester.dk\/nl\/lala-sjaal-gebreid-in-lala-berlin-garen\/\" class=\"image-link media-ratio ratio-is-custom\" title=\"Lala sjaal &#8211; Gebreid in Lala Berlin garen\"><img loading=\"lazy\" decoding=\"async\" width=\"339\" height=\"202\" src=\"https:\/\/stineoester.dk\/wp-content\/uploads\/2017\/12\/lalaberlin-lala-665x1024.jpg\" class=\"attachment-large size-large wp-post-image\" alt=\"\" sizes=\"(max-width: 339px) 100vw, 339px\" title=\"Lala sjaal &#8211; Gebreid in Lala Berlin garen\" srcset=\"https:\/\/stineoester.dk\/wp-content\/uploads\/2017\/12\/lalaberlin-lala-665x1024.jpg 665w, https:\/\/stineoester.dk\/wp-content\/uploads\/2017\/12\/lalaberlin-lala-195x300.jpg 195w, https:\/\/stineoester.dk\/wp-content\/uploads\/2017\/12\/lalaberlin-lala-768x1182.jpg 768w, https:\/\/stineoester.dk\/wp-content\/uploads\/2017\/12\/lalaberlin-lala.jpg 800w\" \/><\/a>\t\t\t\n\t\t\t\n\t\t\t\n\t\t\t\n\t\t\n\t\t<\/div>\n\t\n\n\t\n\t\t<div class=\"content\">\n\n\t\t\t<div class=\"post-meta post-meta-a has-below\"><h2 class=\"is-title post-title\"><a href=\"https:\/\/stineoester.dk\/nl\/lala-sjaal-gebreid-in-lala-berlin-garen\/\">Lala sjaal &#8211; Gebreid in Lala Berlin garen<\/a><\/h2><div class=\"post-meta-items meta-below\"><span class=\"meta-item date\"><span class=\"date-link\"><time class=\"post-date\" datetime=\"2017-09-18T09:28:42+02:00\">18. september 2017<\/time><\/span><\/span><\/div><\/div>\t\t\t\n\t\t\t\n\t\t\t\n\t\t<\/div>\n\n\t\n<\/article>\t\t\t\t\t\n<article class=\"l-post grid-post grid-sm-post\">\n\n\t\n\t\t\t<div class=\"media\">\n\n\t\t\n\t\t\t<a href=\"https:\/\/stineoester.dk\/nl\/montreal-luxe-muts-met-grote-pompon\/\" class=\"image-link media-ratio ratio-is-custom\" title=\"Montreal &#8211; Luxe muts met grote pompon\"><img loading=\"lazy\" decoding=\"async\" width=\"339\" height=\"202\" src=\"https:\/\/stineoester.dk\/wp-content\/uploads\/2017\/12\/Montreal.jpg\" class=\"attachment-large size-large wp-post-image\" alt=\"\" sizes=\"(max-width: 339px) 100vw, 339px\" title=\"Montreal &#8211; Luxe muts met grote pompon\" srcset=\"https:\/\/stineoester.dk\/wp-content\/uploads\/2017\/12\/Montreal.jpg 1000w, https:\/\/stineoester.dk\/wp-content\/uploads\/2017\/12\/Montreal-300x250.jpg 300w, https:\/\/stineoester.dk\/wp-content\/uploads\/2017\/12\/Montreal-768x639.jpg 768w\" \/><\/a>\t\t\t\n\t\t\t\n\t\t\t\n\t\t\t\n\t\t\n\t\t<\/div>\n\t\n\n\t\n\t\t<div class=\"content\">\n\n\t\t\t<div class=\"post-meta post-meta-a has-below\"><h2 class=\"is-title post-title\"><a href=\"https:\/\/stineoester.dk\/nl\/montreal-luxe-muts-met-grote-pompon\/\">Montreal &#8211; Luxe muts met grote pompon<\/a><\/h2><div class=\"post-meta-items meta-below\"><span class=\"meta-item date\"><span class=\"date-link\"><time class=\"post-date\" datetime=\"2017-09-01T09:34:22+02:00\">1. september 2017<\/time><\/span><\/span><\/div><\/div>\t\t\t\n\t\t\t\n\t\t\t\n\t\t<\/div>\n\n\t\n<\/article>\t\t\t\t\t\n<article class=\"l-post grid-post grid-sm-post\">\n\n\t\n\t\t\t<div class=\"media\">\n\n\t\t\n\t\t\t<a href=\"https:\/\/stineoester.dk\/nl\/kopenhagen-modieuze-poncho-met-riem-in-kasjmier-luxe\/\" class=\"image-link media-ratio ratio-is-custom\" title=\"Kopenhagen &#8211; Modieuze Poncho met riem in kasjmier luxe\"><img loading=\"lazy\" decoding=\"async\" width=\"339\" height=\"202\" src=\"https:\/\/stineoester.dk\/wp-content\/uploads\/2017\/12\/Copenhagen-736x1024.jpg\" class=\"attachment-large size-large wp-post-image\" alt=\"\" sizes=\"(max-width: 339px) 100vw, 339px\" title=\"Kopenhagen &#8211; Modieuze Poncho met riem in kasjmier luxe\" srcset=\"https:\/\/stineoester.dk\/wp-content\/uploads\/2017\/12\/Copenhagen-736x1024.jpg 736w, https:\/\/stineoester.dk\/wp-content\/uploads\/2017\/12\/Copenhagen-216x300.jpg 216w, https:\/\/stineoester.dk\/wp-content\/uploads\/2017\/12\/Copenhagen-768x1068.jpg 768w, https:\/\/stineoester.dk\/wp-content\/uploads\/2017\/12\/Copenhagen.jpg 1000w\" \/><\/a>\t\t\t\n\t\t\t\n\t\t\t\n\t\t\t\n\t\t\n\t\t<\/div>\n\t\n\n\t\n\t\t<div class=\"content\">\n\n\t\t\t<div class=\"post-meta post-meta-a has-below\"><h2 class=\"is-title post-title\"><a href=\"https:\/\/stineoester.dk\/nl\/kopenhagen-modieuze-poncho-met-riem-in-kasjmier-luxe\/\">Kopenhagen &#8211; Modieuze Poncho met riem in kasjmier luxe<\/a><\/h2><div class=\"post-meta-items meta-below\"><span class=\"meta-item date\"><span class=\"date-link\"><time class=\"post-date\" datetime=\"2017-09-01T09:18:22+02:00\">1. september 2017<\/time><\/span><\/span><\/div><\/div>\t\t\t\n\t\t\t\n\t\t\t\n\t\t<\/div>\n\n\t\n<\/article>\t\t\t\t\t\n<article class=\"l-post grid-post grid-sm-post\">\n\n\t\n\t\t\t<div class=\"media\">\n\n\t\t\n\t\t\t<a href=\"https:\/\/stineoester.dk\/nl\/amalfi-een-heerlijk-warme-poncho\/\" class=\"image-link media-ratio ratio-is-custom\" title=\"Amalfi &#8211; Een heerlijk warme poncho\"><img loading=\"lazy\" decoding=\"async\" width=\"339\" height=\"202\" src=\"https:\/\/stineoester.dk\/wp-content\/uploads\/2017\/12\/Amalfi-Poncho-Forfra-Landscape-688x1024.jpg\" class=\"attachment-large size-large wp-post-image\" alt=\"\" sizes=\"(max-width: 339px) 100vw, 339px\" title=\"Amalfi &#8211; Een heerlijk warme poncho\" srcset=\"https:\/\/stineoester.dk\/wp-content\/uploads\/2017\/12\/Amalfi-Poncho-Forfra-Landscape-688x1024.jpg 688w, https:\/\/stineoester.dk\/wp-content\/uploads\/2017\/12\/Amalfi-Poncho-Forfra-Landscape-202x300.jpg 202w, https:\/\/stineoester.dk\/wp-content\/uploads\/2017\/12\/Amalfi-Poncho-Forfra-Landscape-768x1143.jpg 768w\" \/><\/a>\t\t\t\n\t\t\t\n\t\t\t\n\t\t\t\n\t\t\n\t\t<\/div>\n\t\n\n\t\n\t\t<div class=\"content\">\n\n\t\t\t<div class=\"post-meta post-meta-a has-below\"><h2 class=\"is-title post-title\"><a href=\"https:\/\/stineoester.dk\/nl\/amalfi-een-heerlijk-warme-poncho\/\">Amalfi &#8211; Een heerlijk warme poncho<\/a><\/h2><div class=\"post-meta-items meta-below\"><span class=\"meta-item date\"><span class=\"date-link\"><time class=\"post-date\" datetime=\"2017-08-07T08:59:35+02:00\">7. augustus 2017<\/time><\/span><\/span><\/div><\/div>\t\t\t\n\t\t\t\n\t\t\t\n\t\t<\/div>\n\n\t\n<\/article>\t\t\t\t\t\n<article class=\"l-post grid-post grid-sm-post\">\n\n\t\n\t\t\t<div class=\"media\">\n\n\t\t\n\t\t\t<a href=\"https:\/\/stineoester.dk\/nl\/pure-love-lala-berlin-stijlvol-vest-in-tweed-look\/\" class=\"image-link media-ratio ratio-is-custom\" title=\"Pure Love &#8211; Lala Berlin &#8211; Stijlvol vest in Tweed-look\"><img loading=\"lazy\" decoding=\"async\" width=\"339\" height=\"202\" src=\"https:\/\/stineoester.dk\/wp-content\/uploads\/2017\/12\/buttoned-768x1024.jpg\" class=\"attachment-large size-large wp-post-image\" alt=\"\" sizes=\"(max-width: 339px) 100vw, 339px\" title=\"Pure Love &#8211; Lala Berlin &#8211; Stijlvol vest in Tweed-look\" srcset=\"https:\/\/stineoester.dk\/wp-content\/uploads\/2017\/12\/buttoned-768x1024.jpg 768w, https:\/\/stineoester.dk\/wp-content\/uploads\/2017\/12\/buttoned-225x300.jpg 225w, https:\/\/stineoester.dk\/wp-content\/uploads\/2017\/12\/buttoned.jpg 1000w\" \/><\/a>\t\t\t\n\t\t\t\n\t\t\t\n\t\t\t\n\t\t\n\t\t<\/div>\n\t\n\n\t\n\t\t<div class=\"content\">\n\n\t\t\t<div class=\"post-meta post-meta-a has-below\"><h2 class=\"is-title post-title\"><a href=\"https:\/\/stineoester.dk\/nl\/pure-love-lala-berlin-stijlvol-vest-in-tweed-look\/\">Pure Love &#8211; Lala Berlin &#8211; Stijlvol vest in Tweed-look<\/a><\/h2><div class=\"post-meta-items meta-below\"><span class=\"meta-item date\"><span class=\"date-link\"><time class=\"post-date\" datetime=\"2017-06-21T09:45:11+02:00\">21. juni 2017<\/time><\/span><\/span><\/div><\/div>\t\t\t\n\t\t\t\n\t\t\t\n\t\t<\/div>\n\n\t\n<\/article>\t\t\t\t\t\n<article class=\"l-post grid-post grid-sm-post\">\n\n\t\n\t\t\t<div class=\"media\">\n\n\t\t\n\t\t\t<a href=\"https:\/\/stineoester.dk\/nl\/savona-poncho-met-mouwen\/\" class=\"image-link media-ratio ratio-is-custom\" title=\"Savona &#8211; Poncho met mouwen\"><img loading=\"lazy\" decoding=\"async\" width=\"339\" height=\"202\" src=\"https:\/\/stineoester.dk\/wp-content\/uploads\/2017\/12\/Savona.jpg\" class=\"attachment-large size-large wp-post-image\" alt=\"\" sizes=\"(max-width: 339px) 100vw, 339px\" title=\"Savona &#8211; Poncho met mouwen\" srcset=\"https:\/\/stineoester.dk\/wp-content\/uploads\/2017\/12\/Savona.jpg 567w, https:\/\/stineoester.dk\/wp-content\/uploads\/2017\/12\/Savona-200x300.jpg 200w\" \/><\/a>\t\t\t\n\t\t\t\n\t\t\t\n\t\t\t\n\t\t\n\t\t<\/div>\n\t\n\n\t\n\t\t<div class=\"content\">\n\n\t\t\t<div class=\"post-meta post-meta-a has-below\"><h2 class=\"is-title post-title\"><a href=\"https:\/\/stineoester.dk\/nl\/savona-poncho-met-mouwen\/\">Savona &#8211; Poncho met mouwen<\/a><\/h2><div class=\"post-meta-items meta-below\"><span class=\"meta-item date\"><span class=\"date-link\"><time class=\"post-date\" datetime=\"2017-05-20T09:58:27+02:00\">20. mei 2017<\/time><\/span><\/span><\/div><\/div>\t\t\t\n\t\t\t\n\t\t\t\n\t\t<\/div>\n\n\t\n<\/article>\t\t\n\t<\/div>\n\n\t\t\n\t<\/div>\n\n\t\t\t\t<\/div>\n\n\t\t<\/section>\n\t\t\t\t\t\t<\/div>\n\t\t\t\t<\/div>\n\t\t\t\t<div class=\"elementor-element elementor-element-5090b3ac elementor-widget elementor-widget-smartmag-overlay\" data-id=\"5090b3ac\" data-element_type=\"widget\" data-widget_type=\"smartmag-overlay.default\">\n\t\t\t\t<div class=\"elementor-widget-container\">\n\t\t\t\t\t\t\t<section class=\"block-wrap block-overlay block-sc cols-gap-sm\" data-id=\"7\" data-block=\"{&quot;id&quot;:&quot;overlay&quot;,&quot;props&quot;:{&quot;cat_labels&quot;:&quot;1&quot;,&quot;cat_labels_pos&quot;:&quot;top-left&quot;,&quot;reviews&quot;:&quot;bars&quot;,&quot;post_formats_pos&quot;:&quot;center&quot;,&quot;load_more_style&quot;:&quot;a&quot;,&quot;meta_cat_style&quot;:&quot;labels&quot;,&quot;media_style_shadow&quot;:0,&quot;meta_sponsor&quot;:1,&quot;meta_sponsor_logo&quot;:0,&quot;meta_sponsor_label&quot;:&quot;Sponsor: {sponsor}&quot;,&quot;meta_sponsor_above&quot;:[],&quot;meta_sponsor_below&quot;:[&quot;sponsor&quot;,&quot;date&quot;],&quot;media_ratio&quot;:&quot;3-4&quot;,&quot;media_ratio_custom&quot;:&quot;&quot;,&quot;read_more&quot;:&quot;&quot;,&quot;content_center&quot;:0,&quot;title_style&quot;:null,&quot;excerpts&quot;:false,&quot;column_gap&quot;:&quot;sm&quot;,&quot;posts&quot;:&quot;6&quot;,&quot;sort_order&quot;:&quot;desc&quot;,&quot;cat&quot;:&quot;4&quot;,&quot;heading&quot;:&quot;*Seneste* Babystrik&quot;,&quot;heading_type&quot;:&quot;a&quot;,&quot;pagination&quot;:&quot;0&quot;,&quot;pagination_type&quot;:null,&quot;filters&quot;:&quot;category&quot;,&quot;offset&quot;:&quot;0&quot;,&quot;heading_colors&quot;:&quot;force&quot;,&quot;container_width&quot;:66,&quot;columns&quot;:3,&quot;meta_items_default&quot;:false,&quot;meta_below&quot;:[&quot;date&quot;],&quot;pagination_links&quot;:null,&quot;meta_sponsor_items_default&quot;:true,&quot;query_type&quot;:&quot;custom&quot;,&quot;sort_days&quot;:null,&quot;carousel_dots&quot;:null,&quot;is_sc_call&quot;:true}}\">\n\n\t\t\t\t\t\t\t\t\n\t\t\t\t\t\t\t\n\t\t\t\t<div class=\"block-head block-head-a block-head-a1 is-left term-color-4\">\n\n\t\t\t\t\t<h4 class=\"heading\"><a href=\"https:\/\/stineoester.dk\/category\/baby-strik\/\"><span class=\"color\">Seneste<\/span> Babystrik<\/a><\/h4>\t\t\t\t\t\n\t\t\t\t\t\t\t\t\t<\/div>\n\t\t\t\t\n\t\t\t\n\t\t\t\n\t\t\t<div class=\"block-content\">\n\t\t\t\t\t\n\t<div class=\"loop loop-overlay grid grid-3 md:grid-2 xs:grid-1\">\n\n\t\t\t\n\t\t\t\n<article class=\"l-post grid-overlay overlay-post grid-overlay-a overlay-base-post\">\n\n\t\n\t\t\t<div class=\"media\">\n\n\t\t\n\t\t\t<a href=\"https:\/\/stineoester.dk\/nl\/babydeken-mooie-babydeken-met-goede-afmetingen-en-bijpassende-rompertjes\/\" class=\"image-link media-ratio ratio-3-4\" title=\"Babydeken &#8211; Mooie babydeken met goede afmetingen en bijpassende rompertjes\"><img loading=\"lazy\" decoding=\"async\" width=\"339\" height=\"452\" src=\"https:\/\/stineoester.dk\/wp-content\/uploads\/2018\/04\/Rompere-og-t\u00e6ppe.jpg\" class=\"attachment-large size-large wp-post-image\" alt=\"\" sizes=\"(max-width: 339px) 100vw, 339px\" title=\"Babydeken &#8211; Mooie babydeken met goede afmetingen en bijpassende rompertjes\" \/><\/a>\t\t\t\n\t\t\t\n\t\t\t\n\t\t\t\t\t\t\t\n\t\t\t\t<span class=\"cat-labels cat-labels-overlay c-overlay p-top-left\">\n\t\t\t\t<a href=\"https:\/\/stineoester.dk\/nl\/category\/gebreide-babykleding\/\" class=\"category term-color-220\" rel=\"category\" tabindex=\"-1\">Gebreide babykleding<\/a>\n\t\t\t<\/span>\n\t\t\t\t\t\t\n\t\t\t\n\t\t\n\t\t<\/div>\n\t\n\n\t\t\t<div class=\"content-wrap\">\n\t\n\t\t<div class=\"content\">\n\n\t\t\t<div class=\"post-meta post-meta-a meta-contrast has-below\"><h2 class=\"is-title post-title\"><a href=\"https:\/\/stineoester.dk\/nl\/babydeken-mooie-babydeken-met-goede-afmetingen-en-bijpassende-rompertjes\/\">Babydeken &#8211; Mooie babydeken met goede afmetingen en bijpassende rompertjes<\/a><\/h2><div class=\"post-meta-items meta-below\"><span class=\"meta-item date\"><span class=\"date-link\"><time class=\"post-date\" datetime=\"2018-04-13T13:22:02+02:00\">13. april 2018<\/time><\/span><\/span><\/div><\/div>\t\t\t\n\t\t\t\n\t\t\t\n\t\t<\/div>\n\n\t\t\t<\/div>\n\t\n<\/article>\n\t\t\t\n\t\t\t\n<article class=\"l-post grid-overlay overlay-post grid-overlay-a overlay-base-post\">\n\n\t\n\t\t\t<div class=\"media\">\n\n\t\t\n\t\t\t<a href=\"https:\/\/stineoester.dk\/nl\/babybroekjes-de-schattigste-rompertjes-van-0-tot-18-maanden\/\" class=\"image-link media-ratio ratio-3-4\" title=\"Babybroekjes &#8211; De schattigste rompertjes van 0 tot 18 maanden\"><img loading=\"lazy\" decoding=\"async\" width=\"339\" height=\"452\" src=\"https:\/\/stineoester.dk\/wp-content\/uploads\/2018\/04\/Rompere-og-t\u00e6ppe.jpg\" class=\"attachment-large size-large wp-post-image\" alt=\"\" sizes=\"(max-width: 339px) 100vw, 339px\" title=\"Babybroekjes &#8211; De schattigste rompertjes van 0 tot 18 maanden\" \/><\/a>\t\t\t\n\t\t\t\n\t\t\t\n\t\t\t\t\t\t\t\n\t\t\t\t<span class=\"cat-labels cat-labels-overlay c-overlay p-top-left\">\n\t\t\t\t<a href=\"https:\/\/stineoester.dk\/nl\/category\/gebreide-babykleding\/\" class=\"category term-color-220\" rel=\"category\" tabindex=\"-1\">Gebreide babykleding<\/a>\n\t\t\t<\/span>\n\t\t\t\t\t\t\n\t\t\t\n\t\t\n\t\t<\/div>\n\t\n\n\t\t\t<div class=\"content-wrap\">\n\t\n\t\t<div class=\"content\">\n\n\t\t\t<div class=\"post-meta post-meta-a meta-contrast has-below\"><h2 class=\"is-title post-title\"><a href=\"https:\/\/stineoester.dk\/nl\/babybroekjes-de-schattigste-rompertjes-van-0-tot-18-maanden\/\">Babybroekjes &#8211; De schattigste rompertjes van 0 tot 18 maanden<\/a><\/h2><div class=\"post-meta-items meta-below\"><span class=\"meta-item date\"><span class=\"date-link\"><time class=\"post-date\" datetime=\"2018-04-13T13:21:32+02:00\">13. april 2018<\/time><\/span><\/span><\/div><\/div>\t\t\t\n\t\t\t\n\t\t\t\n\t\t<\/div>\n\n\t\t\t<\/div>\n\t\n<\/article>\n\t\t\t\n\t\t\t\n<article class=\"l-post grid-overlay overlay-post grid-overlay-a overlay-base-post\">\n\n\t\n\t\t\t<div class=\"media\">\n\n\t\t\n\t\t\t<a href=\"https:\/\/stineoester.dk\/nl\/de-knusse-blouse-voor-kinderen-van-2-10-jaar-een-heerlijk-zachte-blouse\/\" class=\"image-link media-ratio ratio-3-4\" title=\"De knusse blouse voor kinderen van 2-10 jaar &#8211; Een heerlijk zachte blouse\"><img loading=\"lazy\" decoding=\"async\" width=\"339\" height=\"452\" src=\"https:\/\/stineoester.dk\/wp-content\/uploads\/2017\/12\/IMG_3356-e1512635201129.jpg\" class=\"attachment-large size-large wp-post-image\" alt=\"\" sizes=\"(max-width: 339px) 100vw, 339px\" title=\"De knusse blouse voor kinderen van 2-10 jaar &#8211; Een heerlijk zachte blouse\" srcset=\"https:\/\/stineoester.dk\/wp-content\/uploads\/2017\/12\/IMG_3356-e1512635201129.jpg 480w, https:\/\/stineoester.dk\/wp-content\/uploads\/2017\/12\/IMG_3356-e1512635201129-225x300.jpg 225w\" \/><\/a>\t\t\t\n\t\t\t\n\t\t\t\n\t\t\t\t\t\t\t\n\t\t\t\t<span class=\"cat-labels cat-labels-overlay c-overlay p-top-left\">\n\t\t\t\t<a href=\"https:\/\/stineoester.dk\/nl\/category\/breigoed-voor-kinderen\/\" class=\"category term-color-207\" rel=\"category\" tabindex=\"-1\">Breigoed voor kinderen<\/a>\n\t\t\t<\/span>\n\t\t\t\t\t\t\n\t\t\t\n\t\t\n\t\t<\/div>\n\t\n\n\t\t\t<div class=\"content-wrap\">\n\t\n\t\t<div class=\"content\">\n\n\t\t\t<div class=\"post-meta post-meta-a meta-contrast has-below\"><h2 class=\"is-title post-title\"><a href=\"https:\/\/stineoester.dk\/nl\/de-knusse-blouse-voor-kinderen-van-2-10-jaar-een-heerlijk-zachte-blouse\/\">De knusse blouse voor kinderen van 2-10 jaar &#8211; Een heerlijk zachte blouse<\/a><\/h2><div class=\"post-meta-items meta-below\"><span class=\"meta-item date\"><span class=\"date-link\"><time class=\"post-date\" datetime=\"2017-08-15T09:25:16+02:00\">15. augustus 2017<\/time><\/span><\/span><\/div><\/div>\t\t\t\n\t\t\t\n\t\t\t\n\t\t<\/div>\n\n\t\t\t<\/div>\n\t\n<\/article>\n\t\t\t\n\t\t\t\n<article class=\"l-post grid-overlay overlay-post grid-overlay-a overlay-base-post\">\n\n\t\n\t\t\t<div class=\"media\">\n\n\t\t\n\t\t\t<a href=\"https:\/\/stineoester.dk\/nl\/little-bandits-baby-shorts\/\" class=\"image-link media-ratio ratio-3-4\" title=\"Little Bandits &#8211; Baby Shorts\"><img loading=\"lazy\" decoding=\"async\" width=\"339\" height=\"452\" src=\"https:\/\/stineoester.dk\/wp-content\/uploads\/2017\/12\/smaa-banditter-baby-shorts-graa-768x1024.jpg\" class=\"attachment-large size-large wp-post-image\" alt=\"\" sizes=\"(max-width: 339px) 100vw, 339px\" title=\"Little Bandits &#8211; Baby Shorts\" srcset=\"https:\/\/stineoester.dk\/wp-content\/uploads\/2017\/12\/smaa-banditter-baby-shorts-graa-768x1024.jpg 768w, https:\/\/stineoester.dk\/wp-content\/uploads\/2017\/12\/smaa-banditter-baby-shorts-graa-225x300.jpg 225w, https:\/\/stineoester.dk\/wp-content\/uploads\/2017\/12\/smaa-banditter-baby-shorts-graa-e1512639767434.jpg 1024w\" \/><\/a>\t\t\t\n\t\t\t\n\t\t\t\n\t\t\t\t\t\t\t\n\t\t\t\t<span class=\"cat-labels cat-labels-overlay c-overlay p-top-left\">\n\t\t\t\t<a href=\"https:\/\/stineoester.dk\/nl\/category\/gebreide-babykleding\/\" class=\"category term-color-220\" rel=\"category\" tabindex=\"-1\">Gebreide babykleding<\/a>\n\t\t\t<\/span>\n\t\t\t\t\t\t\n\t\t\t\n\t\t\n\t\t<\/div>\n\t\n\n\t\t\t<div class=\"content-wrap\">\n\t\n\t\t<div class=\"content\">\n\n\t\t\t<div class=\"post-meta post-meta-a meta-contrast has-below\"><h2 class=\"is-title post-title\"><a href=\"https:\/\/stineoester.dk\/nl\/little-bandits-baby-shorts\/\">Little Bandits &#8211; Baby Shorts<\/a><\/h2><div class=\"post-meta-items meta-below\"><span class=\"meta-item date\"><span class=\"date-link\"><time class=\"post-date\" datetime=\"2016-04-23T10:03:41+02:00\">23. april 2016<\/time><\/span><\/span><\/div><\/div>\t\t\t\n\t\t\t\n\t\t\t\n\t\t<\/div>\n\n\t\t\t<\/div>\n\t\n<\/article>\n\t\t\t\n\t\t\t\n<article class=\"l-post grid-overlay overlay-post grid-overlay-a overlay-base-post\">\n\n\t\n\t\t\t<div class=\"media\">\n\n\t\t\n\t\t\t<a href=\"https:\/\/stineoester.dk\/nl\/jurkje-julie-prachtig-lichtgewicht-jurkje-voor-baby-van-0-12-maanden\/\" class=\"image-link media-ratio ratio-3-4\" title=\"Jurkje Julie &#8211; Prachtig lichtgewicht jurkje voor baby van 0-12 maanden\"><img loading=\"lazy\" decoding=\"async\" width=\"339\" height=\"452\" src=\"https:\/\/stineoester.dk\/wp-content\/uploads\/2017\/12\/Julie1.jpg\" class=\"attachment-large size-large wp-post-image\" alt=\"\" sizes=\"(max-width: 339px) 100vw, 339px\" title=\"Jurkje Julie &#8211; Prachtig lichtgewicht jurkje voor baby van 0-12 maanden\" srcset=\"https:\/\/stineoester.dk\/wp-content\/uploads\/2017\/12\/Julie1.jpg 800w, https:\/\/stineoester.dk\/wp-content\/uploads\/2017\/12\/Julie1-768x885.jpg 768w\" \/><\/a>\t\t\t\n\t\t\t\n\t\t\t\n\t\t\t\t\t\t\t\n\t\t\t\t<span class=\"cat-labels cat-labels-overlay c-overlay p-top-left\">\n\t\t\t\t<a href=\"https:\/\/stineoester.dk\/nl\/category\/breipatronen-kopen\/\" class=\"category term-color-194\" rel=\"category\" tabindex=\"-1\">Breipatronen kopen<\/a>\n\t\t\t<\/span>\n\t\t\t\t\t\t\n\t\t\t\n\t\t\n\t\t<\/div>\n\t\n\n\t\t\t<div class=\"content-wrap\">\n\t\n\t\t<div class=\"content\">\n\n\t\t\t<div class=\"post-meta post-meta-a meta-contrast has-below\"><h2 class=\"is-title post-title\"><a href=\"https:\/\/stineoester.dk\/nl\/jurkje-julie-prachtig-lichtgewicht-jurkje-voor-baby-van-0-12-maanden\/\">Jurkje Julie &#8211; Prachtig lichtgewicht jurkje voor baby van 0-12 maanden<\/a><\/h2><div class=\"post-meta-items meta-below\"><span class=\"meta-item date\"><span class=\"date-link\"><time class=\"post-date\" datetime=\"2014-04-07T09:28:12+02:00\">7. april 2014<\/time><\/span><\/span><\/div><\/div>\t\t\t\n\t\t\t\n\t\t\t\n\t\t<\/div>\n\n\t\t\t<\/div>\n\t\n<\/article>\n\t\t\n\t<\/div>\n\n\t\t\n\t\t\t<\/div>\n\n\t\t<\/section>\n\t\t\t\t\t\t<\/div>\n\t\t\t\t<\/div>\n\t\t\t\t<div class=\"elementor-element elementor-element-6e3c49b3 elementor-widget elementor-widget-smartmag-overlay\" data-id=\"6e3c49b3\" data-element_type=\"widget\" data-widget_type=\"smartmag-overlay.default\">\n\t\t\t\t<div class=\"elementor-widget-container\">\n\t\t\t\t\t\t\t<section class=\"block-wrap block-overlay block-sc cols-gap-sm\" data-id=\"8\">\n\n\t\t\t\t\t\t\t\t\n\t\t\t\t\t\t\t\n\t\t\t\t<div class=\"block-head block-head-a block-head-a1 is-left term-color-5\">\n\n\t\t\t\t\t<h4 class=\"heading\"><a href=\"https:\/\/stineoester.dk\/category\/boerne-strik\/\"><span class=\"color\">Seneste<\/span> B\u00f8rnestrik<\/a><\/h4>\t\t\t\t\t\n\t\t\t\t\t\t\t\t\t<\/div>\n\t\t\t\t\n\t\t\t\n\t\t\t\n\t\t\t<div class=\"block-content\">\n\t\t\t\t\t\n\t<div class=\"loop loop-overlay grid grid-3 md:grid-2 xs:grid-1\">\n\n\t\t\t\n\t\t\t\n<article class=\"l-post grid-overlay overlay-post grid-overlay-a overlay-base-post\">\n\n\t\n\t\t\t<div class=\"media\">\n\n\t\t\n\t\t\t<a href=\"https:\/\/stineoester.dk\/nl\/putte-poncho-deluxe-mooie-tweed-poncho-voor-kinderen\/\" class=\"image-link media-ratio ratio-3-4\" title=\"Putte Poncho Deluxe &#8211; Mooie tweed poncho voor kinderen\"><img loading=\"lazy\" decoding=\"async\" width=\"339\" height=\"452\" src=\"https:\/\/stineoester.dk\/wp-content\/uploads\/2017\/12\/puttedeluxe9-e1513072934891.jpg\" class=\"attachment-large size-large wp-post-image\" alt=\"\" sizes=\"(max-width: 339px) 100vw, 339px\" title=\"Putte Poncho Deluxe &#8211; Mooie tweed poncho voor kinderen\" srcset=\"https:\/\/stineoester.dk\/wp-content\/uploads\/2017\/12\/puttedeluxe9-e1513072934891.jpg 795w, https:\/\/stineoester.dk\/wp-content\/uploads\/2017\/12\/puttedeluxe9-e1513072934891-768x748.jpg 768w\" \/><\/a>\t\t\t\n\t\t\t\n\t\t\t\n\t\t\t\n\t\t\n\t\t<\/div>\n\t\n\n\t\t\t<div class=\"content-wrap\">\n\t\n\t\t<div class=\"content\">\n\n\t\t\t<div class=\"post-meta post-meta-a meta-contrast has-below\"><h2 class=\"is-title post-title\"><a href=\"https:\/\/stineoester.dk\/nl\/putte-poncho-deluxe-mooie-tweed-poncho-voor-kinderen\/\">Putte Poncho Deluxe &#8211; Mooie tweed poncho voor kinderen<\/a><\/h2><div class=\"post-meta-items meta-below\"><span class=\"meta-item date\"><span class=\"date-link\"><time class=\"post-date\" datetime=\"2017-10-12T09:46:34+02:00\">12. oktober 2017<\/time><\/span><\/span><\/div><\/div>\t\t\t\n\t\t\t\n\t\t\t\n\t\t<\/div>\n\n\t\t\t<\/div>\n\t\n<\/article>\n\t\t\t\n\t\t\t\n<article class=\"l-post grid-overlay overlay-post grid-overlay-a overlay-base-post\">\n\n\t\n\t\t\t<div class=\"media\">\n\n\t\t\n\t\t\t<a href=\"https:\/\/stineoester.dk\/nl\/charlottes-poncho-een-mooie-warme-en-functionele-poncho\/\" class=\"image-link media-ratio ratio-3-4\" title=\"Charlotte&#8217;s Poncho &#8211; Een mooie, warme en functionele poncho\"><img loading=\"lazy\" decoding=\"async\" width=\"339\" height=\"452\" src=\"https:\/\/stineoester.dk\/wp-content\/uploads\/2017\/12\/Charlotte3.jpg\" class=\"attachment-large size-large wp-post-image\" alt=\"\" sizes=\"(max-width: 339px) 100vw, 339px\" title=\"Charlotte&#8217;s Poncho &#8211; Een mooie, warme en functionele poncho\" \/><\/a>\t\t\t\n\t\t\t\n\t\t\t\n\t\t\t\n\t\t\n\t\t<\/div>\n\t\n\n\t\t\t<div class=\"content-wrap\">\n\t\n\t\t<div class=\"content\">\n\n\t\t\t<div class=\"post-meta post-meta-a meta-contrast has-below\"><h2 class=\"is-title post-title\"><a href=\"https:\/\/stineoester.dk\/nl\/charlottes-poncho-een-mooie-warme-en-functionele-poncho\/\">Charlotte&#8217;s Poncho &#8211; Een mooie, warme en functionele poncho<\/a><\/h2><div class=\"post-meta-items meta-below\"><span class=\"meta-item date\"><span class=\"date-link\"><time class=\"post-date\" datetime=\"2017-10-01T09:16:10+02:00\">1. oktober 2017<\/time><\/span><\/span><\/div><\/div>\t\t\t\n\t\t\t\n\t\t\t\n\t\t<\/div>\n\n\t\t\t<\/div>\n\t\n<\/article>\n\t\t\t\n\t\t\t\n<article class=\"l-post grid-overlay overlay-post grid-overlay-a overlay-base-post\">\n\n\t\n\t\t\t<div class=\"media\">\n\n\t\t\n\t\t\t<a href=\"https:\/\/stineoester.dk\/nl\/athen-vest-een-mooi-elegant-en-eenvoudig-vest\/\" class=\"image-link media-ratio ratio-3-4\" title=\"Athen vest &#8211; Een mooi, elegant en eenvoudig vest\"><img loading=\"lazy\" decoding=\"async\" width=\"339\" height=\"452\" src=\"https:\/\/stineoester.dk\/wp-content\/uploads\/2017\/12\/Athen-closeup2-683x1024.jpg\" class=\"attachment-large size-large wp-post-image\" alt=\"\" sizes=\"(max-width: 339px) 100vw, 339px\" title=\"Athen vest &#8211; Een mooi, elegant en eenvoudig vest\" srcset=\"https:\/\/stineoester.dk\/wp-content\/uploads\/2017\/12\/Athen-closeup2-683x1024.jpg 683w, https:\/\/stineoester.dk\/wp-content\/uploads\/2017\/12\/Athen-closeup2-768x1152.jpg 768w, https:\/\/stineoester.dk\/wp-content\/uploads\/2017\/12\/Athen-closeup2.jpg 800w\" \/><\/a>\t\t\t\n\t\t\t\n\t\t\t\n\t\t\t\n\t\t\n\t\t<\/div>\n\t\n\n\t\t\t<div class=\"content-wrap\">\n\t\n\t\t<div class=\"content\">\n\n\t\t\t<div class=\"post-meta post-meta-a meta-contrast has-below\"><h2 class=\"is-title post-title\"><a href=\"https:\/\/stineoester.dk\/nl\/athen-vest-een-mooi-elegant-en-eenvoudig-vest\/\">Athen vest &#8211; Een mooi, elegant en eenvoudig vest<\/a><\/h2><div class=\"post-meta-items meta-below\"><span class=\"meta-item date\"><span class=\"date-link\"><time class=\"post-date\" datetime=\"2017-09-21T09:01:50+02:00\">21. september 2017<\/time><\/span><\/span><\/div><\/div>\t\t\t\n\t\t\t\n\t\t\t\n\t\t<\/div>\n\n\t\t\t<\/div>\n\t\n<\/article>\n\t\t\n\t<\/div>\n\n\t\t\n\t\t\t<\/div>\n\n\t\t<\/section>\n\t\t\t\t\t\t<\/div>\n\t\t\t\t<\/div>\n\t\t\t\t<div class=\"elementor-element elementor-element-76b363d7 elementor-widget elementor-widget-smartmag-grid\" data-id=\"76b363d7\" data-element_type=\"widget\" data-widget_type=\"smartmag-grid.default\">\n\t\t\t\t<div class=\"elementor-widget-container\">\n\t\t\t\t\t\t\t<section class=\"block-wrap block-grid block-sc\" data-id=\"9\">\n\n\t\t\t\t\t\t\t\t\n\t\t\t\t\t\t\t\n\t\t\t\t<div class=\"block-head block-head-a block-head-a1 is-left\">\n\n\t\t\t\t\t<h4 class=\"heading\"><span class=\"color\">Seneste<\/span> Interi\u00f8r strik<\/h4>\t\t\t\t\t\n\t\t\t\t\t\t\t\t\t<\/div>\n\t\t\t\t\n\t\t\t\n\t\t\t\n\t\t\t<div class=\"block-content\">\n\t\t\t\t\t\n\t<div class=\"loop loop-grid loop-grid-base grid grid-2 md:grid-2 xs:grid-1\">\n\n\t\t\t\t\t\n<article class=\"l-post grid-post grid-base-post\">\n\n\t\n\t\t\t<div class=\"media\">\n\n\t\t\n\t\t\t<a href=\"https:\/\/stineoester.dk\/nl\/biologische-theedoeken-gebreide-theedoeken-met-patroon\/\" class=\"image-link media-ratio ratio-is-custom\" title=\"Biologische theedoeken &#8211; Gebreide theedoeken met patroon\"><img loading=\"lazy\" decoding=\"async\" width=\"339\" height=\"202\" src=\"https:\/\/stineoester.dk\/wp-content\/uploads\/2017\/12\/moensterklude.jpg\" class=\"attachment-large size-large wp-post-image\" alt=\"\" sizes=\"(max-width: 339px) 100vw, 339px\" title=\"Biologische theedoeken &#8211; Gebreide theedoeken met patroon\" srcset=\"https:\/\/stineoester.dk\/wp-content\/uploads\/2017\/12\/moensterklude.jpg 850w, https:\/\/stineoester.dk\/wp-content\/uploads\/2017\/12\/moensterklude-768x512.jpg 768w\" \/><\/a>\t\t\t\n\t\t\t\n\t\t\t\n\t\t\t\t\t\t\t\n\t\t\t\t<span class=\"cat-labels cat-labels-overlay c-overlay p-top-left\">\n\t\t\t\t<a href=\"https:\/\/stineoester.dk\/nl\/category\/gratis-breipatronen\/\" class=\"category term-color-200\" rel=\"category\" tabindex=\"-1\">Gratis breipatronen<\/a>\n\t\t\t<\/span>\n\t\t\t\t\t\t\n\t\t\t\n\t\t\n\t\t<\/div>\n\t\n\n\t\n\t\t<div class=\"content\">\n\n\t\t\t<div class=\"post-meta post-meta-a has-below\"><h2 class=\"is-title post-title\"><a href=\"https:\/\/stineoester.dk\/nl\/biologische-theedoeken-gebreide-theedoeken-met-patroon\/\">Biologische theedoeken &#8211; Gebreide theedoeken met patroon<\/a><\/h2><div class=\"post-meta-items meta-below\"><span class=\"meta-item post-author\"><span class=\"by\">By<\/span> <a href=\"https:\/\/stineoester.dk\/nl\/author\/stine\/\" title=\"Berichten van Strikkeekspert Stine \u00d8ster\" rel=\"author\">Strikkeekspert Stine \u00d8ster<\/a><\/span><span class=\"meta-item date\"><span class=\"date-link\"><time class=\"post-date\" datetime=\"2016-04-12T10:48:43+02:00\">12. april 2016<\/time><\/span><\/span><\/div><\/div>\t\t\t\n\t\t\t\t\t\t\n\t\t\t\t<div class=\"excerpt\">\n\t\t\t\t\t<p>100% biologische theedoeken met een prachtig netpatroon. Sinds al het gepraat over microplastics in 2015&hellip;<\/p>\n\t\t\t\t<\/div>\n\t\t\t\n\t\t\t\n\t\t\t\n\t\t<\/div>\n\n\t\n<\/article>\t\t\t\t\t\n<article class=\"l-post grid-post grid-base-post\">\n\n\t\n\t\t\t<div class=\"media\">\n\n\t\t\n\t\t\t<a href=\"https:\/\/stineoester.dk\/nl\/biologische-lentedoeken-gebreide-theedoeken\/\" class=\"image-link media-ratio ratio-is-custom\" title=\"Biologische lentedoeken &#8211; Gebreide theedoeken\"><img loading=\"lazy\" decoding=\"async\" width=\"339\" height=\"202\" src=\"https:\/\/stineoester.dk\/wp-content\/uploads\/2017\/12\/foraarsklude.jpg\" class=\"attachment-large size-large wp-post-image\" alt=\"\" sizes=\"(max-width: 339px) 100vw, 339px\" title=\"Biologische lentedoeken &#8211; Gebreide theedoeken\" srcset=\"https:\/\/stineoester.dk\/wp-content\/uploads\/2017\/12\/foraarsklude.jpg 850w, https:\/\/stineoester.dk\/wp-content\/uploads\/2017\/12\/foraarsklude-768x512.jpg 768w\" \/><\/a>\t\t\t\n\t\t\t\n\t\t\t\n\t\t\t\t\t\t\t\n\t\t\t\t<span class=\"cat-labels cat-labels-overlay c-overlay p-top-left\">\n\t\t\t\t<a href=\"https:\/\/stineoester.dk\/nl\/category\/gratis-breipatronen\/\" class=\"category term-color-200\" rel=\"category\" tabindex=\"-1\">Gratis breipatronen<\/a>\n\t\t\t<\/span>\n\t\t\t\t\t\t\n\t\t\t\n\t\t\n\t\t<\/div>\n\t\n\n\t\n\t\t<div class=\"content\">\n\n\t\t\t<div class=\"post-meta post-meta-a has-below\"><h2 class=\"is-title post-title\"><a href=\"https:\/\/stineoester.dk\/nl\/biologische-lentedoeken-gebreide-theedoeken\/\">Biologische lentedoeken &#8211; Gebreide theedoeken<\/a><\/h2><div class=\"post-meta-items meta-below\"><span class=\"meta-item post-author\"><span class=\"by\">By<\/span> <a href=\"https:\/\/stineoester.dk\/nl\/author\/stine\/\" title=\"Berichten van Strikkeekspert Stine \u00d8ster\" rel=\"author\">Strikkeekspert Stine \u00d8ster<\/a><\/span><span class=\"meta-item date\"><span class=\"date-link\"><time class=\"post-date\" datetime=\"2016-03-30T10:50:00+02:00\">30. maart 2016<\/time><\/span><\/span><\/div><\/div>\t\t\t\n\t\t\t\t\t\t\n\t\t\t\t<div class=\"excerpt\">\n\t\t\t\t\t<p>Sta jij ook te popelen om een voorjaarsschoonmaak te houden? Dan moet je je eigen&hellip;<\/p>\n\t\t\t\t<\/div>\n\t\t\t\n\t\t\t\n\t\t\t\n\t\t<\/div>\n\n\t\n<\/article>\t\t\t\t\t\n<article class=\"l-post grid-post grid-base-post\">\n\n\t\n\t\t\t<div class=\"media\">\n\n\t\t\n\t\t\t<a href=\"https:\/\/stineoester.dk\/nl\/stines-netmoenster-lappen-gebreide-vaatdoeken-voor-de-keuken\/\" class=\"image-link media-ratio ratio-is-custom\" title=\"Stines Netm\u00f8nster lappen &#8211; Gebreide vaatdoeken voor de keuken\"><img loading=\"lazy\" decoding=\"async\" width=\"339\" height=\"202\" src=\"https:\/\/stineoester.dk\/wp-content\/uploads\/2017\/12\/stine-net-moenster-3-1024x768.jpg\" class=\"attachment-large size-large wp-post-image\" alt=\"\" sizes=\"(max-width: 339px) 100vw, 339px\" title=\"Stines Netm\u00f8nster lappen &#8211; Gebreide vaatdoeken voor de keuken\" srcset=\"https:\/\/stineoester.dk\/wp-content\/uploads\/2017\/12\/stine-net-moenster-3-1024x768.jpg 1024w, https:\/\/stineoester.dk\/wp-content\/uploads\/2017\/12\/stine-net-moenster-3-300x225.jpg 300w, https:\/\/stineoester.dk\/wp-content\/uploads\/2017\/12\/stine-net-moenster-3-768x576.jpg 768w, https:\/\/stineoester.dk\/wp-content\/uploads\/2017\/12\/stine-net-moenster-3.jpg 1200w\" \/><\/a>\t\t\t\n\t\t\t\n\t\t\t\n\t\t\t\t\t\t\t\n\t\t\t\t<span class=\"cat-labels cat-labels-overlay c-overlay p-top-left\">\n\t\t\t\t<a href=\"https:\/\/stineoester.dk\/nl\/category\/gratis-breipatronen\/\" class=\"category term-color-200\" rel=\"category\" tabindex=\"-1\">Gratis breipatronen<\/a>\n\t\t\t<\/span>\n\t\t\t\t\t\t\n\t\t\t\n\t\t\n\t\t<\/div>\n\t\n\n\t\n\t\t<div class=\"content\">\n\n\t\t\t<div class=\"post-meta post-meta-a has-below\"><h2 class=\"is-title post-title\"><a href=\"https:\/\/stineoester.dk\/nl\/stines-netmoenster-lappen-gebreide-vaatdoeken-voor-de-keuken\/\">Stines Netm\u00f8nster lappen &#8211; Gebreide vaatdoeken voor de keuken<\/a><\/h2><div class=\"post-meta-items meta-below\"><span class=\"meta-item post-author\"><span class=\"by\">By<\/span> <a href=\"https:\/\/stineoester.dk\/nl\/author\/stine\/\" title=\"Berichten van Strikkeekspert Stine \u00d8ster\" rel=\"author\">Strikkeekspert Stine \u00d8ster<\/a><\/span><span class=\"meta-item date\"><span class=\"date-link\"><time class=\"post-date\" datetime=\"2016-02-17T10:45:23+01:00\">17. februari 2016<\/time><\/span><\/span><\/div><\/div>\t\t\t\n\t\t\t\t\t\t\n\t\t\t\t<div class=\"excerpt\">\n\t\t\t\t\t<p>Gebreide theedoeken voor in de keuken zijn een groot succes geworden. Er zijn zelfs nog&hellip;<\/p>\n\t\t\t\t<\/div>\n\t\t\t\n\t\t\t\n\t\t\t\n\t\t<\/div>\n\n\t\n<\/article>\t\t\t\t\t\n<article class=\"l-post grid-post grid-base-post\">\n\n\t\n\t\t\t<div class=\"media\">\n\n\t\t\n\t\t\t<a href=\"https:\/\/stineoester.dk\/nl\/stines-lievelingsdoeken-gebreide-theedoeken-zoals-oma-ze-vroeger-maakte\/\" class=\"image-link media-ratio ratio-is-custom\" title=\"Stine&#8217;s lievelingsdoeken &#8211; Gebreide theedoeken zoals oma ze vroeger maakte\"><img loading=\"lazy\" decoding=\"async\" width=\"339\" height=\"202\" src=\"https:\/\/stineoester.dk\/wp-content\/uploads\/2017\/12\/stines-favorit-klud-1-1024x768.jpg\" class=\"attachment-large size-large wp-post-image\" alt=\"\" sizes=\"(max-width: 339px) 100vw, 339px\" title=\"Stine&#8217;s lievelingsdoeken &#8211; Gebreide theedoeken zoals oma ze vroeger maakte\" srcset=\"https:\/\/stineoester.dk\/wp-content\/uploads\/2017\/12\/stines-favorit-klud-1-1024x768.jpg 1024w, https:\/\/stineoester.dk\/wp-content\/uploads\/2017\/12\/stines-favorit-klud-1-300x225.jpg 300w, https:\/\/stineoester.dk\/wp-content\/uploads\/2017\/12\/stines-favorit-klud-1-768x576.jpg 768w, https:\/\/stineoester.dk\/wp-content\/uploads\/2017\/12\/stines-favorit-klud-1.jpg 1600w\" \/><\/a>\t\t\t\n\t\t\t\n\t\t\t\n\t\t\t\t\t\t\t\n\t\t\t\t<span class=\"cat-labels cat-labels-overlay c-overlay p-top-left\">\n\t\t\t\t<a href=\"https:\/\/stineoester.dk\/nl\/category\/gratis-breipatronen\/\" class=\"category term-color-200\" rel=\"category\" tabindex=\"-1\">Gratis breipatronen<\/a>\n\t\t\t<\/span>\n\t\t\t\t\t\t\n\t\t\t\n\t\t\n\t\t<\/div>\n\t\n\n\t\n\t\t<div class=\"content\">\n\n\t\t\t<div class=\"post-meta post-meta-a has-below\"><h2 class=\"is-title post-title\"><a href=\"https:\/\/stineoester.dk\/nl\/stines-lievelingsdoeken-gebreide-theedoeken-zoals-oma-ze-vroeger-maakte\/\">Stine&#8217;s lievelingsdoeken &#8211; Gebreide theedoeken zoals oma ze vroeger maakte<\/a><\/h2><div class=\"post-meta-items meta-below\"><span class=\"meta-item post-author\"><span class=\"by\">By<\/span> <a href=\"https:\/\/stineoester.dk\/nl\/author\/stine\/\" title=\"Berichten van Strikkeekspert Stine \u00d8ster\" rel=\"author\">Strikkeekspert Stine \u00d8ster<\/a><\/span><span class=\"meta-item date\"><span class=\"date-link\"><time class=\"post-date\" datetime=\"2016-02-07T10:44:22+01:00\">7. februari 2016<\/time><\/span><\/span><\/div><\/div>\t\t\t\n\t\t\t\t\t\t\n\t\t\t\t<div class=\"excerpt\">\n\t\t\t\t\t<p>Gebreide theedoeken zoals oma ze vroeger maakte. Dat dacht ik ook toen ik deze voor&hellip;<\/p>\n\t\t\t\t<\/div>\n\t\t\t\n\t\t\t\n\t\t\t\n\t\t<\/div>\n\n\t\n<\/article>\t\t\n\t<\/div>\n\n\t\t\n\t\t\t<\/div>\n\n\t\t<\/section>\n\t\t\t\t\t\t<\/div>\n\t\t\t\t<\/div>\n\t\t\t\t<div class=\"elementor-element elementor-element-4eb361b9 elementor-widget elementor-widget-text-editor\" data-id=\"4eb361b9\" data-element_type=\"widget\" data-widget_type=\"text-editor.default\">\n\t\t\t\t<div class=\"elementor-widget-container\">\n\t\t\t\t\t\t\t\t\t<p><a href=\"https:\/\/www.filato.dk\/gratis-strikkeopskrifter\/\">Gratis strikkeopskrifter<\/a> finder ogs\u00e5 en masse af hos Filato.dk. Mere end 1700 forskellige opskrifter hvor en masse af dem er gratis.<\/p>\t\t\t\t\t\t\t\t<\/div>\n\t\t\t\t<\/div>\n\t\t\t\t\t<\/div>\n\t\t<\/div>\n\t\t\t\t\t<\/div>\n\t\t<\/section>\n\t\t\t\t<\/div>\n\t\t","protected":false},"excerpt":{"rendered":"","protected":false},"author":1,"featured_media":0,"parent":0,"menu_order":0,"comment_status":"closed","ping_status":"closed","template":"page-templates\/blocks.php","meta":{"footnotes":""},"class_list":["post-2865","page","type-page","status-publish"],"yoast_head":"<!-- This site is optimized with the Yoast SEO plugin v26.2 - https:\/\/yoast.com\/wordpress\/plugins\/seo\/ -->\n<title>Stine \u00d8ster - Brei-ontwerper - Bekijk mijn ontwerpen hier - Steeds nieuw<\/title>\n<meta name=\"description\" content=\"Brei-ontwerper Stine \u00d8ster. Bekijk mijn eigen ontwerpen hier. Je kunt er zowel kooppatronen als gratis breipatronen vinden. Ik ontwerp voor vrouwen, baby&#039;s en kinderen en je kunt je aanmelden voor mijn gratis nieuwsbrief om de nieuwste gratis patronen rechtstreeks in je inbox te ontvangen.\" \/>\n<meta name=\"robots\" content=\"index, follow, max-snippet:-1, max-image-preview:large, max-video-preview:-1\" \/>\n<link rel=\"canonical\" href=\"https:\/\/stineoester.dk\/nl\/homepage\/\" \/>\n<meta property=\"og:locale\" content=\"nl_NL\" \/>\n<meta property=\"og:type\" content=\"article\" \/>\n<meta property=\"og:title\" content=\"Stine \u00d8ster - Brei-ontwerper - Bekijk mijn ontwerpen hier - Steeds nieuw\" \/>\n<meta property=\"og:description\" content=\"Brei-ontwerper Stine \u00d8ster. Bekijk mijn eigen ontwerpen hier. Je kunt er zowel kooppatronen als gratis breipatronen vinden. Ik ontwerp voor vrouwen, baby&#039;s en kinderen en je kunt je aanmelden voor mijn gratis nieuwsbrief om de nieuwste gratis patronen rechtstreeks in je inbox te ontvangen.\" \/>\n<meta property=\"og:url\" content=\"https:\/\/stineoester.dk\/nl\/homepage\/\" \/>\n<meta property=\"og:site_name\" content=\"Stine \u00d8ster\" \/>\n<meta property=\"article:modified_time\" content=\"2025-02-11T08:48:27+00:00\" \/>\n<meta property=\"og:image\" content=\"https:\/\/stineoester.dk\/wp-content\/uploads\/2017\/12\/puttedeluxe9-e1513072934891-795x516.jpg\" \/>\n<meta name=\"twitter:card\" content=\"summary_large_image\" \/>\n<!-- \/ Yoast SEO plugin. -->","yoast_head_json":{"title":"Stine \u00d8ster - Brei-ontwerper - Bekijk mijn ontwerpen hier - Steeds nieuw","description":"Brei-ontwerper Stine \u00d8ster. Bekijk mijn eigen ontwerpen hier. Je kunt er zowel kooppatronen als gratis breipatronen vinden. Ik ontwerp voor vrouwen, baby's en kinderen en je kunt je aanmelden voor mijn gratis nieuwsbrief om de nieuwste gratis patronen rechtstreeks in je inbox te ontvangen.","robots":{"index":"index","follow":"follow","max-snippet":"max-snippet:-1","max-image-preview":"max-image-preview:large","max-video-preview":"max-video-preview:-1"},"canonical":"https:\/\/stineoester.dk\/nl\/homepage\/","og_locale":"nl_NL","og_type":"article","og_title":"Stine \u00d8ster - Brei-ontwerper - Bekijk mijn ontwerpen hier - Steeds nieuw","og_description":"Brei-ontwerper Stine \u00d8ster. Bekijk mijn eigen ontwerpen hier. Je kunt er zowel kooppatronen als gratis breipatronen vinden. Ik ontwerp voor vrouwen, baby's en kinderen en je kunt je aanmelden voor mijn gratis nieuwsbrief om de nieuwste gratis patronen rechtstreeks in je inbox te ontvangen.","og_url":"https:\/\/stineoester.dk\/nl\/homepage\/","og_site_name":"Stine \u00d8ster","article_modified_time":"2025-02-11T08:48:27+00:00","og_image":[{"url":"https:\/\/stineoester.dk\/wp-content\/uploads\/2017\/12\/puttedeluxe9-e1513072934891-795x516.jpg","type":"","width":"","height":""}],"twitter_card":"summary_large_image","schema":{"@context":"https:\/\/schema.org","@graph":[{"@type":"WebPage","@id":"https:\/\/stineoester.dk\/nl\/homepage\/","url":"https:\/\/stineoester.dk\/nl\/homepage\/","name":"Stine \u00d8ster - Brei-ontwerper - Bekijk mijn ontwerpen hier - Steeds nieuw","isPartOf":{"@id":"https:\/\/stineoester.dk\/#website"},"datePublished":"2017-01-07T17:56:23+00:00","dateModified":"2025-02-11T08:48:27+00:00","description":"Brei-ontwerper Stine \u00d8ster. Bekijk mijn eigen ontwerpen hier. Je kunt er zowel kooppatronen als gratis breipatronen vinden. Ik ontwerp voor vrouwen, baby's en kinderen en je kunt je aanmelden voor mijn gratis nieuwsbrief om de nieuwste gratis patronen rechtstreeks in je inbox te ontvangen.","breadcrumb":{"@id":"https:\/\/stineoester.dk\/nl\/homepage\/#breadcrumb"},"inLanguage":"nl-NL","potentialAction":[{"@type":"ReadAction","target":["https:\/\/stineoester.dk\/nl\/homepage\/"]}]},{"@type":"BreadcrumbList","@id":"https:\/\/stineoester.dk\/nl\/homepage\/#breadcrumb","itemListElement":[{"@type":"ListItem","position":1,"name":"Hjem","item":"https:\/\/stineoester.dk\/"},{"@type":"ListItem","position":2,"name":"Homepage"}]},{"@type":"WebSite","@id":"https:\/\/stineoester.dk\/#website","url":"https:\/\/stineoester.dk\/","name":"Stine \u00d8ster","description":"Strikkeopskrifter - Stines blog om strik","publisher":{"@id":"https:\/\/stineoester.dk\/#\/schema\/person\/9ce68975ea36c5ac4ffb7f635e8218b4"},"potentialAction":[{"@type":"SearchAction","target":{"@type":"EntryPoint","urlTemplate":"https:\/\/stineoester.dk\/?s={search_term_string}"},"query-input":{"@type":"PropertyValueSpecification","valueRequired":true,"valueName":"search_term_string"}}],"inLanguage":"nl-NL"},{"@type":["Person","Organization"],"@id":"https:\/\/stineoester.dk\/#\/schema\/person\/9ce68975ea36c5ac4ffb7f635e8218b4","name":"Strikkeekspert Stine \u00d8ster","image":{"@type":"ImageObject","inLanguage":"nl-NL","@id":"https:\/\/stineoester.dk\/#\/schema\/person\/image\/","url":"https:\/\/secure.gravatar.com\/avatar\/718dbfa699c0532ae1388c47d14d3e88aa2538bdeda14da97fc5e129d552931d?s=96&d=mm&r=g","contentUrl":"https:\/\/secure.gravatar.com\/avatar\/718dbfa699c0532ae1388c47d14d3e88aa2538bdeda14da97fc5e129d552931d?s=96&d=mm&r=g","caption":"Strikkeekspert Stine \u00d8ster"},"logo":{"@id":"https:\/\/stineoester.dk\/#\/schema\/person\/image\/"},"description":"Stine har strikket siden hun var blot 4 \u00e5r gammel. Hun l\u00e6rte det af sin mormor og har siden ikke kunne slippe strikket\u00f8jet. De f\u00f8rste mange \u00e5r var det blot en hobby at strikke, selvom det er blevet til mange hundrede opskrifter var det f\u00f8rst i 2010 at hun for alvor begyndte at designe professionelt. Siden er det blevet til mange dusin opskrifter i alle former og farver. Stine har designet alt fra karklude til nogle af de mest strikkede modeller i Danmark. Rome Ponchoen er Stines mest strikkede opskrift. Igennem \u00e5rene er der solgt mere end 1000 opskrifter af denne model. I det hele taget er en Poncho noget af det som Stine ynder at strikke. Det er blevet til flere meget strikkede emodeller. Herunder Putte Poncho og den s\u00e5kaldte Charlotte Poncho, som hun strikkede til hende da Charlotte Roest blev valgt ind i byr\u00e5det. R\u00e5dgivning Stine har igennem webshoppen filato.dk, der nu fungerer alene som strikkeblog samt i hendes fysiske forretning i Pr\u00e6st\u00f8, brugt sine evner til at r\u00e5dgive kunder hver eneste dag. Den professionelle tilgang til garn og opskrifter har hjulpet mange mennesker fra hele Danmark I 2018 valgte Stine at lukke sin fysiske forretning og g\u00e5 100% ind p\u00e5 strikke designs F\u00e5 ekspert hj\u00e6lp N\u00e5r man designer s\u00e5 meget som Stine har gjort, s\u00e5 kan det naturligvis v\u00e6re en udfordring at kunne hj\u00e6lpe alle. Hun g\u00f8r sit ypperste og s\u00e6rligt i Facebook gruppen kan du f\u00e5 hj\u00e6lp. Skulle du st\u00f8de ind i problemer kan Stine ogs\u00e5 hj\u00e6lpe dig ved at du skriver her. Enten som kommentar til opskriften eller ved at kontakte hende direkte. Vil du have Stines opskrifter? Du kan enten k\u00f8be dem p\u00e5 ravelry.com eller her p\u00e5 siden under K\u00f8be opskrifter Du kan f\u00f8lge Stine p\u00e5 de sociale medier her - LinkedIn - Facebook - Instagram"}]}},"_links":{"self":[{"href":"https:\/\/stineoester.dk\/nl\/wp-json\/wp\/v2\/pages\/2865","targetHints":{"allow":["GET"]}}],"collection":[{"href":"https:\/\/stineoester.dk\/nl\/wp-json\/wp\/v2\/pages"}],"about":[{"href":"https:\/\/stineoester.dk\/nl\/wp-json\/wp\/v2\/types\/page"}],"author":[{"embeddable":true,"href":"https:\/\/stineoester.dk\/nl\/wp-json\/wp\/v2\/users\/1"}],"replies":[{"embeddable":true,"href":"https:\/\/stineoester.dk\/nl\/wp-json\/wp\/v2\/comments?post=2865"}],"version-history":[{"count":1,"href":"https:\/\/stineoester.dk\/nl\/wp-json\/wp\/v2\/pages\/2865\/revisions"}],"predecessor-version":[{"id":2870,"href":"https:\/\/stineoester.dk\/nl\/wp-json\/wp\/v2\/pages\/2865\/revisions\/2870"}],"wp:attachment":[{"href":"https:\/\/stineoester.dk\/nl\/wp-json\/wp\/v2\/media?parent=2865"}],"curies":[{"name":"wp","href":"https:\/\/api.w.org\/{rel}","templated":true}]}}