{"id":3339,"date":"2017-01-23T21:19:31","date_gmt":"2017-01-23T20:19:31","guid":{"rendered":"https:\/\/stineoester.dk\/heimilisblokkir\/"},"modified":"2025-02-11T09:48:27","modified_gmt":"2025-02-11T08:48:27","slug":"heimilisblokkir","status":"publish","type":"page","link":"https:\/\/stineoester.dk\/is\/heimilisblokkir\/","title":{"rendered":"Heimilisblokkir"},"content":{"rendered":"\t\t<div data-elementor-type=\"wp-page\" data-elementor-id=\"3339\" class=\"elementor elementor-3339 elementor-315\">\n\t\t\t\t\t\t<section class=\"has-el-gap el-gap-default elementor-section elementor-top-section elementor-element elementor-element-7910877a elementor-section-boxed elementor-section-height-default elementor-section-height-default\" data-id=\"7910877a\" data-element_type=\"section\">\n\t\t\t\t\t\t<div class=\"elementor-container elementor-column-gap-no\">\n\t\t\t\t\t<div class=\"elementor-column elementor-col-100 elementor-top-column elementor-element elementor-element-309f2d9b\" data-id=\"309f2d9b\" data-element_type=\"column\">\n\t\t\t<div class=\"elementor-widget-wrap elementor-element-populated\">\n\t\t\t\t\t\t<div class=\"elementor-element elementor-element-51418f92 elementor-widget elementor-widget-smartmag-newsfocus\" data-id=\"51418f92\" data-element_type=\"widget\" data-widget_type=\"smartmag-newsfocus.default\">\n\t\t\t\t<div class=\"elementor-widget-container\">\n\t\t\t\t\t\t\t<section class=\"block-wrap block-news-focus block-sc\" data-id=\"1\" data-block=\"{&quot;id&quot;:&quot;news-focus&quot;,&quot;props&quot;:{&quot;cat_labels&quot;:&quot;0&quot;,&quot;cat_labels_pos&quot;:&quot;top-left&quot;,&quot;reviews&quot;:&quot;bars&quot;,&quot;post_formats_pos&quot;:&quot;center&quot;,&quot;load_more_style&quot;:&quot;a&quot;,&quot;meta_cat_style&quot;:&quot;text&quot;,&quot;media_style_shadow&quot;:0,&quot;meta_sponsor&quot;:1,&quot;meta_sponsor_logo&quot;:0,&quot;meta_sponsor_label&quot;:&quot;Sponsor: {sponsor}&quot;,&quot;meta_above&quot;:[],&quot;meta_below&quot;:[&quot;author&quot;,&quot;date&quot;],&quot;meta_sponsor_above&quot;:[],&quot;meta_sponsor_below&quot;:[&quot;sponsor&quot;,&quot;date&quot;],&quot;sort_order&quot;:&quot;desc&quot;,&quot;cat&quot;:5,&quot;heading&quot;:&quot;News Focus&quot;,&quot;heading_type&quot;:&quot;d&quot;,&quot;offset&quot;:&quot;0&quot;,&quot;heading_colors&quot;:&quot;force&quot;,&quot;container_width&quot;:66,&quot;separators&quot;:1,&quot;excerpt_length&quot;:20,&quot;filters&quot;:&quot;category&quot;,&quot;pagination_type&quot;:null,&quot;pagination_links&quot;:null,&quot;meta_sponsor_items_default&quot;:true,&quot;query_type&quot;:&quot;custom&quot;,&quot;sort_days&quot;:null,&quot;is_sc_call&quot;:true,&quot;meta_items_default&quot;:true}}\" data-is-mixed=\"1\">\n\n\t\t\t\t\t\t\t\t\n\t\t\t\t\t\t\t\n\t\t\t\t<div class=\"block-head block-head-d is-left term-color-5\">\n\n\t\t\t\t\t<h4 class=\"heading\"><a href=\"https:\/\/stineoester.dk\/category\/boerne-strik\/\">News Focus<\/a><\/h4>\t\t\t\t\t\n\t\t\t\t\t\t\t\t\t<\/div>\n\t\t\t\t\n\t\t\t\n\t\t\t\n\t\t\t<div class=\"block-content\">\n\t\t\t\t\t\n\t<div class=\"grid cols-not-eq loops-mixed grid-2 md:grid-2 sm:grid-1\">\n\n\t\t\t\n\t<div class=\"loop loop-grid loop-grid-base grid grid-1 md:grid-1 xs:grid-1\">\n\n\t\t\t\t\t\n<article class=\"l-post grid-post grid-base-post\">\n\n\t\n\t\t\t<div class=\"media\">\n\n\t\t\n\t\t\t<a href=\"https:\/\/stineoester.dk\/is\/putte-poncho-deluxe-fallegt-tweed-poncho-fyrir-boern\/\" class=\"image-link media-ratio ratio-is-custom\" title=\"Putte Poncho Deluxe &#8211; Fallegt tweed Poncho fyrir b\u00f6rn\"><img fetchpriority=\"high\" decoding=\"async\" width=\"339\" height=\"202\" src=\"https:\/\/stineoester.dk\/wp-content\/uploads\/2017\/12\/puttedeluxe9-e1513072934891.jpg\" class=\"attachment-large size-large wp-post-image\" alt=\"\" sizes=\"(max-width: 339px) 100vw, 339px\" title=\"Putte Poncho Deluxe &#8211; Fallegt tweed Poncho fyrir b\u00f6rn\" srcset=\"https:\/\/stineoester.dk\/wp-content\/uploads\/2017\/12\/puttedeluxe9-e1513072934891.jpg 795w, https:\/\/stineoester.dk\/wp-content\/uploads\/2017\/12\/puttedeluxe9-e1513072934891-300x292.jpg 300w, https:\/\/stineoester.dk\/wp-content\/uploads\/2017\/12\/puttedeluxe9-e1513072934891-768x748.jpg 768w\" \/><\/a>\t\t\t\n\t\t\t\n\t\t\t\n\t\t\t\n\t\t\n\t\t<\/div>\n\t\n\n\t\n\t\t<div class=\"content\">\n\n\t\t\t<div class=\"post-meta post-meta-a has-below\"><h2 class=\"is-title post-title\"><a href=\"https:\/\/stineoester.dk\/is\/putte-poncho-deluxe-fallegt-tweed-poncho-fyrir-boern\/\">Putte Poncho Deluxe &#8211; Fallegt tweed Poncho fyrir b\u00f6rn<\/a><\/h2><div class=\"post-meta-items meta-below\"><span class=\"meta-item post-author\"><span class=\"by\">By<\/span> <a href=\"https:\/\/stineoester.dk\/is\/author\/stine\/\" title=\"F\u00e6rslur eftir \u00feennan h\u00f6fund: Strikkeekspert Stine \u00d8ster\" rel=\"author\">Strikkeekspert Stine \u00d8ster<\/a><\/span><span class=\"meta-item date\"><span class=\"date-link\"><time class=\"post-date\" datetime=\"2017-10-12T09:46:34+02:00\">12. okt\u00f3ber 2017<\/time><\/span><\/span><\/div><\/div>\t\t\t\n\t\t\t\t\t\t\n\t\t\t\t<div class=\"excerpt\">\n\t\t\t\t\t<p>Kauptu uppskrift n\u00fana S\u00fdndu k\u00f6rfuna \u00fe\u00edna Putte Poncho Deluxe er arftaki hins upprunalega Putte Poncho . \u00cd \u00feessari uppskrift hef&hellip;<\/p>\n\t\t\t\t<\/div>\n\t\t\t\n\t\t\t\n\t\t\t\n\t\t<\/div>\n\n\t\n<\/article>\t\t\n\t<\/div>\n\n\t\t\n\n\t\t\n\t<div class=\"loop loop-small loop-small-a loop-sep loop-small-sep grid grid-1 md:grid-1 sm:grid-1 xs:grid-1\">\n\n\t\t\t\t\t\n<article class=\"l-post small-post small-a-post m-pos-left\">\n\n\t\n\t\t\t<div class=\"media\">\n\n\t\t\n\t\t\t<a href=\"https:\/\/stineoester.dk\/is\/notalega-blussan-fyrir-boern-2-10-ara-virkilega-god-mjuk-blussa\/\" class=\"image-link media-ratio ratio-3-2\" title=\"Notalega bl\u00fassan fyrir b\u00f6rn 2-10 \u00e1ra &#8211; Virkilega g\u00f3\u00f0 mj\u00fak bl\u00fassa\"><img decoding=\"async\" width=\"99\" height=\"66\" src=\"https:\/\/stineoester.dk\/wp-content\/uploads\/2017\/12\/IMG_3356-e1512635201129-225x300.jpg\" class=\"attachment-medium size-medium wp-post-image\" alt=\"\" sizes=\"(max-width: 99px) 100vw, 99px\" title=\"Notalega bl\u00fassan fyrir b\u00f6rn 2-10 \u00e1ra &#8211; Virkilega g\u00f3\u00f0 mj\u00fak bl\u00fassa\" srcset=\"https:\/\/stineoester.dk\/wp-content\/uploads\/2017\/12\/IMG_3356-e1512635201129-225x300.jpg 225w, https:\/\/stineoester.dk\/wp-content\/uploads\/2017\/12\/IMG_3356-e1512635201129.jpg 480w\" \/><\/a>\t\t\t\n\t\t\t\n\t\t\t\n\t\t\t\n\t\t\n\t\t<\/div>\n\t\n\n\t\n\t\t<div class=\"content\">\n\n\t\t\t<div class=\"post-meta post-meta-a post-meta-left has-below\"><h4 class=\"is-title post-title\"><a href=\"https:\/\/stineoester.dk\/is\/notalega-blussan-fyrir-boern-2-10-ara-virkilega-god-mjuk-blussa\/\">Notalega bl\u00fassan fyrir b\u00f6rn 2-10 \u00e1ra &#8211; Virkilega g\u00f3\u00f0 mj\u00fak bl\u00fassa<\/a><\/h4><div class=\"post-meta-items meta-below\"><span class=\"meta-item date\"><span class=\"date-link\"><time class=\"post-date\" datetime=\"2017-08-15T09:25:16+02:00\">15. \u00e1g\u00fast 2017<\/time><\/span><\/span><\/div><\/div>\t\t\t\n\t\t\t\n\t\t\t\n\t\t<\/div>\n\n\t\n<\/article>\t\n\t\t\t\t\t\n<article class=\"l-post small-post small-a-post m-pos-left\">\n\n\t\n\t\t\t<div class=\"media\">\n\n\t\t\n\t\t\t<a href=\"https:\/\/stineoester.dk\/is\/spring-poncho-fyrir-boern-yndislegt-hlytt-og-lett-poncho-fyrir-stelpur\/\" class=\"image-link media-ratio ratio-3-2\" title=\"Spring Poncho fyrir b\u00f6rn &#8211; Yndislegt hl\u00fdtt og l\u00e9tt poncho fyrir stelpur\"><img decoding=\"async\" width=\"99\" height=\"66\" src=\"https:\/\/stineoester.dk\/wp-content\/uploads\/2017\/12\/foraarsponcho-225x300.jpg\" class=\"attachment-medium size-medium wp-post-image\" alt=\"\" sizes=\"(max-width: 99px) 100vw, 99px\" title=\"Spring Poncho fyrir b\u00f6rn &#8211; Yndislegt hl\u00fdtt og l\u00e9tt poncho fyrir stelpur\" srcset=\"https:\/\/stineoester.dk\/wp-content\/uploads\/2017\/12\/foraarsponcho-225x300.jpg 225w, https:\/\/stineoester.dk\/wp-content\/uploads\/2017\/12\/foraarsponcho-768x1024.jpg 768w, https:\/\/stineoester.dk\/wp-content\/uploads\/2017\/12\/foraarsponcho.jpg 1200w\" \/><\/a>\t\t\t\n\t\t\t\n\t\t\t\n\t\t\t\n\t\t\n\t\t<\/div>\n\t\n\n\t\n\t\t<div class=\"content\">\n\n\t\t\t<div class=\"post-meta post-meta-a post-meta-left has-below\"><h4 class=\"is-title post-title\"><a href=\"https:\/\/stineoester.dk\/is\/spring-poncho-fyrir-boern-yndislegt-hlytt-og-lett-poncho-fyrir-stelpur\/\">Spring Poncho fyrir b\u00f6rn &#8211; Yndislegt hl\u00fdtt og l\u00e9tt poncho fyrir stelpur<\/a><\/h4><div class=\"post-meta-items meta-below\"><span class=\"meta-item date\"><span class=\"date-link\"><time class=\"post-date\" datetime=\"2017-03-07T09:24:13+01:00\">7. mars 2017<\/time><\/span><\/span><\/div><\/div>\t\t\t\n\t\t\t\n\t\t\t\n\t\t<\/div>\n\n\t\n<\/article>\t\n\t\t\t\t\t\n<article class=\"l-post small-post small-a-post m-pos-left\">\n\n\t\n\t\t\t<div class=\"media\">\n\n\t\t\n\t\t\t<a href=\"https:\/\/stineoester.dk\/is\/putte-poncho-vinsaelt-poncho-fyrir-boern-med-hnoeppum\/\" class=\"image-link media-ratio ratio-3-2\" title=\"Putte Poncho &#8211; Vins\u00e6lt poncho fyrir b\u00f6rn me\u00f0 hn\u00f6ppum\"><img loading=\"lazy\" decoding=\"async\" width=\"99\" height=\"66\" src=\"https:\/\/stineoester.dk\/wp-content\/uploads\/2017\/12\/putteponcho-1-close-252x300.jpg\" class=\"attachment-medium size-medium wp-post-image\" alt=\"\" sizes=\"(max-width: 99px) 100vw, 99px\" title=\"Putte Poncho &#8211; Vins\u00e6lt poncho fyrir b\u00f6rn me\u00f0 hn\u00f6ppum\" srcset=\"https:\/\/stineoester.dk\/wp-content\/uploads\/2017\/12\/putteponcho-1-close-252x300.jpg 252w, https:\/\/stineoester.dk\/wp-content\/uploads\/2017\/12\/putteponcho-1-close.jpg 540w\" \/><\/a>\t\t\t\n\t\t\t\n\t\t\t\n\t\t\t\n\t\t\n\t\t<\/div>\n\t\n\n\t\n\t\t<div class=\"content\">\n\n\t\t\t<div class=\"post-meta post-meta-a post-meta-left has-below\"><h4 class=\"is-title post-title\"><a href=\"https:\/\/stineoester.dk\/is\/putte-poncho-vinsaelt-poncho-fyrir-boern-med-hnoeppum\/\">Putte Poncho &#8211; Vins\u00e6lt poncho fyrir b\u00f6rn me\u00f0 hn\u00f6ppum<\/a><\/h4><div class=\"post-meta-items meta-below\"><span class=\"meta-item date\"><span class=\"date-link\"><time class=\"post-date\" datetime=\"2016-06-07T09:57:05+02:00\">7. j\u00fan\u00ed 2016<\/time><\/span><\/span><\/div><\/div>\t\t\t\n\t\t\t\n\t\t\t\n\t\t<\/div>\n\n\t\n<\/article>\t\n\t\t\t\t\t\n<article class=\"l-post small-post small-a-post m-pos-left\">\n\n\t\n\t\t\t<div class=\"media\">\n\n\t\t\n\t\t\t<a href=\"https:\/\/stineoester.dk\/is\/maja-jakken-yndisleg-mjuk-tilbreytingarpeysa-peysa-fyrir-boern\/\" class=\"image-link media-ratio ratio-3-2\" title=\"Maja Jakken &#8211; Yndisleg mj\u00fak tilbreytingarpeysa\/peysa fyrir b\u00f6rn\"><img loading=\"lazy\" decoding=\"async\" width=\"99\" height=\"66\" src=\"https:\/\/stineoester.dk\/wp-content\/uploads\/2017\/12\/maja-jakken-by-filato-300x226.jpg\" class=\"attachment-medium size-medium wp-post-image\" alt=\"\" sizes=\"(max-width: 99px) 100vw, 99px\" title=\"Maja Jakken &#8211; Yndisleg mj\u00fak tilbreytingarpeysa\/peysa fyrir b\u00f6rn\" srcset=\"https:\/\/stineoester.dk\/wp-content\/uploads\/2017\/12\/maja-jakken-by-filato-300x226.jpg 300w, https:\/\/stineoester.dk\/wp-content\/uploads\/2017\/12\/maja-jakken-by-filato-768x580.jpg 768w, https:\/\/stineoester.dk\/wp-content\/uploads\/2017\/12\/maja-jakken-by-filato.jpg 1024w\" \/><\/a>\t\t\t\n\t\t\t\n\t\t\t\n\t\t\t\n\t\t\n\t\t<\/div>\n\t\n\n\t\n\t\t<div class=\"content\">\n\n\t\t\t<div class=\"post-meta post-meta-a post-meta-left has-below\"><h4 class=\"is-title post-title\"><a href=\"https:\/\/stineoester.dk\/is\/maja-jakken-yndisleg-mjuk-tilbreytingarpeysa-peysa-fyrir-boern\/\">Maja Jakken &#8211; Yndisleg mj\u00fak tilbreytingarpeysa\/peysa fyrir b\u00f6rn<\/a><\/h4><div class=\"post-meta-items meta-below\"><span class=\"meta-item date\"><span class=\"date-link\"><time class=\"post-date\" datetime=\"2016-03-07T09:30:52+01:00\">7. mars 2016<\/time><\/span><\/span><\/div><\/div>\t\t\t\n\t\t\t\n\t\t\t\n\t\t<\/div>\n\n\t\n<\/article>\t\n\t\t\n\t<\/div>\n\n\t\t\t<\/div>\n\t\n\t\t\t\t<\/div>\n\n\t\t<\/section>\n\t\t\t\t\t\t<\/div>\n\t\t\t\t<\/div>\n\t\t\t\t<div class=\"elementor-element elementor-element-e295ad8 elementor-widget elementor-widget-smartmag-highlights\" data-id=\"e295ad8\" data-element_type=\"widget\" data-widget_type=\"smartmag-highlights.default\">\n\t\t\t\t<div class=\"elementor-widget-container\">\n\t\t\t\t\t\t\t<section class=\"block-wrap block-highlights block-sc\" data-id=\"4\" data-is-mixed=\"1\">\n\n\t\t\t\t\t\t\t\t\n\t\t\t\t\t\t\t\n\t\t\t\t<div class=\"block-head block-head-d is-left\">\n\n\t\t\t\t\t<h4 class=\"heading\">Highlights - B<\/h4>\t\t\t\t\t\n\t\t\t\t\t\t\t\t\t<\/div>\n\t\t\t\t\n\t\t\t\n\t\t\t\n\t\t\t<div class=\"block-content\">\n\t\t\t\t\t\n\t<div class=\"loops-mixed\">\n\t\t\t\n\t<div class=\"loop loop-grid loop-grid-base grid grid-2 md:grid-2 xs:grid-1\">\n\n\t\t\t\t\t\n<article class=\"l-post grid-post grid-base-post\">\n\n\t\n\t\t\t<div class=\"media\">\n\n\t\t\n\t\t\t<a href=\"https:\/\/stineoester.dk\/is\/baby-blanket-fallegt-barnateppi-med-godum-malum-og-samsvarandi-jakkafoetum\/\" class=\"image-link media-ratio ratio-is-custom\" title=\"Baby Blanket &#8211; Fallegt barnateppi me\u00f0 g\u00f3\u00f0um m\u00e1lum og samsvarandi jakkaf\u00f6tum\"><img loading=\"lazy\" decoding=\"async\" width=\"339\" height=\"202\" src=\"https:\/\/stineoester.dk\/wp-content\/uploads\/2018\/04\/Rompere-og-t\u00e6ppe.jpg\" class=\"attachment-large size-large wp-post-image\" alt=\"\" sizes=\"(max-width: 339px) 100vw, 339px\" title=\"Baby Blanket &#8211; Fallegt barnateppi me\u00f0 g\u00f3\u00f0um m\u00e1lum og samsvarandi jakkaf\u00f6tum\" srcset=\"https:\/\/stineoester.dk\/wp-content\/uploads\/2018\/04\/Rompere-og-t\u00e6ppe.jpg 739w, https:\/\/stineoester.dk\/wp-content\/uploads\/2018\/04\/Rompere-og-t\u00e6ppe-300x195.jpg 300w, https:\/\/stineoester.dk\/wp-content\/uploads\/2018\/04\/Rompere-og-t\u00e6ppe-214x140.jpg 214w\" \/><\/a>\t\t\t\n\t\t\t\n\t\t\t\n\t\t\t\n\t\t\n\t\t<\/div>\n\t\n\n\t\n\t\t<div class=\"content\">\n\n\t\t\t<div class=\"post-meta post-meta-a has-below\"><h2 class=\"is-title post-title\"><a href=\"https:\/\/stineoester.dk\/is\/baby-blanket-fallegt-barnateppi-med-godum-malum-og-samsvarandi-jakkafoetum\/\">Baby Blanket &#8211; Fallegt barnateppi me\u00f0 g\u00f3\u00f0um m\u00e1lum og samsvarandi jakkaf\u00f6tum<\/a><\/h2><div class=\"post-meta-items meta-below\"><span class=\"meta-item post-author\"><span class=\"by\">By<\/span> <a href=\"https:\/\/stineoester.dk\/is\/author\/stine\/\" title=\"F\u00e6rslur eftir \u00feennan h\u00f6fund: Strikkeekspert Stine \u00d8ster\" rel=\"author\">Strikkeekspert Stine \u00d8ster<\/a><\/span><span class=\"meta-item date\"><span class=\"date-link\"><time class=\"post-date\" datetime=\"2018-04-13T13:22:02+02:00\">13. apr\u00edl 2018<\/time><\/span><\/span><\/div><\/div>\t\t\t\n\t\t\t\t\t\t\n\t\t\t\t<div class=\"excerpt\">\n\t\t\t\t\t<p>\u00c9g hef hanna\u00f0 \u00feetta lj\u00faffenga barnateppi \u00ed sama st\u00edl\/h\u00f6nnun og n\u00fdju buxurnar m\u00ednar sem \u00fe\u00fa&hellip;<\/p>\n\t\t\t\t<\/div>\n\t\t\t\n\t\t\t\n\t\t\t\n\t\t<\/div>\n\n\t\n<\/article>\t\t\t\t\t\n<article class=\"l-post grid-post grid-base-post\">\n\n\t\n\t\t\t<div class=\"media\">\n\n\t\t\n\t\t\t<a href=\"https:\/\/stineoester.dk\/is\/barnabuxur-saetustu-buxurnar-fra-0-til-18-manada\/\" class=\"image-link media-ratio ratio-is-custom\" title=\"Barnabuxur &#8211; S\u00e6tustu buxurnar fr\u00e1 0 til 18 m\u00e1na\u00f0a\"><img loading=\"lazy\" decoding=\"async\" width=\"339\" height=\"202\" src=\"https:\/\/stineoester.dk\/wp-content\/uploads\/2018\/04\/Rompere-og-t\u00e6ppe.jpg\" class=\"attachment-large size-large wp-post-image\" alt=\"\" sizes=\"(max-width: 339px) 100vw, 339px\" title=\"Barnabuxur &#8211; S\u00e6tustu buxurnar fr\u00e1 0 til 18 m\u00e1na\u00f0a\" srcset=\"https:\/\/stineoester.dk\/wp-content\/uploads\/2018\/04\/Rompere-og-t\u00e6ppe.jpg 739w, https:\/\/stineoester.dk\/wp-content\/uploads\/2018\/04\/Rompere-og-t\u00e6ppe-300x195.jpg 300w, https:\/\/stineoester.dk\/wp-content\/uploads\/2018\/04\/Rompere-og-t\u00e6ppe-214x140.jpg 214w\" \/><\/a>\t\t\t\n\t\t\t\n\t\t\t\n\t\t\t\n\t\t\n\t\t<\/div>\n\t\n\n\t\n\t\t<div class=\"content\">\n\n\t\t\t<div class=\"post-meta post-meta-a has-below\"><h2 class=\"is-title post-title\"><a href=\"https:\/\/stineoester.dk\/is\/barnabuxur-saetustu-buxurnar-fra-0-til-18-manada\/\">Barnabuxur &#8211; S\u00e6tustu buxurnar fr\u00e1 0 til 18 m\u00e1na\u00f0a<\/a><\/h2><div class=\"post-meta-items meta-below\"><span class=\"meta-item post-author\"><span class=\"by\">By<\/span> <a href=\"https:\/\/stineoester.dk\/is\/author\/stine\/\" title=\"F\u00e6rslur eftir \u00feennan h\u00f6fund: Strikkeekspert Stine \u00d8ster\" rel=\"author\">Strikkeekspert Stine \u00d8ster<\/a><\/span><span class=\"meta-item date\"><span class=\"date-link\"><time class=\"post-date\" datetime=\"2018-04-13T13:21:32+02:00\">13. apr\u00edl 2018<\/time><\/span><\/span><\/div><\/div>\t\t\t\n\t\t\t\t\t\t\n\t\t\t\t<div class=\"excerpt\">\n\t\t\t\t\t<p>\u00dea\u00f0 er f\u00e1tt s\u00e6tara en l\u00edti\u00f0 barn \u00ed s\u00e6tum litlum buxum. Mig langa\u00f0i lengi a\u00f0&hellip;<\/p>\n\t\t\t\t<\/div>\n\t\t\t\n\t\t\t\n\t\t\t\n\t\t<\/div>\n\n\t\n<\/article>\t\t\n\t<\/div>\n\n\t\t\n\n\t<div class=\"loop loop-small loop-small-a grid grid-2 md:grid-1 sm:grid-1 xs:grid-1\">\n\n\t\t\t\t\t\n<article class=\"l-post small-post small-a-post m-pos-left\">\n\n\t\n\t\t\t<div class=\"media\">\n\n\t\t\n\t\t\t<a href=\"https:\/\/stineoester.dk\/is\/putte-poncho-deluxe-fallegt-tweed-poncho-fyrir-boern\/\" class=\"image-link media-ratio ratio-3-2\" title=\"Putte Poncho Deluxe &#8211; Fallegt tweed Poncho fyrir b\u00f6rn\"><img loading=\"lazy\" decoding=\"async\" width=\"99\" height=\"66\" src=\"https:\/\/stineoester.dk\/wp-content\/uploads\/2017\/12\/puttedeluxe9-e1513072934891-300x292.jpg\" class=\"attachment-medium size-medium wp-post-image\" alt=\"\" sizes=\"(max-width: 99px) 100vw, 99px\" title=\"Putte Poncho Deluxe &#8211; Fallegt tweed Poncho fyrir b\u00f6rn\" srcset=\"https:\/\/stineoester.dk\/wp-content\/uploads\/2017\/12\/puttedeluxe9-e1513072934891-300x292.jpg 300w, https:\/\/stineoester.dk\/wp-content\/uploads\/2017\/12\/puttedeluxe9-e1513072934891-768x748.jpg 768w, https:\/\/stineoester.dk\/wp-content\/uploads\/2017\/12\/puttedeluxe9-e1513072934891.jpg 795w\" \/><\/a>\t\t\t\n\t\t\t\n\t\t\t\n\t\t\t\n\t\t\n\t\t<\/div>\n\t\n\n\t\n\t\t<div class=\"content\">\n\n\t\t\t<div class=\"post-meta post-meta-a post-meta-left has-below\"><h4 class=\"is-title post-title\"><a href=\"https:\/\/stineoester.dk\/is\/putte-poncho-deluxe-fallegt-tweed-poncho-fyrir-boern\/\">Putte Poncho Deluxe &#8211; Fallegt tweed Poncho fyrir b\u00f6rn<\/a><\/h4><div class=\"post-meta-items meta-below\"><span class=\"meta-item date\"><span class=\"date-link\"><time class=\"post-date\" datetime=\"2017-10-12T09:46:34+02:00\">12. okt\u00f3ber 2017<\/time><\/span><\/span><\/div><\/div>\t\t\t\n\t\t\t\n\t\t\t\n\t\t<\/div>\n\n\t\n<\/article>\t\n\t\t\t\t\t\n<article class=\"l-post small-post small-a-post m-pos-left\">\n\n\t\n\t\t\t<div class=\"media\">\n\n\t\t\n\t\t\t<a href=\"https:\/\/stineoester.dk\/is\/charlottes-poncho-fallegur-hlyr-og-hagnytur-poncho\/\" class=\"image-link media-ratio ratio-3-2\" title=\"Charlotte&#8217;s Poncho &#8211; Fallegur, hl\u00fdr og hagn\u00fdtur Poncho\"><img loading=\"lazy\" decoding=\"async\" width=\"99\" height=\"66\" src=\"https:\/\/stineoester.dk\/wp-content\/uploads\/2017\/12\/Charlotte3-200x300.jpg\" class=\"attachment-medium size-medium wp-post-image\" alt=\"\" sizes=\"(max-width: 99px) 100vw, 99px\" title=\"Charlotte&#8217;s Poncho &#8211; Fallegur, hl\u00fdr og hagn\u00fdtur Poncho\" srcset=\"https:\/\/stineoester.dk\/wp-content\/uploads\/2017\/12\/Charlotte3-200x300.jpg 200w, https:\/\/stineoester.dk\/wp-content\/uploads\/2017\/12\/Charlotte3.jpg 637w\" \/><\/a>\t\t\t\n\t\t\t\n\t\t\t\n\t\t\t\n\t\t\n\t\t<\/div>\n\t\n\n\t\n\t\t<div class=\"content\">\n\n\t\t\t<div class=\"post-meta post-meta-a post-meta-left has-below\"><h4 class=\"is-title post-title\"><a href=\"https:\/\/stineoester.dk\/is\/charlottes-poncho-fallegur-hlyr-og-hagnytur-poncho\/\">Charlotte&#8217;s Poncho &#8211; Fallegur, hl\u00fdr og hagn\u00fdtur Poncho<\/a><\/h4><div class=\"post-meta-items meta-below\"><span class=\"meta-item date\"><span class=\"date-link\"><time class=\"post-date\" datetime=\"2017-10-01T09:16:10+02:00\">1. okt\u00f3ber 2017<\/time><\/span><\/span><\/div><\/div>\t\t\t\n\t\t\t\n\t\t\t\n\t\t<\/div>\n\n\t\n<\/article>\t\n\t\t\t\t\t\n<article class=\"l-post small-post small-a-post m-pos-left\">\n\n\t\n\t\t\t<div class=\"media\">\n\n\t\t\n\t\t\t<a href=\"https:\/\/stineoester.dk\/is\/athen-cardigan-falleg-glaesileg-og-einfoeld-peysa\/\" class=\"image-link media-ratio ratio-3-2\" title=\"Athen Cardigan &#8211; Falleg, gl\u00e6sileg og einf\u00f6ld peysa\"><img loading=\"lazy\" decoding=\"async\" width=\"99\" height=\"66\" src=\"https:\/\/stineoester.dk\/wp-content\/uploads\/2017\/12\/Athen-closeup2-200x300.jpg\" class=\"attachment-medium size-medium wp-post-image\" alt=\"\" sizes=\"(max-width: 99px) 100vw, 99px\" title=\"Athen Cardigan &#8211; Falleg, gl\u00e6sileg og einf\u00f6ld peysa\" srcset=\"https:\/\/stineoester.dk\/wp-content\/uploads\/2017\/12\/Athen-closeup2-200x300.jpg 200w, https:\/\/stineoester.dk\/wp-content\/uploads\/2017\/12\/Athen-closeup2-768x1152.jpg 768w, https:\/\/stineoester.dk\/wp-content\/uploads\/2017\/12\/Athen-closeup2-683x1024.jpg 683w, https:\/\/stineoester.dk\/wp-content\/uploads\/2017\/12\/Athen-closeup2.jpg 800w\" \/><\/a>\t\t\t\n\t\t\t\n\t\t\t\n\t\t\t\n\t\t\n\t\t<\/div>\n\t\n\n\t\n\t\t<div class=\"content\">\n\n\t\t\t<div class=\"post-meta post-meta-a post-meta-left has-below\"><h4 class=\"is-title post-title\"><a href=\"https:\/\/stineoester.dk\/is\/athen-cardigan-falleg-glaesileg-og-einfoeld-peysa\/\">Athen Cardigan &#8211; Falleg, gl\u00e6sileg og einf\u00f6ld peysa<\/a><\/h4><div class=\"post-meta-items meta-below\"><span class=\"meta-item date\"><span class=\"date-link\"><time class=\"post-date\" datetime=\"2017-09-21T09:01:50+02:00\">21. september 2017<\/time><\/span><\/span><\/div><\/div>\t\t\t\n\t\t\t\n\t\t\t\n\t\t<\/div>\n\n\t\n<\/article>\t\n\t\t\t\t\t\n<article class=\"l-post small-post small-a-post m-pos-left\">\n\n\t\n\t\t\t<div class=\"media\">\n\n\t\t\n\t\t\t<a href=\"https:\/\/stineoester.dk\/is\/lala-trefill-prjonadur-ur-lala-berlin-garni\/\" class=\"image-link media-ratio ratio-3-2\" title=\"Lala trefill &#8211; Prj\u00f3na\u00f0ur \u00far Lala Berlin garni\"><img loading=\"lazy\" decoding=\"async\" width=\"99\" height=\"66\" src=\"https:\/\/stineoester.dk\/wp-content\/uploads\/2017\/12\/lalaberlin-lala-195x300.jpg\" class=\"attachment-medium size-medium wp-post-image\" alt=\"\" sizes=\"(max-width: 99px) 100vw, 99px\" title=\"Lala trefill &#8211; Prj\u00f3na\u00f0ur \u00far Lala Berlin garni\" srcset=\"https:\/\/stineoester.dk\/wp-content\/uploads\/2017\/12\/lalaberlin-lala-195x300.jpg 195w, https:\/\/stineoester.dk\/wp-content\/uploads\/2017\/12\/lalaberlin-lala-768x1182.jpg 768w, https:\/\/stineoester.dk\/wp-content\/uploads\/2017\/12\/lalaberlin-lala-665x1024.jpg 665w, https:\/\/stineoester.dk\/wp-content\/uploads\/2017\/12\/lalaberlin-lala.jpg 800w\" \/><\/a>\t\t\t\n\t\t\t\n\t\t\t\n\t\t\t\n\t\t\n\t\t<\/div>\n\t\n\n\t\n\t\t<div class=\"content\">\n\n\t\t\t<div class=\"post-meta post-meta-a post-meta-left has-below\"><h4 class=\"is-title post-title\"><a href=\"https:\/\/stineoester.dk\/is\/lala-trefill-prjonadur-ur-lala-berlin-garni\/\">Lala trefill &#8211; Prj\u00f3na\u00f0ur \u00far Lala Berlin garni<\/a><\/h4><div class=\"post-meta-items meta-below\"><span class=\"meta-item date\"><span class=\"date-link\"><time class=\"post-date\" datetime=\"2017-09-18T09:28:42+02:00\">18. september 2017<\/time><\/span><\/span><\/div><\/div>\t\t\t\n\t\t\t\n\t\t\t\n\t\t<\/div>\n\n\t\n<\/article>\t\n\t\t\t\t\t\n<article class=\"l-post small-post small-a-post m-pos-left\">\n\n\t\n\t\t\t<div class=\"media\">\n\n\t\t\n\t\t\t<a href=\"https:\/\/stineoester.dk\/is\/montreal-luxus-hattur-med-storum-dumpum\/\" class=\"image-link media-ratio ratio-3-2\" title=\"Montreal &#8211; L\u00faxus hattur me\u00f0 st\u00f3rum d\u00fampum\"><img loading=\"lazy\" decoding=\"async\" width=\"99\" height=\"66\" src=\"https:\/\/stineoester.dk\/wp-content\/uploads\/2017\/12\/Montreal-300x250.jpg\" class=\"attachment-medium size-medium wp-post-image\" alt=\"\" sizes=\"(max-width: 99px) 100vw, 99px\" title=\"Montreal &#8211; L\u00faxus hattur me\u00f0 st\u00f3rum d\u00fampum\" srcset=\"https:\/\/stineoester.dk\/wp-content\/uploads\/2017\/12\/Montreal-300x250.jpg 300w, https:\/\/stineoester.dk\/wp-content\/uploads\/2017\/12\/Montreal-768x639.jpg 768w, https:\/\/stineoester.dk\/wp-content\/uploads\/2017\/12\/Montreal.jpg 1000w\" \/><\/a>\t\t\t\n\t\t\t\n\t\t\t\n\t\t\t\n\t\t\n\t\t<\/div>\n\t\n\n\t\n\t\t<div class=\"content\">\n\n\t\t\t<div class=\"post-meta post-meta-a post-meta-left has-below\"><h4 class=\"is-title post-title\"><a href=\"https:\/\/stineoester.dk\/is\/montreal-luxus-hattur-med-storum-dumpum\/\">Montreal &#8211; L\u00faxus hattur me\u00f0 st\u00f3rum d\u00fampum<\/a><\/h4><div class=\"post-meta-items meta-below\"><span class=\"meta-item date\"><span class=\"date-link\"><time class=\"post-date\" datetime=\"2017-09-01T09:34:22+02:00\">1. september 2017<\/time><\/span><\/span><\/div><\/div>\t\t\t\n\t\t\t\n\t\t\t\n\t\t<\/div>\n\n\t\n<\/article>\t\n\t\t\t\t\t\n<article class=\"l-post small-post small-a-post m-pos-left\">\n\n\t\n\t\t\t<div class=\"media\">\n\n\t\t\n\t\t\t<a href=\"https:\/\/stineoester.dk\/is\/kaupmannahoefn-smart-poncho-med-belti-ur-luxus-kashmere\/\" class=\"image-link media-ratio ratio-3-2\" title=\"Kaupmannah\u00f6fn &#8211; Smart Poncho me\u00f0 belti \u00far l\u00faxus kashmere\"><img loading=\"lazy\" decoding=\"async\" width=\"99\" height=\"66\" src=\"https:\/\/stineoester.dk\/wp-content\/uploads\/2017\/12\/Copenhagen-216x300.jpg\" class=\"attachment-medium size-medium wp-post-image\" alt=\"\" sizes=\"(max-width: 99px) 100vw, 99px\" title=\"Kaupmannah\u00f6fn &#8211; Smart Poncho me\u00f0 belti \u00far l\u00faxus kashmere\" srcset=\"https:\/\/stineoester.dk\/wp-content\/uploads\/2017\/12\/Copenhagen-216x300.jpg 216w, https:\/\/stineoester.dk\/wp-content\/uploads\/2017\/12\/Copenhagen-768x1068.jpg 768w, https:\/\/stineoester.dk\/wp-content\/uploads\/2017\/12\/Copenhagen-736x1024.jpg 736w, https:\/\/stineoester.dk\/wp-content\/uploads\/2017\/12\/Copenhagen.jpg 1000w\" \/><\/a>\t\t\t\n\t\t\t\n\t\t\t\n\t\t\t\n\t\t\n\t\t<\/div>\n\t\n\n\t\n\t\t<div class=\"content\">\n\n\t\t\t<div class=\"post-meta post-meta-a post-meta-left has-below\"><h4 class=\"is-title post-title\"><a href=\"https:\/\/stineoester.dk\/is\/kaupmannahoefn-smart-poncho-med-belti-ur-luxus-kashmere\/\">Kaupmannah\u00f6fn &#8211; Smart Poncho me\u00f0 belti \u00far l\u00faxus kashmere<\/a><\/h4><div class=\"post-meta-items meta-below\"><span class=\"meta-item date\"><span class=\"date-link\"><time class=\"post-date\" datetime=\"2017-09-01T09:18:22+02:00\">1. september 2017<\/time><\/span><\/span><\/div><\/div>\t\t\t\n\t\t\t\n\t\t\t\n\t\t<\/div>\n\n\t\n<\/article>\t\n\t\t\n\t<\/div>\n\n\t\t\t<\/div>\n\n\n\t\t\t\t<\/div>\n\n\t\t<\/section>\n\t\t\t\t\t\t<\/div>\n\t\t\t\t<\/div>\n\t\t\t\t<div class=\"elementor-element elementor-element-1d305576 elementor-widget-divider--view-line elementor-widget elementor-widget-divider\" data-id=\"1d305576\" data-element_type=\"widget\" data-widget_type=\"divider.default\">\n\t\t\t\t<div class=\"elementor-widget-container\">\n\t\t\t\t\t\t\t<div class=\"elementor-divider\">\n\t\t\t<span class=\"elementor-divider-separator\">\n\t\t\t\t\t\t<\/span>\n\t\t<\/div>\n\t\t\t\t\t\t<\/div>\n\t\t\t\t<\/div>\n\t\t\t\t<section class=\"has-el-gap el-gap-default elementor-section elementor-inner-section elementor-element elementor-element-2aeed49f elementor-section-boxed elementor-section-height-default elementor-section-height-default\" data-id=\"2aeed49f\" data-element_type=\"section\">\n\t\t\t\t\t\t<div class=\"elementor-container elementor-column-gap-no\">\n\t\t\t\t\t<div class=\"elementor-column elementor-col-50 elementor-inner-column elementor-element elementor-element-5b18f475\" data-id=\"5b18f475\" data-element_type=\"column\">\n\t\t\t<div class=\"elementor-widget-wrap elementor-element-populated\">\n\t\t\t\t\t\t<div class=\"elementor-element elementor-element-3c33dfa1 elementor-widget elementor-widget-smartmag-highlights\" data-id=\"3c33dfa1\" data-element_type=\"widget\" data-widget_type=\"smartmag-highlights.default\">\n\t\t\t\t<div class=\"elementor-widget-container\">\n\t\t\t\t\t\t\t<section class=\"block-wrap block-highlights block-sc\" data-id=\"7\" data-is-mixed=\"1\">\n\n\t\t\t\t\n\t\t\t<div class=\"block-content\">\n\t\t\t\t\t\n\t<div class=\"loops-mixed\">\n\t\t\t\n\t<div class=\"loop loop-grid loop-grid-base grid grid-1 md:grid-1 xs:grid-1\">\n\n\t\t\t\t\t\n<article class=\"l-post grid-post grid-base-post\">\n\n\t\n\t\t\t<div class=\"media\">\n\n\t\t\n\t\t\t<a href=\"https:\/\/stineoester.dk\/is\/lifraenir-diskklutar-prjonadir-diskklutar-med-mynstri\/\" class=\"image-link media-ratio ratio-is-custom\" title=\"L\u00edfr\u00e6nir diskkl\u00fatar &#8211; Prj\u00f3na\u00f0ir diskkl\u00fatar me\u00f0 mynstri\"><img loading=\"lazy\" decoding=\"async\" width=\"722\" height=\"430\" src=\"https:\/\/stineoester.dk\/wp-content\/uploads\/2017\/12\/moensterklude.jpg\" class=\"attachment-large size-large wp-post-image\" alt=\"\" sizes=\"(max-width: 722px) 100vw, 722px\" title=\"L\u00edfr\u00e6nir diskkl\u00fatar &#8211; Prj\u00f3na\u00f0ir diskkl\u00fatar me\u00f0 mynstri\" srcset=\"https:\/\/stineoester.dk\/wp-content\/uploads\/2017\/12\/moensterklude.jpg 850w, https:\/\/stineoester.dk\/wp-content\/uploads\/2017\/12\/moensterklude-768x512.jpg 768w\" \/><\/a>\t\t\t\n\t\t\t\n\t\t\t\n\t\t\t\t\t\t\t\n\t\t\t\t<span class=\"cat-labels cat-labels-overlay c-overlay p-top-left\">\n\t\t\t\t<a href=\"https:\/\/stineoester.dk\/is\/category\/innanhusprjon\/\" class=\"category term-color-237\" rel=\"category\" tabindex=\"-1\">Innanh\u00fasprj\u00f3n<\/a>\n\t\t\t<\/span>\n\t\t\t\t\t\t\n\t\t\t\n\t\t\n\t\t<\/div>\n\t\n\n\t\n\t\t<div class=\"content\">\n\n\t\t\t<div class=\"post-meta post-meta-a has-below\"><h2 class=\"is-title post-title\"><a href=\"https:\/\/stineoester.dk\/is\/lifraenir-diskklutar-prjonadir-diskklutar-med-mynstri\/\">L\u00edfr\u00e6nir diskkl\u00fatar &#8211; Prj\u00f3na\u00f0ir diskkl\u00fatar me\u00f0 mynstri<\/a><\/h2><div class=\"post-meta-items meta-below\"><span class=\"meta-item post-author\"><span class=\"by\">By<\/span> <a href=\"https:\/\/stineoester.dk\/is\/author\/stine\/\" title=\"F\u00e6rslur eftir \u00feennan h\u00f6fund: Strikkeekspert Stine \u00d8ster\" rel=\"author\">Strikkeekspert Stine \u00d8ster<\/a><\/span><span class=\"meta-item date\"><span class=\"date-link\"><time class=\"post-date\" datetime=\"2016-04-12T10:48:43+02:00\">12. apr\u00edl 2016<\/time><\/span><\/span><\/div><\/div>\t\t\t\n\t\t\t\t\t\t\n\t\t\t\t<div class=\"excerpt\">\n\t\t\t\t\t<p>100% l\u00edfr\u00e6nir diskar me\u00f0 fallegu m\u00f6skvamynstri. S\u00ed\u00f0an allt tal um \u00f6rplast kom \u00ed lj\u00f3s \u00e1ri\u00f0&hellip;<\/p>\n\t\t\t\t<\/div>\n\t\t\t\n\t\t\t\n\t\t\t\n\t\t<\/div>\n\n\t\n<\/article>\t\t\n\t<\/div>\n\n\t\t\n\n\t<div class=\"loop loop-small loop-small-a loop-sep loop-small-sep grid grid-1 md:grid-1 sm:grid-1 xs:grid-1\">\n\n\t\t\t\t\t\n<article class=\"l-post small-post small-a-post m-pos-left\">\n\n\t\n\t\t\t<div class=\"media\">\n\n\t\t\n\t\t\t<a href=\"https:\/\/stineoester.dk\/is\/lifraenir-vordukar-prjonadir-diskklutar\/\" class=\"image-link media-ratio ratio-3-2\" title=\"L\u00edfr\u00e6nir vord\u00fakar &#8211; Prj\u00f3na\u00f0ir diskkl\u00fatar\"><img loading=\"lazy\" decoding=\"async\" width=\"99\" height=\"66\" src=\"https:\/\/stineoester.dk\/wp-content\/uploads\/2017\/12\/foraarsklude-300x200.jpg\" class=\"attachment-medium size-medium wp-post-image\" alt=\"\" sizes=\"(max-width: 99px) 100vw, 99px\" title=\"L\u00edfr\u00e6nir vord\u00fakar &#8211; Prj\u00f3na\u00f0ir diskkl\u00fatar\" srcset=\"https:\/\/stineoester.dk\/wp-content\/uploads\/2017\/12\/foraarsklude-300x200.jpg 300w, https:\/\/stineoester.dk\/wp-content\/uploads\/2017\/12\/foraarsklude-768x512.jpg 768w, https:\/\/stineoester.dk\/wp-content\/uploads\/2017\/12\/foraarsklude-104x69.jpg 104w, https:\/\/stineoester.dk\/wp-content\/uploads\/2017\/12\/foraarsklude.jpg 850w\" \/><\/a>\t\t\t\n\t\t\t\n\t\t\t\n\t\t\t\n\t\t\n\t\t<\/div>\n\t\n\n\t\n\t\t<div class=\"content\">\n\n\t\t\t<div class=\"post-meta post-meta-a post-meta-left has-below\"><h4 class=\"is-title post-title\"><a href=\"https:\/\/stineoester.dk\/is\/lifraenir-vordukar-prjonadir-diskklutar\/\">L\u00edfr\u00e6nir vord\u00fakar &#8211; Prj\u00f3na\u00f0ir diskkl\u00fatar<\/a><\/h4><div class=\"post-meta-items meta-below\"><span class=\"meta-item date\"><span class=\"date-link\"><time class=\"post-date\" datetime=\"2016-03-30T10:50:00+02:00\">30. mars 2016<\/time><\/span><\/span><\/div><\/div>\t\t\t\n\t\t\t\n\t\t\t\n\t\t<\/div>\n\n\t\n<\/article>\t\n\t\t\t\t\t\n<article class=\"l-post small-post small-a-post m-pos-left\">\n\n\t\n\t\t\t<div class=\"media\">\n\n\t\t\n\t\t\t<a href=\"https:\/\/stineoester.dk\/is\/stines-netamynstursdukar-prjonadir-diskadukar-fyrir-eldhusid\/\" class=\"image-link media-ratio ratio-3-2\" title=\"Stines Netamynstursd\u00fakar &#8211; Prj\u00f3na\u00f0ir diskad\u00fakar fyrir eldh\u00fasi\u00f0\"><img loading=\"lazy\" decoding=\"async\" width=\"99\" height=\"66\" src=\"https:\/\/stineoester.dk\/wp-content\/uploads\/2017\/12\/stine-net-moenster-3-300x225.jpg\" class=\"attachment-medium size-medium wp-post-image\" alt=\"\" sizes=\"(max-width: 99px) 100vw, 99px\" title=\"Stines Netamynstursd\u00fakar &#8211; Prj\u00f3na\u00f0ir diskad\u00fakar fyrir eldh\u00fasi\u00f0\" srcset=\"https:\/\/stineoester.dk\/wp-content\/uploads\/2017\/12\/stine-net-moenster-3-300x225.jpg 300w, https:\/\/stineoester.dk\/wp-content\/uploads\/2017\/12\/stine-net-moenster-3-768x576.jpg 768w, https:\/\/stineoester.dk\/wp-content\/uploads\/2017\/12\/stine-net-moenster-3-1024x768.jpg 1024w, https:\/\/stineoester.dk\/wp-content\/uploads\/2017\/12\/stine-net-moenster-3.jpg 1200w\" \/><\/a>\t\t\t\n\t\t\t\n\t\t\t\n\t\t\t\n\t\t\n\t\t<\/div>\n\t\n\n\t\n\t\t<div class=\"content\">\n\n\t\t\t<div class=\"post-meta post-meta-a post-meta-left has-below\"><h4 class=\"is-title post-title\"><a href=\"https:\/\/stineoester.dk\/is\/stines-netamynstursdukar-prjonadir-diskadukar-fyrir-eldhusid\/\">Stines Netamynstursd\u00fakar &#8211; Prj\u00f3na\u00f0ir diskad\u00fakar fyrir eldh\u00fasi\u00f0<\/a><\/h4><div class=\"post-meta-items meta-below\"><span class=\"meta-item date\"><span class=\"date-link\"><time class=\"post-date\" datetime=\"2016-02-17T10:45:23+01:00\">17. febr\u00faar 2016<\/time><\/span><\/span><\/div><\/div>\t\t\t\n\t\t\t\n\t\t\t\n\t\t<\/div>\n\n\t\n<\/article>\t\n\t\t\n\t<\/div>\n\n\t\t\t<\/div>\n\n\n\t\t\t\t<\/div>\n\n\t\t<\/section>\n\t\t\t\t\t\t<\/div>\n\t\t\t\t<\/div>\n\t\t\t\t\t<\/div>\n\t\t<\/div>\n\t\t\t\t<div class=\"elementor-column elementor-col-50 elementor-inner-column elementor-element elementor-element-6a434645\" data-id=\"6a434645\" data-element_type=\"column\">\n\t\t\t<div class=\"elementor-widget-wrap elementor-element-populated\">\n\t\t\t\t\t\t<div class=\"elementor-element elementor-element-31bcb002 elementor-widget elementor-widget-smartmag-highlights\" data-id=\"31bcb002\" data-element_type=\"widget\" data-widget_type=\"smartmag-highlights.default\">\n\t\t\t\t<div class=\"elementor-widget-container\">\n\t\t\t\t\t\t\t<section class=\"block-wrap block-highlights block-sc\" data-id=\"10\" data-is-mixed=\"1\">\n\n\t\t\t\t\n\t\t\t<div class=\"block-content\">\n\t\t\t\t\t\n\t<div class=\"loops-mixed\">\n\t\t\t\n\t<div class=\"loop loop-grid loop-grid-base grid grid-1 md:grid-1 xs:grid-1\">\n\n\t\t\t\t\t\n<article class=\"l-post grid-post grid-base-post\">\n\n\t\n\t\t\t<div class=\"media\">\n\n\t\t\n\t\t\t<a href=\"https:\/\/stineoester.dk\/is\/baby-blanket-fallegt-barnateppi-med-godum-malum-og-samsvarandi-jakkafoetum\/\" class=\"image-link media-ratio ratio-is-custom\" title=\"Baby Blanket &#8211; Fallegt barnateppi me\u00f0 g\u00f3\u00f0um m\u00e1lum og samsvarandi jakkaf\u00f6tum\"><img loading=\"lazy\" decoding=\"async\" width=\"722\" height=\"430\" src=\"https:\/\/stineoester.dk\/wp-content\/uploads\/2018\/04\/Rompere-og-t\u00e6ppe.jpg\" class=\"attachment-large size-large wp-post-image\" alt=\"\" sizes=\"(max-width: 722px) 100vw, 722px\" title=\"Baby Blanket &#8211; Fallegt barnateppi me\u00f0 g\u00f3\u00f0um m\u00e1lum og samsvarandi jakkaf\u00f6tum\" srcset=\"https:\/\/stineoester.dk\/wp-content\/uploads\/2018\/04\/Rompere-og-t\u00e6ppe.jpg 739w, https:\/\/stineoester.dk\/wp-content\/uploads\/2018\/04\/Rompere-og-t\u00e6ppe-300x195.jpg 300w, https:\/\/stineoester.dk\/wp-content\/uploads\/2018\/04\/Rompere-og-t\u00e6ppe-214x140.jpg 214w\" \/><\/a>\t\t\t\n\t\t\t\n\t\t\t\n\t\t\t\t\t\t\t\n\t\t\t\t<span class=\"cat-labels cat-labels-overlay c-overlay p-top-left\">\n\t\t\t\t<a href=\"https:\/\/stineoester.dk\/is\/category\/barnaprjon-is\/\" class=\"category term-color-218\" rel=\"category\" tabindex=\"-1\">Barnaprj\u00f3n<\/a>\n\t\t\t<\/span>\n\t\t\t\t\t\t\n\t\t\t\n\t\t\n\t\t<\/div>\n\t\n\n\t\n\t\t<div class=\"content\">\n\n\t\t\t<div class=\"post-meta post-meta-a has-below\"><h2 class=\"is-title post-title\"><a href=\"https:\/\/stineoester.dk\/is\/baby-blanket-fallegt-barnateppi-med-godum-malum-og-samsvarandi-jakkafoetum\/\">Baby Blanket &#8211; Fallegt barnateppi me\u00f0 g\u00f3\u00f0um m\u00e1lum og samsvarandi jakkaf\u00f6tum<\/a><\/h2><div class=\"post-meta-items meta-below\"><span class=\"meta-item post-author\"><span class=\"by\">By<\/span> <a href=\"https:\/\/stineoester.dk\/is\/author\/stine\/\" title=\"F\u00e6rslur eftir \u00feennan h\u00f6fund: Strikkeekspert Stine \u00d8ster\" rel=\"author\">Strikkeekspert Stine \u00d8ster<\/a><\/span><span class=\"meta-item date\"><span class=\"date-link\"><time class=\"post-date\" datetime=\"2018-04-13T13:22:02+02:00\">13. apr\u00edl 2018<\/time><\/span><\/span><\/div><\/div>\t\t\t\n\t\t\t\t\t\t\n\t\t\t\t<div class=\"excerpt\">\n\t\t\t\t\t<p>\u00c9g hef hanna\u00f0 \u00feetta lj\u00faffenga barnateppi \u00ed sama st\u00edl\/h\u00f6nnun og n\u00fdju buxurnar m\u00ednar sem \u00fe\u00fa&hellip;<\/p>\n\t\t\t\t<\/div>\n\t\t\t\n\t\t\t\n\t\t\t\n\t\t<\/div>\n\n\t\n<\/article>\t\t\n\t<\/div>\n\n\t\t\n\n\t<div class=\"loop loop-small loop-small-a loop-sep loop-small-sep grid grid-1 md:grid-1 sm:grid-1 xs:grid-1\">\n\n\t\t\t\t\t\n<article class=\"l-post small-post small-a-post m-pos-left\">\n\n\t\n\t\t\t<div class=\"media\">\n\n\t\t\n\t\t\t<a href=\"https:\/\/stineoester.dk\/is\/barnabuxur-saetustu-buxurnar-fra-0-til-18-manada\/\" class=\"image-link media-ratio ratio-3-2\" title=\"Barnabuxur &#8211; S\u00e6tustu buxurnar fr\u00e1 0 til 18 m\u00e1na\u00f0a\"><img loading=\"lazy\" decoding=\"async\" width=\"99\" height=\"66\" src=\"https:\/\/stineoester.dk\/wp-content\/uploads\/2018\/04\/Rompere-og-t\u00e6ppe-300x195.jpg\" class=\"attachment-medium size-medium wp-post-image\" alt=\"\" sizes=\"(max-width: 99px) 100vw, 99px\" title=\"Barnabuxur &#8211; S\u00e6tustu buxurnar fr\u00e1 0 til 18 m\u00e1na\u00f0a\" srcset=\"https:\/\/stineoester.dk\/wp-content\/uploads\/2018\/04\/Rompere-og-t\u00e6ppe-300x195.jpg 300w, https:\/\/stineoester.dk\/wp-content\/uploads\/2018\/04\/Rompere-og-t\u00e6ppe-104x69.jpg 104w, https:\/\/stineoester.dk\/wp-content\/uploads\/2018\/04\/Rompere-og-t\u00e6ppe-702x459.jpg 702w, https:\/\/stineoester.dk\/wp-content\/uploads\/2018\/04\/Rompere-og-t\u00e6ppe-214x140.jpg 214w, https:\/\/stineoester.dk\/wp-content\/uploads\/2018\/04\/Rompere-og-t\u00e6ppe.jpg 739w\" \/><\/a>\t\t\t\n\t\t\t\n\t\t\t\n\t\t\t\n\t\t\n\t\t<\/div>\n\t\n\n\t\n\t\t<div class=\"content\">\n\n\t\t\t<div class=\"post-meta post-meta-a post-meta-left has-below\"><h4 class=\"is-title post-title\"><a href=\"https:\/\/stineoester.dk\/is\/barnabuxur-saetustu-buxurnar-fra-0-til-18-manada\/\">Barnabuxur &#8211; S\u00e6tustu buxurnar fr\u00e1 0 til 18 m\u00e1na\u00f0a<\/a><\/h4><div class=\"post-meta-items meta-below\"><span class=\"meta-item date\"><span class=\"date-link\"><time class=\"post-date\" datetime=\"2018-04-13T13:21:32+02:00\">13. apr\u00edl 2018<\/time><\/span><\/span><\/div><\/div>\t\t\t\n\t\t\t\n\t\t\t\n\t\t<\/div>\n\n\t\n<\/article>\t\n\t\t\t\t\t\n<article class=\"l-post small-post small-a-post m-pos-left\">\n\n\t\n\t\t\t<div class=\"media\">\n\n\t\t\n\t\t\t<a href=\"https:\/\/stineoester.dk\/is\/notalega-blussan-fyrir-boern-2-10-ara-virkilega-god-mjuk-blussa\/\" class=\"image-link media-ratio ratio-3-2\" title=\"Notalega bl\u00fassan fyrir b\u00f6rn 2-10 \u00e1ra &#8211; Virkilega g\u00f3\u00f0 mj\u00fak bl\u00fassa\"><img decoding=\"async\" width=\"99\" height=\"66\" src=\"https:\/\/stineoester.dk\/wp-content\/uploads\/2017\/12\/IMG_3356-e1512635201129-225x300.jpg\" class=\"attachment-medium size-medium wp-post-image\" alt=\"\" sizes=\"(max-width: 99px) 100vw, 99px\" title=\"Notalega bl\u00fassan fyrir b\u00f6rn 2-10 \u00e1ra &#8211; Virkilega g\u00f3\u00f0 mj\u00fak bl\u00fassa\" srcset=\"https:\/\/stineoester.dk\/wp-content\/uploads\/2017\/12\/IMG_3356-e1512635201129-225x300.jpg 225w, https:\/\/stineoester.dk\/wp-content\/uploads\/2017\/12\/IMG_3356-e1512635201129.jpg 480w\" \/><\/a>\t\t\t\n\t\t\t\n\t\t\t\n\t\t\t\n\t\t\n\t\t<\/div>\n\t\n\n\t\n\t\t<div class=\"content\">\n\n\t\t\t<div class=\"post-meta post-meta-a post-meta-left has-below\"><h4 class=\"is-title post-title\"><a href=\"https:\/\/stineoester.dk\/is\/notalega-blussan-fyrir-boern-2-10-ara-virkilega-god-mjuk-blussa\/\">Notalega bl\u00fassan fyrir b\u00f6rn 2-10 \u00e1ra &#8211; Virkilega g\u00f3\u00f0 mj\u00fak bl\u00fassa<\/a><\/h4><div class=\"post-meta-items meta-below\"><span class=\"meta-item date\"><span class=\"date-link\"><time class=\"post-date\" datetime=\"2017-08-15T09:25:16+02:00\">15. \u00e1g\u00fast 2017<\/time><\/span><\/span><\/div><\/div>\t\t\t\n\t\t\t\n\t\t\t\n\t\t<\/div>\n\n\t\n<\/article>\t\n\t\t\n\t<\/div>\n\n\t\t\t<\/div>\n\n\n\t\t\t\t<\/div>\n\n\t\t<\/section>\n\t\t\t\t\t\t<\/div>\n\t\t\t\t<\/div>\n\t\t\t\t\t<\/div>\n\t\t<\/div>\n\t\t\t\t\t<\/div>\n\t\t<\/section>\n\t\t\t\t<div class=\"elementor-element elementor-element-74d00937 elementor-widget elementor-widget-smartmag-focusgrid\" data-id=\"74d00937\" data-element_type=\"widget\" data-widget_type=\"smartmag-focusgrid.default\">\n\t\t\t\t<div class=\"elementor-widget-container\">\n\t\t\t\t\t\t\t<section class=\"block-wrap block-focus-grid block-sc cols-gap-sm\" data-id=\"13\" data-block=\"{&quot;id&quot;:&quot;focus-grid&quot;,&quot;props&quot;:{&quot;cat_labels&quot;:&quot;0&quot;,&quot;cat_labels_pos&quot;:&quot;top-left&quot;,&quot;reviews&quot;:&quot;bars&quot;,&quot;post_formats_pos&quot;:&quot;center&quot;,&quot;load_more_style&quot;:&quot;a&quot;,&quot;meta_cat_style&quot;:&quot;text&quot;,&quot;media_style_shadow&quot;:0,&quot;meta_sponsor&quot;:1,&quot;meta_sponsor_logo&quot;:0,&quot;meta_sponsor_label&quot;:&quot;Sponsor: {sponsor}&quot;,&quot;meta_above&quot;:[],&quot;meta_below&quot;:[&quot;author&quot;,&quot;date&quot;],&quot;meta_sponsor_above&quot;:[],&quot;meta_sponsor_below&quot;:[&quot;sponsor&quot;,&quot;date&quot;],&quot;sort_order&quot;:&quot;desc&quot;,&quot;heading&quot;:&quot;Focus Grid&quot;,&quot;heading_type&quot;:&quot;d&quot;,&quot;cat&quot;:10,&quot;offset&quot;:&quot;0&quot;,&quot;heading_colors&quot;:&quot;force&quot;,&quot;container_width&quot;:66,&quot;excerpt_length&quot;:30,&quot;media_ratio&quot;:&quot;custom&quot;,&quot;media_ratio_custom&quot;:&quot;1.59&quot;,&quot;filters&quot;:&quot;category&quot;,&quot;pagination_type&quot;:null,&quot;pagination_links&quot;:null,&quot;meta_sponsor_items_default&quot;:true,&quot;query_type&quot;:&quot;custom&quot;,&quot;sort_days&quot;:null,&quot;is_sc_call&quot;:true,&quot;meta_items_default&quot;:true}}\" data-is-mixed=\"1\">\n\n\t\t\t\t\t\t\t\t\n\t\t\t\t\t\t\t\n\t\t\t\t<div class=\"block-head block-head-d is-left\">\n\n\t\t\t\t\t<h4 class=\"heading\">Focus Grid<\/h4>\t\t\t\t\t\n\t\t\t\t\t\t\t\t\t<\/div>\n\t\t\t\t\n\t\t\t\n\t\t\t\n\t\t\t<div class=\"block-content\">\n\t\t\t\t\t\n\t<div class=\"grid grid-2 sm:grid-1 cols-not-eq loops-mixed\">\n\n\t\t\t\n\t<div class=\"loop loop-grid loop-grid-base grid grid-1 md:grid-1 xs:grid-1\">\n\n\t\t\t\t\t\n<article class=\"l-post grid-post grid-base-post\">\n\n\t\n\t\t\t<div class=\"media\">\n\n\t\t\n\t\t\t<a href=\"https:\/\/stineoester.dk\/is\/baby-blanket-fallegt-barnateppi-med-godum-malum-og-samsvarandi-jakkafoetum\/\" class=\"image-link media-ratio ratio-is-custom\" title=\"Baby Blanket &#8211; Fallegt barnateppi me\u00f0 g\u00f3\u00f0um m\u00e1lum og samsvarandi jakkaf\u00f6tum\"><img loading=\"lazy\" decoding=\"async\" width=\"722\" height=\"454\" src=\"https:\/\/stineoester.dk\/wp-content\/uploads\/2018\/04\/Rompere-og-t\u00e6ppe.jpg\" class=\"attachment-large size-large wp-post-image\" alt=\"\" sizes=\"(max-width: 722px) 100vw, 722px\" title=\"Baby Blanket &#8211; Fallegt barnateppi me\u00f0 g\u00f3\u00f0um m\u00e1lum og samsvarandi jakkaf\u00f6tum\" srcset=\"https:\/\/stineoester.dk\/wp-content\/uploads\/2018\/04\/Rompere-og-t\u00e6ppe.jpg 739w, https:\/\/stineoester.dk\/wp-content\/uploads\/2018\/04\/Rompere-og-t\u00e6ppe-300x195.jpg 300w, https:\/\/stineoester.dk\/wp-content\/uploads\/2018\/04\/Rompere-og-t\u00e6ppe-104x69.jpg 104w, https:\/\/stineoester.dk\/wp-content\/uploads\/2018\/04\/Rompere-og-t\u00e6ppe-214x140.jpg 214w\" \/><\/a>\t\t\t\n\t\t\t\n\t\t\t\n\t\t\t\n\t\t\n\t\t<\/div>\n\t\n\n\t\n\t\t<div class=\"content\">\n\n\t\t\t<div class=\"post-meta post-meta-a has-below\"><h2 class=\"is-title post-title\"><a href=\"https:\/\/stineoester.dk\/is\/baby-blanket-fallegt-barnateppi-med-godum-malum-og-samsvarandi-jakkafoetum\/\">Baby Blanket &#8211; Fallegt barnateppi me\u00f0 g\u00f3\u00f0um m\u00e1lum og samsvarandi jakkaf\u00f6tum<\/a><\/h2><div class=\"post-meta-items meta-below\"><span class=\"meta-item post-author\"><span class=\"by\">By<\/span> <a href=\"https:\/\/stineoester.dk\/is\/author\/stine\/\" title=\"F\u00e6rslur eftir \u00feennan h\u00f6fund: Strikkeekspert Stine \u00d8ster\" rel=\"author\">Strikkeekspert Stine \u00d8ster<\/a><\/span><span class=\"meta-item date\"><span class=\"date-link\"><time class=\"post-date\" datetime=\"2018-04-13T13:22:02+02:00\">13. apr\u00edl 2018<\/time><\/span><\/span><\/div><\/div>\t\t\t\n\t\t\t\t\t\t\n\t\t\t\t<div class=\"excerpt\">\n\t\t\t\t\t<p>\u00c9g hef hanna\u00f0 \u00feetta lj\u00faffenga barnateppi \u00ed sama st\u00edl\/h\u00f6nnun og n\u00fdju buxurnar m\u00ednar sem \u00fe\u00fa finnur h\u00e9r . Uppskriftin er ofbo\u00f0slega einf\u00f6ld en \u00fatkoman er virkilega lj\u00faffeng. \u00dea\u00f0 eru m\u00f6rg&hellip;<\/p>\n\t\t\t\t<\/div>\n\t\t\t\n\t\t\t\n\t\t\t\n\t\t<\/div>\n\n\t\n<\/article>\t\t\n\t<\/div>\n\n\t\t\n\t\n\t<div class=\"loop loop-grid loop-grid-sm grid grid-2 md:grid-2 sm:grid-2\">\n\n\t\t\t\t\t\n<article class=\"l-post grid-post grid-sm-post\">\n\n\t\n\t\t\t<div class=\"media\">\n\n\t\t\n\t\t\t<a href=\"https:\/\/stineoester.dk\/is\/barnabuxur-saetustu-buxurnar-fra-0-til-18-manada\/\" class=\"image-link media-ratio ratio-is-custom\" title=\"Barnabuxur &#8211; S\u00e6tustu buxurnar fr\u00e1 0 til 18 m\u00e1na\u00f0a\"><img loading=\"lazy\" decoding=\"async\" width=\"339\" height=\"202\" src=\"https:\/\/stineoester.dk\/wp-content\/uploads\/2018\/04\/Rompere-og-t\u00e6ppe.jpg\" class=\"attachment-large size-large wp-post-image\" alt=\"\" sizes=\"(max-width: 339px) 100vw, 339px\" title=\"Barnabuxur &#8211; S\u00e6tustu buxurnar fr\u00e1 0 til 18 m\u00e1na\u00f0a\" srcset=\"https:\/\/stineoester.dk\/wp-content\/uploads\/2018\/04\/Rompere-og-t\u00e6ppe.jpg 739w, https:\/\/stineoester.dk\/wp-content\/uploads\/2018\/04\/Rompere-og-t\u00e6ppe-300x195.jpg 300w, https:\/\/stineoester.dk\/wp-content\/uploads\/2018\/04\/Rompere-og-t\u00e6ppe-214x140.jpg 214w\" \/><\/a>\t\t\t\n\t\t\t\n\t\t\t\n\t\t\t\n\t\t\n\t\t<\/div>\n\t\n\n\t\n\t\t<div class=\"content\">\n\n\t\t\t<div class=\"post-meta post-meta-a has-below\"><h2 class=\"is-title post-title\"><a href=\"https:\/\/stineoester.dk\/is\/barnabuxur-saetustu-buxurnar-fra-0-til-18-manada\/\">Barnabuxur &#8211; S\u00e6tustu buxurnar fr\u00e1 0 til 18 m\u00e1na\u00f0a<\/a><\/h2><div class=\"post-meta-items meta-below\"><span class=\"meta-item date\"><span class=\"date-link\"><time class=\"post-date\" datetime=\"2018-04-13T13:21:32+02:00\">13. apr\u00edl 2018<\/time><\/span><\/span><\/div><\/div>\t\t\t\n\t\t\t\n\t\t\t\n\t\t<\/div>\n\n\t\n<\/article>\t\t\t\t\t\n<article class=\"l-post grid-post grid-sm-post\">\n\n\t\n\t\t\t<div class=\"media\">\n\n\t\t\n\t\t\t<a href=\"https:\/\/stineoester.dk\/is\/putte-poncho-deluxe-fallegt-tweed-poncho-fyrir-boern\/\" class=\"image-link media-ratio ratio-is-custom\" title=\"Putte Poncho Deluxe &#8211; Fallegt tweed Poncho fyrir b\u00f6rn\"><img fetchpriority=\"high\" decoding=\"async\" width=\"339\" height=\"202\" src=\"https:\/\/stineoester.dk\/wp-content\/uploads\/2017\/12\/puttedeluxe9-e1513072934891.jpg\" class=\"attachment-large size-large wp-post-image\" alt=\"\" sizes=\"(max-width: 339px) 100vw, 339px\" title=\"Putte Poncho Deluxe &#8211; Fallegt tweed Poncho fyrir b\u00f6rn\" srcset=\"https:\/\/stineoester.dk\/wp-content\/uploads\/2017\/12\/puttedeluxe9-e1513072934891.jpg 795w, https:\/\/stineoester.dk\/wp-content\/uploads\/2017\/12\/puttedeluxe9-e1513072934891-300x292.jpg 300w, https:\/\/stineoester.dk\/wp-content\/uploads\/2017\/12\/puttedeluxe9-e1513072934891-768x748.jpg 768w\" \/><\/a>\t\t\t\n\t\t\t\n\t\t\t\n\t\t\t\n\t\t\n\t\t<\/div>\n\t\n\n\t\n\t\t<div class=\"content\">\n\n\t\t\t<div class=\"post-meta post-meta-a has-below\"><h2 class=\"is-title post-title\"><a href=\"https:\/\/stineoester.dk\/is\/putte-poncho-deluxe-fallegt-tweed-poncho-fyrir-boern\/\">Putte Poncho Deluxe &#8211; Fallegt tweed Poncho fyrir b\u00f6rn<\/a><\/h2><div class=\"post-meta-items meta-below\"><span class=\"meta-item date\"><span class=\"date-link\"><time class=\"post-date\" datetime=\"2017-10-12T09:46:34+02:00\">12. okt\u00f3ber 2017<\/time><\/span><\/span><\/div><\/div>\t\t\t\n\t\t\t\n\t\t\t\n\t\t<\/div>\n\n\t\n<\/article>\t\t\t\t\t\n<article class=\"l-post grid-post grid-sm-post\">\n\n\t\n\t\t\t<div class=\"media\">\n\n\t\t\n\t\t\t<a href=\"https:\/\/stineoester.dk\/is\/charlottes-poncho-fallegur-hlyr-og-hagnytur-poncho\/\" class=\"image-link media-ratio ratio-is-custom\" title=\"Charlotte&#8217;s Poncho &#8211; Fallegur, hl\u00fdr og hagn\u00fdtur Poncho\"><img loading=\"lazy\" decoding=\"async\" width=\"339\" height=\"202\" src=\"https:\/\/stineoester.dk\/wp-content\/uploads\/2017\/12\/Charlotte3.jpg\" class=\"attachment-large size-large wp-post-image\" alt=\"\" sizes=\"(max-width: 339px) 100vw, 339px\" title=\"Charlotte&#8217;s Poncho &#8211; Fallegur, hl\u00fdr og hagn\u00fdtur Poncho\" srcset=\"https:\/\/stineoester.dk\/wp-content\/uploads\/2017\/12\/Charlotte3.jpg 637w, https:\/\/stineoester.dk\/wp-content\/uploads\/2017\/12\/Charlotte3-200x300.jpg 200w\" \/><\/a>\t\t\t\n\t\t\t\n\t\t\t\n\t\t\t\n\t\t\n\t\t<\/div>\n\t\n\n\t\n\t\t<div class=\"content\">\n\n\t\t\t<div class=\"post-meta post-meta-a has-below\"><h2 class=\"is-title post-title\"><a href=\"https:\/\/stineoester.dk\/is\/charlottes-poncho-fallegur-hlyr-og-hagnytur-poncho\/\">Charlotte&#8217;s Poncho &#8211; Fallegur, hl\u00fdr og hagn\u00fdtur Poncho<\/a><\/h2><div class=\"post-meta-items meta-below\"><span class=\"meta-item date\"><span class=\"date-link\"><time class=\"post-date\" datetime=\"2017-10-01T09:16:10+02:00\">1. okt\u00f3ber 2017<\/time><\/span><\/span><\/div><\/div>\t\t\t\n\t\t\t\n\t\t\t\n\t\t<\/div>\n\n\t\n<\/article>\t\t\t\t\t\n<article class=\"l-post grid-post grid-sm-post\">\n\n\t\n\t\t\t<div class=\"media\">\n\n\t\t\n\t\t\t<a href=\"https:\/\/stineoester.dk\/is\/athen-cardigan-falleg-glaesileg-og-einfoeld-peysa\/\" class=\"image-link media-ratio ratio-is-custom\" title=\"Athen Cardigan &#8211; Falleg, gl\u00e6sileg og einf\u00f6ld peysa\"><img loading=\"lazy\" decoding=\"async\" width=\"339\" height=\"202\" src=\"https:\/\/stineoester.dk\/wp-content\/uploads\/2017\/12\/Athen-closeup2-683x1024.jpg\" class=\"attachment-large size-large wp-post-image\" alt=\"\" sizes=\"(max-width: 339px) 100vw, 339px\" title=\"Athen Cardigan &#8211; Falleg, gl\u00e6sileg og einf\u00f6ld peysa\" srcset=\"https:\/\/stineoester.dk\/wp-content\/uploads\/2017\/12\/Athen-closeup2-683x1024.jpg 683w, https:\/\/stineoester.dk\/wp-content\/uploads\/2017\/12\/Athen-closeup2-200x300.jpg 200w, https:\/\/stineoester.dk\/wp-content\/uploads\/2017\/12\/Athen-closeup2-768x1152.jpg 768w, https:\/\/stineoester.dk\/wp-content\/uploads\/2017\/12\/Athen-closeup2.jpg 800w\" \/><\/a>\t\t\t\n\t\t\t\n\t\t\t\n\t\t\t\n\t\t\n\t\t<\/div>\n\t\n\n\t\n\t\t<div class=\"content\">\n\n\t\t\t<div class=\"post-meta post-meta-a has-below\"><h2 class=\"is-title post-title\"><a href=\"https:\/\/stineoester.dk\/is\/athen-cardigan-falleg-glaesileg-og-einfoeld-peysa\/\">Athen Cardigan &#8211; Falleg, gl\u00e6sileg og einf\u00f6ld peysa<\/a><\/h2><div class=\"post-meta-items meta-below\"><span class=\"meta-item date\"><span class=\"date-link\"><time class=\"post-date\" datetime=\"2017-09-21T09:01:50+02:00\">21. september 2017<\/time><\/span><\/span><\/div><\/div>\t\t\t\n\t\t\t\n\t\t\t\n\t\t<\/div>\n\n\t\n<\/article>\t\t\n\t<\/div>\n\n\t\t\n\t<\/div>\n\n\t\t\t\t<\/div>\n\n\t\t<\/section>\n\t\t\t\t\t\t<\/div>\n\t\t\t\t<\/div>\n\t\t\t\t<div class=\"elementor-element elementor-element-6b41d5f4 elementor-widget elementor-widget-smartmag-grid\" data-id=\"6b41d5f4\" data-element_type=\"widget\" data-widget_type=\"smartmag-grid.default\">\n\t\t\t\t<div class=\"elementor-widget-container\">\n\t\t\t\t\t\t\t<section class=\"block-wrap block-grid block-sc\" data-id=\"16\">\n\n\t\t\t\t\t\t\t\t\n\t\t\t\t\t\t\t\n\t\t\t\t<div class=\"block-head block-head-d is-left term-color-4\">\n\n\t\t\t\t\t<h4 class=\"heading\"><a href=\"https:\/\/stineoester.dk\/category\/baby-strik\/\">Listing: Modern<\/a><\/h4>\t\t\t\t\t\n\t\t\t\t\t\t\t\t\t<\/div>\n\t\t\t\t\n\t\t\t\n\t\t\t\n\t\t\t<div class=\"block-content\">\n\t\t\t\t\t\n\t<div class=\"loop loop-grid loop-grid-base grid grid-2 md:grid-2 xs:grid-1\">\n\n\t\t\t\t\t\n<article class=\"l-post grid-post grid-base-post\">\n\n\t\n\t\t\t<div class=\"media\">\n\n\t\t\n\t\t\t<a href=\"https:\/\/stineoester.dk\/is\/baby-blanket-fallegt-barnateppi-med-godum-malum-og-samsvarandi-jakkafoetum\/\" class=\"image-link media-ratio ratio-is-custom\" title=\"Baby Blanket &#8211; Fallegt barnateppi me\u00f0 g\u00f3\u00f0um m\u00e1lum og samsvarandi jakkaf\u00f6tum\"><img loading=\"lazy\" decoding=\"async\" width=\"339\" height=\"202\" src=\"https:\/\/stineoester.dk\/wp-content\/uploads\/2018\/04\/Rompere-og-t\u00e6ppe.jpg\" class=\"attachment-large size-large wp-post-image\" alt=\"\" sizes=\"(max-width: 339px) 100vw, 339px\" title=\"Baby Blanket &#8211; Fallegt barnateppi me\u00f0 g\u00f3\u00f0um m\u00e1lum og samsvarandi jakkaf\u00f6tum\" srcset=\"https:\/\/stineoester.dk\/wp-content\/uploads\/2018\/04\/Rompere-og-t\u00e6ppe.jpg 739w, https:\/\/stineoester.dk\/wp-content\/uploads\/2018\/04\/Rompere-og-t\u00e6ppe-300x195.jpg 300w, https:\/\/stineoester.dk\/wp-content\/uploads\/2018\/04\/Rompere-og-t\u00e6ppe-214x140.jpg 214w\" \/><\/a>\t\t\t\n\t\t\t\n\t\t\t\n\t\t\t\n\t\t\n\t\t<\/div>\n\t\n\n\t\n\t\t<div class=\"content\">\n\n\t\t\t<div class=\"post-meta post-meta-a has-below\"><h2 class=\"is-title post-title\"><a href=\"https:\/\/stineoester.dk\/is\/baby-blanket-fallegt-barnateppi-med-godum-malum-og-samsvarandi-jakkafoetum\/\">Baby Blanket &#8211; Fallegt barnateppi me\u00f0 g\u00f3\u00f0um m\u00e1lum og samsvarandi jakkaf\u00f6tum<\/a><\/h2><div class=\"post-meta-items meta-below\"><span class=\"meta-item post-author\"><span class=\"by\">By<\/span> <a href=\"https:\/\/stineoester.dk\/is\/author\/stine\/\" title=\"F\u00e6rslur eftir \u00feennan h\u00f6fund: Strikkeekspert Stine \u00d8ster\" rel=\"author\">Strikkeekspert Stine \u00d8ster<\/a><\/span><span class=\"meta-item date\"><span class=\"date-link\"><time class=\"post-date\" datetime=\"2018-04-13T13:22:02+02:00\">13. apr\u00edl 2018<\/time><\/span><\/span><\/div><\/div>\t\t\t\n\t\t\t\t\t\t\n\t\t\t\t<div class=\"excerpt\">\n\t\t\t\t\t<p>\u00c9g hef hanna\u00f0 \u00feetta lj\u00faffenga barnateppi \u00ed sama st\u00edl\/h\u00f6nnun og n\u00fdju buxurnar m\u00ednar sem \u00fe\u00fa&hellip;<\/p>\n\t\t\t\t<\/div>\n\t\t\t\n\t\t\t\n\t\t\t\n\t\t<\/div>\n\n\t\n<\/article>\t\t\t\t\t\n<article class=\"l-post grid-post grid-base-post\">\n\n\t\n\t\t\t<div class=\"media\">\n\n\t\t\n\t\t\t<a href=\"https:\/\/stineoester.dk\/is\/barnabuxur-saetustu-buxurnar-fra-0-til-18-manada\/\" class=\"image-link media-ratio ratio-is-custom\" title=\"Barnabuxur &#8211; S\u00e6tustu buxurnar fr\u00e1 0 til 18 m\u00e1na\u00f0a\"><img loading=\"lazy\" decoding=\"async\" width=\"339\" height=\"202\" src=\"https:\/\/stineoester.dk\/wp-content\/uploads\/2018\/04\/Rompere-og-t\u00e6ppe.jpg\" class=\"attachment-large size-large wp-post-image\" alt=\"\" sizes=\"(max-width: 339px) 100vw, 339px\" title=\"Barnabuxur &#8211; S\u00e6tustu buxurnar fr\u00e1 0 til 18 m\u00e1na\u00f0a\" srcset=\"https:\/\/stineoester.dk\/wp-content\/uploads\/2018\/04\/Rompere-og-t\u00e6ppe.jpg 739w, https:\/\/stineoester.dk\/wp-content\/uploads\/2018\/04\/Rompere-og-t\u00e6ppe-300x195.jpg 300w, https:\/\/stineoester.dk\/wp-content\/uploads\/2018\/04\/Rompere-og-t\u00e6ppe-214x140.jpg 214w\" \/><\/a>\t\t\t\n\t\t\t\n\t\t\t\n\t\t\t\n\t\t\n\t\t<\/div>\n\t\n\n\t\n\t\t<div class=\"content\">\n\n\t\t\t<div class=\"post-meta post-meta-a has-below\"><h2 class=\"is-title post-title\"><a href=\"https:\/\/stineoester.dk\/is\/barnabuxur-saetustu-buxurnar-fra-0-til-18-manada\/\">Barnabuxur &#8211; S\u00e6tustu buxurnar fr\u00e1 0 til 18 m\u00e1na\u00f0a<\/a><\/h2><div class=\"post-meta-items meta-below\"><span class=\"meta-item post-author\"><span class=\"by\">By<\/span> <a href=\"https:\/\/stineoester.dk\/is\/author\/stine\/\" title=\"F\u00e6rslur eftir \u00feennan h\u00f6fund: Strikkeekspert Stine \u00d8ster\" rel=\"author\">Strikkeekspert Stine \u00d8ster<\/a><\/span><span class=\"meta-item date\"><span class=\"date-link\"><time class=\"post-date\" datetime=\"2018-04-13T13:21:32+02:00\">13. apr\u00edl 2018<\/time><\/span><\/span><\/div><\/div>\t\t\t\n\t\t\t\t\t\t\n\t\t\t\t<div class=\"excerpt\">\n\t\t\t\t\t<p>\u00dea\u00f0 er f\u00e1tt s\u00e6tara en l\u00edti\u00f0 barn \u00ed s\u00e6tum litlum buxum. Mig langa\u00f0i lengi a\u00f0&hellip;<\/p>\n\t\t\t\t<\/div>\n\t\t\t\n\t\t\t\n\t\t\t\n\t\t<\/div>\n\n\t\n<\/article>\t\t\n\t<\/div>\n\n\t\t\n\t\t\t<\/div>\n\n\t\t<\/section>\n\t\t\t\t\t\t<\/div>\n\t\t\t\t<\/div>\n\t\t\t\t<div class=\"elementor-element elementor-element-5faecb96 elementor-widget elementor-widget-smartmag-overlay\" data-id=\"5faecb96\" data-element_type=\"widget\" data-widget_type=\"smartmag-overlay.default\">\n\t\t\t\t<div class=\"elementor-widget-container\">\n\t\t\t\t\t\t\t<section class=\"block-wrap block-overlay block-sc cols-gap-sm\" data-id=\"17\">\n\n\t\t\t\t\t\t\t\t\n\t\t\t\t\t\t\t\n\t\t\t\t<div class=\"block-head block-head-d is-left\">\n\n\t\t\t\t\t<h4 class=\"heading\">Listing: Grid Overlay<\/h4>\t\t\t\t\t\n\t\t\t\t\t\t\t\t\t<\/div>\n\t\t\t\t\n\t\t\t\n\t\t\t\n\t\t\t<div class=\"block-content\">\n\t\t\t\t\t\n\t<div class=\"loop loop-overlay grid grid-2 md:grid-2 xs:grid-1\">\n\n\t\t\t\n\t\t\t\n<article class=\"l-post grid-overlay overlay-post grid-overlay-a overlay-base-post\">\n\n\t\n\t\t\t<div class=\"media\">\n\n\t\t\n\t\t\t<a href=\"https:\/\/stineoester.dk\/is\/baby-blanket-fallegt-barnateppi-med-godum-malum-og-samsvarandi-jakkafoetum\/\" class=\"image-link media-ratio ratio-4-3\" title=\"Baby Blanket &#8211; Fallegt barnateppi me\u00f0 g\u00f3\u00f0um m\u00e1lum og samsvarandi jakkaf\u00f6tum\"><img loading=\"lazy\" decoding=\"async\" width=\"339\" height=\"254\" src=\"https:\/\/stineoester.dk\/wp-content\/uploads\/2018\/04\/Rompere-og-t\u00e6ppe.jpg\" class=\"attachment-large size-large wp-post-image\" alt=\"\" sizes=\"(max-width: 339px) 100vw, 339px\" title=\"Baby Blanket &#8211; Fallegt barnateppi me\u00f0 g\u00f3\u00f0um m\u00e1lum og samsvarandi jakkaf\u00f6tum\" \/><\/a>\t\t\t\n\t\t\t\n\t\t\t\n\t\t\t\n\t\t\n\t\t<\/div>\n\t\n\n\t\t\t<div class=\"content-wrap\">\n\t\n\t\t<div class=\"content\">\n\n\t\t\t<div class=\"post-meta post-meta-a meta-contrast has-below\"><h2 class=\"is-title post-title\"><a href=\"https:\/\/stineoester.dk\/is\/baby-blanket-fallegt-barnateppi-med-godum-malum-og-samsvarandi-jakkafoetum\/\">Baby Blanket &#8211; Fallegt barnateppi me\u00f0 g\u00f3\u00f0um m\u00e1lum og samsvarandi jakkaf\u00f6tum<\/a><\/h2><div class=\"post-meta-items meta-below\"><span class=\"meta-item post-author\"><span class=\"by\">By<\/span> <a href=\"https:\/\/stineoester.dk\/is\/author\/stine\/\" title=\"F\u00e6rslur eftir \u00feennan h\u00f6fund: Strikkeekspert Stine \u00d8ster\" rel=\"author\">Strikkeekspert Stine \u00d8ster<\/a><\/span><span class=\"meta-item date\"><span class=\"date-link\"><time class=\"post-date\" datetime=\"2018-04-13T13:22:02+02:00\">13. apr\u00edl 2018<\/time><\/span><\/span><\/div><\/div>\t\t\t\n\t\t\t\n\t\t\t\n\t\t<\/div>\n\n\t\t\t<\/div>\n\t\n<\/article>\n\t\t\t\n\t\t\t\n<article class=\"l-post grid-overlay overlay-post grid-overlay-a overlay-base-post\">\n\n\t\n\t\t\t<div class=\"media\">\n\n\t\t\n\t\t\t<a href=\"https:\/\/stineoester.dk\/is\/barnabuxur-saetustu-buxurnar-fra-0-til-18-manada\/\" class=\"image-link media-ratio ratio-4-3\" title=\"Barnabuxur &#8211; S\u00e6tustu buxurnar fr\u00e1 0 til 18 m\u00e1na\u00f0a\"><img loading=\"lazy\" decoding=\"async\" width=\"339\" height=\"254\" src=\"https:\/\/stineoester.dk\/wp-content\/uploads\/2018\/04\/Rompere-og-t\u00e6ppe.jpg\" class=\"attachment-large size-large wp-post-image\" alt=\"\" sizes=\"(max-width: 339px) 100vw, 339px\" title=\"Barnabuxur &#8211; S\u00e6tustu buxurnar fr\u00e1 0 til 18 m\u00e1na\u00f0a\" \/><\/a>\t\t\t\n\t\t\t\n\t\t\t\n\t\t\t\n\t\t\n\t\t<\/div>\n\t\n\n\t\t\t<div class=\"content-wrap\">\n\t\n\t\t<div class=\"content\">\n\n\t\t\t<div class=\"post-meta post-meta-a meta-contrast has-below\"><h2 class=\"is-title post-title\"><a href=\"https:\/\/stineoester.dk\/is\/barnabuxur-saetustu-buxurnar-fra-0-til-18-manada\/\">Barnabuxur &#8211; S\u00e6tustu buxurnar fr\u00e1 0 til 18 m\u00e1na\u00f0a<\/a><\/h2><div class=\"post-meta-items meta-below\"><span class=\"meta-item post-author\"><span class=\"by\">By<\/span> <a href=\"https:\/\/stineoester.dk\/is\/author\/stine\/\" title=\"F\u00e6rslur eftir \u00feennan h\u00f6fund: Strikkeekspert Stine \u00d8ster\" rel=\"author\">Strikkeekspert Stine \u00d8ster<\/a><\/span><span class=\"meta-item date\"><span class=\"date-link\"><time class=\"post-date\" datetime=\"2018-04-13T13:21:32+02:00\">13. apr\u00edl 2018<\/time><\/span><\/span><\/div><\/div>\t\t\t\n\t\t\t\n\t\t\t\n\t\t<\/div>\n\n\t\t\t<\/div>\n\t\n<\/article>\n\t\t\n\t<\/div>\n\n\t\t\n\t\t\t<\/div>\n\n\t\t<\/section>\n\t\t\t\t\t\t<\/div>\n\t\t\t\t<\/div>\n\t\t\t\t<div class=\"elementor-element elementor-element-349e3bee elementor-widget elementor-widget-smartmag-overlay\" data-id=\"349e3bee\" data-element_type=\"widget\" data-widget_type=\"smartmag-overlay.default\">\n\t\t\t\t<div class=\"elementor-widget-container\">\n\t\t\t\t\t\t\t<section class=\"block-wrap block-overlay block-sc cols-gap-sm\" data-id=\"18\">\n\n\t\t\t\t\t\t\t\t\n\t\t\t\t\t\t\t\n\t\t\t\t<div class=\"block-head block-head-d is-left term-color-2\">\n\n\t\t\t\t\t<h4 class=\"heading\"><a href=\"https:\/\/stineoester.dk\/category\/dame-strik\/\">Listing: Tall Overlay<\/a><\/h4>\t\t\t\t\t\n\t\t\t\t\t\t\t\t\t<\/div>\n\t\t\t\t\n\t\t\t\n\t\t\t\n\t\t\t<div class=\"block-content\">\n\t\t\t\t\t\n\t<div class=\"loop loop-overlay grid grid-3 md:grid-2 xs:grid-1\">\n\n\t\t\t\n\t\t\t\n<article class=\"l-post grid-overlay overlay-post grid-overlay-a overlay-base-post\">\n\n\t\n\t\t\t<div class=\"media\">\n\n\t\t\n\t\t\t<a href=\"https:\/\/stineoester.dk\/is\/charlottes-poncho-fallegur-hlyr-og-hagnytur-poncho\/\" class=\"image-link media-ratio ratio-3-4\" title=\"Charlotte&#8217;s Poncho &#8211; Fallegur, hl\u00fdr og hagn\u00fdtur Poncho\"><img loading=\"lazy\" decoding=\"async\" width=\"339\" height=\"452\" src=\"https:\/\/stineoester.dk\/wp-content\/uploads\/2017\/12\/Charlotte3.jpg\" class=\"attachment-large size-large wp-post-image\" alt=\"\" sizes=\"(max-width: 339px) 100vw, 339px\" title=\"Charlotte&#8217;s Poncho &#8211; Fallegur, hl\u00fdr og hagn\u00fdtur Poncho\" \/><\/a>\t\t\t\n\t\t\t\n\t\t\t\n\t\t\t\n\t\t\n\t\t<\/div>\n\t\n\n\t\t\t<div class=\"content-wrap\">\n\t\n\t\t<div class=\"content\">\n\n\t\t\t<div class=\"post-meta post-meta-a meta-contrast has-below\"><h2 class=\"is-title post-title\"><a href=\"https:\/\/stineoester.dk\/is\/charlottes-poncho-fallegur-hlyr-og-hagnytur-poncho\/\">Charlotte&#8217;s Poncho &#8211; Fallegur, hl\u00fdr og hagn\u00fdtur Poncho<\/a><\/h2><div class=\"post-meta-items meta-below\"><span class=\"meta-item date\"><span class=\"date-link\"><time class=\"post-date\" datetime=\"2017-10-01T09:16:10+02:00\">1. okt\u00f3ber 2017<\/time><\/span><\/span><\/div><\/div>\t\t\t\n\t\t\t\n\t\t\t\n\t\t<\/div>\n\n\t\t\t<\/div>\n\t\n<\/article>\n\t\t\t\n\t\t\t\n<article class=\"l-post grid-overlay overlay-post grid-overlay-a overlay-base-post\">\n\n\t\n\t\t\t<div class=\"media\">\n\n\t\t\n\t\t\t<a href=\"https:\/\/stineoester.dk\/is\/athen-cardigan-falleg-glaesileg-og-einfoeld-peysa\/\" class=\"image-link media-ratio ratio-3-4\" title=\"Athen Cardigan &#8211; Falleg, gl\u00e6sileg og einf\u00f6ld peysa\"><img loading=\"lazy\" decoding=\"async\" width=\"339\" height=\"452\" src=\"https:\/\/stineoester.dk\/wp-content\/uploads\/2017\/12\/Athen-closeup2-683x1024.jpg\" class=\"attachment-large size-large wp-post-image\" alt=\"\" sizes=\"(max-width: 339px) 100vw, 339px\" title=\"Athen Cardigan &#8211; Falleg, gl\u00e6sileg og einf\u00f6ld peysa\" srcset=\"https:\/\/stineoester.dk\/wp-content\/uploads\/2017\/12\/Athen-closeup2-683x1024.jpg 683w, https:\/\/stineoester.dk\/wp-content\/uploads\/2017\/12\/Athen-closeup2-768x1152.jpg 768w, https:\/\/stineoester.dk\/wp-content\/uploads\/2017\/12\/Athen-closeup2.jpg 800w\" \/><\/a>\t\t\t\n\t\t\t\n\t\t\t\n\t\t\t\n\t\t\n\t\t<\/div>\n\t\n\n\t\t\t<div class=\"content-wrap\">\n\t\n\t\t<div class=\"content\">\n\n\t\t\t<div class=\"post-meta post-meta-a meta-contrast has-below\"><h2 class=\"is-title post-title\"><a href=\"https:\/\/stineoester.dk\/is\/athen-cardigan-falleg-glaesileg-og-einfoeld-peysa\/\">Athen Cardigan &#8211; Falleg, gl\u00e6sileg og einf\u00f6ld peysa<\/a><\/h2><div class=\"post-meta-items meta-below\"><span class=\"meta-item date\"><span class=\"date-link\"><time class=\"post-date\" datetime=\"2017-09-21T09:01:50+02:00\">21. september 2017<\/time><\/span><\/span><\/div><\/div>\t\t\t\n\t\t\t\n\t\t\t\n\t\t<\/div>\n\n\t\t\t<\/div>\n\t\n<\/article>\n\t\t\t\n\t\t\t\n<article class=\"l-post grid-overlay overlay-post grid-overlay-a overlay-base-post\">\n\n\t\n\t\t\t<div class=\"media\">\n\n\t\t\n\t\t\t<a href=\"https:\/\/stineoester.dk\/is\/lala-trefill-prjonadur-ur-lala-berlin-garni\/\" class=\"image-link media-ratio ratio-3-4\" title=\"Lala trefill &#8211; Prj\u00f3na\u00f0ur \u00far Lala Berlin garni\"><img loading=\"lazy\" decoding=\"async\" width=\"339\" height=\"452\" src=\"https:\/\/stineoester.dk\/wp-content\/uploads\/2017\/12\/lalaberlin-lala-665x1024.jpg\" class=\"attachment-large size-large wp-post-image\" alt=\"\" sizes=\"(max-width: 339px) 100vw, 339px\" title=\"Lala trefill &#8211; Prj\u00f3na\u00f0ur \u00far Lala Berlin garni\" srcset=\"https:\/\/stineoester.dk\/wp-content\/uploads\/2017\/12\/lalaberlin-lala-665x1024.jpg 665w, https:\/\/stineoester.dk\/wp-content\/uploads\/2017\/12\/lalaberlin-lala-768x1182.jpg 768w, https:\/\/stineoester.dk\/wp-content\/uploads\/2017\/12\/lalaberlin-lala.jpg 800w\" \/><\/a>\t\t\t\n\t\t\t\n\t\t\t\n\t\t\t\n\t\t\n\t\t<\/div>\n\t\n\n\t\t\t<div class=\"content-wrap\">\n\t\n\t\t<div class=\"content\">\n\n\t\t\t<div class=\"post-meta post-meta-a meta-contrast has-below\"><h2 class=\"is-title post-title\"><a href=\"https:\/\/stineoester.dk\/is\/lala-trefill-prjonadur-ur-lala-berlin-garni\/\">Lala trefill &#8211; Prj\u00f3na\u00f0ur \u00far Lala Berlin garni<\/a><\/h2><div class=\"post-meta-items meta-below\"><span class=\"meta-item date\"><span class=\"date-link\"><time class=\"post-date\" datetime=\"2017-09-18T09:28:42+02:00\">18. september 2017<\/time><\/span><\/span><\/div><\/div>\t\t\t\n\t\t\t\n\t\t\t\n\t\t<\/div>\n\n\t\t\t<\/div>\n\t\n<\/article>\n\t\t\n\t<\/div>\n\n\t\t\n\t\t\t<\/div>\n\n\t\t<\/section>\n\t\t\t\t\t\t<\/div>\n\t\t\t\t<\/div>\n\t\t\t\t<div class=\"elementor-element elementor-element-7698781c elementor-widget elementor-widget-smartmag-postslist\" data-id=\"7698781c\" data-element_type=\"widget\" data-widget_type=\"smartmag-postslist.default\">\n\t\t\t\t<div class=\"elementor-widget-container\">\n\t\t\t\t\t\t\t<section class=\"block-wrap block-posts-list block-sc\" data-id=\"19\">\n\n\t\t\t\t\t\t\t\t\n\t\t\t\t\t\t\t\n\t\t\t\t<div class=\"block-head block-head-d is-left\">\n\n\t\t\t\t\t<h4 class=\"heading\">Listing: Blog<\/h4>\t\t\t\t\t\n\t\t\t\t\t\t\t\t\t<\/div>\n\t\t\t\t\n\t\t\t\n\t\t\t\n\t\t\t<div class=\"block-content\">\n\t\t\t\t\t\n\t<div class=\"loop loop-list loop-sep loop-list-sep grid grid-1 md:grid-1 sm:grid-1\">\n\n\t\t\t\t\n\t\t\t\n<article class=\"l-post list-post list-post-on-sm m-pos-left\">\n\n\t\n\t\t\t<div class=\"media\">\n\n\t\t\n\t\t\t<a href=\"https:\/\/stineoester.dk\/is\/baby-blanket-fallegt-barnateppi-med-godum-malum-og-samsvarandi-jakkafoetum\/\" class=\"image-link media-ratio ratio-is-custom\" title=\"Baby Blanket &#8211; Fallegt barnateppi me\u00f0 g\u00f3\u00f0um m\u00e1lum og samsvarandi jakkaf\u00f6tum\"><img loading=\"lazy\" decoding=\"async\" width=\"313\" height=\"199\" src=\"https:\/\/stineoester.dk\/wp-content\/uploads\/2018\/04\/Rompere-og-t\u00e6ppe.jpg\" class=\"attachment-large size-large wp-post-image\" alt=\"\" sizes=\"(max-width: 313px) 100vw, 313px\" title=\"Baby Blanket &#8211; Fallegt barnateppi me\u00f0 g\u00f3\u00f0um m\u00e1lum og samsvarandi jakkaf\u00f6tum\" srcset=\"https:\/\/stineoester.dk\/wp-content\/uploads\/2018\/04\/Rompere-og-t\u00e6ppe.jpg 739w, https:\/\/stineoester.dk\/wp-content\/uploads\/2018\/04\/Rompere-og-t\u00e6ppe-300x195.jpg 300w, https:\/\/stineoester.dk\/wp-content\/uploads\/2018\/04\/Rompere-og-t\u00e6ppe-104x69.jpg 104w, https:\/\/stineoester.dk\/wp-content\/uploads\/2018\/04\/Rompere-og-t\u00e6ppe-214x140.jpg 214w\" \/><\/a>\t\t\t\n\t\t\t\n\t\t\t\n\t\t\t\n\t\t\n\t\t<\/div>\n\t\n\n\t\n\t\t<div class=\"content\">\n\n\t\t\t<div class=\"post-meta post-meta-a has-below\"><h2 class=\"is-title post-title\"><a href=\"https:\/\/stineoester.dk\/is\/baby-blanket-fallegt-barnateppi-med-godum-malum-og-samsvarandi-jakkafoetum\/\">Baby Blanket &#8211; Fallegt barnateppi me\u00f0 g\u00f3\u00f0um m\u00e1lum og samsvarandi jakkaf\u00f6tum<\/a><\/h2><div class=\"post-meta-items meta-below\"><span class=\"meta-item post-author\"><span class=\"by\">By<\/span> <a href=\"https:\/\/stineoester.dk\/is\/author\/stine\/\" title=\"F\u00e6rslur eftir \u00feennan h\u00f6fund: Strikkeekspert Stine \u00d8ster\" rel=\"author\">Strikkeekspert Stine \u00d8ster<\/a><\/span><span class=\"meta-item date\"><span class=\"date-link\"><time class=\"post-date\" datetime=\"2018-04-13T13:22:02+02:00\">13. apr\u00edl 2018<\/time><\/span><\/span><\/div><\/div>\t\t\t\n\t\t\t\t\t\t\n\t\t\t\t<div class=\"excerpt\">\n\t\t\t\t\t<p>\u00c9g hef hanna\u00f0 \u00feetta lj\u00faffenga barnateppi \u00ed sama st\u00edl\/h\u00f6nnun og n\u00fdju buxurnar m\u00ednar sem \u00fe\u00fa finnur h\u00e9r . Uppskriftin er ofbo\u00f0slega einf\u00f6ld en \u00fatkoman er virkilega&hellip;<\/p>\n\t\t\t\t<\/div>\n\t\t\t\n\t\t\t\n\t\t\t\n\t\t<\/div>\n\n\t\n<\/article>\n\t\t\t\t\n\t\t\t\n<article class=\"l-post list-post list-post-on-sm m-pos-left\">\n\n\t\n\t\t\t<div class=\"media\">\n\n\t\t\n\t\t\t<a href=\"https:\/\/stineoester.dk\/is\/barnabuxur-saetustu-buxurnar-fra-0-til-18-manada\/\" class=\"image-link media-ratio ratio-is-custom\" title=\"Barnabuxur &#8211; S\u00e6tustu buxurnar fr\u00e1 0 til 18 m\u00e1na\u00f0a\"><img loading=\"lazy\" decoding=\"async\" width=\"313\" height=\"199\" src=\"https:\/\/stineoester.dk\/wp-content\/uploads\/2018\/04\/Rompere-og-t\u00e6ppe.jpg\" class=\"attachment-large size-large wp-post-image\" alt=\"\" sizes=\"(max-width: 313px) 100vw, 313px\" title=\"Barnabuxur &#8211; S\u00e6tustu buxurnar fr\u00e1 0 til 18 m\u00e1na\u00f0a\" srcset=\"https:\/\/stineoester.dk\/wp-content\/uploads\/2018\/04\/Rompere-og-t\u00e6ppe.jpg 739w, https:\/\/stineoester.dk\/wp-content\/uploads\/2018\/04\/Rompere-og-t\u00e6ppe-300x195.jpg 300w, https:\/\/stineoester.dk\/wp-content\/uploads\/2018\/04\/Rompere-og-t\u00e6ppe-104x69.jpg 104w, https:\/\/stineoester.dk\/wp-content\/uploads\/2018\/04\/Rompere-og-t\u00e6ppe-214x140.jpg 214w\" \/><\/a>\t\t\t\n\t\t\t\n\t\t\t\n\t\t\t\n\t\t\n\t\t<\/div>\n\t\n\n\t\n\t\t<div class=\"content\">\n\n\t\t\t<div class=\"post-meta post-meta-a has-below\"><h2 class=\"is-title post-title\"><a href=\"https:\/\/stineoester.dk\/is\/barnabuxur-saetustu-buxurnar-fra-0-til-18-manada\/\">Barnabuxur &#8211; S\u00e6tustu buxurnar fr\u00e1 0 til 18 m\u00e1na\u00f0a<\/a><\/h2><div class=\"post-meta-items meta-below\"><span class=\"meta-item post-author\"><span class=\"by\">By<\/span> <a href=\"https:\/\/stineoester.dk\/is\/author\/stine\/\" title=\"F\u00e6rslur eftir \u00feennan h\u00f6fund: Strikkeekspert Stine \u00d8ster\" rel=\"author\">Strikkeekspert Stine \u00d8ster<\/a><\/span><span class=\"meta-item date\"><span class=\"date-link\"><time class=\"post-date\" datetime=\"2018-04-13T13:21:32+02:00\">13. apr\u00edl 2018<\/time><\/span><\/span><\/div><\/div>\t\t\t\n\t\t\t\t\t\t\n\t\t\t\t<div class=\"excerpt\">\n\t\t\t\t\t<p>\u00dea\u00f0 er f\u00e1tt s\u00e6tara en l\u00edti\u00f0 barn \u00ed s\u00e6tum litlum buxum. Mig langa\u00f0i lengi a\u00f0 prj\u00f3na nokkrar sem voru m\u00ednar eigin og n\u00fa hafa \u00fe\u00e6r loksins&hellip;<\/p>\n\t\t\t\t<\/div>\n\t\t\t\n\t\t\t\n\t\t\t\n\t\t<\/div>\n\n\t\n<\/article>\n\t\t\t\t\n\t\t\t\n<article class=\"l-post list-post list-post-on-sm m-pos-left\">\n\n\t\n\t\t\t<div class=\"media\">\n\n\t\t\n\t\t\t<a href=\"https:\/\/stineoester.dk\/is\/putte-poncho-deluxe-fallegt-tweed-poncho-fyrir-boern\/\" class=\"image-link media-ratio ratio-is-custom\" title=\"Putte Poncho Deluxe &#8211; Fallegt tweed Poncho fyrir b\u00f6rn\"><img loading=\"lazy\" decoding=\"async\" width=\"313\" height=\"199\" src=\"https:\/\/stineoester.dk\/wp-content\/uploads\/2017\/12\/puttedeluxe9-e1513072934891.jpg\" class=\"attachment-large size-large wp-post-image\" alt=\"\" sizes=\"(max-width: 313px) 100vw, 313px\" title=\"Putte Poncho Deluxe &#8211; Fallegt tweed Poncho fyrir b\u00f6rn\" srcset=\"https:\/\/stineoester.dk\/wp-content\/uploads\/2017\/12\/puttedeluxe9-e1513072934891.jpg 795w, https:\/\/stineoester.dk\/wp-content\/uploads\/2017\/12\/puttedeluxe9-e1513072934891-300x292.jpg 300w, https:\/\/stineoester.dk\/wp-content\/uploads\/2017\/12\/puttedeluxe9-e1513072934891-768x748.jpg 768w\" \/><\/a>\t\t\t\n\t\t\t\n\t\t\t\n\t\t\t\n\t\t\n\t\t<\/div>\n\t\n\n\t\n\t\t<div class=\"content\">\n\n\t\t\t<div class=\"post-meta post-meta-a has-below\"><h2 class=\"is-title post-title\"><a href=\"https:\/\/stineoester.dk\/is\/putte-poncho-deluxe-fallegt-tweed-poncho-fyrir-boern\/\">Putte Poncho Deluxe &#8211; Fallegt tweed Poncho fyrir b\u00f6rn<\/a><\/h2><div class=\"post-meta-items meta-below\"><span class=\"meta-item post-author\"><span class=\"by\">By<\/span> <a href=\"https:\/\/stineoester.dk\/is\/author\/stine\/\" title=\"F\u00e6rslur eftir \u00feennan h\u00f6fund: Strikkeekspert Stine \u00d8ster\" rel=\"author\">Strikkeekspert Stine \u00d8ster<\/a><\/span><span class=\"meta-item date\"><span class=\"date-link\"><time class=\"post-date\" datetime=\"2017-10-12T09:46:34+02:00\">12. okt\u00f3ber 2017<\/time><\/span><\/span><\/div><\/div>\t\t\t\n\t\t\t\t\t\t\n\t\t\t\t<div class=\"excerpt\">\n\t\t\t\t\t<p>Kauptu uppskrift n\u00fana S\u00fdndu k\u00f6rfuna \u00fe\u00edna Putte Poncho Deluxe er arftaki hins upprunalega Putte Poncho . \u00cd \u00feessari uppskrift hef \u00e9g vali\u00f0 allt anna\u00f0 garn til&hellip;<\/p>\n\t\t\t\t<\/div>\n\t\t\t\n\t\t\t\n\t\t\t\n\t\t<\/div>\n\n\t\n<\/article>\n\t\t\n\t<\/div>\n\n\t\t\t\t\t<\/div>\n\n\t\t<\/section>\n\t\t\t\t\t\t<\/div>\n\t\t\t\t<\/div>\n\t\t\t\t<div class=\"elementor-element elementor-element-148f9011 elementor-widget elementor-widget-smartmag-postssmall\" data-id=\"148f9011\" data-element_type=\"widget\" data-widget_type=\"smartmag-postssmall.default\">\n\t\t\t\t<div class=\"elementor-widget-container\">\n\t\t\t\t\t\t\t<section class=\"block-wrap block-posts-small block-sc\" data-id=\"20\">\n\n\t\t\t\t\t\t\t\t\n\t\t\t\t\t\t\t\n\t\t\t\t<div class=\"block-head block-head-d is-left\">\n\n\t\t\t\t\t<h4 class=\"heading\">Listing: Timeline<\/h4>\t\t\t\t\t\n\t\t\t\t\t\t\t\t\t<\/div>\n\t\t\t\t\n\t\t\t\n\t\t\t\n\t\t\t<div class=\"block-content\">\n\t\t\t\t\n\t<div class=\"loop loop-small loop-small-b loop-sep loop-small-sep grid grid-1 md:grid-1 sm:grid-1 xs:grid-1\">\n\n\t\t\t\t\t\n<article class=\"l-post small-post small-b-post m-pos-left\">\n\n\t\n\t\n\n\t\n\t\t<div class=\"content\">\n\n\t\t\t<div class=\"post-meta post-meta-a post-meta-left has-below\"><h4 class=\"is-title post-title\"><a href=\"https:\/\/stineoester.dk\/is\/baby-blanket-fallegt-barnateppi-med-godum-malum-og-samsvarandi-jakkafoetum\/\">Baby Blanket &#8211; Fallegt barnateppi me\u00f0 g\u00f3\u00f0um m\u00e1lum og samsvarandi jakkaf\u00f6tum<\/a><\/h4><div class=\"post-meta-items meta-below\"><span class=\"meta-item date\"><span class=\"date-link\"><time class=\"post-date\" datetime=\"2018-04-13T13:22:02+02:00\">13. apr\u00edl 2018<\/time><\/span><\/span><\/div><\/div>\t\t\t\n\t\t\t\n\t\t\t\n\t\t<\/div>\n\n\t\n<\/article>\t\n\t\t\t\t\t\n<article class=\"l-post small-post small-b-post m-pos-left\">\n\n\t\n\t\n\n\t\n\t\t<div class=\"content\">\n\n\t\t\t<div class=\"post-meta post-meta-a post-meta-left has-below\"><h4 class=\"is-title post-title\"><a href=\"https:\/\/stineoester.dk\/is\/barnabuxur-saetustu-buxurnar-fra-0-til-18-manada\/\">Barnabuxur &#8211; S\u00e6tustu buxurnar fr\u00e1 0 til 18 m\u00e1na\u00f0a<\/a><\/h4><div class=\"post-meta-items meta-below\"><span class=\"meta-item date\"><span class=\"date-link\"><time class=\"post-date\" datetime=\"2018-04-13T13:21:32+02:00\">13. apr\u00edl 2018<\/time><\/span><\/span><\/div><\/div>\t\t\t\n\t\t\t\n\t\t\t\n\t\t<\/div>\n\n\t\n<\/article>\t\n\t\t\t\t\t\n<article class=\"l-post small-post small-b-post m-pos-left\">\n\n\t\n\t\n\n\t\n\t\t<div class=\"content\">\n\n\t\t\t<div class=\"post-meta post-meta-a post-meta-left has-below\"><h4 class=\"is-title post-title\"><a href=\"https:\/\/stineoester.dk\/is\/putte-poncho-deluxe-fallegt-tweed-poncho-fyrir-boern\/\">Putte Poncho Deluxe &#8211; Fallegt tweed Poncho fyrir b\u00f6rn<\/a><\/h4><div class=\"post-meta-items meta-below\"><span class=\"meta-item date\"><span class=\"date-link\"><time class=\"post-date\" datetime=\"2017-10-12T09:46:34+02:00\">12. okt\u00f3ber 2017<\/time><\/span><\/span><\/div><\/div>\t\t\t\n\t\t\t\n\t\t\t\n\t\t<\/div>\n\n\t\n<\/article>\t\n\t\t\t\t\t\n<article class=\"l-post small-post small-b-post m-pos-left\">\n\n\t\n\t\n\n\t\n\t\t<div class=\"content\">\n\n\t\t\t<div class=\"post-meta post-meta-a post-meta-left has-below\"><h4 class=\"is-title post-title\"><a href=\"https:\/\/stineoester.dk\/is\/charlottes-poncho-fallegur-hlyr-og-hagnytur-poncho\/\">Charlotte&#8217;s Poncho &#8211; Fallegur, hl\u00fdr og hagn\u00fdtur Poncho<\/a><\/h4><div class=\"post-meta-items meta-below\"><span class=\"meta-item date\"><span class=\"date-link\"><time class=\"post-date\" datetime=\"2017-10-01T09:16:10+02:00\">1. okt\u00f3ber 2017<\/time><\/span><\/span><\/div><\/div>\t\t\t\n\t\t\t\n\t\t\t\n\t\t<\/div>\n\n\t\n<\/article>\t\n\t\t\t\t\t\n<article class=\"l-post small-post small-b-post m-pos-left\">\n\n\t\n\t\n\n\t\n\t\t<div class=\"content\">\n\n\t\t\t<div class=\"post-meta post-meta-a post-meta-left has-below\"><h4 class=\"is-title post-title\"><a href=\"https:\/\/stineoester.dk\/is\/athen-cardigan-falleg-glaesileg-og-einfoeld-peysa\/\">Athen Cardigan &#8211; Falleg, gl\u00e6sileg og einf\u00f6ld peysa<\/a><\/h4><div class=\"post-meta-items meta-below\"><span class=\"meta-item date\"><span class=\"date-link\"><time class=\"post-date\" datetime=\"2017-09-21T09:01:50+02:00\">21. september 2017<\/time><\/span><\/span><\/div><\/div>\t\t\t\n\t\t\t\n\t\t\t\n\t\t<\/div>\n\n\t\n<\/article>\t\n\t\t\n\t<\/div>\n\n\t\t\t\t\t<\/div>\n\n\t\t<\/section>\n\t\t\t\t\t\t<\/div>\n\t\t\t\t<\/div>\n\t\t\t\t<div class=\"elementor-element elementor-element-753c0063 elementor-widget elementor-widget-smartmag-large\" data-id=\"753c0063\" data-element_type=\"widget\" data-widget_type=\"smartmag-large.default\">\n\t\t\t\t<div class=\"elementor-widget-container\">\n\t\t\t\t\t\t\t<section class=\"block-wrap block-large block-sc\" data-id=\"21\">\n\n\t\t\t\t\t\t\t\t\n\t\t\t\t\t\t\t\n\t\t\t\t<div class=\"block-head block-head-d is-left\">\n\n\t\t\t\t\t<h4 class=\"heading\">Listing: Classic<\/h4>\t\t\t\t\t\n\t\t\t\t\t\t\t\t\t<\/div>\n\t\t\t\t\n\t\t\t\n\t\t\t\n\t\t\t<div class=\"block-content\">\n\t\t\t\t\t\n\t<div class=\"loop loop-grid loop-grid-lg grid grid-1 md:grid-1 xs:grid-1\">\n\n\t\t\t\t\t\n<article id=\"post-4244\" class=\"post-4244 post type-post status-publish format-standard has-post-thumbnail category-barnaprjon-is category-okeypis-prjonamynstur\">\n\t\n\t<header class=\"the-post-header post-header cf\">\n\t\n\t\t\n\t\t\t\n\t<div class=\"featured\">\n\t\t\t\t\n\t\t\t<a href=\"https:\/\/stineoester.dk\/is\/baby-blanket-fallegt-barnateppi-med-godum-malum-og-samsvarandi-jakkafoetum\/\" class=\"image-link media-ratio ratio-is-custom\" title=\"Baby Blanket &#8211; Fallegt barnateppi me\u00f0 g\u00f3\u00f0um m\u00e1lum og samsvarandi jakkaf\u00f6tum\"><img loading=\"lazy\" decoding=\"async\" width=\"708\" height=\"354\" src=\"https:\/\/stineoester.dk\/wp-content\/uploads\/2018\/04\/Rompere-og-t\u00e6ppe.jpg\" class=\"attachment-large size-large wp-post-image\" alt=\"\" sizes=\"(max-width: 708px) 100vw, 708px\" title=\"Baby Blanket &#8211; Fallegt barnateppi me\u00f0 g\u00f3\u00f0um m\u00e1lum og samsvarandi jakkaf\u00f6tum\" \/><\/a>\t\t\n\t\t\t\t\t\t\n\t\t\t<\/div>\n\n\t\t\t\n\t\t\t\t\n\t\t\t\t\t<div class=\"heading cf\">\n\t\t\t\t\n\t\t\t<h2 class=\"post-title\">\n\t\t\t\t\t\t\n\t\t\t\t<a href=\"https:\/\/stineoester.dk\/is\/baby-blanket-fallegt-barnateppi-med-godum-malum-og-samsvarandi-jakkafoetum\/\" title=\"Baby Blanket &#8211; Fallegt barnateppi me\u00f0 g\u00f3\u00f0um m\u00e1lum og samsvarandi jakkaf\u00f6tum\" rel=\"bookmark\">\n\t\t\t\t\tBaby Blanket &#8211; Fallegt barnateppi me\u00f0 g\u00f3\u00f0um m\u00e1lum og samsvarandi jakkaf\u00f6tum<\/a>\n\t\t\t\t\t\n\t\t\t\t\t\t<\/h2>\n\t\t\t\n\t\t\t<a href=\"https:\/\/stineoester.dk\/is\/baby-blanket-fallegt-barnateppi-med-godum-malum-og-samsvarandi-jakkafoetum\/#respond\" class=\"comments\"><i class=\"tsi tsi-comments-o\"><\/i> 0<\/a>\n\t\t\n\t\t<\/div>\n\n\t\t<div class=\"the-post-meta cf\">\n\t\t\t<span class=\"posted-by\">By \n\t\t\t\t<span class=\"reviewer\"><a href=\"https:\/\/stineoester.dk\/is\/author\/stine\/\" title=\"F\u00e6rslur eftir \u00feennan h\u00f6fund: Strikkeekspert Stine \u00d8ster\" rel=\"author\">Strikkeekspert Stine \u00d8ster<\/a><\/span>\n\t\t\t<\/span>\n\t\t\t \n\t\t\t<span class=\"posted-on\">on\t\t\t\t<span class=\"dtreviewed\">\n\t\t\t\t\t<time class=\"value-title\" datetime=\"2018-04-13T13:22:02+02:00\" title=\"2018-04-13\">13. apr\u00edl 2018<\/time>\n\t\t\t\t<\/span>\n\t\t\t<\/span>\n\t\t\t\n\t\t\t<span class=\"cats\"><a href=\"https:\/\/stineoester.dk\/is\/category\/barnaprjon-is\/\" rel=\"category tag\">Barnaprj\u00f3n<\/a>, <a href=\"https:\/\/stineoester.dk\/is\/category\/okeypis-prjonamynstur\/\" rel=\"category tag\">\u00d3keypis prj\u00f3namynstur<\/a><\/span>\n\t\t\t\t\n\t\t<\/div>\t\t\t\n\t\t\t\t\n\t<\/header>\n\n\t\n<div class=\"post-content-wrap\">\n\t\n\t<div class=\"post-content cf entry-content content-normal\">\n\n\t\t\n\t\t\t\t\n\t\t<p>\u00c9g hef hanna\u00f0 \u00feetta lj\u00faffenga barnateppi \u00ed sama st\u00edl\/h\u00f6nnun og n\u00fdju buxurnar m\u00ednar sem \u00fe\u00fa finnur h\u00e9r . Uppskriftin er ofbo\u00f0slega einf\u00f6ld en \u00fatkoman er virkilega lj\u00faffeng. \u00dea\u00f0 eru m\u00f6rg barnateppi, en ekki svo m\u00f6rg sem geta l\u00edka fengi\u00f0 samsv\u00f6run af barnabuxum. Prj\u00f3naspenna : 23 lykkjur \u00ed mynstur \u00e1 prj\u00f3ni 4, prj\u00f3ni\u00f0 \u00fearf a\u00f0 teygja \u00ed mynstur. Uppskrift Prj\u00f3nastyrkur: 21 lykkja pr 10 cm. framlengdur \u00ed mynstri \u00e1 prj\u00f3ni 4 Fitji\u00f0 upp 135 lykkjur \u00e1 prj\u00f3n 4 og prj\u00f3ni\u00f0 11 umfer\u00f0ir af perluprj\u00f3ni (1 lykkja sl\u00e9tt, 1 lykkja brug\u00f0in) Fyrsta og s\u00ed\u00f0asta lykkjan eru kantlykkjur og eru prj\u00f3na\u00f0ar beint \u00e1&hellip;<\/p>\n<div><a href=\"https:\/\/stineoester.dk\/is\/baby-blanket-fallegt-barnateppi-med-godum-malum-og-samsvarandi-jakkafoetum\/\" class=\"ts-button read-more-btn\">Read More<\/a><\/div>\n\n\t\t\t\t\n\t\t\n\t\t\n\t\t\n\t<\/div>\n<\/div>\n\t\n\t\t\n<\/article>\n\n\n\n\n\n\t<\/div>\n\n\t\t\n\t\t\t<\/div>\n\n\t\t<\/section>\n\t\t\t\t\t\t<\/div>\n\t\t\t\t<\/div>\n\t\t\t\t\t<\/div>\n\t\t<\/div>\n\t\t\t\t\t<\/div>\n\t\t<\/section>\n\t\t\t\t<\/div>\n\t\t","protected":false},"excerpt":{"rendered":"","protected":false},"author":1,"featured_media":0,"parent":0,"menu_order":0,"comment_status":"closed","ping_status":"closed","template":"page-templates\/blocks.php","meta":{"footnotes":""},"class_list":["post-3339","page","type-page","status-publish"],"yoast_head":"<!-- This site is optimized with the Yoast SEO plugin v26.2 - https:\/\/yoast.com\/wordpress\/plugins\/seo\/ -->\n<title>Heimilisblokkir - Stine \u00d8ster<\/title>\n<meta name=\"robots\" content=\"index, follow, max-snippet:-1, max-image-preview:large, max-video-preview:-1\" \/>\n<link rel=\"canonical\" href=\"https:\/\/stineoester.dk\/is\/?page_id=3339\" \/>\n<meta property=\"og:locale\" content=\"is_IS\" \/>\n<meta property=\"og:type\" content=\"article\" \/>\n<meta property=\"og:title\" content=\"Heimilisblokkir - Stine \u00d8ster\" \/>\n<meta property=\"og:url\" content=\"https:\/\/stineoester.dk\/is\/?page_id=3339\" \/>\n<meta property=\"og:site_name\" content=\"Stine \u00d8ster\" \/>\n<meta property=\"article:modified_time\" content=\"2025-02-11T08:48:27+00:00\" \/>\n<meta name=\"twitter:card\" content=\"summary_large_image\" \/>\n<!-- \/ Yoast SEO plugin. -->","yoast_head_json":{"title":"Heimilisblokkir - Stine \u00d8ster","robots":{"index":"index","follow":"follow","max-snippet":"max-snippet:-1","max-image-preview":"max-image-preview:large","max-video-preview":"max-video-preview:-1"},"canonical":"https:\/\/stineoester.dk\/is\/?page_id=3339","og_locale":"is_IS","og_type":"article","og_title":"Heimilisblokkir - Stine \u00d8ster","og_url":"https:\/\/stineoester.dk\/is\/?page_id=3339","og_site_name":"Stine \u00d8ster","article_modified_time":"2025-02-11T08:48:27+00:00","twitter_card":"summary_large_image","schema":{"@context":"https:\/\/schema.org","@graph":[{"@type":"WebPage","@id":"https:\/\/stineoester.dk\/is\/?page_id=3339","url":"https:\/\/stineoester.dk\/is\/?page_id=3339","name":"Heimilisblokkir - Stine \u00d8ster","isPartOf":{"@id":"https:\/\/stineoester.dk\/#website"},"datePublished":"2017-01-23T20:19:31+00:00","dateModified":"2025-02-11T08:48:27+00:00","breadcrumb":{"@id":"https:\/\/stineoester.dk\/is\/?page_id=3339#breadcrumb"},"inLanguage":"is","potentialAction":[{"@type":"ReadAction","target":["https:\/\/stineoester.dk\/is\/?page_id=3339"]}]},{"@type":"BreadcrumbList","@id":"https:\/\/stineoester.dk\/is\/?page_id=3339#breadcrumb","itemListElement":[{"@type":"ListItem","position":1,"name":"Hjem","item":"https:\/\/stineoester.dk\/"},{"@type":"ListItem","position":2,"name":"Heimilisblokkir"}]},{"@type":"WebSite","@id":"https:\/\/stineoester.dk\/#website","url":"https:\/\/stineoester.dk\/","name":"Stine \u00d8ster","description":"Strikkeopskrifter - Stines blog om strik","publisher":{"@id":"https:\/\/stineoester.dk\/#\/schema\/person\/9ce68975ea36c5ac4ffb7f635e8218b4"},"potentialAction":[{"@type":"SearchAction","target":{"@type":"EntryPoint","urlTemplate":"https:\/\/stineoester.dk\/?s={search_term_string}"},"query-input":{"@type":"PropertyValueSpecification","valueRequired":true,"valueName":"search_term_string"}}],"inLanguage":"is"},{"@type":["Person","Organization"],"@id":"https:\/\/stineoester.dk\/#\/schema\/person\/9ce68975ea36c5ac4ffb7f635e8218b4","name":"Strikkeekspert Stine \u00d8ster","image":{"@type":"ImageObject","inLanguage":"is","@id":"https:\/\/stineoester.dk\/#\/schema\/person\/image\/","url":"https:\/\/secure.gravatar.com\/avatar\/718dbfa699c0532ae1388c47d14d3e88aa2538bdeda14da97fc5e129d552931d?s=96&d=mm&r=g","contentUrl":"https:\/\/secure.gravatar.com\/avatar\/718dbfa699c0532ae1388c47d14d3e88aa2538bdeda14da97fc5e129d552931d?s=96&d=mm&r=g","caption":"Strikkeekspert Stine \u00d8ster"},"logo":{"@id":"https:\/\/stineoester.dk\/#\/schema\/person\/image\/"},"description":"Stine har strikket siden hun var blot 4 \u00e5r gammel. Hun l\u00e6rte det af sin mormor og har siden ikke kunne slippe strikket\u00f8jet. De f\u00f8rste mange \u00e5r var det blot en hobby at strikke, selvom det er blevet til mange hundrede opskrifter var det f\u00f8rst i 2010 at hun for alvor begyndte at designe professionelt. Siden er det blevet til mange dusin opskrifter i alle former og farver. Stine har designet alt fra karklude til nogle af de mest strikkede modeller i Danmark. Rome Ponchoen er Stines mest strikkede opskrift. Igennem \u00e5rene er der solgt mere end 1000 opskrifter af denne model. I det hele taget er en Poncho noget af det som Stine ynder at strikke. Det er blevet til flere meget strikkede emodeller. Herunder Putte Poncho og den s\u00e5kaldte Charlotte Poncho, som hun strikkede til hende da Charlotte Roest blev valgt ind i byr\u00e5det. R\u00e5dgivning Stine har igennem webshoppen filato.dk, der nu fungerer alene som strikkeblog samt i hendes fysiske forretning i Pr\u00e6st\u00f8, brugt sine evner til at r\u00e5dgive kunder hver eneste dag. Den professionelle tilgang til garn og opskrifter har hjulpet mange mennesker fra hele Danmark I 2018 valgte Stine at lukke sin fysiske forretning og g\u00e5 100% ind p\u00e5 strikke designs F\u00e5 ekspert hj\u00e6lp N\u00e5r man designer s\u00e5 meget som Stine har gjort, s\u00e5 kan det naturligvis v\u00e6re en udfordring at kunne hj\u00e6lpe alle. Hun g\u00f8r sit ypperste og s\u00e6rligt i Facebook gruppen kan du f\u00e5 hj\u00e6lp. Skulle du st\u00f8de ind i problemer kan Stine ogs\u00e5 hj\u00e6lpe dig ved at du skriver her. Enten som kommentar til opskriften eller ved at kontakte hende direkte. Vil du have Stines opskrifter? Du kan enten k\u00f8be dem p\u00e5 ravelry.com eller her p\u00e5 siden under K\u00f8be opskrifter Du kan f\u00f8lge Stine p\u00e5 de sociale medier her - LinkedIn - Facebook - Instagram"}]}},"_links":{"self":[{"href":"https:\/\/stineoester.dk\/is\/wp-json\/wp\/v2\/pages\/3339","targetHints":{"allow":["GET"]}}],"collection":[{"href":"https:\/\/stineoester.dk\/is\/wp-json\/wp\/v2\/pages"}],"about":[{"href":"https:\/\/stineoester.dk\/is\/wp-json\/wp\/v2\/types\/page"}],"author":[{"embeddable":true,"href":"https:\/\/stineoester.dk\/is\/wp-json\/wp\/v2\/users\/1"}],"replies":[{"embeddable":true,"href":"https:\/\/stineoester.dk\/is\/wp-json\/wp\/v2\/comments?post=3339"}],"version-history":[{"count":1,"href":"https:\/\/stineoester.dk\/is\/wp-json\/wp\/v2\/pages\/3339\/revisions"}],"predecessor-version":[{"id":3340,"href":"https:\/\/stineoester.dk\/is\/wp-json\/wp\/v2\/pages\/3339\/revisions\/3340"}],"wp:attachment":[{"href":"https:\/\/stineoester.dk\/is\/wp-json\/wp\/v2\/media?parent=3339"}],"curies":[{"name":"wp","href":"https:\/\/api.w.org\/{rel}","templated":true}]}}