{"id":2849,"date":"2017-01-07T18:56:23","date_gmt":"2017-01-07T17:56:23","guid":{"rendered":"https:\/\/stineoester.dk\/homepage\/"},"modified":"2025-02-11T09:48:27","modified_gmt":"2025-02-11T08:48:27","slug":"homepage-3","status":"publish","type":"page","link":"https:\/\/stineoester.dk\/de\/homepage-3\/","title":{"rendered":"Homepage"},"content":{"rendered":"\t\t<div data-elementor-type=\"wp-page\" data-elementor-id=\"2849\" class=\"elementor elementor-2849 elementor-11\">\n\t\t\t\t\t\t<section class=\"has-el-gap el-gap-default elementor-section elementor-top-section elementor-element elementor-element-42412afb elementor-section-boxed elementor-section-height-default elementor-section-height-default\" data-id=\"42412afb\" data-element_type=\"section\">\n\t\t\t\t\t\t<div class=\"elementor-container elementor-column-gap-no\">\n\t\t\t\t\t<div class=\"elementor-column elementor-col-100 elementor-top-column elementor-element elementor-element-30d57f75\" data-id=\"30d57f75\" data-element_type=\"column\">\n\t\t\t<div class=\"elementor-widget-wrap elementor-element-populated\">\n\t\t\t\t\t\t<div class=\"elementor-element elementor-element-4b371365 elementor-widget elementor-widget-smartmag-highlights\" data-id=\"4b371365\" data-element_type=\"widget\" data-widget_type=\"smartmag-highlights.default\">\n\t\t\t\t<div class=\"elementor-widget-container\">\n\t\t\t\t\t\t\t<section class=\"block-wrap block-highlights block-sc\" data-id=\"1\" data-block=\"{&quot;id&quot;:&quot;highlights&quot;,&quot;props&quot;:{&quot;cat_labels&quot;:&quot;0&quot;,&quot;cat_labels_pos&quot;:&quot;top-left&quot;,&quot;reviews&quot;:&quot;bars&quot;,&quot;post_formats_pos&quot;:&quot;center&quot;,&quot;load_more_style&quot;:&quot;a&quot;,&quot;meta_cat_style&quot;:&quot;text&quot;,&quot;media_style_shadow&quot;:0,&quot;meta_sponsor&quot;:1,&quot;meta_sponsor_logo&quot;:0,&quot;meta_sponsor_label&quot;:&quot;Sponsor: {sponsor}&quot;,&quot;meta_above&quot;:[],&quot;meta_below&quot;:[&quot;author&quot;,&quot;date&quot;],&quot;meta_sponsor_above&quot;:[],&quot;meta_sponsor_below&quot;:[&quot;sponsor&quot;,&quot;date&quot;],&quot;posts&quot;:&quot;8&quot;,&quot;sort_order&quot;:&quot;desc&quot;,&quot;cat&quot;:&quot;27&quot;,&quot;heading&quot;:&quot;*Seneste* Indl\\u00e6g&quot;,&quot;heading_type&quot;:&quot;a&quot;,&quot;terms&quot;:[&quot;27&quot;],&quot;filters&quot;:&quot;category&quot;,&quot;offset&quot;:&quot;0&quot;,&quot;heading_colors&quot;:&quot;force&quot;,&quot;container_width&quot;:66,&quot;columns&quot;:2,&quot;excerpt_length&quot;:&quot;15&quot;,&quot;pagination_type&quot;:null,&quot;pagination_links&quot;:null,&quot;meta_sponsor_items_default&quot;:true,&quot;query_type&quot;:&quot;custom&quot;,&quot;sort_days&quot;:null,&quot;is_sc_call&quot;:true,&quot;meta_items_default&quot;:true}}\" data-is-mixed=\"1\">\n\n\t\t\t\t\t\t\t\t\n\t\t\t\t\t\t\t\n\t\t\t\t<div class=\"block-head block-head-a block-head-a1 is-left term-color-27\">\n\n\t\t\t\t\t<h4 class=\"heading\"><a href=\"https:\/\/stineoester.dk\/category\/koebe-strikkeopskrifter\/\"><span class=\"color\">Seneste<\/span> Indl\u00e6g<\/a><\/h4>\t\t\t\t\t\n\t\t\t\t\t\t\t\t\t<\/div>\n\t\t\t\t\n\t\t\t\n\t\t\t\n\t\t\t<div class=\"block-content\">\n\t\t\t\t\t\n\t<div class=\"loops-mixed\">\n\t\t\t\n\t<div class=\"loop loop-grid loop-grid-base grid grid-2 md:grid-2 xs:grid-1\">\n\n\t\t\t\t\t\n<article class=\"l-post grid-post grid-base-post\">\n\n\t\n\t\t\t<div class=\"media\">\n\n\t\t\n\t\t\t<a href=\"https:\/\/stineoester.dk\/de\/putte-poncho-deluxe-schoener-tweed-poncho-fuer-kinder\/\" class=\"image-link media-ratio ratio-is-custom\" title=\"Putte Poncho Deluxe &#8211; Sch\u00f6ner Tweed-Poncho f\u00fcr Kinder\"><img fetchpriority=\"high\" decoding=\"async\" width=\"339\" height=\"202\" src=\"https:\/\/stineoester.dk\/wp-content\/uploads\/2017\/12\/puttedeluxe9-e1513072934891.jpg\" class=\"attachment-large size-large wp-post-image\" alt=\"\" sizes=\"(max-width: 339px) 100vw, 339px\" title=\"Putte Poncho Deluxe &#8211; Sch\u00f6ner Tweed-Poncho f\u00fcr Kinder\" srcset=\"https:\/\/stineoester.dk\/wp-content\/uploads\/2017\/12\/puttedeluxe9-e1513072934891.jpg 795w, https:\/\/stineoester.dk\/wp-content\/uploads\/2017\/12\/puttedeluxe9-e1513072934891-300x292.jpg 300w, https:\/\/stineoester.dk\/wp-content\/uploads\/2017\/12\/puttedeluxe9-e1513072934891-768x748.jpg 768w\" \/><\/a>\t\t\t\n\t\t\t\n\t\t\t\n\t\t\t\n\t\t\n\t\t<\/div>\n\t\n\n\t\n\t\t<div class=\"content\">\n\n\t\t\t<div class=\"post-meta post-meta-a has-below\"><h2 class=\"is-title post-title\"><a href=\"https:\/\/stineoester.dk\/de\/putte-poncho-deluxe-schoener-tweed-poncho-fuer-kinder\/\">Putte Poncho Deluxe &#8211; Sch\u00f6ner Tweed-Poncho f\u00fcr Kinder<\/a><\/h2><div class=\"post-meta-items meta-below\"><span class=\"meta-item post-author\"><span class=\"by\">By<\/span> <a href=\"https:\/\/stineoester.dk\/de\/author\/stine\/\" title=\"Beitr\u00e4ge von Strikkeekspert Stine \u00d8ster\" rel=\"author\">Strikkeekspert Stine \u00d8ster<\/a><\/span><span class=\"meta-item date\"><span class=\"date-link\"><time class=\"post-date\" datetime=\"2017-10-12T09:46:34+02:00\">12. Oktober 2017<\/time><\/span><\/span><\/div><\/div>\t\t\t\n\t\t\t\t\t\t\n\t\t\t\t<div class=\"excerpt\">\n\t\t\t\t\t<p>Rezept jetzt kaufen Warenkorb ansehen Der Putte Poncho Deluxe ist der Nachfolger des urspr\u00fcnglichen Putte&hellip;<\/p>\n\t\t\t\t<\/div>\n\t\t\t\n\t\t\t\n\t\t\t\n\t\t<\/div>\n\n\t\n<\/article>\t\t\t\t\t\n<article class=\"l-post grid-post grid-base-post\">\n\n\t\n\t\t\t<div class=\"media\">\n\n\t\t\n\t\t\t<a href=\"https:\/\/stineoester.dk\/de\/charlottes-poncho-ein-schoener-warmer-und-funktioneller-poncho\/\" class=\"image-link media-ratio ratio-is-custom\" title=\"Charlotte&#8217;s Poncho &#8211; Ein sch\u00f6ner, warmer und funktioneller Poncho\"><img decoding=\"async\" width=\"339\" height=\"202\" src=\"https:\/\/stineoester.dk\/wp-content\/uploads\/2017\/12\/Charlotte3.jpg\" class=\"attachment-large size-large wp-post-image\" alt=\"\" sizes=\"(max-width: 339px) 100vw, 339px\" title=\"Charlotte&#8217;s Poncho &#8211; Ein sch\u00f6ner, warmer und funktioneller Poncho\" srcset=\"https:\/\/stineoester.dk\/wp-content\/uploads\/2017\/12\/Charlotte3.jpg 637w, https:\/\/stineoester.dk\/wp-content\/uploads\/2017\/12\/Charlotte3-200x300.jpg 200w\" \/><\/a>\t\t\t\n\t\t\t\n\t\t\t\n\t\t\t\n\t\t\n\t\t<\/div>\n\t\n\n\t\n\t\t<div class=\"content\">\n\n\t\t\t<div class=\"post-meta post-meta-a has-below\"><h2 class=\"is-title post-title\"><a href=\"https:\/\/stineoester.dk\/de\/charlottes-poncho-ein-schoener-warmer-und-funktioneller-poncho\/\">Charlotte&#8217;s Poncho &#8211; Ein sch\u00f6ner, warmer und funktioneller Poncho<\/a><\/h2><div class=\"post-meta-items meta-below\"><span class=\"meta-item post-author\"><span class=\"by\">By<\/span> <a href=\"https:\/\/stineoester.dk\/de\/author\/stine\/\" title=\"Beitr\u00e4ge von Strikkeekspert Stine \u00d8ster\" rel=\"author\">Strikkeekspert Stine \u00d8ster<\/a><\/span><span class=\"meta-item date\"><span class=\"date-link\"><time class=\"post-date\" datetime=\"2017-10-01T09:16:10+02:00\">1. Oktober 2017<\/time><\/span><\/span><\/div><\/div>\t\t\t\n\t\t\t\t\t\t\n\t\t\t\t<div class=\"excerpt\">\n\t\t\t\t\t<p>Rezept jetzt kaufen Warenkorb ansehen Der Poncho von Charlotte ist eines meiner Lieblingsprojekte. Ich wollte&hellip;<\/p>\n\t\t\t\t<\/div>\n\t\t\t\n\t\t\t\n\t\t\t\n\t\t<\/div>\n\n\t\n<\/article>\t\t\n\t<\/div>\n\n\t\t\n\n\t<div class=\"loop loop-small loop-small-a grid grid-2 md:grid-1 sm:grid-1 xs:grid-1\">\n\n\t\t\t\t\t\n<article class=\"l-post small-post small-a-post m-pos-left\">\n\n\t\n\t\t\t<div class=\"media\">\n\n\t\t\n\t\t\t<a href=\"https:\/\/stineoester.dk\/de\/athen-cardigan-ein-schoener-eleganter-und-einfacher-cardigan\/\" class=\"image-link media-ratio ratio-3-2\" title=\"Athen Cardigan &#8211; Ein sch\u00f6ner, eleganter und einfacher Cardigan\"><img decoding=\"async\" width=\"99\" height=\"66\" src=\"https:\/\/stineoester.dk\/wp-content\/uploads\/2017\/12\/Athen-closeup2-200x300.jpg\" class=\"attachment-medium size-medium wp-post-image\" alt=\"\" sizes=\"(max-width: 99px) 100vw, 99px\" title=\"Athen Cardigan &#8211; Ein sch\u00f6ner, eleganter und einfacher Cardigan\" srcset=\"https:\/\/stineoester.dk\/wp-content\/uploads\/2017\/12\/Athen-closeup2-200x300.jpg 200w, https:\/\/stineoester.dk\/wp-content\/uploads\/2017\/12\/Athen-closeup2-768x1152.jpg 768w, https:\/\/stineoester.dk\/wp-content\/uploads\/2017\/12\/Athen-closeup2-683x1024.jpg 683w, https:\/\/stineoester.dk\/wp-content\/uploads\/2017\/12\/Athen-closeup2.jpg 800w\" \/><\/a>\t\t\t\n\t\t\t\n\t\t\t\n\t\t\t\n\t\t\n\t\t<\/div>\n\t\n\n\t\n\t\t<div class=\"content\">\n\n\t\t\t<div class=\"post-meta post-meta-a post-meta-left has-below\"><h4 class=\"is-title post-title\"><a href=\"https:\/\/stineoester.dk\/de\/athen-cardigan-ein-schoener-eleganter-und-einfacher-cardigan\/\">Athen Cardigan &#8211; Ein sch\u00f6ner, eleganter und einfacher Cardigan<\/a><\/h4><div class=\"post-meta-items meta-below\"><span class=\"meta-item date\"><span class=\"date-link\"><time class=\"post-date\" datetime=\"2017-09-21T09:01:50+02:00\">21. September 2017<\/time><\/span><\/span><\/div><\/div>\t\t\t\n\t\t\t\n\t\t\t\n\t\t<\/div>\n\n\t\n<\/article>\t\n\t\t\t\t\t\n<article class=\"l-post small-post small-a-post m-pos-left\">\n\n\t\n\t\t\t<div class=\"media\">\n\n\t\t\n\t\t\t<a href=\"https:\/\/stineoester.dk\/de\/lala-schal-gestrickt-mit-lala-berlin-garn\/\" class=\"image-link media-ratio ratio-3-2\" title=\"Lala Schal &#8211; Gestrickt mit Lala Berlin Garn\"><img loading=\"lazy\" decoding=\"async\" width=\"99\" height=\"66\" src=\"https:\/\/stineoester.dk\/wp-content\/uploads\/2017\/12\/lalaberlin-lala-195x300.jpg\" class=\"attachment-medium size-medium wp-post-image\" alt=\"\" sizes=\"(max-width: 99px) 100vw, 99px\" title=\"Lala Schal &#8211; Gestrickt mit Lala Berlin Garn\" srcset=\"https:\/\/stineoester.dk\/wp-content\/uploads\/2017\/12\/lalaberlin-lala-195x300.jpg 195w, https:\/\/stineoester.dk\/wp-content\/uploads\/2017\/12\/lalaberlin-lala-768x1182.jpg 768w, https:\/\/stineoester.dk\/wp-content\/uploads\/2017\/12\/lalaberlin-lala-665x1024.jpg 665w, https:\/\/stineoester.dk\/wp-content\/uploads\/2017\/12\/lalaberlin-lala.jpg 800w\" \/><\/a>\t\t\t\n\t\t\t\n\t\t\t\n\t\t\t\n\t\t\n\t\t<\/div>\n\t\n\n\t\n\t\t<div class=\"content\">\n\n\t\t\t<div class=\"post-meta post-meta-a post-meta-left has-below\"><h4 class=\"is-title post-title\"><a href=\"https:\/\/stineoester.dk\/de\/lala-schal-gestrickt-mit-lala-berlin-garn\/\">Lala Schal &#8211; Gestrickt mit Lala Berlin Garn<\/a><\/h4><div class=\"post-meta-items meta-below\"><span class=\"meta-item date\"><span class=\"date-link\"><time class=\"post-date\" datetime=\"2017-09-18T09:28:42+02:00\">18. September 2017<\/time><\/span><\/span><\/div><\/div>\t\t\t\n\t\t\t\n\t\t\t\n\t\t<\/div>\n\n\t\n<\/article>\t\n\t\t\t\t\t\n<article class=\"l-post small-post small-a-post m-pos-left\">\n\n\t\n\t\t\t<div class=\"media\">\n\n\t\t\n\t\t\t<a href=\"https:\/\/stineoester.dk\/de\/montreal-luxurioese-muetze-mit-grossem-bommel\/\" class=\"image-link media-ratio ratio-3-2\" title=\"Montreal &#8211; Luxuri\u00f6se M\u00fctze mit gro\u00dfem Bommel\"><img loading=\"lazy\" decoding=\"async\" width=\"99\" height=\"66\" src=\"https:\/\/stineoester.dk\/wp-content\/uploads\/2017\/12\/Montreal-300x250.jpg\" class=\"attachment-medium size-medium wp-post-image\" alt=\"\" sizes=\"(max-width: 99px) 100vw, 99px\" title=\"Montreal &#8211; Luxuri\u00f6se M\u00fctze mit gro\u00dfem Bommel\" srcset=\"https:\/\/stineoester.dk\/wp-content\/uploads\/2017\/12\/Montreal-300x250.jpg 300w, https:\/\/stineoester.dk\/wp-content\/uploads\/2017\/12\/Montreal-768x639.jpg 768w, https:\/\/stineoester.dk\/wp-content\/uploads\/2017\/12\/Montreal.jpg 1000w\" \/><\/a>\t\t\t\n\t\t\t\n\t\t\t\n\t\t\t\n\t\t\n\t\t<\/div>\n\t\n\n\t\n\t\t<div class=\"content\">\n\n\t\t\t<div class=\"post-meta post-meta-a post-meta-left has-below\"><h4 class=\"is-title post-title\"><a href=\"https:\/\/stineoester.dk\/de\/montreal-luxurioese-muetze-mit-grossem-bommel\/\">Montreal &#8211; Luxuri\u00f6se M\u00fctze mit gro\u00dfem Bommel<\/a><\/h4><div class=\"post-meta-items meta-below\"><span class=\"meta-item date\"><span class=\"date-link\"><time class=\"post-date\" datetime=\"2017-09-01T09:34:22+02:00\">1. September 2017<\/time><\/span><\/span><\/div><\/div>\t\t\t\n\t\t\t\n\t\t\t\n\t\t<\/div>\n\n\t\n<\/article>\t\n\t\t\t\t\t\n<article class=\"l-post small-post small-a-post m-pos-left\">\n\n\t\n\t\t\t<div class=\"media\">\n\n\t\t\n\t\t\t<a href=\"https:\/\/stineoester.dk\/de\/copenhagen-modischer-poncho-mit-guertel-aus-kaschmir-luxus\/\" class=\"image-link media-ratio ratio-3-2\" title=\"Copenhagen &#8211; Modischer Poncho mit G\u00fcrtel aus Kaschmir Luxus\"><img loading=\"lazy\" decoding=\"async\" width=\"99\" height=\"66\" src=\"https:\/\/stineoester.dk\/wp-content\/uploads\/2017\/12\/Copenhagen-216x300.jpg\" class=\"attachment-medium size-medium wp-post-image\" alt=\"\" sizes=\"(max-width: 99px) 100vw, 99px\" title=\"Copenhagen &#8211; Modischer Poncho mit G\u00fcrtel aus Kaschmir Luxus\" srcset=\"https:\/\/stineoester.dk\/wp-content\/uploads\/2017\/12\/Copenhagen-216x300.jpg 216w, https:\/\/stineoester.dk\/wp-content\/uploads\/2017\/12\/Copenhagen-768x1068.jpg 768w, https:\/\/stineoester.dk\/wp-content\/uploads\/2017\/12\/Copenhagen-736x1024.jpg 736w, https:\/\/stineoester.dk\/wp-content\/uploads\/2017\/12\/Copenhagen.jpg 1000w\" \/><\/a>\t\t\t\n\t\t\t\n\t\t\t\n\t\t\t\n\t\t\n\t\t<\/div>\n\t\n\n\t\n\t\t<div class=\"content\">\n\n\t\t\t<div class=\"post-meta post-meta-a post-meta-left has-below\"><h4 class=\"is-title post-title\"><a href=\"https:\/\/stineoester.dk\/de\/copenhagen-modischer-poncho-mit-guertel-aus-kaschmir-luxus\/\">Copenhagen &#8211; Modischer Poncho mit G\u00fcrtel aus Kaschmir Luxus<\/a><\/h4><div class=\"post-meta-items meta-below\"><span class=\"meta-item date\"><span class=\"date-link\"><time class=\"post-date\" datetime=\"2017-09-01T09:18:22+02:00\">1. September 2017<\/time><\/span><\/span><\/div><\/div>\t\t\t\n\t\t\t\n\t\t\t\n\t\t<\/div>\n\n\t\n<\/article>\t\n\t\t\t\t\t\n<article class=\"l-post small-post small-a-post m-pos-left\">\n\n\t\n\t\t\t<div class=\"media\">\n\n\t\t\n\t\t\t<a href=\"https:\/\/stineoester.dk\/de\/die-kuschelige-bluse-fuer-kinder-2-10-jahre-eine-richtig-schoene-weiche-bluse\/\" class=\"image-link media-ratio ratio-3-2\" title=\"Die kuschelige Bluse f\u00fcr Kinder 2-10 Jahre &#8211; Eine richtig sch\u00f6ne weiche Bluse\"><img loading=\"lazy\" decoding=\"async\" width=\"99\" height=\"66\" src=\"https:\/\/stineoester.dk\/wp-content\/uploads\/2017\/12\/IMG_3356-e1512635201129-225x300.jpg\" class=\"attachment-medium size-medium wp-post-image\" alt=\"\" sizes=\"(max-width: 99px) 100vw, 99px\" title=\"Die kuschelige Bluse f\u00fcr Kinder 2-10 Jahre &#8211; Eine richtig sch\u00f6ne weiche Bluse\" srcset=\"https:\/\/stineoester.dk\/wp-content\/uploads\/2017\/12\/IMG_3356-e1512635201129-225x300.jpg 225w, https:\/\/stineoester.dk\/wp-content\/uploads\/2017\/12\/IMG_3356-e1512635201129.jpg 480w\" \/><\/a>\t\t\t\n\t\t\t\n\t\t\t\n\t\t\t\n\t\t\n\t\t<\/div>\n\t\n\n\t\n\t\t<div class=\"content\">\n\n\t\t\t<div class=\"post-meta post-meta-a post-meta-left has-below\"><h4 class=\"is-title post-title\"><a href=\"https:\/\/stineoester.dk\/de\/die-kuschelige-bluse-fuer-kinder-2-10-jahre-eine-richtig-schoene-weiche-bluse\/\">Die kuschelige Bluse f\u00fcr Kinder 2-10 Jahre &#8211; Eine richtig sch\u00f6ne weiche Bluse<\/a><\/h4><div class=\"post-meta-items meta-below\"><span class=\"meta-item date\"><span class=\"date-link\"><time class=\"post-date\" datetime=\"2017-08-15T09:25:16+02:00\">15. August 2017<\/time><\/span><\/span><\/div><\/div>\t\t\t\n\t\t\t\n\t\t\t\n\t\t<\/div>\n\n\t\n<\/article>\t\n\t\t\t\t\t\n<article class=\"l-post small-post small-a-post m-pos-left\">\n\n\t\n\t\t\t<div class=\"media\">\n\n\t\t\n\t\t\t<a href=\"https:\/\/stineoester.dk\/de\/amalfi-ein-schoener-warmer-poncho\/\" class=\"image-link media-ratio ratio-3-2\" title=\"Amalfi &#8211; Ein sch\u00f6ner warmer Poncho\"><img loading=\"lazy\" decoding=\"async\" width=\"99\" height=\"66\" src=\"https:\/\/stineoester.dk\/wp-content\/uploads\/2017\/12\/Amalfi-Poncho-Forfra-Landscape-202x300.jpg\" class=\"attachment-medium size-medium wp-post-image\" alt=\"\" sizes=\"(max-width: 99px) 100vw, 99px\" title=\"Amalfi &#8211; Ein sch\u00f6ner warmer Poncho\" srcset=\"https:\/\/stineoester.dk\/wp-content\/uploads\/2017\/12\/Amalfi-Poncho-Forfra-Landscape-202x300.jpg 202w, https:\/\/stineoester.dk\/wp-content\/uploads\/2017\/12\/Amalfi-Poncho-Forfra-Landscape-768x1143.jpg 768w, https:\/\/stineoester.dk\/wp-content\/uploads\/2017\/12\/Amalfi-Poncho-Forfra-Landscape-688x1024.jpg 688w\" \/><\/a>\t\t\t\n\t\t\t\n\t\t\t\n\t\t\t\n\t\t\n\t\t<\/div>\n\t\n\n\t\n\t\t<div class=\"content\">\n\n\t\t\t<div class=\"post-meta post-meta-a post-meta-left has-below\"><h4 class=\"is-title post-title\"><a href=\"https:\/\/stineoester.dk\/de\/amalfi-ein-schoener-warmer-poncho\/\">Amalfi &#8211; Ein sch\u00f6ner warmer Poncho<\/a><\/h4><div class=\"post-meta-items meta-below\"><span class=\"meta-item date\"><span class=\"date-link\"><time class=\"post-date\" datetime=\"2017-08-07T08:59:35+02:00\">7. August 2017<\/time><\/span><\/span><\/div><\/div>\t\t\t\n\t\t\t\n\t\t\t\n\t\t<\/div>\n\n\t\n<\/article>\t\n\t\t\n\t<\/div>\n\n\t\t\t<\/div>\n\n\n\t\t\t\t<\/div>\n\n\t\t<\/section>\n\t\t\t\t\t\t<\/div>\n\t\t\t\t<\/div>\n\t\t\t\t<div class=\"elementor-element elementor-element-4d7e6a69 elementor-widget elementor-widget-smartmag-focusgrid\" data-id=\"4d7e6a69\" data-element_type=\"widget\" data-widget_type=\"smartmag-focusgrid.default\">\n\t\t\t\t<div class=\"elementor-widget-container\">\n\t\t\t\t\t\t\t<section class=\"block-wrap block-focus-grid block-sc cols-gap-sm\" data-id=\"4\" data-block=\"{&quot;id&quot;:&quot;focus-grid&quot;,&quot;props&quot;:{&quot;cat_labels&quot;:&quot;0&quot;,&quot;cat_labels_pos&quot;:&quot;top-left&quot;,&quot;reviews&quot;:&quot;bars&quot;,&quot;post_formats_pos&quot;:&quot;center&quot;,&quot;load_more_style&quot;:&quot;a&quot;,&quot;meta_cat_style&quot;:&quot;text&quot;,&quot;media_style_shadow&quot;:0,&quot;meta_sponsor&quot;:1,&quot;meta_sponsor_logo&quot;:0,&quot;meta_sponsor_label&quot;:&quot;Sponsor: {sponsor}&quot;,&quot;meta_above&quot;:[],&quot;meta_below&quot;:[&quot;author&quot;,&quot;date&quot;],&quot;meta_sponsor_above&quot;:[],&quot;meta_sponsor_below&quot;:[&quot;sponsor&quot;,&quot;date&quot;],&quot;posts&quot;:&quot;8&quot;,&quot;sort_order&quot;:&quot;desc&quot;,&quot;heading&quot;:&quot;*Seneste* Damestrik&quot;,&quot;heading_type&quot;:&quot;a&quot;,&quot;highlights&quot;:&quot;2&quot;,&quot;cat&quot;:&quot;2&quot;,&quot;offset&quot;:&quot;0&quot;,&quot;filters&quot;:&quot;category&quot;,&quot;filters_terms&quot;:[&quot;2&quot;,&quot;27&quot;],&quot;heading_colors&quot;:&quot;force&quot;,&quot;container_width&quot;:66,&quot;excerpt_length&quot;:30,&quot;media_ratio&quot;:&quot;custom&quot;,&quot;media_ratio_custom&quot;:&quot;1.59&quot;,&quot;pagination_type&quot;:null,&quot;pagination_links&quot;:null,&quot;meta_sponsor_items_default&quot;:true,&quot;query_type&quot;:&quot;custom&quot;,&quot;sort_days&quot;:null,&quot;is_sc_call&quot;:true,&quot;meta_items_default&quot;:true}}\" data-is-mixed=\"1\">\n\n\t\t\t\t\t\t\t\t\n\t\t\t\t\t\t\t\n\t\t\t\t<div class=\"block-head block-head-a block-head-a1 is-left term-color-2\">\n\n\t\t\t\t\t<h4 class=\"heading\"><a href=\"https:\/\/stineoester.dk\/category\/dame-strik\/\"><span class=\"color\">Seneste<\/span> Damestrik<\/a><\/h4>\t\t\t\t\t\t\t\t\n\t\t\t<ul class=\"subcats filters\">\n\t\t\t\t<li><a href=\"#\" data-id=\"0\" class=\"active\">All<\/a><\/li>\n\t\t\t\t<li><a href=\"https:\/\/stineoester.dk\/category\/dame-strik\/\" data-id=\"2\">Dame Strik<\/a><\/li>\n<li><a href=\"https:\/\/stineoester.dk\/category\/koebe-strikkeopskrifter\/\" data-id=\"27\">K\u00f8be Strikkeopskrifter<\/a><\/li>\t\t\t<\/ul>\n\t\t\t\n\t\t\t\n\t\t\t\t\t\t\t\t\t<\/div>\n\t\t\t\t\n\t\t\t\n\t\t\t\n\t\t\t<div class=\"block-content\">\n\t\t\t\t\t\n\t<div class=\"grid grid-2 sm:grid-1 cols-not-eq loops-mixed\">\n\n\t\t\t\n\t<div class=\"loop loop-grid loop-grid-base grid grid-1 md:grid-1 xs:grid-1\">\n\n\t\t\t\t\t\n<article class=\"l-post grid-post grid-base-post\">\n\n\t\n\t\t\t<div class=\"media\">\n\n\t\t\n\t\t\t<a href=\"https:\/\/stineoester.dk\/de\/charlottes-poncho-ein-schoener-warmer-und-funktioneller-poncho\/\" class=\"image-link media-ratio ratio-is-custom\" title=\"Charlotte&#8217;s Poncho &#8211; Ein sch\u00f6ner, warmer und funktioneller Poncho\"><img loading=\"lazy\" decoding=\"async\" width=\"722\" height=\"454\" src=\"https:\/\/stineoester.dk\/wp-content\/uploads\/2017\/12\/Charlotte3.jpg\" class=\"attachment-large size-large wp-post-image\" alt=\"\" sizes=\"(max-width: 722px) 100vw, 722px\" title=\"Charlotte&#8217;s Poncho &#8211; Ein sch\u00f6ner, warmer und funktioneller Poncho\" \/><\/a>\t\t\t\n\t\t\t\n\t\t\t\n\t\t\t\n\t\t\n\t\t<\/div>\n\t\n\n\t\n\t\t<div class=\"content\">\n\n\t\t\t<div class=\"post-meta post-meta-a has-below\"><h2 class=\"is-title post-title\"><a href=\"https:\/\/stineoester.dk\/de\/charlottes-poncho-ein-schoener-warmer-und-funktioneller-poncho\/\">Charlotte&#8217;s Poncho &#8211; Ein sch\u00f6ner, warmer und funktioneller Poncho<\/a><\/h2><div class=\"post-meta-items meta-below\"><span class=\"meta-item post-author\"><span class=\"by\">By<\/span> <a href=\"https:\/\/stineoester.dk\/de\/author\/stine\/\" title=\"Beitr\u00e4ge von Strikkeekspert Stine \u00d8ster\" rel=\"author\">Strikkeekspert Stine \u00d8ster<\/a><\/span><span class=\"meta-item date\"><span class=\"date-link\"><time class=\"post-date\" datetime=\"2017-10-01T09:16:10+02:00\">1. Oktober 2017<\/time><\/span><\/span><\/div><\/div>\t\t\t\n\t\t\t\t\t\t\n\t\t\t\t<div class=\"excerpt\">\n\t\t\t\t\t<p>Rezept jetzt kaufen Warenkorb ansehen Der Poncho von Charlotte ist eines meiner Lieblingsprojekte. Ich wollte diesen Poncho eigentlich gar nicht entwerfen. Als Charlotte, die mir schon f\u00fcr mehrere meiner Entw\u00fcrfe&hellip;<\/p>\n\t\t\t\t<\/div>\n\t\t\t\n\t\t\t\n\t\t\t\n\t\t<\/div>\n\n\t\n<\/article>\t\t\n\t<\/div>\n\n\t\t\n\t\n\t<div class=\"loop loop-grid loop-grid-sm grid grid-2 md:grid-2 sm:grid-2\">\n\n\t\t\t\t\t\n<article class=\"l-post grid-post grid-sm-post\">\n\n\t\n\t\t\t<div class=\"media\">\n\n\t\t\n\t\t\t<a href=\"https:\/\/stineoester.dk\/de\/athen-cardigan-ein-schoener-eleganter-und-einfacher-cardigan\/\" class=\"image-link media-ratio ratio-is-custom\" title=\"Athen Cardigan &#8211; Ein sch\u00f6ner, eleganter und einfacher Cardigan\"><img loading=\"lazy\" decoding=\"async\" width=\"339\" height=\"202\" src=\"https:\/\/stineoester.dk\/wp-content\/uploads\/2017\/12\/Athen-closeup2-683x1024.jpg\" class=\"attachment-large size-large wp-post-image\" alt=\"\" sizes=\"(max-width: 339px) 100vw, 339px\" title=\"Athen Cardigan &#8211; Ein sch\u00f6ner, eleganter und einfacher Cardigan\" srcset=\"https:\/\/stineoester.dk\/wp-content\/uploads\/2017\/12\/Athen-closeup2-683x1024.jpg 683w, https:\/\/stineoester.dk\/wp-content\/uploads\/2017\/12\/Athen-closeup2-200x300.jpg 200w, https:\/\/stineoester.dk\/wp-content\/uploads\/2017\/12\/Athen-closeup2-768x1152.jpg 768w, https:\/\/stineoester.dk\/wp-content\/uploads\/2017\/12\/Athen-closeup2.jpg 800w\" \/><\/a>\t\t\t\n\t\t\t\n\t\t\t\n\t\t\t\n\t\t\n\t\t<\/div>\n\t\n\n\t\n\t\t<div class=\"content\">\n\n\t\t\t<div class=\"post-meta post-meta-a has-below\"><h2 class=\"is-title post-title\"><a href=\"https:\/\/stineoester.dk\/de\/athen-cardigan-ein-schoener-eleganter-und-einfacher-cardigan\/\">Athen Cardigan &#8211; Ein sch\u00f6ner, eleganter und einfacher Cardigan<\/a><\/h2><div class=\"post-meta-items meta-below\"><span class=\"meta-item date\"><span class=\"date-link\"><time class=\"post-date\" datetime=\"2017-09-21T09:01:50+02:00\">21. September 2017<\/time><\/span><\/span><\/div><\/div>\t\t\t\n\t\t\t\n\t\t\t\n\t\t<\/div>\n\n\t\n<\/article>\t\t\t\t\t\n<article class=\"l-post grid-post grid-sm-post\">\n\n\t\n\t\t\t<div class=\"media\">\n\n\t\t\n\t\t\t<a href=\"https:\/\/stineoester.dk\/de\/lala-schal-gestrickt-mit-lala-berlin-garn\/\" class=\"image-link media-ratio ratio-is-custom\" title=\"Lala Schal &#8211; Gestrickt mit Lala Berlin Garn\"><img loading=\"lazy\" decoding=\"async\" width=\"339\" height=\"202\" src=\"https:\/\/stineoester.dk\/wp-content\/uploads\/2017\/12\/lalaberlin-lala-665x1024.jpg\" class=\"attachment-large size-large wp-post-image\" alt=\"\" sizes=\"(max-width: 339px) 100vw, 339px\" title=\"Lala Schal &#8211; Gestrickt mit Lala Berlin Garn\" srcset=\"https:\/\/stineoester.dk\/wp-content\/uploads\/2017\/12\/lalaberlin-lala-665x1024.jpg 665w, https:\/\/stineoester.dk\/wp-content\/uploads\/2017\/12\/lalaberlin-lala-195x300.jpg 195w, https:\/\/stineoester.dk\/wp-content\/uploads\/2017\/12\/lalaberlin-lala-768x1182.jpg 768w, https:\/\/stineoester.dk\/wp-content\/uploads\/2017\/12\/lalaberlin-lala.jpg 800w\" \/><\/a>\t\t\t\n\t\t\t\n\t\t\t\n\t\t\t\n\t\t\n\t\t<\/div>\n\t\n\n\t\n\t\t<div class=\"content\">\n\n\t\t\t<div class=\"post-meta post-meta-a has-below\"><h2 class=\"is-title post-title\"><a href=\"https:\/\/stineoester.dk\/de\/lala-schal-gestrickt-mit-lala-berlin-garn\/\">Lala Schal &#8211; Gestrickt mit Lala Berlin Garn<\/a><\/h2><div class=\"post-meta-items meta-below\"><span class=\"meta-item date\"><span class=\"date-link\"><time class=\"post-date\" datetime=\"2017-09-18T09:28:42+02:00\">18. September 2017<\/time><\/span><\/span><\/div><\/div>\t\t\t\n\t\t\t\n\t\t\t\n\t\t<\/div>\n\n\t\n<\/article>\t\t\t\t\t\n<article class=\"l-post grid-post grid-sm-post\">\n\n\t\n\t\t\t<div class=\"media\">\n\n\t\t\n\t\t\t<a href=\"https:\/\/stineoester.dk\/de\/montreal-luxurioese-muetze-mit-grossem-bommel\/\" class=\"image-link media-ratio ratio-is-custom\" title=\"Montreal &#8211; Luxuri\u00f6se M\u00fctze mit gro\u00dfem Bommel\"><img loading=\"lazy\" decoding=\"async\" width=\"339\" height=\"202\" src=\"https:\/\/stineoester.dk\/wp-content\/uploads\/2017\/12\/Montreal.jpg\" class=\"attachment-large size-large wp-post-image\" alt=\"\" sizes=\"(max-width: 339px) 100vw, 339px\" title=\"Montreal &#8211; Luxuri\u00f6se M\u00fctze mit gro\u00dfem Bommel\" srcset=\"https:\/\/stineoester.dk\/wp-content\/uploads\/2017\/12\/Montreal.jpg 1000w, https:\/\/stineoester.dk\/wp-content\/uploads\/2017\/12\/Montreal-300x250.jpg 300w, https:\/\/stineoester.dk\/wp-content\/uploads\/2017\/12\/Montreal-768x639.jpg 768w\" \/><\/a>\t\t\t\n\t\t\t\n\t\t\t\n\t\t\t\n\t\t\n\t\t<\/div>\n\t\n\n\t\n\t\t<div class=\"content\">\n\n\t\t\t<div class=\"post-meta post-meta-a has-below\"><h2 class=\"is-title post-title\"><a href=\"https:\/\/stineoester.dk\/de\/montreal-luxurioese-muetze-mit-grossem-bommel\/\">Montreal &#8211; Luxuri\u00f6se M\u00fctze mit gro\u00dfem Bommel<\/a><\/h2><div class=\"post-meta-items meta-below\"><span class=\"meta-item date\"><span class=\"date-link\"><time class=\"post-date\" datetime=\"2017-09-01T09:34:22+02:00\">1. September 2017<\/time><\/span><\/span><\/div><\/div>\t\t\t\n\t\t\t\n\t\t\t\n\t\t<\/div>\n\n\t\n<\/article>\t\t\t\t\t\n<article class=\"l-post grid-post grid-sm-post\">\n\n\t\n\t\t\t<div class=\"media\">\n\n\t\t\n\t\t\t<a href=\"https:\/\/stineoester.dk\/de\/copenhagen-modischer-poncho-mit-guertel-aus-kaschmir-luxus\/\" class=\"image-link media-ratio ratio-is-custom\" title=\"Copenhagen &#8211; Modischer Poncho mit G\u00fcrtel aus Kaschmir Luxus\"><img loading=\"lazy\" decoding=\"async\" width=\"339\" height=\"202\" src=\"https:\/\/stineoester.dk\/wp-content\/uploads\/2017\/12\/Copenhagen-736x1024.jpg\" class=\"attachment-large size-large wp-post-image\" alt=\"\" sizes=\"(max-width: 339px) 100vw, 339px\" title=\"Copenhagen &#8211; Modischer Poncho mit G\u00fcrtel aus Kaschmir Luxus\" srcset=\"https:\/\/stineoester.dk\/wp-content\/uploads\/2017\/12\/Copenhagen-736x1024.jpg 736w, https:\/\/stineoester.dk\/wp-content\/uploads\/2017\/12\/Copenhagen-216x300.jpg 216w, https:\/\/stineoester.dk\/wp-content\/uploads\/2017\/12\/Copenhagen-768x1068.jpg 768w, https:\/\/stineoester.dk\/wp-content\/uploads\/2017\/12\/Copenhagen.jpg 1000w\" \/><\/a>\t\t\t\n\t\t\t\n\t\t\t\n\t\t\t\n\t\t\n\t\t<\/div>\n\t\n\n\t\n\t\t<div class=\"content\">\n\n\t\t\t<div class=\"post-meta post-meta-a has-below\"><h2 class=\"is-title post-title\"><a href=\"https:\/\/stineoester.dk\/de\/copenhagen-modischer-poncho-mit-guertel-aus-kaschmir-luxus\/\">Copenhagen &#8211; Modischer Poncho mit G\u00fcrtel aus Kaschmir Luxus<\/a><\/h2><div class=\"post-meta-items meta-below\"><span class=\"meta-item date\"><span class=\"date-link\"><time class=\"post-date\" datetime=\"2017-09-01T09:18:22+02:00\">1. September 2017<\/time><\/span><\/span><\/div><\/div>\t\t\t\n\t\t\t\n\t\t\t\n\t\t<\/div>\n\n\t\n<\/article>\t\t\t\t\t\n<article class=\"l-post grid-post grid-sm-post\">\n\n\t\n\t\t\t<div class=\"media\">\n\n\t\t\n\t\t\t<a href=\"https:\/\/stineoester.dk\/de\/amalfi-ein-schoener-warmer-poncho\/\" class=\"image-link media-ratio ratio-is-custom\" title=\"Amalfi &#8211; Ein sch\u00f6ner warmer Poncho\"><img loading=\"lazy\" decoding=\"async\" width=\"339\" height=\"202\" src=\"https:\/\/stineoester.dk\/wp-content\/uploads\/2017\/12\/Amalfi-Poncho-Forfra-Landscape-688x1024.jpg\" class=\"attachment-large size-large wp-post-image\" alt=\"\" sizes=\"(max-width: 339px) 100vw, 339px\" title=\"Amalfi &#8211; Ein sch\u00f6ner warmer Poncho\" srcset=\"https:\/\/stineoester.dk\/wp-content\/uploads\/2017\/12\/Amalfi-Poncho-Forfra-Landscape-688x1024.jpg 688w, https:\/\/stineoester.dk\/wp-content\/uploads\/2017\/12\/Amalfi-Poncho-Forfra-Landscape-202x300.jpg 202w, https:\/\/stineoester.dk\/wp-content\/uploads\/2017\/12\/Amalfi-Poncho-Forfra-Landscape-768x1143.jpg 768w\" \/><\/a>\t\t\t\n\t\t\t\n\t\t\t\n\t\t\t\n\t\t\n\t\t<\/div>\n\t\n\n\t\n\t\t<div class=\"content\">\n\n\t\t\t<div class=\"post-meta post-meta-a has-below\"><h2 class=\"is-title post-title\"><a href=\"https:\/\/stineoester.dk\/de\/amalfi-ein-schoener-warmer-poncho\/\">Amalfi &#8211; Ein sch\u00f6ner warmer Poncho<\/a><\/h2><div class=\"post-meta-items meta-below\"><span class=\"meta-item date\"><span class=\"date-link\"><time class=\"post-date\" datetime=\"2017-08-07T08:59:35+02:00\">7. August 2017<\/time><\/span><\/span><\/div><\/div>\t\t\t\n\t\t\t\n\t\t\t\n\t\t<\/div>\n\n\t\n<\/article>\t\t\t\t\t\n<article class=\"l-post grid-post grid-sm-post\">\n\n\t\n\t\t\t<div class=\"media\">\n\n\t\t\n\t\t\t<a href=\"https:\/\/stineoester.dk\/de\/pure-love-lala-berlin-stylische-strickjacke-in-tweed-optik\/\" class=\"image-link media-ratio ratio-is-custom\" title=\"Pure Love &#8211; Lala Berlin &#8211; Stylische Strickjacke in Tweed-Optik\"><img loading=\"lazy\" decoding=\"async\" width=\"339\" height=\"202\" src=\"https:\/\/stineoester.dk\/wp-content\/uploads\/2017\/12\/buttoned-768x1024.jpg\" class=\"attachment-large size-large wp-post-image\" alt=\"\" sizes=\"(max-width: 339px) 100vw, 339px\" title=\"Pure Love &#8211; Lala Berlin &#8211; Stylische Strickjacke in Tweed-Optik\" srcset=\"https:\/\/stineoester.dk\/wp-content\/uploads\/2017\/12\/buttoned-768x1024.jpg 768w, https:\/\/stineoester.dk\/wp-content\/uploads\/2017\/12\/buttoned-225x300.jpg 225w, https:\/\/stineoester.dk\/wp-content\/uploads\/2017\/12\/buttoned.jpg 1000w\" \/><\/a>\t\t\t\n\t\t\t\n\t\t\t\n\t\t\t\n\t\t\n\t\t<\/div>\n\t\n\n\t\n\t\t<div class=\"content\">\n\n\t\t\t<div class=\"post-meta post-meta-a has-below\"><h2 class=\"is-title post-title\"><a href=\"https:\/\/stineoester.dk\/de\/pure-love-lala-berlin-stylische-strickjacke-in-tweed-optik\/\">Pure Love &#8211; Lala Berlin &#8211; Stylische Strickjacke in Tweed-Optik<\/a><\/h2><div class=\"post-meta-items meta-below\"><span class=\"meta-item date\"><span class=\"date-link\"><time class=\"post-date\" datetime=\"2017-06-21T09:45:11+02:00\">21. Juni 2017<\/time><\/span><\/span><\/div><\/div>\t\t\t\n\t\t\t\n\t\t\t\n\t\t<\/div>\n\n\t\n<\/article>\t\t\t\t\t\n<article class=\"l-post grid-post grid-sm-post\">\n\n\t\n\t\t\t<div class=\"media\">\n\n\t\t\n\t\t\t<a href=\"https:\/\/stineoester.dk\/de\/savona-poncho-mit-aermeln\/\" class=\"image-link media-ratio ratio-is-custom\" title=\"Savona &#8211; Poncho mit \u00c4rmeln\"><img loading=\"lazy\" decoding=\"async\" width=\"339\" height=\"202\" src=\"https:\/\/stineoester.dk\/wp-content\/uploads\/2017\/12\/Savona.jpg\" class=\"attachment-large size-large wp-post-image\" alt=\"\" sizes=\"(max-width: 339px) 100vw, 339px\" title=\"Savona &#8211; Poncho mit \u00c4rmeln\" srcset=\"https:\/\/stineoester.dk\/wp-content\/uploads\/2017\/12\/Savona.jpg 567w, https:\/\/stineoester.dk\/wp-content\/uploads\/2017\/12\/Savona-200x300.jpg 200w\" \/><\/a>\t\t\t\n\t\t\t\n\t\t\t\n\t\t\t\n\t\t\n\t\t<\/div>\n\t\n\n\t\n\t\t<div class=\"content\">\n\n\t\t\t<div class=\"post-meta post-meta-a has-below\"><h2 class=\"is-title post-title\"><a href=\"https:\/\/stineoester.dk\/de\/savona-poncho-mit-aermeln\/\">Savona &#8211; Poncho mit \u00c4rmeln<\/a><\/h2><div class=\"post-meta-items meta-below\"><span class=\"meta-item date\"><span class=\"date-link\"><time class=\"post-date\" datetime=\"2017-05-20T09:58:27+02:00\">20. Mai 2017<\/time><\/span><\/span><\/div><\/div>\t\t\t\n\t\t\t\n\t\t\t\n\t\t<\/div>\n\n\t\n<\/article>\t\t\n\t<\/div>\n\n\t\t\n\t<\/div>\n\n\t\t\t\t<\/div>\n\n\t\t<\/section>\n\t\t\t\t\t\t<\/div>\n\t\t\t\t<\/div>\n\t\t\t\t<div class=\"elementor-element elementor-element-10119646 elementor-widget elementor-widget-smartmag-overlay\" data-id=\"10119646\" data-element_type=\"widget\" data-widget_type=\"smartmag-overlay.default\">\n\t\t\t\t<div class=\"elementor-widget-container\">\n\t\t\t\t\t\t\t<section class=\"block-wrap block-overlay block-sc cols-gap-sm\" data-id=\"7\" data-block=\"{&quot;id&quot;:&quot;overlay&quot;,&quot;props&quot;:{&quot;cat_labels&quot;:&quot;1&quot;,&quot;cat_labels_pos&quot;:&quot;top-left&quot;,&quot;reviews&quot;:&quot;bars&quot;,&quot;post_formats_pos&quot;:&quot;center&quot;,&quot;load_more_style&quot;:&quot;a&quot;,&quot;meta_cat_style&quot;:&quot;labels&quot;,&quot;media_style_shadow&quot;:0,&quot;meta_sponsor&quot;:1,&quot;meta_sponsor_logo&quot;:0,&quot;meta_sponsor_label&quot;:&quot;Sponsor: {sponsor}&quot;,&quot;meta_sponsor_above&quot;:[],&quot;meta_sponsor_below&quot;:[&quot;sponsor&quot;,&quot;date&quot;],&quot;media_ratio&quot;:&quot;3-4&quot;,&quot;media_ratio_custom&quot;:&quot;&quot;,&quot;read_more&quot;:&quot;&quot;,&quot;content_center&quot;:0,&quot;title_style&quot;:null,&quot;excerpts&quot;:false,&quot;column_gap&quot;:&quot;sm&quot;,&quot;posts&quot;:&quot;6&quot;,&quot;sort_order&quot;:&quot;desc&quot;,&quot;cat&quot;:&quot;4&quot;,&quot;heading&quot;:&quot;*Seneste* Babystrik&quot;,&quot;heading_type&quot;:&quot;a&quot;,&quot;pagination&quot;:&quot;0&quot;,&quot;pagination_type&quot;:null,&quot;filters&quot;:&quot;category&quot;,&quot;offset&quot;:&quot;0&quot;,&quot;heading_colors&quot;:&quot;force&quot;,&quot;container_width&quot;:66,&quot;columns&quot;:3,&quot;meta_items_default&quot;:false,&quot;meta_below&quot;:[&quot;date&quot;],&quot;pagination_links&quot;:null,&quot;meta_sponsor_items_default&quot;:true,&quot;query_type&quot;:&quot;custom&quot;,&quot;sort_days&quot;:null,&quot;carousel_dots&quot;:null,&quot;is_sc_call&quot;:true}}\">\n\n\t\t\t\t\t\t\t\t\n\t\t\t\t\t\t\t\n\t\t\t\t<div class=\"block-head block-head-a block-head-a1 is-left term-color-4\">\n\n\t\t\t\t\t<h4 class=\"heading\"><a href=\"https:\/\/stineoester.dk\/category\/baby-strik\/\"><span class=\"color\">Seneste<\/span> Babystrik<\/a><\/h4>\t\t\t\t\t\n\t\t\t\t\t\t\t\t\t<\/div>\n\t\t\t\t\n\t\t\t\n\t\t\t\n\t\t\t<div class=\"block-content\">\n\t\t\t\t\t\n\t<div class=\"loop loop-overlay grid grid-3 md:grid-2 xs:grid-1\">\n\n\t\t\t\n\t\t\t\n<article class=\"l-post grid-overlay overlay-post grid-overlay-a overlay-base-post\">\n\n\t\n\t\t\t<div class=\"media\">\n\n\t\t\n\t\t\t<a href=\"https:\/\/stineoester.dk\/de\/babydecke-schoene-babydecke-mit-guten-massen-und-passenden-stramplern\/\" class=\"image-link media-ratio ratio-3-4\" title=\"Babydecke &#8211; Sch\u00f6ne Babydecke mit guten Ma\u00dfen und passenden Stramplern\"><img loading=\"lazy\" decoding=\"async\" width=\"339\" height=\"452\" src=\"https:\/\/stineoester.dk\/wp-content\/uploads\/2018\/04\/Rompere-og-t\u00e6ppe.jpg\" class=\"attachment-large size-large wp-post-image\" alt=\"\" sizes=\"(max-width: 339px) 100vw, 339px\" title=\"Babydecke &#8211; Sch\u00f6ne Babydecke mit guten Ma\u00dfen und passenden Stramplern\" \/><\/a>\t\t\t\n\t\t\t\n\t\t\t\n\t\t\t\t\t\t\t\n\t\t\t\t<span class=\"cat-labels cat-labels-overlay c-overlay p-top-left\">\n\t\t\t\t<a href=\"https:\/\/stineoester.dk\/de\/category\/baby-strickwaren\/\" class=\"category term-color-210\" rel=\"category\" tabindex=\"-1\">Baby-Strickwaren<\/a>\n\t\t\t<\/span>\n\t\t\t\t\t\t\n\t\t\t\n\t\t\n\t\t<\/div>\n\t\n\n\t\t\t<div class=\"content-wrap\">\n\t\n\t\t<div class=\"content\">\n\n\t\t\t<div class=\"post-meta post-meta-a meta-contrast has-below\"><h2 class=\"is-title post-title\"><a href=\"https:\/\/stineoester.dk\/de\/babydecke-schoene-babydecke-mit-guten-massen-und-passenden-stramplern\/\">Babydecke &#8211; Sch\u00f6ne Babydecke mit guten Ma\u00dfen und passenden Stramplern<\/a><\/h2><div class=\"post-meta-items meta-below\"><span class=\"meta-item date\"><span class=\"date-link\"><time class=\"post-date\" datetime=\"2018-04-13T13:22:02+02:00\">13. April 2018<\/time><\/span><\/span><\/div><\/div>\t\t\t\n\t\t\t\n\t\t\t\n\t\t<\/div>\n\n\t\t\t<\/div>\n\t\n<\/article>\n\t\t\t\n\t\t\t\n<article class=\"l-post grid-overlay overlay-post grid-overlay-a overlay-base-post\">\n\n\t\n\t\t\t<div class=\"media\">\n\n\t\t\n\t\t\t<a href=\"https:\/\/stineoester.dk\/de\/baby-pants-die-suessesten-strampler-von-0-bis-18-monaten\/\" class=\"image-link media-ratio ratio-3-4\" title=\"Baby Pants &#8211; Die s\u00fc\u00dfesten Strampler von 0 bis 18 Monaten\"><img loading=\"lazy\" decoding=\"async\" width=\"339\" height=\"452\" src=\"https:\/\/stineoester.dk\/wp-content\/uploads\/2018\/04\/Rompere-og-t\u00e6ppe.jpg\" class=\"attachment-large size-large wp-post-image\" alt=\"\" sizes=\"(max-width: 339px) 100vw, 339px\" title=\"Baby Pants &#8211; Die s\u00fc\u00dfesten Strampler von 0 bis 18 Monaten\" \/><\/a>\t\t\t\n\t\t\t\n\t\t\t\n\t\t\t\t\t\t\t\n\t\t\t\t<span class=\"cat-labels cat-labels-overlay c-overlay p-top-left\">\n\t\t\t\t<a href=\"https:\/\/stineoester.dk\/de\/category\/baby-strickwaren\/\" class=\"category term-color-210\" rel=\"category\" tabindex=\"-1\">Baby-Strickwaren<\/a>\n\t\t\t<\/span>\n\t\t\t\t\t\t\n\t\t\t\n\t\t\n\t\t<\/div>\n\t\n\n\t\t\t<div class=\"content-wrap\">\n\t\n\t\t<div class=\"content\">\n\n\t\t\t<div class=\"post-meta post-meta-a meta-contrast has-below\"><h2 class=\"is-title post-title\"><a href=\"https:\/\/stineoester.dk\/de\/baby-pants-die-suessesten-strampler-von-0-bis-18-monaten\/\">Baby Pants &#8211; Die s\u00fc\u00dfesten Strampler von 0 bis 18 Monaten<\/a><\/h2><div class=\"post-meta-items meta-below\"><span class=\"meta-item date\"><span class=\"date-link\"><time class=\"post-date\" datetime=\"2018-04-13T13:21:32+02:00\">13. April 2018<\/time><\/span><\/span><\/div><\/div>\t\t\t\n\t\t\t\n\t\t\t\n\t\t<\/div>\n\n\t\t\t<\/div>\n\t\n<\/article>\n\t\t\t\n\t\t\t\n<article class=\"l-post grid-overlay overlay-post grid-overlay-a overlay-base-post\">\n\n\t\n\t\t\t<div class=\"media\">\n\n\t\t\n\t\t\t<a href=\"https:\/\/stineoester.dk\/de\/die-kuschelige-bluse-fuer-kinder-2-10-jahre-eine-richtig-schoene-weiche-bluse\/\" class=\"image-link media-ratio ratio-3-4\" title=\"Die kuschelige Bluse f\u00fcr Kinder 2-10 Jahre &#8211; Eine richtig sch\u00f6ne weiche Bluse\"><img loading=\"lazy\" decoding=\"async\" width=\"339\" height=\"452\" src=\"https:\/\/stineoester.dk\/wp-content\/uploads\/2017\/12\/IMG_3356-e1512635201129.jpg\" class=\"attachment-large size-large wp-post-image\" alt=\"\" sizes=\"(max-width: 339px) 100vw, 339px\" title=\"Die kuschelige Bluse f\u00fcr Kinder 2-10 Jahre &#8211; Eine richtig sch\u00f6ne weiche Bluse\" srcset=\"https:\/\/stineoester.dk\/wp-content\/uploads\/2017\/12\/IMG_3356-e1512635201129.jpg 480w, https:\/\/stineoester.dk\/wp-content\/uploads\/2017\/12\/IMG_3356-e1512635201129-225x300.jpg 225w\" \/><\/a>\t\t\t\n\t\t\t\n\t\t\t\n\t\t\t\t\t\t\t\n\t\t\t\t<span class=\"cat-labels cat-labels-overlay c-overlay p-top-left\">\n\t\t\t\t<a href=\"https:\/\/stineoester.dk\/de\/category\/baby-strickwaren\/\" class=\"category term-color-210\" rel=\"category\" tabindex=\"-1\">Baby-Strickwaren<\/a>\n\t\t\t<\/span>\n\t\t\t\t\t\t\n\t\t\t\n\t\t\n\t\t<\/div>\n\t\n\n\t\t\t<div class=\"content-wrap\">\n\t\n\t\t<div class=\"content\">\n\n\t\t\t<div class=\"post-meta post-meta-a meta-contrast has-below\"><h2 class=\"is-title post-title\"><a href=\"https:\/\/stineoester.dk\/de\/die-kuschelige-bluse-fuer-kinder-2-10-jahre-eine-richtig-schoene-weiche-bluse\/\">Die kuschelige Bluse f\u00fcr Kinder 2-10 Jahre &#8211; Eine richtig sch\u00f6ne weiche Bluse<\/a><\/h2><div class=\"post-meta-items meta-below\"><span class=\"meta-item date\"><span class=\"date-link\"><time class=\"post-date\" datetime=\"2017-08-15T09:25:16+02:00\">15. August 2017<\/time><\/span><\/span><\/div><\/div>\t\t\t\n\t\t\t\n\t\t\t\n\t\t<\/div>\n\n\t\t\t<\/div>\n\t\n<\/article>\n\t\t\t\n\t\t\t\n<article class=\"l-post grid-overlay overlay-post grid-overlay-a overlay-base-post\">\n\n\t\n\t\t\t<div class=\"media\">\n\n\t\t\n\t\t\t<a href=\"https:\/\/stineoester.dk\/de\/kleine-banditen-baby-shorts\/\" class=\"image-link media-ratio ratio-3-4\" title=\"Kleine Banditen &#8211; Baby-Shorts\"><img loading=\"lazy\" decoding=\"async\" width=\"339\" height=\"452\" src=\"https:\/\/stineoester.dk\/wp-content\/uploads\/2017\/12\/smaa-banditter-baby-shorts-graa-768x1024.jpg\" class=\"attachment-large size-large wp-post-image\" alt=\"\" sizes=\"(max-width: 339px) 100vw, 339px\" title=\"Kleine Banditen &#8211; Baby-Shorts\" srcset=\"https:\/\/stineoester.dk\/wp-content\/uploads\/2017\/12\/smaa-banditter-baby-shorts-graa-768x1024.jpg 768w, https:\/\/stineoester.dk\/wp-content\/uploads\/2017\/12\/smaa-banditter-baby-shorts-graa-225x300.jpg 225w, https:\/\/stineoester.dk\/wp-content\/uploads\/2017\/12\/smaa-banditter-baby-shorts-graa-e1512639767434.jpg 1024w\" \/><\/a>\t\t\t\n\t\t\t\n\t\t\t\n\t\t\t\t\t\t\t\n\t\t\t\t<span class=\"cat-labels cat-labels-overlay c-overlay p-top-left\">\n\t\t\t\t<a href=\"https:\/\/stineoester.dk\/de\/category\/baby-strickwaren\/\" class=\"category term-color-210\" rel=\"category\" tabindex=\"-1\">Baby-Strickwaren<\/a>\n\t\t\t<\/span>\n\t\t\t\t\t\t\n\t\t\t\n\t\t\n\t\t<\/div>\n\t\n\n\t\t\t<div class=\"content-wrap\">\n\t\n\t\t<div class=\"content\">\n\n\t\t\t<div class=\"post-meta post-meta-a meta-contrast has-below\"><h2 class=\"is-title post-title\"><a href=\"https:\/\/stineoester.dk\/de\/kleine-banditen-baby-shorts\/\">Kleine Banditen &#8211; Baby-Shorts<\/a><\/h2><div class=\"post-meta-items meta-below\"><span class=\"meta-item date\"><span class=\"date-link\"><time class=\"post-date\" datetime=\"2016-04-23T10:03:41+02:00\">23. April 2016<\/time><\/span><\/span><\/div><\/div>\t\t\t\n\t\t\t\n\t\t\t\n\t\t<\/div>\n\n\t\t\t<\/div>\n\t\n<\/article>\n\t\t\t\n\t\t\t\n<article class=\"l-post grid-overlay overlay-post grid-overlay-a overlay-base-post\">\n\n\t\n\t\t\t<div class=\"media\">\n\n\t\t\n\t\t\t<a href=\"https:\/\/stineoester.dk\/de\/julie-dress-schoenes-und-leichtes-kleid-fuer-baby-0-12-monate\/\" class=\"image-link media-ratio ratio-3-4\" title=\"Julie Dress &#8211; Sch\u00f6nes und leichtes Kleid f\u00fcr Baby 0-12 Monate\"><img loading=\"lazy\" decoding=\"async\" width=\"339\" height=\"452\" src=\"https:\/\/stineoester.dk\/wp-content\/uploads\/2017\/12\/Julie1.jpg\" class=\"attachment-large size-large wp-post-image\" alt=\"\" sizes=\"(max-width: 339px) 100vw, 339px\" title=\"Julie Dress &#8211; Sch\u00f6nes und leichtes Kleid f\u00fcr Baby 0-12 Monate\" srcset=\"https:\/\/stineoester.dk\/wp-content\/uploads\/2017\/12\/Julie1.jpg 800w, https:\/\/stineoester.dk\/wp-content\/uploads\/2017\/12\/Julie1-768x885.jpg 768w\" \/><\/a>\t\t\t\n\t\t\t\n\t\t\t\n\t\t\t\t\t\t\t\n\t\t\t\t<span class=\"cat-labels cat-labels-overlay c-overlay p-top-left\">\n\t\t\t\t<a href=\"https:\/\/stineoester.dk\/de\/category\/baby-strickwaren\/\" class=\"category term-color-210\" rel=\"category\" tabindex=\"-1\">Baby-Strickwaren<\/a>\n\t\t\t<\/span>\n\t\t\t\t\t\t\n\t\t\t\n\t\t\n\t\t<\/div>\n\t\n\n\t\t\t<div class=\"content-wrap\">\n\t\n\t\t<div class=\"content\">\n\n\t\t\t<div class=\"post-meta post-meta-a meta-contrast has-below\"><h2 class=\"is-title post-title\"><a href=\"https:\/\/stineoester.dk\/de\/julie-dress-schoenes-und-leichtes-kleid-fuer-baby-0-12-monate\/\">Julie Dress &#8211; Sch\u00f6nes und leichtes Kleid f\u00fcr Baby 0-12 Monate<\/a><\/h2><div class=\"post-meta-items meta-below\"><span class=\"meta-item date\"><span class=\"date-link\"><time class=\"post-date\" datetime=\"2014-04-07T09:28:12+02:00\">7. April 2014<\/time><\/span><\/span><\/div><\/div>\t\t\t\n\t\t\t\n\t\t\t\n\t\t<\/div>\n\n\t\t\t<\/div>\n\t\n<\/article>\n\t\t\n\t<\/div>\n\n\t\t\n\t\t\t<\/div>\n\n\t\t<\/section>\n\t\t\t\t\t\t<\/div>\n\t\t\t\t<\/div>\n\t\t\t\t<div class=\"elementor-element elementor-element-731cd833 elementor-widget elementor-widget-smartmag-overlay\" data-id=\"731cd833\" data-element_type=\"widget\" data-widget_type=\"smartmag-overlay.default\">\n\t\t\t\t<div class=\"elementor-widget-container\">\n\t\t\t\t\t\t\t<section class=\"block-wrap block-overlay block-sc cols-gap-sm\" data-id=\"8\">\n\n\t\t\t\t\t\t\t\t\n\t\t\t\t\t\t\t\n\t\t\t\t<div class=\"block-head block-head-a block-head-a1 is-left term-color-5\">\n\n\t\t\t\t\t<h4 class=\"heading\"><a href=\"https:\/\/stineoester.dk\/category\/boerne-strik\/\"><span class=\"color\">Seneste<\/span> B\u00f8rnestrik<\/a><\/h4>\t\t\t\t\t\n\t\t\t\t\t\t\t\t\t<\/div>\n\t\t\t\t\n\t\t\t\n\t\t\t\n\t\t\t<div class=\"block-content\">\n\t\t\t\t\t\n\t<div class=\"loop loop-overlay grid grid-3 md:grid-2 xs:grid-1\">\n\n\t\t\t\n\t\t\t\n<article class=\"l-post grid-overlay overlay-post grid-overlay-a overlay-base-post\">\n\n\t\n\t\t\t<div class=\"media\">\n\n\t\t\n\t\t\t<a href=\"https:\/\/stineoester.dk\/de\/putte-poncho-deluxe-schoener-tweed-poncho-fuer-kinder\/\" class=\"image-link media-ratio ratio-3-4\" title=\"Putte Poncho Deluxe &#8211; Sch\u00f6ner Tweed-Poncho f\u00fcr Kinder\"><img loading=\"lazy\" decoding=\"async\" width=\"339\" height=\"452\" src=\"https:\/\/stineoester.dk\/wp-content\/uploads\/2017\/12\/puttedeluxe9-e1513072934891.jpg\" class=\"attachment-large size-large wp-post-image\" alt=\"\" sizes=\"(max-width: 339px) 100vw, 339px\" title=\"Putte Poncho Deluxe &#8211; Sch\u00f6ner Tweed-Poncho f\u00fcr Kinder\" srcset=\"https:\/\/stineoester.dk\/wp-content\/uploads\/2017\/12\/puttedeluxe9-e1513072934891.jpg 795w, https:\/\/stineoester.dk\/wp-content\/uploads\/2017\/12\/puttedeluxe9-e1513072934891-768x748.jpg 768w\" \/><\/a>\t\t\t\n\t\t\t\n\t\t\t\n\t\t\t\n\t\t\n\t\t<\/div>\n\t\n\n\t\t\t<div class=\"content-wrap\">\n\t\n\t\t<div class=\"content\">\n\n\t\t\t<div class=\"post-meta post-meta-a meta-contrast has-below\"><h2 class=\"is-title post-title\"><a href=\"https:\/\/stineoester.dk\/de\/putte-poncho-deluxe-schoener-tweed-poncho-fuer-kinder\/\">Putte Poncho Deluxe &#8211; Sch\u00f6ner Tweed-Poncho f\u00fcr Kinder<\/a><\/h2><div class=\"post-meta-items meta-below\"><span class=\"meta-item date\"><span class=\"date-link\"><time class=\"post-date\" datetime=\"2017-10-12T09:46:34+02:00\">12. Oktober 2017<\/time><\/span><\/span><\/div><\/div>\t\t\t\n\t\t\t\n\t\t\t\n\t\t<\/div>\n\n\t\t\t<\/div>\n\t\n<\/article>\n\t\t\t\n\t\t\t\n<article class=\"l-post grid-overlay overlay-post grid-overlay-a overlay-base-post\">\n\n\t\n\t\t\t<div class=\"media\">\n\n\t\t\n\t\t\t<a href=\"https:\/\/stineoester.dk\/de\/charlottes-poncho-ein-schoener-warmer-und-funktioneller-poncho\/\" class=\"image-link media-ratio ratio-3-4\" title=\"Charlotte&#8217;s Poncho &#8211; Ein sch\u00f6ner, warmer und funktioneller Poncho\"><img loading=\"lazy\" decoding=\"async\" width=\"339\" height=\"452\" src=\"https:\/\/stineoester.dk\/wp-content\/uploads\/2017\/12\/Charlotte3.jpg\" class=\"attachment-large size-large wp-post-image\" alt=\"\" sizes=\"(max-width: 339px) 100vw, 339px\" title=\"Charlotte&#8217;s Poncho &#8211; Ein sch\u00f6ner, warmer und funktioneller Poncho\" \/><\/a>\t\t\t\n\t\t\t\n\t\t\t\n\t\t\t\n\t\t\n\t\t<\/div>\n\t\n\n\t\t\t<div class=\"content-wrap\">\n\t\n\t\t<div class=\"content\">\n\n\t\t\t<div class=\"post-meta post-meta-a meta-contrast has-below\"><h2 class=\"is-title post-title\"><a href=\"https:\/\/stineoester.dk\/de\/charlottes-poncho-ein-schoener-warmer-und-funktioneller-poncho\/\">Charlotte&#8217;s Poncho &#8211; Ein sch\u00f6ner, warmer und funktioneller Poncho<\/a><\/h2><div class=\"post-meta-items meta-below\"><span class=\"meta-item date\"><span class=\"date-link\"><time class=\"post-date\" datetime=\"2017-10-01T09:16:10+02:00\">1. Oktober 2017<\/time><\/span><\/span><\/div><\/div>\t\t\t\n\t\t\t\n\t\t\t\n\t\t<\/div>\n\n\t\t\t<\/div>\n\t\n<\/article>\n\t\t\t\n\t\t\t\n<article class=\"l-post grid-overlay overlay-post grid-overlay-a overlay-base-post\">\n\n\t\n\t\t\t<div class=\"media\">\n\n\t\t\n\t\t\t<a href=\"https:\/\/stineoester.dk\/de\/athen-cardigan-ein-schoener-eleganter-und-einfacher-cardigan\/\" class=\"image-link media-ratio ratio-3-4\" title=\"Athen Cardigan &#8211; Ein sch\u00f6ner, eleganter und einfacher Cardigan\"><img loading=\"lazy\" decoding=\"async\" width=\"339\" height=\"452\" src=\"https:\/\/stineoester.dk\/wp-content\/uploads\/2017\/12\/Athen-closeup2-683x1024.jpg\" class=\"attachment-large size-large wp-post-image\" alt=\"\" sizes=\"(max-width: 339px) 100vw, 339px\" title=\"Athen Cardigan &#8211; Ein sch\u00f6ner, eleganter und einfacher Cardigan\" srcset=\"https:\/\/stineoester.dk\/wp-content\/uploads\/2017\/12\/Athen-closeup2-683x1024.jpg 683w, https:\/\/stineoester.dk\/wp-content\/uploads\/2017\/12\/Athen-closeup2-768x1152.jpg 768w, https:\/\/stineoester.dk\/wp-content\/uploads\/2017\/12\/Athen-closeup2.jpg 800w\" \/><\/a>\t\t\t\n\t\t\t\n\t\t\t\n\t\t\t\n\t\t\n\t\t<\/div>\n\t\n\n\t\t\t<div class=\"content-wrap\">\n\t\n\t\t<div class=\"content\">\n\n\t\t\t<div class=\"post-meta post-meta-a meta-contrast has-below\"><h2 class=\"is-title post-title\"><a href=\"https:\/\/stineoester.dk\/de\/athen-cardigan-ein-schoener-eleganter-und-einfacher-cardigan\/\">Athen Cardigan &#8211; Ein sch\u00f6ner, eleganter und einfacher Cardigan<\/a><\/h2><div class=\"post-meta-items meta-below\"><span class=\"meta-item date\"><span class=\"date-link\"><time class=\"post-date\" datetime=\"2017-09-21T09:01:50+02:00\">21. September 2017<\/time><\/span><\/span><\/div><\/div>\t\t\t\n\t\t\t\n\t\t\t\n\t\t<\/div>\n\n\t\t\t<\/div>\n\t\n<\/article>\n\t\t\n\t<\/div>\n\n\t\t\n\t\t\t<\/div>\n\n\t\t<\/section>\n\t\t\t\t\t\t<\/div>\n\t\t\t\t<\/div>\n\t\t\t\t<div class=\"elementor-element elementor-element-2f5d0275 elementor-widget elementor-widget-smartmag-grid\" data-id=\"2f5d0275\" data-element_type=\"widget\" data-widget_type=\"smartmag-grid.default\">\n\t\t\t\t<div class=\"elementor-widget-container\">\n\t\t\t\t\t\t\t<section class=\"block-wrap block-grid block-sc\" data-id=\"9\">\n\n\t\t\t\t\t\t\t\t\n\t\t\t\t\t\t\t\n\t\t\t\t<div class=\"block-head block-head-a block-head-a1 is-left\">\n\n\t\t\t\t\t<h4 class=\"heading\"><span class=\"color\">Seneste<\/span> Interi\u00f8r strik<\/h4>\t\t\t\t\t\n\t\t\t\t\t\t\t\t\t<\/div>\n\t\t\t\t\n\t\t\t\n\t\t\t\n\t\t\t<div class=\"block-content\">\n\t\t\t\t\t\n\t<div class=\"loop loop-grid loop-grid-base grid grid-2 md:grid-2 xs:grid-1\">\n\n\t\t\t\t\t\n<article class=\"l-post grid-post grid-base-post\">\n\n\t\n\t\t\t<div class=\"media\">\n\n\t\t\n\t\t\t<a href=\"https:\/\/stineoester.dk\/de\/bio-geschirrtuecher-gestrickte-geschirrtuecher-mit-muster\/\" class=\"image-link media-ratio ratio-is-custom\" title=\"Bio-Geschirrt\u00fccher &#8211; Gestrickte Geschirrt\u00fccher mit Muster\"><img loading=\"lazy\" decoding=\"async\" width=\"339\" height=\"202\" src=\"https:\/\/stineoester.dk\/wp-content\/uploads\/2017\/12\/moensterklude.jpg\" class=\"attachment-large size-large wp-post-image\" alt=\"\" sizes=\"(max-width: 339px) 100vw, 339px\" title=\"Bio-Geschirrt\u00fccher &#8211; Gestrickte Geschirrt\u00fccher mit Muster\" srcset=\"https:\/\/stineoester.dk\/wp-content\/uploads\/2017\/12\/moensterklude.jpg 850w, https:\/\/stineoester.dk\/wp-content\/uploads\/2017\/12\/moensterklude-768x512.jpg 768w\" \/><\/a>\t\t\t\n\t\t\t\n\t\t\t\n\t\t\t\t\t\t\t\n\t\t\t\t<span class=\"cat-labels cat-labels-overlay c-overlay p-top-left\">\n\t\t\t\t<a href=\"https:\/\/stineoester.dk\/de\/category\/interieur-strickwaren\/\" class=\"category term-color-226\" rel=\"category\" tabindex=\"-1\">Interieur-Strickwaren<\/a>\n\t\t\t<\/span>\n\t\t\t\t\t\t\n\t\t\t\n\t\t\n\t\t<\/div>\n\t\n\n\t\n\t\t<div class=\"content\">\n\n\t\t\t<div class=\"post-meta post-meta-a has-below\"><h2 class=\"is-title post-title\"><a href=\"https:\/\/stineoester.dk\/de\/bio-geschirrtuecher-gestrickte-geschirrtuecher-mit-muster\/\">Bio-Geschirrt\u00fccher &#8211; Gestrickte Geschirrt\u00fccher mit Muster<\/a><\/h2><div class=\"post-meta-items meta-below\"><span class=\"meta-item post-author\"><span class=\"by\">By<\/span> <a href=\"https:\/\/stineoester.dk\/de\/author\/stine\/\" title=\"Beitr\u00e4ge von Strikkeekspert Stine \u00d8ster\" rel=\"author\">Strikkeekspert Stine \u00d8ster<\/a><\/span><span class=\"meta-item date\"><span class=\"date-link\"><time class=\"post-date\" datetime=\"2016-04-12T10:48:43+02:00\">12. April 2016<\/time><\/span><\/span><\/div><\/div>\t\t\t\n\t\t\t\t\t\t\n\t\t\t\t<div class=\"excerpt\">\n\t\t\t\t\t<p>100% biologische Geschirrt\u00fccher mit einem sch\u00f6nen Netzmuster. Seit das ganze Gerede \u00fcber Mikroplastik im Jahr&hellip;<\/p>\n\t\t\t\t<\/div>\n\t\t\t\n\t\t\t\n\t\t\t\n\t\t<\/div>\n\n\t\n<\/article>\t\t\t\t\t\n<article class=\"l-post grid-post grid-base-post\">\n\n\t\n\t\t\t<div class=\"media\">\n\n\t\t\n\t\t\t<a href=\"https:\/\/stineoester.dk\/de\/bio-fruehlingsgeschirrtuecher-gestrickte-geschirrtuecher\/\" class=\"image-link media-ratio ratio-is-custom\" title=\"Bio-Fr\u00fchlingsgeschirrt\u00fccher &#8211; Gestrickte Geschirrt\u00fccher\"><img loading=\"lazy\" decoding=\"async\" width=\"339\" height=\"202\" src=\"https:\/\/stineoester.dk\/wp-content\/uploads\/2017\/12\/foraarsklude.jpg\" class=\"attachment-large size-large wp-post-image\" alt=\"\" sizes=\"(max-width: 339px) 100vw, 339px\" title=\"Bio-Fr\u00fchlingsgeschirrt\u00fccher &#8211; Gestrickte Geschirrt\u00fccher\" srcset=\"https:\/\/stineoester.dk\/wp-content\/uploads\/2017\/12\/foraarsklude.jpg 850w, https:\/\/stineoester.dk\/wp-content\/uploads\/2017\/12\/foraarsklude-768x512.jpg 768w\" \/><\/a>\t\t\t\n\t\t\t\n\t\t\t\n\t\t\t\t\t\t\t\n\t\t\t\t<span class=\"cat-labels cat-labels-overlay c-overlay p-top-left\">\n\t\t\t\t<a href=\"https:\/\/stineoester.dk\/de\/category\/interieur-strickwaren\/\" class=\"category term-color-226\" rel=\"category\" tabindex=\"-1\">Interieur-Strickwaren<\/a>\n\t\t\t<\/span>\n\t\t\t\t\t\t\n\t\t\t\n\t\t\n\t\t<\/div>\n\t\n\n\t\n\t\t<div class=\"content\">\n\n\t\t\t<div class=\"post-meta post-meta-a has-below\"><h2 class=\"is-title post-title\"><a href=\"https:\/\/stineoester.dk\/de\/bio-fruehlingsgeschirrtuecher-gestrickte-geschirrtuecher\/\">Bio-Fr\u00fchlingsgeschirrt\u00fccher &#8211; Gestrickte Geschirrt\u00fccher<\/a><\/h2><div class=\"post-meta-items meta-below\"><span class=\"meta-item post-author\"><span class=\"by\">By<\/span> <a href=\"https:\/\/stineoester.dk\/de\/author\/stine\/\" title=\"Beitr\u00e4ge von Strikkeekspert Stine \u00d8ster\" rel=\"author\">Strikkeekspert Stine \u00d8ster<\/a><\/span><span class=\"meta-item date\"><span class=\"date-link\"><time class=\"post-date\" datetime=\"2016-03-30T10:50:00+02:00\">30. M\u00e4rz 2016<\/time><\/span><\/span><\/div><\/div>\t\t\t\n\t\t\t\t\t\t\n\t\t\t\t<div class=\"excerpt\">\n\t\t\t\t\t<p>Haben Sie auch Lust auf einen Fr\u00fchjahrsputz? Dann m\u00fcssen Sie Ihr eigenes Geschirrtuch stricken. Ich&hellip;<\/p>\n\t\t\t\t<\/div>\n\t\t\t\n\t\t\t\n\t\t\t\n\t\t<\/div>\n\n\t\n<\/article>\t\t\t\t\t\n<article class=\"l-post grid-post grid-base-post\">\n\n\t\n\t\t\t<div class=\"media\">\n\n\t\t\n\t\t\t<a href=\"https:\/\/stineoester.dk\/de\/stines-netmoenster-lappen-gestrickte-geschirrtuecher-fuer-die-kueche\/\" class=\"image-link media-ratio ratio-is-custom\" title=\"Stines Netm\u00f8nster Lappen &#8211; Gestrickte Geschirrt\u00fccher f\u00fcr die K\u00fcche\"><img loading=\"lazy\" decoding=\"async\" width=\"339\" height=\"202\" src=\"https:\/\/stineoester.dk\/wp-content\/uploads\/2017\/12\/stine-net-moenster-3-1024x768.jpg\" class=\"attachment-large size-large wp-post-image\" alt=\"\" sizes=\"(max-width: 339px) 100vw, 339px\" title=\"Stines Netm\u00f8nster Lappen &#8211; Gestrickte Geschirrt\u00fccher f\u00fcr die K\u00fcche\" srcset=\"https:\/\/stineoester.dk\/wp-content\/uploads\/2017\/12\/stine-net-moenster-3-1024x768.jpg 1024w, https:\/\/stineoester.dk\/wp-content\/uploads\/2017\/12\/stine-net-moenster-3-300x225.jpg 300w, https:\/\/stineoester.dk\/wp-content\/uploads\/2017\/12\/stine-net-moenster-3-768x576.jpg 768w, https:\/\/stineoester.dk\/wp-content\/uploads\/2017\/12\/stine-net-moenster-3.jpg 1200w\" \/><\/a>\t\t\t\n\t\t\t\n\t\t\t\n\t\t\t\t\t\t\t\n\t\t\t\t<span class=\"cat-labels cat-labels-overlay c-overlay p-top-left\">\n\t\t\t\t<a href=\"https:\/\/stineoester.dk\/de\/category\/interieur-strickwaren\/\" class=\"category term-color-226\" rel=\"category\" tabindex=\"-1\">Interieur-Strickwaren<\/a>\n\t\t\t<\/span>\n\t\t\t\t\t\t\n\t\t\t\n\t\t\n\t\t<\/div>\n\t\n\n\t\n\t\t<div class=\"content\">\n\n\t\t\t<div class=\"post-meta post-meta-a has-below\"><h2 class=\"is-title post-title\"><a href=\"https:\/\/stineoester.dk\/de\/stines-netmoenster-lappen-gestrickte-geschirrtuecher-fuer-die-kueche\/\">Stines Netm\u00f8nster Lappen &#8211; Gestrickte Geschirrt\u00fccher f\u00fcr die K\u00fcche<\/a><\/h2><div class=\"post-meta-items meta-below\"><span class=\"meta-item post-author\"><span class=\"by\">By<\/span> <a href=\"https:\/\/stineoester.dk\/de\/author\/stine\/\" title=\"Beitr\u00e4ge von Strikkeekspert Stine \u00d8ster\" rel=\"author\">Strikkeekspert Stine \u00d8ster<\/a><\/span><span class=\"meta-item date\"><span class=\"date-link\"><time class=\"post-date\" datetime=\"2016-02-17T10:45:23+01:00\">17. Februar 2016<\/time><\/span><\/span><\/div><\/div>\t\t\t\n\t\t\t\t\t\t\n\t\t\t\t<div class=\"excerpt\">\n\t\t\t\t\t<p>Gestrickte Geschirrt\u00fccher f\u00fcr die K\u00fcche sind ein gro\u00dfer Hit. In der Tat wurden noch nie&hellip;<\/p>\n\t\t\t\t<\/div>\n\t\t\t\n\t\t\t\n\t\t\t\n\t\t<\/div>\n\n\t\n<\/article>\t\t\t\t\t\n<article class=\"l-post grid-post grid-base-post\">\n\n\t\n\t\t\t<div class=\"media\">\n\n\t\t\n\t\t\t<a href=\"https:\/\/stineoester.dk\/de\/stines-lieblingstuecher-gestrickte-geschirrtuecher-wie-sie-oma-frueher-gemacht-hat\/\" class=\"image-link media-ratio ratio-is-custom\" title=\"Stines Lieblingst\u00fccher &#8211; Gestrickte Geschirrt\u00fccher, wie sie Oma fr\u00fcher gemacht hat\"><img loading=\"lazy\" decoding=\"async\" width=\"339\" height=\"202\" src=\"https:\/\/stineoester.dk\/wp-content\/uploads\/2017\/12\/stines-favorit-klud-1-1024x768.jpg\" class=\"attachment-large size-large wp-post-image\" alt=\"\" sizes=\"(max-width: 339px) 100vw, 339px\" title=\"Stines Lieblingst\u00fccher &#8211; Gestrickte Geschirrt\u00fccher, wie sie Oma fr\u00fcher gemacht hat\" srcset=\"https:\/\/stineoester.dk\/wp-content\/uploads\/2017\/12\/stines-favorit-klud-1-1024x768.jpg 1024w, https:\/\/stineoester.dk\/wp-content\/uploads\/2017\/12\/stines-favorit-klud-1-300x225.jpg 300w, https:\/\/stineoester.dk\/wp-content\/uploads\/2017\/12\/stines-favorit-klud-1-768x576.jpg 768w, https:\/\/stineoester.dk\/wp-content\/uploads\/2017\/12\/stines-favorit-klud-1.jpg 1600w\" \/><\/a>\t\t\t\n\t\t\t\n\t\t\t\n\t\t\t\t\t\t\t\n\t\t\t\t<span class=\"cat-labels cat-labels-overlay c-overlay p-top-left\">\n\t\t\t\t<a href=\"https:\/\/stineoester.dk\/de\/category\/interieur-strickwaren\/\" class=\"category term-color-226\" rel=\"category\" tabindex=\"-1\">Interieur-Strickwaren<\/a>\n\t\t\t<\/span>\n\t\t\t\t\t\t\n\t\t\t\n\t\t\n\t\t<\/div>\n\t\n\n\t\n\t\t<div class=\"content\">\n\n\t\t\t<div class=\"post-meta post-meta-a has-below\"><h2 class=\"is-title post-title\"><a href=\"https:\/\/stineoester.dk\/de\/stines-lieblingstuecher-gestrickte-geschirrtuecher-wie-sie-oma-frueher-gemacht-hat\/\">Stines Lieblingst\u00fccher &#8211; Gestrickte Geschirrt\u00fccher, wie sie Oma fr\u00fcher gemacht hat<\/a><\/h2><div class=\"post-meta-items meta-below\"><span class=\"meta-item post-author\"><span class=\"by\">By<\/span> <a href=\"https:\/\/stineoester.dk\/de\/author\/stine\/\" title=\"Beitr\u00e4ge von Strikkeekspert Stine \u00d8ster\" rel=\"author\">Strikkeekspert Stine \u00d8ster<\/a><\/span><span class=\"meta-item date\"><span class=\"date-link\"><time class=\"post-date\" datetime=\"2016-02-07T10:44:22+01:00\">7. Februar 2016<\/time><\/span><\/span><\/div><\/div>\t\t\t\n\t\t\t\t\t\t\n\t\t\t\t<div class=\"excerpt\">\n\t\t\t\t\t<p>Gestrickte Geschirrt\u00fccher, wie Oma sie gemacht hat. Das habe ich auch gedacht, als ich sie&hellip;<\/p>\n\t\t\t\t<\/div>\n\t\t\t\n\t\t\t\n\t\t\t\n\t\t<\/div>\n\n\t\n<\/article>\t\t\n\t<\/div>\n\n\t\t\n\t\t\t<\/div>\n\n\t\t<\/section>\n\t\t\t\t\t\t<\/div>\n\t\t\t\t<\/div>\n\t\t\t\t<div class=\"elementor-element elementor-element-58e2cf72 elementor-widget elementor-widget-text-editor\" data-id=\"58e2cf72\" data-element_type=\"widget\" data-widget_type=\"text-editor.default\">\n\t\t\t\t<div class=\"elementor-widget-container\">\n\t\t\t\t\t\t\t\t\t<p><a href=\"https:\/\/www.filato.dk\/gratis-strikkeopskrifter\/\">Gratis strikkeopskrifter<\/a> finder ogs\u00e5 en masse af hos Filato.dk. Mere end 1700 forskellige opskrifter hvor en masse af dem er gratis.<\/p>\t\t\t\t\t\t\t\t<\/div>\n\t\t\t\t<\/div>\n\t\t\t\t\t<\/div>\n\t\t<\/div>\n\t\t\t\t\t<\/div>\n\t\t<\/section>\n\t\t\t\t<\/div>\n\t\t","protected":false},"excerpt":{"rendered":"","protected":false},"author":1,"featured_media":0,"parent":0,"menu_order":0,"comment_status":"closed","ping_status":"closed","template":"page-templates\/blocks.php","meta":{"footnotes":""},"class_list":["post-2849","page","type-page","status-publish"],"yoast_head":"<!-- This site is optimized with the Yoast SEO plugin v26.2 - https:\/\/yoast.com\/wordpress\/plugins\/seo\/ -->\n<title>Stine \u00d8ster - Strickdesignerin - Sehen Sie sich meine Designs hier an - St\u00e4ndig neu<\/title>\n<meta name=\"description\" content=\"Strickwaren-Designerin Stine \u00d8ster. Meine eigenen Entw\u00fcrfe finden Sie hier. Sie k\u00f6nnen sowohl Kaufmuster als auch kostenlose Strickmuster finden. Ich entwerfe f\u00fcr Frauen, Babys und Kinder. Sie k\u00f6nnen sich f\u00fcr meinen kostenlosen Newsletter anmelden und erhalten dann die neuesten kostenlosen Schnittmuster direkt in Ihren Posteingang.\" \/>\n<meta name=\"robots\" content=\"index, follow, max-snippet:-1, max-image-preview:large, max-video-preview:-1\" \/>\n<link rel=\"canonical\" href=\"https:\/\/stineoester.dk\/de\/homepage\/\" \/>\n<meta property=\"og:locale\" content=\"de_DE\" \/>\n<meta property=\"og:type\" content=\"article\" \/>\n<meta property=\"og:title\" content=\"Stine \u00d8ster - Strickdesignerin - Sehen Sie sich meine Designs hier an - St\u00e4ndig neu\" \/>\n<meta property=\"og:description\" content=\"Strickwaren-Designerin Stine \u00d8ster. Meine eigenen Entw\u00fcrfe finden Sie hier. Sie k\u00f6nnen sowohl Kaufmuster als auch kostenlose Strickmuster finden. Ich entwerfe f\u00fcr Frauen, Babys und Kinder. Sie k\u00f6nnen sich f\u00fcr meinen kostenlosen Newsletter anmelden und erhalten dann die neuesten kostenlosen Schnittmuster direkt in Ihren Posteingang.\" \/>\n<meta property=\"og:url\" content=\"https:\/\/stineoester.dk\/de\/homepage\/\" \/>\n<meta property=\"og:site_name\" content=\"Stine \u00d8ster\" \/>\n<meta property=\"article:modified_time\" content=\"2025-02-11T08:48:27+00:00\" \/>\n<meta property=\"og:image\" content=\"https:\/\/stineoester.dk\/wp-content\/uploads\/2017\/12\/puttedeluxe9-e1513072934891-795x516.jpg\" \/>\n<meta name=\"twitter:card\" content=\"summary_large_image\" \/>\n<!-- \/ Yoast SEO plugin. -->","yoast_head_json":{"title":"Stine \u00d8ster - Strickdesignerin - Sehen Sie sich meine Designs hier an - St\u00e4ndig neu","description":"Strickwaren-Designerin Stine \u00d8ster. Meine eigenen Entw\u00fcrfe finden Sie hier. Sie k\u00f6nnen sowohl Kaufmuster als auch kostenlose Strickmuster finden. Ich entwerfe f\u00fcr Frauen, Babys und Kinder. Sie k\u00f6nnen sich f\u00fcr meinen kostenlosen Newsletter anmelden und erhalten dann die neuesten kostenlosen Schnittmuster direkt in Ihren Posteingang.","robots":{"index":"index","follow":"follow","max-snippet":"max-snippet:-1","max-image-preview":"max-image-preview:large","max-video-preview":"max-video-preview:-1"},"canonical":"https:\/\/stineoester.dk\/de\/homepage\/","og_locale":"de_DE","og_type":"article","og_title":"Stine \u00d8ster - Strickdesignerin - Sehen Sie sich meine Designs hier an - St\u00e4ndig neu","og_description":"Strickwaren-Designerin Stine \u00d8ster. Meine eigenen Entw\u00fcrfe finden Sie hier. Sie k\u00f6nnen sowohl Kaufmuster als auch kostenlose Strickmuster finden. Ich entwerfe f\u00fcr Frauen, Babys und Kinder. Sie k\u00f6nnen sich f\u00fcr meinen kostenlosen Newsletter anmelden und erhalten dann die neuesten kostenlosen Schnittmuster direkt in Ihren Posteingang.","og_url":"https:\/\/stineoester.dk\/de\/homepage\/","og_site_name":"Stine \u00d8ster","article_modified_time":"2025-02-11T08:48:27+00:00","og_image":[{"url":"https:\/\/stineoester.dk\/wp-content\/uploads\/2017\/12\/puttedeluxe9-e1513072934891-795x516.jpg","type":"","width":"","height":""}],"twitter_card":"summary_large_image","schema":{"@context":"https:\/\/schema.org","@graph":[{"@type":"WebPage","@id":"https:\/\/stineoester.dk\/de\/homepage\/","url":"https:\/\/stineoester.dk\/de\/homepage\/","name":"Stine \u00d8ster - Strickdesignerin - Sehen Sie sich meine Designs hier an - St\u00e4ndig neu","isPartOf":{"@id":"https:\/\/stineoester.dk\/#website"},"datePublished":"2017-01-07T17:56:23+00:00","dateModified":"2025-02-11T08:48:27+00:00","description":"Strickwaren-Designerin Stine \u00d8ster. Meine eigenen Entw\u00fcrfe finden Sie hier. Sie k\u00f6nnen sowohl Kaufmuster als auch kostenlose Strickmuster finden. Ich entwerfe f\u00fcr Frauen, Babys und Kinder. Sie k\u00f6nnen sich f\u00fcr meinen kostenlosen Newsletter anmelden und erhalten dann die neuesten kostenlosen Schnittmuster direkt in Ihren Posteingang.","breadcrumb":{"@id":"https:\/\/stineoester.dk\/de\/homepage\/#breadcrumb"},"inLanguage":"de","potentialAction":[{"@type":"ReadAction","target":["https:\/\/stineoester.dk\/de\/homepage\/"]}]},{"@type":"BreadcrumbList","@id":"https:\/\/stineoester.dk\/de\/homepage\/#breadcrumb","itemListElement":[{"@type":"ListItem","position":1,"name":"Hjem","item":"https:\/\/stineoester.dk\/"},{"@type":"ListItem","position":2,"name":"Homepage"}]},{"@type":"WebSite","@id":"https:\/\/stineoester.dk\/#website","url":"https:\/\/stineoester.dk\/","name":"Stine \u00d8ster","description":"Strikkeopskrifter - Stines blog om strik","publisher":{"@id":"https:\/\/stineoester.dk\/#\/schema\/person\/9ce68975ea36c5ac4ffb7f635e8218b4"},"potentialAction":[{"@type":"SearchAction","target":{"@type":"EntryPoint","urlTemplate":"https:\/\/stineoester.dk\/?s={search_term_string}"},"query-input":{"@type":"PropertyValueSpecification","valueRequired":true,"valueName":"search_term_string"}}],"inLanguage":"de"},{"@type":["Person","Organization"],"@id":"https:\/\/stineoester.dk\/#\/schema\/person\/9ce68975ea36c5ac4ffb7f635e8218b4","name":"Strikkeekspert Stine \u00d8ster","image":{"@type":"ImageObject","inLanguage":"de","@id":"https:\/\/stineoester.dk\/#\/schema\/person\/image\/","url":"https:\/\/secure.gravatar.com\/avatar\/718dbfa699c0532ae1388c47d14d3e88aa2538bdeda14da97fc5e129d552931d?s=96&d=mm&r=g","contentUrl":"https:\/\/secure.gravatar.com\/avatar\/718dbfa699c0532ae1388c47d14d3e88aa2538bdeda14da97fc5e129d552931d?s=96&d=mm&r=g","caption":"Strikkeekspert Stine \u00d8ster"},"logo":{"@id":"https:\/\/stineoester.dk\/#\/schema\/person\/image\/"},"description":"Stine har strikket siden hun var blot 4 \u00e5r gammel. Hun l\u00e6rte det af sin mormor og har siden ikke kunne slippe strikket\u00f8jet. De f\u00f8rste mange \u00e5r var det blot en hobby at strikke, selvom det er blevet til mange hundrede opskrifter var det f\u00f8rst i 2010 at hun for alvor begyndte at designe professionelt. Siden er det blevet til mange dusin opskrifter i alle former og farver. Stine har designet alt fra karklude til nogle af de mest strikkede modeller i Danmark. Rome Ponchoen er Stines mest strikkede opskrift. Igennem \u00e5rene er der solgt mere end 1000 opskrifter af denne model. I det hele taget er en Poncho noget af det som Stine ynder at strikke. Det er blevet til flere meget strikkede emodeller. Herunder Putte Poncho og den s\u00e5kaldte Charlotte Poncho, som hun strikkede til hende da Charlotte Roest blev valgt ind i byr\u00e5det. R\u00e5dgivning Stine har igennem webshoppen filato.dk, der nu fungerer alene som strikkeblog samt i hendes fysiske forretning i Pr\u00e6st\u00f8, brugt sine evner til at r\u00e5dgive kunder hver eneste dag. Den professionelle tilgang til garn og opskrifter har hjulpet mange mennesker fra hele Danmark I 2018 valgte Stine at lukke sin fysiske forretning og g\u00e5 100% ind p\u00e5 strikke designs F\u00e5 ekspert hj\u00e6lp N\u00e5r man designer s\u00e5 meget som Stine har gjort, s\u00e5 kan det naturligvis v\u00e6re en udfordring at kunne hj\u00e6lpe alle. Hun g\u00f8r sit ypperste og s\u00e6rligt i Facebook gruppen kan du f\u00e5 hj\u00e6lp. Skulle du st\u00f8de ind i problemer kan Stine ogs\u00e5 hj\u00e6lpe dig ved at du skriver her. Enten som kommentar til opskriften eller ved at kontakte hende direkte. Vil du have Stines opskrifter? Du kan enten k\u00f8be dem p\u00e5 ravelry.com eller her p\u00e5 siden under K\u00f8be opskrifter Du kan f\u00f8lge Stine p\u00e5 de sociale medier her - LinkedIn - Facebook - Instagram"}]}},"_links":{"self":[{"href":"https:\/\/stineoester.dk\/de\/wp-json\/wp\/v2\/pages\/2849","targetHints":{"allow":["GET"]}}],"collection":[{"href":"https:\/\/stineoester.dk\/de\/wp-json\/wp\/v2\/pages"}],"about":[{"href":"https:\/\/stineoester.dk\/de\/wp-json\/wp\/v2\/types\/page"}],"author":[{"embeddable":true,"href":"https:\/\/stineoester.dk\/de\/wp-json\/wp\/v2\/users\/1"}],"replies":[{"embeddable":true,"href":"https:\/\/stineoester.dk\/de\/wp-json\/wp\/v2\/comments?post=2849"}],"version-history":[{"count":1,"href":"https:\/\/stineoester.dk\/de\/wp-json\/wp\/v2\/pages\/2849\/revisions"}],"predecessor-version":[{"id":2850,"href":"https:\/\/stineoester.dk\/de\/wp-json\/wp\/v2\/pages\/2849\/revisions\/2850"}],"wp:attachment":[{"href":"https:\/\/stineoester.dk\/de\/wp-json\/wp\/v2\/media?parent=2849"}],"curies":[{"name":"wp","href":"https:\/\/api.w.org\/{rel}","templated":true}]}}